{"id":28572,"date":"2025-05-05T16:41:55","date_gmt":"2025-05-05T16:41:55","guid":{"rendered":"https:\/\/les-bassans.com\/?page_id=28572"},"modified":"2026-04-28T16:25:02","modified_gmt":"2026-04-28T16:25:02","slug":"cosa-fare-a-perros-guirec-e-dintorni-visite-e-attivita","status":"publish","type":"page","link":"https:\/\/les-bassans.com\/it\/cosa-fare-a-perros-guirec-e-dintorni-visite-e-attivita\/","title":{"rendered":"Cosa fare a Perros-Guirec e dintorni: visite e attivit\u00e0"},"content":{"rendered":"<div data-elementor-type=\"wp-page\" data-elementor-id=\"28572\" class=\"elementor elementor-28572\" data-elementor-settings=\"{&quot;asli_hide_title_disabled&quot;:&quot;yes&quot;}\" data-elementor-post-type=\"page\">\n\t\t\t\t<div class=\"elementor-element elementor-element-2b4adf1 e-con-full e-flex e-con e-parent\" data-id=\"2b4adf1\" data-element_type=\"container\" data-e-type=\"container\">\n\t\t<div class=\"elementor-element elementor-element-14ce37c e-con-full e-flex e-con e-child\" data-id=\"14ce37c\" data-element_type=\"container\" data-e-type=\"container\">\n\t\t\t\t<div class=\"elementor-element elementor-element-361c7e1 elementor-widget__width-inherit elementor-widget elementor-widget-asli-widget-parallax-image\" data-id=\"361c7e1\" data-element_type=\"widget\" data-e-type=\"widget\" data-settings=\"{&quot;media_background_height&quot;:{&quot;unit&quot;:&quot;vh&quot;,&quot;size&quot;:100,&quot;sizes&quot;:[]},&quot;media_background_height_tablet&quot;:{&quot;unit&quot;:&quot;vh&quot;,&quot;size&quot;:70,&quot;sizes&quot;:[]},&quot;media_background_height_mobile&quot;:{&quot;unit&quot;:&quot;vh&quot;,&quot;size&quot;:50,&quot;sizes&quot;:[]},&quot;media_background_position_x&quot;:{&quot;unit&quot;:&quot;%&quot;,&quot;size&quot;:50,&quot;sizes&quot;:[]},&quot;media_background_position_x_tablet&quot;:{&quot;unit&quot;:&quot;%&quot;,&quot;size&quot;:50,&quot;sizes&quot;:[]},&quot;media_background_position_x_mobile&quot;:{&quot;unit&quot;:&quot;%&quot;,&quot;size&quot;:50,&quot;sizes&quot;:[]},&quot;media_background_position_y&quot;:{&quot;unit&quot;:&quot;%&quot;,&quot;size&quot;:50,&quot;sizes&quot;:[]},&quot;media_background_position_y_tablet&quot;:{&quot;unit&quot;:&quot;%&quot;,&quot;size&quot;:50,&quot;sizes&quot;:[]},&quot;media_background_position_y_mobile&quot;:{&quot;unit&quot;:&quot;%&quot;,&quot;size&quot;:50,&quot;sizes&quot;:[]}}\" data-widget_type=\"asli-widget-parallax-image.default\">\n\t\t\t\t<div class=\"elementor-widget-container\">\n\t\t\t\t\t\t\t<div class=\"parallax js-parallax\" data-arts-component-name=\"Parallax\" data-arts-component-options=\"{&quot;inner&quot;:{&quot;factor&quot;:{&quot;x&quot;:0,&quot;y&quot;:0.12},&quot;translate&quot;:[],&quot;scale&quot;:[],&quot;rotate&quot;:false,&quot;velocity&quot;:false,&quot;matchMedia&quot;:&quot;(not((min-width: 320px) and (max-width: 767px))) or (not((min-width: 768px) and (max-width: 991px))) or (min-width: 992px)&quot;},&quot;outer&quot;:false}\">\n\t\t\t<div class=\"image-wrapper media-wrapper overflow-hidden\">\n\t\t\t\t\t\t\t\t\t<div class=\"mask-wrapper w-100 overflow-hidden\">\n\t\t\t\t\t\t\n\t<div class=\"w-100 h-100 overflow-hidden\">\n\t\t<img fetchpriority=\"high\" decoding=\"async\" class=\"lazy js-parallax__inner of-cover-absolute\" src=\"data:image\/svg+xml,%3Csvg%20xmlns=&amp;apos;http:\/\/www.w3.org\/2000\/svg&amp;apos;%20width=&amp;apos;100%25&amp;apos;%20height=&amp;apos;100%25&amp;apos;%3E%3C\/svg%3E\" data-src=\"https:\/\/les-bassans.com\/wp-content\/uploads\/2025\/05\/perros-guirec-que-faire-vacances-bretagne-les-bassans-visiter.jpg\" width=\"900\" height=\"900\" data-srcset=\"https:\/\/les-bassans.com\/wp-content\/uploads\/2025\/05\/perros-guirec-que-faire-vacances-bretagne-les-bassans-visiter.jpg 900w, https:\/\/les-bassans.com\/wp-content\/uploads\/2025\/05\/perros-guirec-que-faire-vacances-bretagne-les-bassans-visiter-300x300.jpg 300w, https:\/\/les-bassans.com\/wp-content\/uploads\/2025\/05\/perros-guirec-que-faire-vacances-bretagne-les-bassans-visiter-150x150.jpg 150w, https:\/\/les-bassans.com\/wp-content\/uploads\/2025\/05\/perros-guirec-que-faire-vacances-bretagne-les-bassans-visiter-768x768.jpg 768w, https:\/\/les-bassans.com\/wp-content\/uploads\/2025\/05\/perros-guirec-que-faire-vacances-bretagne-les-bassans-visiter-12x12.jpg 12w\" data-sizes=\"(max-width: 900px) 100vw, 900px\" alt=\"\">\n\t\t\t<noscript><img decoding=\"async\" class=\"lazy js-parallax__inner of-cover-absolute\" src=\"https:\/\/les-bassans.com\/wp-content\/uploads\/2025\/05\/perros-guirec-que-faire-vacances-bretagne-les-bassans-visiter.jpg\" width=\"900\" height=\"900\" alt=\"\" srcset=\"https:\/\/les-bassans.com\/wp-content\/uploads\/2025\/05\/perros-guirec-que-faire-vacances-bretagne-les-bassans-visiter.jpg 900w, https:\/\/les-bassans.com\/wp-content\/uploads\/2025\/05\/perros-guirec-que-faire-vacances-bretagne-les-bassans-visiter-300x300.jpg 300w, https:\/\/les-bassans.com\/wp-content\/uploads\/2025\/05\/perros-guirec-que-faire-vacances-bretagne-les-bassans-visiter-150x150.jpg 150w, https:\/\/les-bassans.com\/wp-content\/uploads\/2025\/05\/perros-guirec-que-faire-vacances-bretagne-les-bassans-visiter-768x768.jpg 768w, https:\/\/les-bassans.com\/wp-content\/uploads\/2025\/05\/perros-guirec-que-faire-vacances-bretagne-les-bassans-visiter-12x12.jpg 12w\" sizes=\"(max-width: 900px) 100vw, 900px\"><\/noscript>\n\t\t\t<\/div>\n\t\t\t\t\t\t<div class=\"section__overlay hover-zoom__overlay overlay\"><\/div>\n\t\t\t\t\t<\/div>\n\t\t\t\t\t\t\t\t\t\t\t<\/div>\n\t\t<\/div>\n\t\t\t\t\t\t<\/div>\n\t\t\t\t<\/div>\n\t\t\t\t<\/div>\n\t\t<div class=\"elementor-element elementor-element-fd48bdb e-con-full e-flex pt-large pb-medium px-gutters-horizontal e-con e-child\" data-id=\"fd48bdb\" data-element_type=\"container\" data-e-type=\"container\" data-settings=\"{&quot;background_background&quot;:&quot;classic&quot;}\">\n\t\t\t\t<div class=\"elementor-element elementor-element-284153c elementor-widget elementor-widget-asli-widget-text-content\" data-id=\"284153c\" data-element_type=\"widget\" data-e-type=\"widget\" data-settings=\"{&quot;max_width&quot;:{&quot;unit&quot;:&quot;px&quot;,&quot;size&quot;:1070,&quot;sizes&quot;:[]},&quot;max_width_tablet&quot;:{&quot;unit&quot;:&quot;%&quot;,&quot;size&quot;:100,&quot;sizes&quot;:[]},&quot;max_width_mobile&quot;:{&quot;unit&quot;:&quot;%&quot;,&quot;size&quot;:100,&quot;sizes&quot;:[]},&quot;text_content_stroke_width&quot;:{&quot;unit&quot;:&quot;%&quot;,&quot;size&quot;:110,&quot;sizes&quot;:[]},&quot;text_content_stroke_height&quot;:{&quot;unit&quot;:&quot;%&quot;,&quot;size&quot;:80,&quot;sizes&quot;:[]},&quot;text_content_stroke_rotation&quot;:{&quot;unit&quot;:&quot;deg&quot;,&quot;size&quot;:-5,&quot;sizes&quot;:[]}}\" data-widget_type=\"asli-widget-text-content.default\">\n\t\t\t\t<div class=\"elementor-widget-container\">\n\t\t\t\t\t\t\t<div class=\"text-center mx-auto content js-content\" data-arts-component-name=\"Content\">\n\t\t\t<h1 class=\"content__text typography-text-content\">Cosa fare a Perros-Guirec e dintorni Attivit\u00e0, visite e scoperte nei dintorni dell'hotel Les Bassans.<\/h1>\n\t\t<\/div>\n\t\t\t\t\t\t<\/div>\n\t\t\t\t<\/div>\n\t\t\t\t<div class=\"elementor-element elementor-element-1735c38 elementor-widget elementor-widget-text-editor\" data-id=\"1735c38\" data-element_type=\"widget\" data-e-type=\"widget\" data-widget_type=\"text-editor.default\">\n\t\t\t\t<div class=\"elementor-widget-container\">\n\t\t\t\t\t\t\t\t\t<p>Situata nel nord della Bretagna, nella regione delle C\u00f4tes-d'Armor, Perros-Guirec \u00e8 una destinazione popolare per la bellezza unica della sua costa. Questa emblematica localit\u00e0 balneare sulla C\u00f4te de Granit Rose vanta paesaggi modellati dagli elementi, con spiagge, caos granitico e sentieri costieri. Dall'hotel Les Bassans, partite alla scoperta di Perros-Guirec e dei suoi dintorni, un mix di natura, patrimonio e stile di vita bretone.<\/p>\t\t\t\t\t\t\t\t<\/div>\n\t\t\t\t<\/div>\n\t\t\t\t<\/div>\n\t\t\t\t<\/div>\n\t\t<section class=\"elementor-element elementor-element-485a1d2 e-flex e-con-boxed pt-small px-gutters-horizontal e-con e-parent\" data-id=\"485a1d2\" data-element_type=\"container\" data-e-type=\"container\" data-settings=\"{&quot;background_background&quot;:&quot;classic&quot;}\">\n\t\t\t\t\t<div class=\"e-con-inner\">\n\t\t<div class=\"elementor-element elementor-element-9f1a042 e-con-full e-flex e-con e-child\" data-id=\"9f1a042\" data-element_type=\"container\" data-e-type=\"container\">\n\t\t\t\t<div class=\"elementor-element elementor-element-866bd31 elementor-widget elementor-widget-asli-widget-text-content\" data-id=\"866bd31\" data-element_type=\"widget\" data-e-type=\"widget\" data-settings=\"{&quot;max_width&quot;:{&quot;unit&quot;:&quot;px&quot;,&quot;size&quot;:1100,&quot;sizes&quot;:[]},&quot;max_width_tablet&quot;:{&quot;unit&quot;:&quot;%&quot;,&quot;size&quot;:100,&quot;sizes&quot;:[]},&quot;max_width_mobile&quot;:{&quot;unit&quot;:&quot;%&quot;,&quot;size&quot;:100,&quot;sizes&quot;:[]},&quot;text_content_stroke_width&quot;:{&quot;unit&quot;:&quot;%&quot;,&quot;size&quot;:110,&quot;sizes&quot;:[]},&quot;text_content_stroke_height&quot;:{&quot;unit&quot;:&quot;%&quot;,&quot;size&quot;:80,&quot;sizes&quot;:[]},&quot;text_content_stroke_rotation&quot;:{&quot;unit&quot;:&quot;deg&quot;,&quot;size&quot;:-5,&quot;sizes&quot;:[]}}\" data-widget_type=\"asli-widget-text-content.default\">\n\t\t\t\t<div class=\"elementor-widget-container\">\n\t\t\t\t\t\t\t<div class=\"text-center mx-auto content js-content\" data-arts-split-text-preset=\"animatedChars\" data-arts-component-name=\"Content\" data-arts-os-animation=\"true\">\n\t\t\t<h2 class=\"content__text typography-text-content\">Scoprite la Costa di Granito Rosa<\/h2>\n\t\t<\/div>\n\t\t\t\t\t\t<\/div>\n\t\t\t\t<\/div>\n\t\t\t\t<\/div>\n\t\t\t\t\t<\/div>\n\t\t\t\t<\/section>\n\t\t<section class=\"elementor-element elementor-element-84ecb39 e-flex e-con-boxed pt-small pb-medium px-gutters-horizontal e-con e-parent\" data-id=\"84ecb39\" data-element_type=\"container\" data-e-type=\"container\" data-settings=\"{&quot;background_background&quot;:&quot;classic&quot;}\">\n\t\t\t\t\t<div class=\"e-con-inner\">\n\t\t<div class=\"elementor-element elementor-element-69f209c e-con-full e-flex e-con e-child\" data-id=\"69f209c\" data-element_type=\"container\" data-e-type=\"container\">\n\t\t\t\t<div class=\"elementor-element elementor-element-bae14ca elementor-widget elementor-widget-image-carousel\" data-id=\"bae14ca\" data-element_type=\"widget\" data-e-type=\"widget\" data-settings=\"{&quot;slides_to_show&quot;:&quot;1&quot;,&quot;navigation&quot;:&quot;none&quot;,&quot;autoplay_speed&quot;:2500,&quot;effect&quot;:&quot;fade&quot;,&quot;speed&quot;:900,&quot;autoplay&quot;:&quot;yes&quot;,&quot;pause_on_hover&quot;:&quot;yes&quot;,&quot;pause_on_interaction&quot;:&quot;yes&quot;,&quot;infinite&quot;:&quot;yes&quot;}\" data-widget_type=\"image-carousel.default\">\n\t\t\t\t<div class=\"elementor-widget-container\">\n\t\t\t\t\t\t\t<div class=\"elementor-image-carousel-wrapper swiper\" role=\"region\" aria-roledescription=\"carousel\" aria-label=\"Carosello di immagini\" dir=\"ltr\">\n\t\t\t<div class=\"elementor-image-carousel swiper-wrapper\" aria-live=\"off\">\n\t\t\t\t\t\t\t\t<div class=\"swiper-slide\" role=\"group\" aria-roledescription=\"slide\" aria-label=\"1 su 3\"><figure class=\"swiper-slide-inner\"><img decoding=\"async\" class=\"swiper-slide-image\" src=\"https:\/\/les-bassans.com\/wp-content\/uploads\/2025\/05\/perros-guirec-plage-trestignel-hotel-les-bassans-manoir-sphinx-bretagne-fontenille-collection-768x768.jpg\" alt=\"perros-guirec-plage-trestignel-hotel-les-bassans-manoir-sphinx-bretagne-fontenille-collection\" \/><\/figure><\/div><div class=\"swiper-slide\" role=\"group\" aria-roledescription=\"slide\" aria-label=\"2 sur 3\"><figure class=\"swiper-slide-inner\"><img decoding=\"async\" class=\"swiper-slide-image\" src=\"https:\/\/les-bassans.com\/wp-content\/uploads\/2025\/05\/les-bassans-hotel-perros-guirec-plage-trestignel-768x768.jpg\" alt=\"les-bassans-hotel-perros-guirec-plage-trestignel\" \/><\/figure><\/div><div class=\"swiper-slide\" role=\"group\" aria-roledescription=\"slide\" aria-label=\"3 sur 3\"><figure class=\"swiper-slide-inner\"><img decoding=\"async\" class=\"swiper-slide-image\" src=\"https:\/\/les-bassans.com\/wp-content\/uploads\/2025\/05\/les-bassans-hotel-perros-guirec-plage-saint-guirec-bretagne-768x768.jpg\" alt=\"les-bassans-hotel-perros-guirec-plage-saint-guirec-bretagne\" \/><\/figure><\/div>\t\t\t<\/div>\n\t\t\t\t\t\t\t\n\t\t\t\t\t\t\t\t\t<\/div>\n\t\t\t\t\t\t<\/div>\n\t\t\t\t<\/div>\n\t\t\t\t<\/div>\n\t\t<div class=\"elementor-element elementor-element-1992919 e-flex e-con-boxed e-con e-child\" data-id=\"1992919\" data-element_type=\"container\" data-e-type=\"container\">\n\t\t\t\t\t<div class=\"e-con-inner\">\n\t\t\t\t<div class=\"elementor-element elementor-element-1ccd219 elementor-widget elementor-widget-asli-widget-text-content\" data-id=\"1ccd219\" data-element_type=\"widget\" data-e-type=\"widget\" data-settings=\"{&quot;max_width&quot;:{&quot;unit&quot;:&quot;px&quot;,&quot;size&quot;:1100,&quot;sizes&quot;:[]},&quot;max_width_tablet&quot;:{&quot;unit&quot;:&quot;%&quot;,&quot;size&quot;:100,&quot;sizes&quot;:[]},&quot;max_width_mobile&quot;:{&quot;unit&quot;:&quot;%&quot;,&quot;size&quot;:100,&quot;sizes&quot;:[]},&quot;text_content_stroke_width&quot;:{&quot;unit&quot;:&quot;%&quot;,&quot;size&quot;:110,&quot;sizes&quot;:[]},&quot;text_content_stroke_height&quot;:{&quot;unit&quot;:&quot;%&quot;,&quot;size&quot;:80,&quot;sizes&quot;:[]},&quot;text_content_stroke_rotation&quot;:{&quot;unit&quot;:&quot;deg&quot;,&quot;size&quot;:-5,&quot;sizes&quot;:[]}}\" data-widget_type=\"asli-widget-text-content.default\">\n\t\t\t\t<div class=\"elementor-widget-container\">\n\t\t\t\t\t\t\t<div class=\"text-start me-auto content js-content\" data-arts-split-text-preset=\"animatedChars\" data-arts-component-name=\"Content\" data-arts-os-animation=\"true\">\n\t\t\t<h3 class=\"content__text typography-text-content\">Spiagge da non perdere<\/h3>\n\t\t<\/div>\n\t\t\t\t\t\t<\/div>\n\t\t\t\t<\/div>\n\t\t\t\t<div class=\"elementor-element elementor-element-6ebb9d7 elementor-widget elementor-widget-text-editor\" data-id=\"6ebb9d7\" data-element_type=\"widget\" data-e-type=\"widget\" data-widget_type=\"text-editor.default\">\n\t\t\t\t<div class=\"elementor-widget-container\">\n\t\t\t\t\t\t\t\t\t<p>La Costa di Granito Rosa \u00e8 famosa per i suoi massi di granito color rosa, scolpiti dal tempo e posizionati come per magia sulla costa. A Perros-Guirec si distinguono diverse spiagge:<\/p><p>La <strong>Spiaggia di Trestraou<\/strong>Con i suoi 1,4 km di sabbia fine, \u00e8 la spiaggia pi\u00f9 frequentata di Perros-Guirec. Ideale per il nuoto, ospita anche un centro nautico, un club per bambini, un casin\u00f2 e ristoranti. \u00c8 anche il punto di partenza dei motoscafi per l'arcipelago delle Sept-\u00celes, visibile dalla spiaggia. Sorvegliata in estate, unisce relax, attivit\u00e0 ricreative e panorami eccezionali.<br \/>La <strong>Spiaggia di Trestrignel<\/strong>A soli 5 minuti a piedi dall'hotel Les Bassans, la baia ha un fascino selvaggio e un'atmosfera tranquilla. Delimitata dalla Pointe du Ch\u00e2teau e dalla Pointe du Sphinx, offre una vista ininterrotta sull'isola di Tom\u00e9 e sull'arcipelago delle Sept-\u00celes. Meno frequentata di Trestraou, \u00e8 il luogo ideale per una pausa tranquilla, con i piedi nella sabbia bianca immacolata.<br \/>La <strong>Spiaggia di Saint-Guirec<\/strong>situato nel cuore del villaggio di Ploumanac'h, \u00e8 circondato dalle famose Rocce di Granito Rosa. In leggera pendenza e ben riparato, \u00e8 perfetto per le famiglie. In estate, il nuoto \u00e8 sorvegliato e un club per bambini anima le giornate. Nelle vicinanze \u00e8 disponibile un parcheggio gratuito per accedere facilmente a questo luogo incantevole.<\/p>\t\t\t\t\t\t\t\t<\/div>\n\t\t\t\t<\/div>\n\t\t\t\t\t<\/div>\n\t\t\t\t<\/div>\n\t\t\t\t\t<\/div>\n\t\t\t\t<\/section>\n\t\t<section class=\"elementor-element elementor-element-020a100 e-flex e-con-boxed pb-medium px-gutters-horizontal e-con e-parent\" data-id=\"020a100\" data-element_type=\"container\" data-e-type=\"container\" data-settings=\"{&quot;background_background&quot;:&quot;classic&quot;}\">\n\t\t\t\t\t<div class=\"e-con-inner\">\n\t\t<div class=\"elementor-element elementor-element-d4b20a1 e-con-full e-flex e-con e-child\" data-id=\"d4b20a1\" data-element_type=\"container\" data-e-type=\"container\">\n\t\t\t\t<div class=\"elementor-element elementor-element-95d5708 elementor-widget elementor-widget-image-carousel\" data-id=\"95d5708\" data-element_type=\"widget\" data-e-type=\"widget\" data-settings=\"{&quot;slides_to_show&quot;:&quot;1&quot;,&quot;navigation&quot;:&quot;none&quot;,&quot;autoplay_speed&quot;:2500,&quot;effect&quot;:&quot;fade&quot;,&quot;speed&quot;:900,&quot;autoplay&quot;:&quot;yes&quot;,&quot;pause_on_hover&quot;:&quot;yes&quot;,&quot;pause_on_interaction&quot;:&quot;yes&quot;,&quot;infinite&quot;:&quot;yes&quot;}\" data-widget_type=\"image-carousel.default\">\n\t\t\t\t<div class=\"elementor-widget-container\">\n\t\t\t\t\t\t\t<div class=\"elementor-image-carousel-wrapper swiper\" role=\"region\" aria-roledescription=\"carousel\" aria-label=\"Carosello di immagini\" dir=\"ltr\">\n\t\t\t<div class=\"elementor-image-carousel swiper-wrapper\" aria-live=\"off\">\n\t\t\t\t\t\t\t\t<div class=\"swiper-slide\" role=\"group\" aria-roledescription=\"slide\" aria-label=\"1 su 4\"><figure class=\"swiper-slide-inner\"><img decoding=\"async\" class=\"swiper-slide-image\" src=\"https:\/\/les-bassans.com\/wp-content\/uploads\/2025\/05\/perros-guirec-plage-trestraou-hotel-les-bassans-fontenille-sentier-marche-granit-rose-768x768.jpg\" alt=\"perros-guirec-plage-trestraou-hotel-les-bassans-fontenille-sentier-marche-granit-rose\" \/><\/figure><\/div><div class=\"swiper-slide\" role=\"group\" aria-roledescription=\"slide\" aria-label=\"2 sur 4\"><figure class=\"swiper-slide-inner\"><img decoding=\"async\" class=\"swiper-slide-image\" src=\"https:\/\/les-bassans.com\/wp-content\/uploads\/2025\/05\/ploumanach-rocher-granit-rose-bretagne-hotel-les-bassans-perros-guirec-simon-warren-768x768.jpg\" alt=\"ploumanach-rocher-granit-rose-bretagne-hotel-les-bassans-perros-guirec-simon-warren\" \/><\/figure><\/div><div class=\"swiper-slide\" role=\"group\" aria-roledescription=\"slide\" aria-label=\"3 su 4\"><figure class=\"swiper-slide-inner\"><img decoding=\"async\" class=\"swiper-slide-image\" src=\"https:\/\/les-bassans.com\/wp-content\/uploads\/2025\/05\/perros-guirec-hotel-sentier-douaniers-les-bassans-randonnee-bretagne-granit-rose-768x768.jpg\" alt=\"perros-guirec-hotel-sentier-douaniers-les-bassans-randonnee-bretagne-granit-rose\" \/><\/figure><\/div><div class=\"swiper-slide\" role=\"group\" aria-roledescription=\"slide\" aria-label=\"4 sur 4\"><figure class=\"swiper-slide-inner\"><img decoding=\"async\" class=\"swiper-slide-image\" src=\"https:\/\/les-bassans.com\/wp-content\/uploads\/2025\/05\/les-bassans-hotel-perros-guirec-presque-ile-renote-randonnee-bretagne-768x768.jpg\" alt=\"les-bassans-hotel-perros-guirec-presque-ile-renote-randonnee-bretagne\" \/><\/figure><\/div>\t\t\t<\/div>\n\t\t\t\t\t\t\t\n\t\t\t\t\t\t\t\t\t<\/div>\n\t\t\t\t\t\t<\/div>\n\t\t\t\t<\/div>\n\t\t\t\t<\/div>\n\t\t<div class=\"elementor-element elementor-element-12668aa e-flex e-con-boxed e-con e-child\" data-id=\"12668aa\" data-element_type=\"container\" data-e-type=\"container\">\n\t\t\t\t\t<div class=\"e-con-inner\">\n\t\t\t\t<div class=\"elementor-element elementor-element-cc35c69 elementor-widget elementor-widget-asli-widget-text-content\" data-id=\"cc35c69\" data-element_type=\"widget\" data-e-type=\"widget\" data-settings=\"{&quot;max_width&quot;:{&quot;unit&quot;:&quot;px&quot;,&quot;size&quot;:1100,&quot;sizes&quot;:[]},&quot;max_width_tablet&quot;:{&quot;unit&quot;:&quot;%&quot;,&quot;size&quot;:100,&quot;sizes&quot;:[]},&quot;max_width_mobile&quot;:{&quot;unit&quot;:&quot;%&quot;,&quot;size&quot;:100,&quot;sizes&quot;:[]},&quot;text_content_stroke_width&quot;:{&quot;unit&quot;:&quot;%&quot;,&quot;size&quot;:110,&quot;sizes&quot;:[]},&quot;text_content_stroke_height&quot;:{&quot;unit&quot;:&quot;%&quot;,&quot;size&quot;:80,&quot;sizes&quot;:[]},&quot;text_content_stroke_rotation&quot;:{&quot;unit&quot;:&quot;deg&quot;,&quot;size&quot;:-5,&quot;sizes&quot;:[]}}\" data-widget_type=\"asli-widget-text-content.default\">\n\t\t\t\t<div class=\"elementor-widget-container\">\n\t\t\t\t\t\t\t<div class=\"text-start me-auto content js-content\" data-arts-split-text-preset=\"animatedChars\" data-arts-component-name=\"Content\" data-arts-os-animation=\"true\">\n\t\t\t<h3 class=\"content__text typography-text-content\">Passeggiate ed escursioni iconiche<\/h3>\n\t\t<\/div>\n\t\t\t\t\t\t<\/div>\n\t\t\t\t<\/div>\n\t\t\t\t<div class=\"elementor-element elementor-element-b2e6bed elementor-widget elementor-widget-text-editor\" data-id=\"b2e6bed\" data-element_type=\"widget\" data-e-type=\"widget\" data-widget_type=\"text-editor.default\">\n\t\t\t\t<div class=\"elementor-widget-container\">\n\t\t\t\t\t\t\t\t\t<p>Non c'\u00e8 niente di meglio di una passeggiata a Perros-Guirec per cogliere tutta la ricchezza della regione. <strong>Il sentiero dei Douaniers (GR34)<\/strong> \u00e8 l'itinerario da non perdere. Si snoda per chilometri lungo il mare e vi porta nel cuore dei paesaggi emblematici della Costa di Granito Rosa. Cose da fare:<br \/><strong>Dalla spiaggia di Trestraou a Ploumanac'h : <\/strong>a <strong>9 km andata e ritorno<\/strong> lungo uno dei tratti pi\u00f9 belli del GR34. Questo sentiero costiero, facilmente accessibile, offre una vista spettacolare sulle Rocce di Granito Rosa e sull'arcipelago delle Sept-\u00celes, e attraversa luoghi emblematici come il faro di Mean Ruz, le brughiere di Ploumanac'h e l'oratorio di Saint-Guirec. Un itinerario imperdibile, da percorrere in circa 2 ore, tra mare e caos roccioso.<\/p><p>Il tour del <a href=\"https:\/\/www.bretagne-cotedegranitrose.com\/mon-sejour\/loisirs-et-decouvertes-sur-la-cote-de-granit-rose\/circuits-de-balades-et-randonnees\/le-tour-de-la-presquile-renote-tregastel-fr-3003217\/\"><strong>Penisola di Renote a Tr\u00e9gastel<\/strong><\/a> La penisola della Renote: a 5 km da Perros-Guirec, la penisola della Renote offre un percorso di 2,1 km di spiagge di sabbia fine e rocce scolpite dall'erosione. Con l'alta o la bassa marea, questa passeggiata di 45 minuti \u00e8 accessibile alle persone a mobilit\u00e0 ridotta e ai passeggini grazie a una superficie stabilizzata. Classificato come \"Sito notevole\", offre uno scenario mozzafiato.<\/p>\t\t\t\t\t\t\t\t<\/div>\n\t\t\t\t<\/div>\n\t\t\t\t\t<\/div>\n\t\t\t\t<\/div>\n\t\t\t\t\t<\/div>\n\t\t\t\t<\/section>\n\t\t<section class=\"elementor-element elementor-element-59a843b e-flex e-con-boxed px-gutters-horizontal e-con e-parent\" data-id=\"59a843b\" data-element_type=\"container\" data-e-type=\"container\" data-settings=\"{&quot;background_background&quot;:&quot;classic&quot;}\">\n\t\t\t\t\t<div class=\"e-con-inner\">\n\t\t<div class=\"elementor-element elementor-element-4fc2c09 e-con-full e-flex e-con e-child\" data-id=\"4fc2c09\" data-element_type=\"container\" data-e-type=\"container\">\n\t\t\t\t<div class=\"elementor-element elementor-element-c5852ba elementor-widget elementor-widget-image-carousel\" data-id=\"c5852ba\" data-element_type=\"widget\" data-e-type=\"widget\" data-settings=\"{&quot;slides_to_show&quot;:&quot;1&quot;,&quot;navigation&quot;:&quot;none&quot;,&quot;autoplay_speed&quot;:2500,&quot;effect&quot;:&quot;fade&quot;,&quot;speed&quot;:900,&quot;autoplay&quot;:&quot;yes&quot;,&quot;pause_on_hover&quot;:&quot;yes&quot;,&quot;pause_on_interaction&quot;:&quot;yes&quot;,&quot;infinite&quot;:&quot;yes&quot;}\" data-widget_type=\"image-carousel.default\">\n\t\t\t\t<div class=\"elementor-widget-container\">\n\t\t\t\t\t\t\t<div class=\"elementor-image-carousel-wrapper swiper\" role=\"region\" aria-roledescription=\"carousel\" aria-label=\"Carosello di immagini\" dir=\"ltr\">\n\t\t\t<div class=\"elementor-image-carousel swiper-wrapper\" aria-live=\"off\">\n\t\t\t\t\t\t\t\t<div class=\"swiper-slide\" role=\"group\" aria-roledescription=\"slide\" aria-label=\"1 di 2\"><figure class=\"swiper-slide-inner\"><img decoding=\"async\" class=\"swiper-slide-image\" src=\"https:\/\/les-bassans.com\/wp-content\/uploads\/2025\/05\/ploumanach-phare-mean-ruz-perros-guirec-les-bassans-hotel-fontenille-collection-768x768.jpg\" alt=\"Ploumanach-Phare\" \/><\/figure><\/div><div class=\"swiper-slide\" role=\"group\" aria-roledescription=\"slide\" aria-label=\"2 di 2\"><figure class=\"swiper-slide-inner\"><img decoding=\"async\" class=\"swiper-slide-image\" src=\"https:\/\/les-bassans.com\/wp-content\/uploads\/2025\/05\/ploumanach-port-hotel-les-bassans-perros-guirec-bretagne-fontenille-collection-768x768.jpg\" alt=\"ploumanach-port-hotel-les-bassans-perros-guirec-bretagne-fontenille-collection\" \/><\/figure><\/div>\t\t\t<\/div>\n\t\t\t\t\t\t\t\n\t\t\t\t\t\t\t\t\t<\/div>\n\t\t\t\t\t\t<\/div>\n\t\t\t\t<\/div>\n\t\t\t\t<\/div>\n\t\t<div class=\"elementor-element elementor-element-671addd e-flex e-con-boxed e-con e-child\" data-id=\"671addd\" data-element_type=\"container\" data-e-type=\"container\">\n\t\t\t\t\t<div class=\"e-con-inner\">\n\t\t\t\t<div class=\"elementor-element elementor-element-a865261 elementor-widget elementor-widget-asli-widget-text-content\" data-id=\"a865261\" data-element_type=\"widget\" data-e-type=\"widget\" data-settings=\"{&quot;max_width&quot;:{&quot;unit&quot;:&quot;px&quot;,&quot;size&quot;:1100,&quot;sizes&quot;:[]},&quot;max_width_tablet&quot;:{&quot;unit&quot;:&quot;%&quot;,&quot;size&quot;:100,&quot;sizes&quot;:[]},&quot;max_width_mobile&quot;:{&quot;unit&quot;:&quot;%&quot;,&quot;size&quot;:100,&quot;sizes&quot;:[]},&quot;text_content_stroke_width&quot;:{&quot;unit&quot;:&quot;%&quot;,&quot;size&quot;:110,&quot;sizes&quot;:[]},&quot;text_content_stroke_height&quot;:{&quot;unit&quot;:&quot;%&quot;,&quot;size&quot;:80,&quot;sizes&quot;:[]},&quot;text_content_stroke_rotation&quot;:{&quot;unit&quot;:&quot;deg&quot;,&quot;size&quot;:-5,&quot;sizes&quot;:[]}}\" data-widget_type=\"asli-widget-text-content.default\">\n\t\t\t\t<div class=\"elementor-widget-container\">\n\t\t\t\t\t\t\t<div class=\"text-start me-auto content js-content\" data-arts-split-text-preset=\"animatedChars\" data-arts-component-name=\"Content\" data-arts-os-animation=\"true\">\n\t\t\t<h2 class=\"content__text typography-text-content\">Cosa fare a Ploumanac'h: scoprire i luoghi da non perdere<\/h2>\n\t\t<\/div>\n\t\t\t\t\t\t<\/div>\n\t\t\t\t<\/div>\n\t\t\t\t<div class=\"elementor-element elementor-element-b1459cf elementor-widget elementor-widget-text-editor\" data-id=\"b1459cf\" data-element_type=\"widget\" data-e-type=\"widget\" data-widget_type=\"text-editor.default\">\n\t\t\t\t<div class=\"elementor-widget-container\">\n\t\t\t\t\t\t\t\t\t<p>Ploumanac'h, eletto villaggio preferito di Francia, si trova a meno di 15 minuti di auto da Les Bassans. Questo pittoresco villaggio, dove il granito rosa sembra essere stato modellato da un artista, \u00e8 una tappa obbligata per scoprire la bellezza della Costa di Granito Rosa. Da vedere<br \/>Il maestoso faro di Mean Ruz si affaccia sull'oceano e offre un panorama impressionante della costa e delle rocce scolpite.<br \/>Il piccolo porto di Ploumanac'h, con le sue barche colorate, offre un'atmosfera autentica e tranquilla, perfetta per una passeggiata sul lungomare.<br \/>La cappella di Saint-Guirec \u00e8 ricca di storia, con il suo oratorio risalente al XII secolo - un vero e proprio simbolo del patrimonio locale.\u00a0<\/p>\t\t\t\t\t\t\t\t<\/div>\n\t\t\t\t<\/div>\n\t\t\t\t\t<\/div>\n\t\t\t\t<\/div>\n\t\t\t\t\t<\/div>\n\t\t\t\t<\/section>\n\t\t<section class=\"elementor-element elementor-element-e5b0cc2 e-flex e-con-boxed pt-medium px-gutters-horizontal e-con e-parent\" data-id=\"e5b0cc2\" data-element_type=\"container\" data-e-type=\"container\" data-settings=\"{&quot;background_background&quot;:&quot;classic&quot;}\">\n\t\t\t\t\t<div class=\"e-con-inner\">\n\t\t<div class=\"elementor-element elementor-element-cb449a4 e-con-full e-flex e-con e-child\" data-id=\"cb449a4\" data-element_type=\"container\" data-e-type=\"container\">\n\t\t\t\t<div class=\"elementor-element elementor-element-4ecf5cc elementor-widget elementor-widget-asli-widget-text-content\" data-id=\"4ecf5cc\" data-element_type=\"widget\" data-e-type=\"widget\" data-settings=\"{&quot;max_width&quot;:{&quot;unit&quot;:&quot;px&quot;,&quot;size&quot;:1100,&quot;sizes&quot;:[]},&quot;max_width_tablet&quot;:{&quot;unit&quot;:&quot;%&quot;,&quot;size&quot;:100,&quot;sizes&quot;:[]},&quot;max_width_mobile&quot;:{&quot;unit&quot;:&quot;%&quot;,&quot;size&quot;:100,&quot;sizes&quot;:[]},&quot;text_content_stroke_width&quot;:{&quot;unit&quot;:&quot;%&quot;,&quot;size&quot;:110,&quot;sizes&quot;:[]},&quot;text_content_stroke_height&quot;:{&quot;unit&quot;:&quot;%&quot;,&quot;size&quot;:80,&quot;sizes&quot;:[]},&quot;text_content_stroke_rotation&quot;:{&quot;unit&quot;:&quot;deg&quot;,&quot;size&quot;:-5,&quot;sizes&quot;:[]}}\" data-widget_type=\"asli-widget-text-content.default\">\n\t\t\t\t<div class=\"elementor-widget-container\">\n\t\t\t\t\t\t\t<div class=\"text-center mx-auto content js-content\" data-arts-split-text-preset=\"animatedChars\" data-arts-component-name=\"Content\" data-arts-os-animation=\"true\">\n\t\t\t<h2 class=\"content__text typography-text-content\">Attivit\u00e0 e visite da non perdere a Perros-Guirec<\/h2>\n\t\t<\/div>\n\t\t\t\t\t\t<\/div>\n\t\t\t\t<\/div>\n\t\t\t\t<\/div>\n\t\t\t\t\t<\/div>\n\t\t\t\t<\/section>\n\t\t<section class=\"elementor-element elementor-element-212b681 e-flex e-con-boxed pt-small pb-medium px-gutters-horizontal e-con e-parent\" data-id=\"212b681\" data-element_type=\"container\" data-e-type=\"container\" data-settings=\"{&quot;background_background&quot;:&quot;classic&quot;}\">\n\t\t\t\t\t<div class=\"e-con-inner\">\n\t\t<div class=\"elementor-element elementor-element-c7f17f5 e-con-full e-flex e-con e-child\" data-id=\"c7f17f5\" data-element_type=\"container\" data-e-type=\"container\">\n\t\t\t\t<div class=\"elementor-element elementor-element-fa2cc03 elementor-widget elementor-widget-image-carousel\" data-id=\"fa2cc03\" data-element_type=\"widget\" data-e-type=\"widget\" data-settings=\"{&quot;slides_to_show&quot;:&quot;1&quot;,&quot;navigation&quot;:&quot;none&quot;,&quot;autoplay_speed&quot;:2500,&quot;effect&quot;:&quot;fade&quot;,&quot;speed&quot;:900,&quot;autoplay&quot;:&quot;yes&quot;,&quot;pause_on_hover&quot;:&quot;yes&quot;,&quot;pause_on_interaction&quot;:&quot;yes&quot;,&quot;infinite&quot;:&quot;yes&quot;}\" data-widget_type=\"image-carousel.default\">\n\t\t\t\t<div class=\"elementor-widget-container\">\n\t\t\t\t\t\t\t<div class=\"elementor-image-carousel-wrapper swiper\" role=\"region\" aria-roledescription=\"carousel\" aria-label=\"Carosello di immagini\" dir=\"ltr\">\n\t\t\t<div class=\"elementor-image-carousel swiper-wrapper\" aria-live=\"off\">\n\t\t\t\t\t\t\t\t<div class=\"swiper-slide\" role=\"group\" aria-roledescription=\"slide\" aria-label=\"1 su 4\"><figure class=\"swiper-slide-inner\"><img decoding=\"async\" class=\"swiper-slide-image\" src=\"https:\/\/les-bassans.com\/wp-content\/uploads\/2025\/05\/perros-guirec-les-bassans-hotel-fontenille-fou-de-bassan-oiseau-envol-bretagne-768x768.jpg\" alt=\"perros-guirec-les-bassans-hotel-fontenille-fou-de-bassan-oiseau-envol-bretagne\" \/><\/figure><\/div><div class=\"swiper-slide\" role=\"group\" aria-roledescription=\"slide\" aria-label=\"2 sur 4\"><figure class=\"swiper-slide-inner\"><img decoding=\"async\" class=\"swiper-slide-image\" src=\"https:\/\/les-bassans.com\/wp-content\/uploads\/2025\/05\/perros-guirec-bateau-archipel-sept-iles-les-bassans-hotel-fontenille-collection-768x768.jpg\" alt=\"perros-guirec-bateau-arcipelago-sept-iles-les-bassans-hotel-fontenille-collection\" \/><\/figure><\/div><div class=\"swiper-slide\" role=\"group\" aria-roledescription=\"slide\" aria-label=\"3 su 4\"><figure class=\"swiper-slide-inner\"><img decoding=\"async\" class=\"swiper-slide-image\" src=\"https:\/\/les-bassans.com\/wp-content\/uploads\/2025\/03\/perros-guirec-bretagne-animal-mer-simon-warren-768x768.jpg\" alt=\"perros-guirec-bretagne-animale-mare-simon-warren\" \/><\/figure><\/div><div class=\"swiper-slide\" role=\"group\" aria-roledescription=\"slide\" aria-label=\"4 sur 4\"><figure class=\"swiper-slide-inner\"><img decoding=\"async\" class=\"swiper-slide-image\" src=\"https:\/\/les-bassans.com\/wp-content\/uploads\/2025\/05\/perros-guirec-ile-rouzic-fou-de-bassan-hotel-fontenille-bretagne-768x768.jpg\" alt=\"perros-guirec-ile-rouzic-fou-de-bassan-hotel-fontenille-bretagne\" \/><\/figure><\/div>\t\t\t<\/div>\n\t\t\t\t\t\t\t\n\t\t\t\t\t\t\t\t\t<\/div>\n\t\t\t\t\t\t<\/div>\n\t\t\t\t<\/div>\n\t\t\t\t<\/div>\n\t\t<div class=\"elementor-element elementor-element-d333e9d e-flex e-con-boxed e-con e-child\" data-id=\"d333e9d\" data-element_type=\"container\" data-e-type=\"container\">\n\t\t\t\t\t<div class=\"e-con-inner\">\n\t\t\t\t<div class=\"elementor-element elementor-element-d0183bf elementor-widget elementor-widget-asli-widget-text-content\" data-id=\"d0183bf\" data-element_type=\"widget\" data-e-type=\"widget\" data-settings=\"{&quot;max_width&quot;:{&quot;unit&quot;:&quot;px&quot;,&quot;size&quot;:1100,&quot;sizes&quot;:[]},&quot;max_width_tablet&quot;:{&quot;unit&quot;:&quot;%&quot;,&quot;size&quot;:100,&quot;sizes&quot;:[]},&quot;max_width_mobile&quot;:{&quot;unit&quot;:&quot;%&quot;,&quot;size&quot;:100,&quot;sizes&quot;:[]},&quot;text_content_stroke_width&quot;:{&quot;unit&quot;:&quot;%&quot;,&quot;size&quot;:110,&quot;sizes&quot;:[]},&quot;text_content_stroke_height&quot;:{&quot;unit&quot;:&quot;%&quot;,&quot;size&quot;:80,&quot;sizes&quot;:[]},&quot;text_content_stroke_rotation&quot;:{&quot;unit&quot;:&quot;deg&quot;,&quot;size&quot;:-5,&quot;sizes&quot;:[]}}\" data-widget_type=\"asli-widget-text-content.default\">\n\t\t\t\t<div class=\"elementor-widget-container\">\n\t\t\t\t\t\t\t<div class=\"text-start me-auto content js-content\" data-arts-split-text-preset=\"animatedChars\" data-arts-component-name=\"Content\" data-arts-os-animation=\"true\">\n\t\t\t<h3 class=\"content__text typography-text-content\">Gite in mare ed escursioni nell'arcipelago delle Sept-\u00celes<\/h3>\n\t\t<\/div>\n\t\t\t\t\t\t<\/div>\n\t\t\t\t<\/div>\n\t\t\t\t<div class=\"elementor-element elementor-element-ddf5b9b elementor-widget elementor-widget-text-editor\" data-id=\"ddf5b9b\" data-element_type=\"widget\" data-e-type=\"widget\" data-widget_type=\"text-editor.default\">\n\t\t\t\t<div class=\"elementor-widget-container\">\n\t\t\t\t\t\t\t\t\t<p>Scoprite la riserva naturale di Sept-\u00celes, una delle pi\u00f9 grandi riserve ornitologiche della Francia, accessibile dal terminal dei traghetti di Perros-Guirec.<br \/>Durante la crociera, potrete avvistare un'ampia variet\u00e0 di animali marini, come pulcinelle di mare, cormorani crestati e foche grigie, che abitano le isole. Se siete fortunati, potrete anche incrociare i delfini. Ma sono soprattutto i maestosi uccelli marini, da cui l'hotel Les Bassans prende il nome, a catturare l'attenzione: l'Ile Rouzic ospita l'unica colonia francese di sule, composta da oltre 24.500 coppie - uno spettacolo impressionante da non perdere.<br \/>Le crociere, che durano dalle 2 alle 3 ore, sono offerte da Armor Navigation. Un'occasione imperdibile per tutti gli amanti della natura durante il vostro soggiorno in Bretagna.<\/p>\t\t\t\t\t\t\t\t<\/div>\n\t\t\t\t<\/div>\n\t\t\t\t\t<\/div>\n\t\t\t\t<\/div>\n\t\t\t\t\t<\/div>\n\t\t\t\t<\/section>\n\t\t<section class=\"elementor-element elementor-element-40fb358 e-flex e-con-boxed pb-medium px-gutters-horizontal e-con e-parent\" data-id=\"40fb358\" data-element_type=\"container\" data-e-type=\"container\" data-settings=\"{&quot;background_background&quot;:&quot;classic&quot;}\">\n\t\t\t\t\t<div class=\"e-con-inner\">\n\t\t<div class=\"elementor-element elementor-element-e2f8153 e-con-full e-flex e-con e-child\" data-id=\"e2f8153\" data-element_type=\"container\" data-e-type=\"container\">\n\t\t\t\t<div class=\"elementor-element elementor-element-5d8b57f elementor-widget elementor-widget-image-carousel\" data-id=\"5d8b57f\" data-element_type=\"widget\" data-e-type=\"widget\" data-settings=\"{&quot;slides_to_show&quot;:&quot;1&quot;,&quot;navigation&quot;:&quot;none&quot;,&quot;autoplay_speed&quot;:2500,&quot;effect&quot;:&quot;fade&quot;,&quot;speed&quot;:900,&quot;autoplay&quot;:&quot;yes&quot;,&quot;pause_on_hover&quot;:&quot;yes&quot;,&quot;pause_on_interaction&quot;:&quot;yes&quot;,&quot;infinite&quot;:&quot;yes&quot;}\" data-widget_type=\"image-carousel.default\">\n\t\t\t\t<div class=\"elementor-widget-container\">\n\t\t\t\t\t\t\t<div class=\"elementor-image-carousel-wrapper swiper\" role=\"region\" aria-roledescription=\"carousel\" aria-label=\"Carosello di immagini\" dir=\"ltr\">\n\t\t\t<div class=\"elementor-image-carousel swiper-wrapper\" aria-live=\"off\">\n\t\t\t\t\t\t\t\t<div class=\"swiper-slide\" role=\"group\" aria-roledescription=\"slide\" aria-label=\"1 di 2\"><figure class=\"swiper-slide-inner\"><img decoding=\"async\" class=\"swiper-slide-image\" src=\"https:\/\/les-bassans.com\/wp-content\/uploads\/2025\/05\/perros-guirec-cote-granit-rose-les-bassans-hotel-fontenille-bretagne-768x768.jpg\" alt=\"perros-guirec-cote-granit-rose-les-bassans-hotel-fontenille-bretagne\" \/><\/figure><\/div><div class=\"swiper-slide\" role=\"group\" aria-roledescription=\"slide\" aria-label=\"2 di 2\"><figure class=\"swiper-slide-inner\"><img decoding=\"async\" class=\"swiper-slide-image\" src=\"https:\/\/les-bassans.com\/wp-content\/uploads\/2025\/05\/perros-guirec-cote-granit-rose-hotel-les-bassans-fontenille-coucher-soleil-bretagne-768x768.jpg\" alt=\"perros-guirec-cote-granit-rose-hotel-les-bassans-fontenille-coucher-soleil-bretagne\" \/><\/figure><\/div>\t\t\t<\/div>\n\t\t\t\t\t\t\t\n\t\t\t\t\t\t\t\t\t<\/div>\n\t\t\t\t\t\t<\/div>\n\t\t\t\t<\/div>\n\t\t\t\t<\/div>\n\t\t<div class=\"elementor-element elementor-element-b379961 e-flex e-con-boxed e-con e-child\" data-id=\"b379961\" data-element_type=\"container\" data-e-type=\"container\">\n\t\t\t\t\t<div class=\"e-con-inner\">\n\t\t\t\t<div class=\"elementor-element elementor-element-03d905d elementor-widget elementor-widget-asli-widget-text-content\" data-id=\"03d905d\" data-element_type=\"widget\" data-e-type=\"widget\" data-settings=\"{&quot;max_width&quot;:{&quot;unit&quot;:&quot;px&quot;,&quot;size&quot;:1100,&quot;sizes&quot;:[]},&quot;max_width_tablet&quot;:{&quot;unit&quot;:&quot;%&quot;,&quot;size&quot;:100,&quot;sizes&quot;:[]},&quot;max_width_mobile&quot;:{&quot;unit&quot;:&quot;%&quot;,&quot;size&quot;:100,&quot;sizes&quot;:[]},&quot;text_content_stroke_width&quot;:{&quot;unit&quot;:&quot;%&quot;,&quot;size&quot;:110,&quot;sizes&quot;:[]},&quot;text_content_stroke_height&quot;:{&quot;unit&quot;:&quot;%&quot;,&quot;size&quot;:80,&quot;sizes&quot;:[]},&quot;text_content_stroke_rotation&quot;:{&quot;unit&quot;:&quot;deg&quot;,&quot;size&quot;:-5,&quot;sizes&quot;:[]}}\" data-widget_type=\"asli-widget-text-content.default\">\n\t\t\t\t<div class=\"elementor-widget-container\">\n\t\t\t\t\t\t\t<div class=\"text-start me-auto content js-content\" data-arts-split-text-preset=\"animatedChars\" data-arts-component-name=\"Content\" data-arts-os-animation=\"true\">\n\t\t\t<h3 class=\"content__text typography-text-content\">Visitare Perros-Guirec e il suo patrimonio<\/h3>\n\t\t<\/div>\n\t\t\t\t\t\t<\/div>\n\t\t\t\t<\/div>\n\t\t\t\t<div class=\"elementor-element elementor-element-72f8b78 elementor-widget elementor-widget-text-editor\" data-id=\"72f8b78\" data-element_type=\"widget\" data-e-type=\"widget\" data-widget_type=\"text-editor.default\">\n\t\t\t\t<div class=\"elementor-widget-container\">\n\t\t\t\t\t\t\t\t\t<p>Non perdetevi una passeggiata nel centro di Perros-Guirec, con le sue incantevoli boutique, le gallerie d'arte, le chiese tipiche e i giardini fioriti. Per gli amanti della cultura:<br \/>La chiesa di Saint-Jacques, un bell'esempio di architettura romanica risalente al XII secolo. La cappella di Notre-Dame de La Clart\u00e9 \u00e8 un gioiello dell'architettura bretone, che unisce gli stili gotico e rinascimentale. All'interno si trova una notevole Via Crucis realizzata nel 1931, oltre a modelli in scala di navi appese, che testimoniano la gratitudine dei marinai.<\/p>\t\t\t\t\t\t\t\t<\/div>\n\t\t\t\t<\/div>\n\t\t\t\t\t<\/div>\n\t\t\t\t<\/div>\n\t\t\t\t\t<\/div>\n\t\t\t\t<\/section>\n\t\t<section class=\"elementor-element elementor-element-50b4f68 e-flex e-con-boxed pb-medium px-gutters-horizontal e-con e-parent\" data-id=\"50b4f68\" data-element_type=\"container\" data-e-type=\"container\" data-settings=\"{&quot;background_background&quot;:&quot;classic&quot;}\">\n\t\t\t\t\t<div class=\"e-con-inner\">\n\t\t<div class=\"elementor-element elementor-element-c6a247f e-con-full e-flex e-con e-child\" data-id=\"c6a247f\" data-element_type=\"container\" data-e-type=\"container\">\n\t\t\t\t<div class=\"elementor-element elementor-element-421c69a elementor-widget elementor-widget-image-carousel\" data-id=\"421c69a\" data-element_type=\"widget\" data-e-type=\"widget\" data-settings=\"{&quot;slides_to_show&quot;:&quot;1&quot;,&quot;navigation&quot;:&quot;none&quot;,&quot;autoplay_speed&quot;:2500,&quot;effect&quot;:&quot;fade&quot;,&quot;speed&quot;:900,&quot;autoplay&quot;:&quot;yes&quot;,&quot;pause_on_hover&quot;:&quot;yes&quot;,&quot;pause_on_interaction&quot;:&quot;yes&quot;,&quot;infinite&quot;:&quot;yes&quot;}\" data-widget_type=\"image-carousel.default\">\n\t\t\t\t<div class=\"elementor-widget-container\">\n\t\t\t\t\t\t\t<div class=\"elementor-image-carousel-wrapper swiper\" role=\"region\" aria-roledescription=\"carousel\" aria-label=\"Carosello di immagini\" dir=\"ltr\">\n\t\t\t<div class=\"elementor-image-carousel swiper-wrapper\" aria-live=\"off\">\n\t\t\t\t\t\t\t\t<div class=\"swiper-slide\" role=\"group\" aria-roledescription=\"slide\" aria-label=\"1 di 2\"><figure class=\"swiper-slide-inner\"><img decoding=\"async\" class=\"swiper-slide-image\" src=\"https:\/\/les-bassans.com\/wp-content\/uploads\/2025\/03\/perros-guirec-les-bassans-trestraou-bretagne-experience-voile-fontenille-collection-768x768.jpg\" alt=\"perros-guirec-les-bassans-trestraou-bretagne-experience-voile-fontenille-collection\" \/><\/figure><\/div><div class=\"swiper-slide\" role=\"group\" aria-roledescription=\"slide\" aria-label=\"2 di 2\"><figure class=\"swiper-slide-inner\"><img decoding=\"async\" class=\"swiper-slide-image\" src=\"https:\/\/les-bassans.com\/wp-content\/uploads\/2025\/05\/perros-guirec-activite-nautique-voile-planche-voile-les-bassans-plage-trestraou-768x768.jpg\" alt=\"perros-guirec-attivit\u00e0 acquatiche-vela-bordo-vela-les-bassans-plage-trestraou\" \/><\/figure><\/div>\t\t\t<\/div>\n\t\t\t\t\t\t\t\n\t\t\t\t\t\t\t\t\t<\/div>\n\t\t\t\t\t\t<\/div>\n\t\t\t\t<\/div>\n\t\t\t\t<\/div>\n\t\t<div class=\"elementor-element elementor-element-e1a33ac e-flex e-con-boxed e-con e-child\" data-id=\"e1a33ac\" data-element_type=\"container\" data-e-type=\"container\">\n\t\t\t\t\t<div class=\"e-con-inner\">\n\t\t\t\t<div class=\"elementor-element elementor-element-69d0c19 elementor-widget elementor-widget-asli-widget-text-content\" data-id=\"69d0c19\" data-element_type=\"widget\" data-e-type=\"widget\" data-settings=\"{&quot;max_width&quot;:{&quot;unit&quot;:&quot;px&quot;,&quot;size&quot;:1100,&quot;sizes&quot;:[]},&quot;max_width_tablet&quot;:{&quot;unit&quot;:&quot;%&quot;,&quot;size&quot;:100,&quot;sizes&quot;:[]},&quot;max_width_mobile&quot;:{&quot;unit&quot;:&quot;%&quot;,&quot;size&quot;:100,&quot;sizes&quot;:[]},&quot;text_content_stroke_width&quot;:{&quot;unit&quot;:&quot;%&quot;,&quot;size&quot;:110,&quot;sizes&quot;:[]},&quot;text_content_stroke_height&quot;:{&quot;unit&quot;:&quot;%&quot;,&quot;size&quot;:80,&quot;sizes&quot;:[]},&quot;text_content_stroke_rotation&quot;:{&quot;unit&quot;:&quot;deg&quot;,&quot;size&quot;:-5,&quot;sizes&quot;:[]}}\" data-widget_type=\"asli-widget-text-content.default\">\n\t\t\t\t<div class=\"elementor-widget-container\">\n\t\t\t\t\t\t\t<div class=\"text-start me-auto content js-content\" data-arts-split-text-preset=\"animatedChars\" data-arts-component-name=\"Content\" data-arts-os-animation=\"true\">\n\t\t\t<h3 class=\"content__text typography-text-content\"> Attivit\u00e0 nautiche<\/h3>\n\t\t<\/div>\n\t\t\t\t\t\t<\/div>\n\t\t\t\t<\/div>\n\t\t\t\t<div class=\"elementor-element elementor-element-66c8edd elementor-widget elementor-widget-text-editor\" data-id=\"66c8edd\" data-element_type=\"widget\" data-e-type=\"widget\" data-widget_type=\"text-editor.default\">\n\t\t\t\t<div class=\"elementor-widget-container\">\n\t\t\t\t\t\t\t\t\t<p>Perros-Guirec offre qualcosa per tutti gli appassionati di sport acquatici. Che siate principianti o esperti, la spiaggia di Trestraou \u00e8 il luogo ideale per praticare un'ampia gamma di sport acquatici: paddle, surf, kayak, vela, vela costiera, ecc. Il Centro Nautico di Perros-Guirec offre corsi introduttivi e uscite supervisionate per tutti i livelli.<\/p>\t\t\t\t\t\t\t\t<\/div>\n\t\t\t\t<\/div>\n\t\t\t\t\t<\/div>\n\t\t\t\t<\/div>\n\t\t\t\t\t<\/div>\n\t\t\t\t<\/section>\n\t\t<section class=\"elementor-element elementor-element-37a86da e-flex e-con-boxed pt-medium px-gutters-horizontal e-con e-parent\" data-id=\"37a86da\" data-element_type=\"container\" data-e-type=\"container\" data-settings=\"{&quot;background_background&quot;:&quot;classic&quot;}\">\n\t\t\t\t\t<div class=\"e-con-inner\">\n\t\t<div class=\"elementor-element elementor-element-1560ef9 e-con-full e-flex e-con e-child\" data-id=\"1560ef9\" data-element_type=\"container\" data-e-type=\"container\">\n\t\t\t\t<div class=\"elementor-element elementor-element-248c480 elementor-widget elementor-widget-asli-widget-text-content\" data-id=\"248c480\" data-element_type=\"widget\" data-e-type=\"widget\" data-settings=\"{&quot;max_width&quot;:{&quot;unit&quot;:&quot;px&quot;,&quot;size&quot;:1100,&quot;sizes&quot;:[]},&quot;max_width_tablet&quot;:{&quot;unit&quot;:&quot;%&quot;,&quot;size&quot;:100,&quot;sizes&quot;:[]},&quot;max_width_mobile&quot;:{&quot;unit&quot;:&quot;%&quot;,&quot;size&quot;:100,&quot;sizes&quot;:[]},&quot;text_content_stroke_width&quot;:{&quot;unit&quot;:&quot;%&quot;,&quot;size&quot;:110,&quot;sizes&quot;:[]},&quot;text_content_stroke_height&quot;:{&quot;unit&quot;:&quot;%&quot;,&quot;size&quot;:80,&quot;sizes&quot;:[]},&quot;text_content_stroke_rotation&quot;:{&quot;unit&quot;:&quot;deg&quot;,&quot;size&quot;:-5,&quot;sizes&quot;:[]}}\" data-widget_type=\"asli-widget-text-content.default\">\n\t\t\t\t<div class=\"elementor-widget-container\">\n\t\t\t\t\t\t\t<div class=\"text-center mx-auto content js-content\" data-arts-split-text-preset=\"animatedChars\" data-arts-component-name=\"Content\" data-arts-os-animation=\"true\">\n\t\t\t<h2 class=\"content__text typography-text-content\">Villaggi e siti da visitare nei dintorni di Perros-Guirec<\/h2>\n\t\t<\/div>\n\t\t\t\t\t\t<\/div>\n\t\t\t\t<\/div>\n\t\t\t\t<\/div>\n\t\t\t\t\t<\/div>\n\t\t\t\t<\/section>\n\t\t<section class=\"elementor-element elementor-element-555f73e e-flex e-con-boxed pt-small px-gutters-horizontal e-con e-parent\" data-id=\"555f73e\" data-element_type=\"container\" data-e-type=\"container\" data-settings=\"{&quot;background_background&quot;:&quot;classic&quot;}\">\n\t\t\t\t\t<div class=\"e-con-inner\">\n\t\t<div class=\"elementor-element elementor-element-ca17043 e-con-full e-flex e-con e-child\" data-id=\"ca17043\" data-element_type=\"container\" data-e-type=\"container\">\n\t\t\t\t<div class=\"elementor-element elementor-element-f8513ec elementor-widget elementor-widget-image-carousel\" data-id=\"f8513ec\" data-element_type=\"widget\" data-e-type=\"widget\" data-settings=\"{&quot;slides_to_show&quot;:&quot;1&quot;,&quot;navigation&quot;:&quot;none&quot;,&quot;autoplay_speed&quot;:2500,&quot;effect&quot;:&quot;fade&quot;,&quot;speed&quot;:900,&quot;autoplay&quot;:&quot;yes&quot;,&quot;pause_on_hover&quot;:&quot;yes&quot;,&quot;pause_on_interaction&quot;:&quot;yes&quot;,&quot;infinite&quot;:&quot;yes&quot;}\" data-widget_type=\"image-carousel.default\">\n\t\t\t\t<div class=\"elementor-widget-container\">\n\t\t\t\t\t\t\t<div class=\"elementor-image-carousel-wrapper swiper\" role=\"region\" aria-roledescription=\"carousel\" aria-label=\"Carosello di immagini\" dir=\"ltr\">\n\t\t\t<div class=\"elementor-image-carousel swiper-wrapper\" aria-live=\"off\">\n\t\t\t\t\t\t\t\t<div class=\"swiper-slide\" role=\"group\" aria-roledescription=\"slide\" aria-label=\"1 di 1\"><figure class=\"swiper-slide-inner\"><img decoding=\"async\" class=\"swiper-slide-image\" src=\"https:\/\/les-bassans.com\/wp-content\/uploads\/2025\/05\/tregastel-les-bassans-perros-guirec-bretagne-hotel-fontenille-vue-mer-plage-768x768.jpg\" alt=\"tregastel-les-bassans-perros-guirec-bretagne-hotel-fontenille-vue-mer-plage\" \/><\/figure><\/div>\t\t\t<\/div>\n\t\t\t\t\t<\/div>\n\t\t\t\t\t\t<\/div>\n\t\t\t\t<\/div>\n\t\t\t\t<\/div>\n\t\t<div class=\"elementor-element elementor-element-dc53bbd e-flex e-con-boxed e-con e-child\" data-id=\"dc53bbd\" data-element_type=\"container\" data-e-type=\"container\">\n\t\t\t\t\t<div class=\"e-con-inner\">\n\t\t\t\t<div class=\"elementor-element elementor-element-da8237f elementor-widget elementor-widget-asli-widget-text-content\" data-id=\"da8237f\" data-element_type=\"widget\" data-e-type=\"widget\" data-settings=\"{&quot;max_width&quot;:{&quot;unit&quot;:&quot;px&quot;,&quot;size&quot;:1100,&quot;sizes&quot;:[]},&quot;max_width_tablet&quot;:{&quot;unit&quot;:&quot;%&quot;,&quot;size&quot;:100,&quot;sizes&quot;:[]},&quot;max_width_mobile&quot;:{&quot;unit&quot;:&quot;%&quot;,&quot;size&quot;:100,&quot;sizes&quot;:[]},&quot;text_content_stroke_width&quot;:{&quot;unit&quot;:&quot;%&quot;,&quot;size&quot;:110,&quot;sizes&quot;:[]},&quot;text_content_stroke_height&quot;:{&quot;unit&quot;:&quot;%&quot;,&quot;size&quot;:80,&quot;sizes&quot;:[]},&quot;text_content_stroke_rotation&quot;:{&quot;unit&quot;:&quot;deg&quot;,&quot;size&quot;:-5,&quot;sizes&quot;:[]}}\" data-widget_type=\"asli-widget-text-content.default\">\n\t\t\t\t<div class=\"elementor-widget-container\">\n\t\t\t\t\t\t\t<div class=\"text-start me-auto content js-content\" data-arts-split-text-preset=\"animatedChars\" data-arts-component-name=\"Content\" data-arts-os-animation=\"true\">\n\t\t\t<h3 class=\"content__text typography-text-content\">Tr\u00e9gastel, Tr\u00e9beurden, Pleumeur-Bodou: fughe di fascino<\/h3>\n\t\t<\/div>\n\t\t\t\t\t\t<\/div>\n\t\t\t\t<\/div>\n\t\t\t\t<div class=\"elementor-element elementor-element-0f853dc elementor-widget elementor-widget-text-editor\" data-id=\"0f853dc\" data-element_type=\"widget\" data-e-type=\"widget\" data-widget_type=\"text-editor.default\">\n\t\t\t\t<div class=\"elementor-widget-container\">\n\t\t\t\t\t\t\t\t\t<p><strong>Tr\u00e9gastel<\/strong> L'incantevole localit\u00e0 balneare di Le P\u00eache, a soli 15 minuti di auto da Perros-Guirec, vanta spiagge di sabbia fine, un ricco patrimonio e una serie di attrazioni naturali. Combinate la visita al villaggio con un tour della penisola di Renote.<\/p><p><strong>Tr\u00e9beurden<\/strong> Kerroc'h: a 20 minuti da Perros-Guirec, questo piccolo villaggio costiero \u00e8 rinomato per il suo porto turistico e gli eccezionali paesaggi marini. Non perdete la Pointe de Bihit, un punto panoramico spettacolare, o il Ch\u00e2teau de Kerroc'h, un monumento del patrimonio locale. Gli appassionati di storia apprezzeranno anche il Vicolo Coperto e il Menhir di Prajou-Menhir, un sito megalitico con un'eccezionale decorazione parietale interna.<\/p><p><strong>Pleumeur-Bodou<\/strong>Situata a meno di 15 minuti di auto da Perros-Guirec, questa cittadina \u00e8 ricca di fascino e di scoperte. \u00c8 particolarmente nota per il parco di Rad\u00f4me, che offre tre mondi affascinanti: il Plan\u00e9tarium de Bretagne, la Cit\u00e9 des T\u00e9l\u00e9coms e il Village Gaulois. \u00c8 un'ottima alternativa alle passeggiate sulla costa, ideale per tutta la famiglia.<\/p>\t\t\t\t\t\t\t\t<\/div>\n\t\t\t\t<\/div>\n\t\t\t\t\t<\/div>\n\t\t\t\t<\/div>\n\t\t\t\t\t<\/div>\n\t\t\t\t<\/section>\n\t\t<section class=\"elementor-element elementor-element-0d0957c e-flex e-con-boxed pt-medium px-gutters-horizontal e-con e-parent\" data-id=\"0d0957c\" data-element_type=\"container\" data-e-type=\"container\" data-settings=\"{&quot;background_background&quot;:&quot;classic&quot;}\">\n\t\t\t\t\t<div class=\"e-con-inner\">\n\t\t<div class=\"elementor-element elementor-element-33f7dda e-con-full e-flex e-con e-child\" data-id=\"33f7dda\" data-element_type=\"container\" data-e-type=\"container\">\n\t\t\t\t<div class=\"elementor-element elementor-element-f221939 elementor-widget elementor-widget-asli-widget-text-content\" data-id=\"f221939\" data-element_type=\"widget\" data-e-type=\"widget\" data-settings=\"{&quot;max_width&quot;:{&quot;unit&quot;:&quot;px&quot;,&quot;size&quot;:1100,&quot;sizes&quot;:[]},&quot;max_width_tablet&quot;:{&quot;unit&quot;:&quot;%&quot;,&quot;size&quot;:100,&quot;sizes&quot;:[]},&quot;max_width_mobile&quot;:{&quot;unit&quot;:&quot;%&quot;,&quot;size&quot;:100,&quot;sizes&quot;:[]},&quot;text_content_stroke_width&quot;:{&quot;unit&quot;:&quot;%&quot;,&quot;size&quot;:110,&quot;sizes&quot;:[]},&quot;text_content_stroke_height&quot;:{&quot;unit&quot;:&quot;%&quot;,&quot;size&quot;:80,&quot;sizes&quot;:[]},&quot;text_content_stroke_rotation&quot;:{&quot;unit&quot;:&quot;deg&quot;,&quot;size&quot;:-5,&quot;sizes&quot;:[]}}\" data-widget_type=\"asli-widget-text-content.default\">\n\t\t\t\t<div class=\"elementor-widget-container\">\n\t\t\t\t\t\t\t<div class=\"text-center mx-auto content js-content\" data-arts-split-text-preset=\"animatedChars\" data-arts-component-name=\"Content\" data-arts-os-animation=\"true\">\n\t\t\t<h2 class=\"content__text typography-text-content\">Scoprite la gastronomia locale<\/h2>\n\t\t<\/div>\n\t\t\t\t\t\t<\/div>\n\t\t\t\t<\/div>\n\t\t\t\t<\/div>\n\t\t\t\t\t<\/div>\n\t\t\t\t<\/section>\n\t\t<section class=\"elementor-element elementor-element-0c690fa e-flex e-con-boxed pt-small pb-medium px-gutters-horizontal e-con e-parent\" data-id=\"0c690fa\" data-element_type=\"container\" data-e-type=\"container\" data-settings=\"{&quot;background_background&quot;:&quot;classic&quot;}\">\n\t\t\t\t\t<div class=\"e-con-inner\">\n\t\t<div class=\"elementor-element elementor-element-84fc057 e-con-full e-flex e-con e-child\" data-id=\"84fc057\" data-element_type=\"container\" data-e-type=\"container\">\n\t\t\t\t<div class=\"elementor-element elementor-element-a4be6c5 elementor-widget elementor-widget-image-carousel\" data-id=\"a4be6c5\" data-element_type=\"widget\" data-e-type=\"widget\" data-settings=\"{&quot;slides_to_show&quot;:&quot;1&quot;,&quot;navigation&quot;:&quot;none&quot;,&quot;autoplay_speed&quot;:2500,&quot;effect&quot;:&quot;fade&quot;,&quot;speed&quot;:900,&quot;autoplay&quot;:&quot;yes&quot;,&quot;pause_on_hover&quot;:&quot;yes&quot;,&quot;pause_on_interaction&quot;:&quot;yes&quot;,&quot;infinite&quot;:&quot;yes&quot;}\" data-widget_type=\"image-carousel.default\">\n\t\t\t\t<div class=\"elementor-widget-container\">\n\t\t\t\t\t\t\t<div class=\"elementor-image-carousel-wrapper swiper\" role=\"region\" aria-roledescription=\"carousel\" aria-label=\"Carosello di immagini\" dir=\"ltr\">\n\t\t\t<div class=\"elementor-image-carousel swiper-wrapper\" aria-live=\"off\">\n\t\t\t\t\t\t\t\t<div class=\"swiper-slide\" role=\"group\" aria-roledescription=\"slide\" aria-label=\"1 di 1\"><figure class=\"swiper-slide-inner\"><img decoding=\"async\" class=\"swiper-slide-image\" src=\"https:\/\/les-bassans.com\/wp-content\/uploads\/2025\/05\/les-bassans-perros-guirec-huitres-tregor-coquillages-bretagne-fruits-de-mer-768x768.jpg\" alt=\"les-bassans-perros-guirec-huitres-tregor-coquillages-bretagne-fruits-de-mer\" \/><\/figure><\/div>\t\t\t<\/div>\n\t\t\t\t\t<\/div>\n\t\t\t\t\t\t<\/div>\n\t\t\t\t<\/div>\n\t\t\t\t<\/div>\n\t\t<div class=\"elementor-element elementor-element-e4d4df8 e-flex e-con-boxed e-con e-child\" data-id=\"e4d4df8\" data-element_type=\"container\" data-e-type=\"container\">\n\t\t\t\t\t<div class=\"e-con-inner\">\n\t\t\t\t<div class=\"elementor-element elementor-element-d454bb2 elementor-widget elementor-widget-asli-widget-text-content\" data-id=\"d454bb2\" data-element_type=\"widget\" data-e-type=\"widget\" data-settings=\"{&quot;max_width&quot;:{&quot;unit&quot;:&quot;px&quot;,&quot;size&quot;:1100,&quot;sizes&quot;:[]},&quot;max_width_tablet&quot;:{&quot;unit&quot;:&quot;%&quot;,&quot;size&quot;:100,&quot;sizes&quot;:[]},&quot;max_width_mobile&quot;:{&quot;unit&quot;:&quot;%&quot;,&quot;size&quot;:100,&quot;sizes&quot;:[]},&quot;text_content_stroke_width&quot;:{&quot;unit&quot;:&quot;%&quot;,&quot;size&quot;:110,&quot;sizes&quot;:[]},&quot;text_content_stroke_height&quot;:{&quot;unit&quot;:&quot;%&quot;,&quot;size&quot;:80,&quot;sizes&quot;:[]},&quot;text_content_stroke_rotation&quot;:{&quot;unit&quot;:&quot;deg&quot;,&quot;size&quot;:-5,&quot;sizes&quot;:[]}}\" data-widget_type=\"asli-widget-text-content.default\">\n\t\t\t\t<div class=\"elementor-widget-container\">\n\t\t\t\t\t\t\t<div class=\"text-start me-auto content js-content\" data-arts-split-text-preset=\"animatedChars\" data-arts-component-name=\"Content\" data-arts-os-animation=\"true\">\n\t\t\t<h3 class=\"content__text typography-text-content\">Produttori, sapori bretoni e specialit\u00e0 locali<\/h3>\n\t\t<\/div>\n\t\t\t\t\t\t<\/div>\n\t\t\t\t<\/div>\n\t\t\t\t<div class=\"elementor-element elementor-element-4a4390f elementor-widget elementor-widget-text-editor\" data-id=\"4a4390f\" data-element_type=\"widget\" data-e-type=\"widget\" data-widget_type=\"text-editor.default\">\n\t\t\t\t<div class=\"elementor-widget-container\">\n\t\t\t\t\t\t\t\t\t<p>La Bretagna \u00e8 una terra di sapori autentici. A Perros-Guirec e dintorni, i prodotti locali la fanno da padrone. Ecco alcune idee gastronomiche per esplorare la regione:<br \/><strong>Biscottifici artigianali<\/strong> Frollini bretoni, torte al burro puro... una vera delizia. Menzione speciale per la Biscuiterie de Tr\u00e9gastel.<br \/><strong>Case del sidro locali<\/strong> Visitate il Verger de Kernivinen a Perros-Guirec o la Cidrerie Fermi\u00e8re Bio Tudker a Saint-Quay-Perros per scoprire i sidri di fattoria prodotti con metodi tradizionali.<br \/><strong>Ostriche bretoni<\/strong> Allevamenti di ostriche: nei dintorni di Perros-Guirec, diversi allevatori di ostriche come Tr\u00e9gor Coquillages et Crustac\u00e9s e L'Atelier de l'Hu\u00eetre offrono la possibilit\u00e0 di assaggiare le loro ostriche fresche, direttamente dalla fonte. Troverete anche un'ampia selezione di frutti di mare presso la P\u00eacherie Perrosienne.<br \/><strong>Mercati locali<\/strong> A Perros-Guirec si tengono tre mercati durante l'anno. Il mercato del centro si svolge ogni venerd\u00ec mattina in Place des Halles. Il mercato di La Clart\u00e9 si tiene ogni domenica mattina vicino alla cappella. Infine, il mercato di La Rade si tiene ogni mercoled\u00ec mattina sul Quai de la Douane.<\/p>\t\t\t\t\t\t\t\t<\/div>\n\t\t\t\t<\/div>\n\t\t\t\t\t<\/div>\n\t\t\t\t<\/div>\n\t\t\t\t\t<\/div>\n\t\t\t\t<\/section>\n\t\t<section class=\"elementor-element elementor-element-36ed542 e-flex e-con-boxed pb-medium px-gutters-horizontal e-con e-parent\" data-id=\"36ed542\" data-element_type=\"container\" data-e-type=\"container\" data-settings=\"{&quot;background_background&quot;:&quot;classic&quot;}\">\n\t\t\t\t\t<div class=\"e-con-inner\">\n\t\t<div class=\"elementor-element elementor-element-2c4edfe e-con-full e-flex e-con e-child\" data-id=\"2c4edfe\" data-element_type=\"container\" data-e-type=\"container\">\n\t\t\t\t<div class=\"elementor-element elementor-element-df80d58 elementor-widget elementor-widget-image-carousel\" data-id=\"df80d58\" data-element_type=\"widget\" data-e-type=\"widget\" data-settings=\"{&quot;slides_to_show&quot;:&quot;1&quot;,&quot;navigation&quot;:&quot;none&quot;,&quot;autoplay_speed&quot;:2500,&quot;effect&quot;:&quot;fade&quot;,&quot;speed&quot;:900,&quot;autoplay&quot;:&quot;yes&quot;,&quot;pause_on_hover&quot;:&quot;yes&quot;,&quot;pause_on_interaction&quot;:&quot;yes&quot;,&quot;infinite&quot;:&quot;yes&quot;}\" data-widget_type=\"image-carousel.default\">\n\t\t\t\t<div class=\"elementor-widget-container\">\n\t\t\t\t\t\t\t<div class=\"elementor-image-carousel-wrapper swiper\" role=\"region\" aria-roledescription=\"carousel\" aria-label=\"Carosello di immagini\" dir=\"ltr\">\n\t\t\t<div class=\"elementor-image-carousel swiper-wrapper\" aria-live=\"off\">\n\t\t\t\t\t\t\t\t<div class=\"swiper-slide\" role=\"group\" aria-roledescription=\"slide\" aria-label=\"1 di 2\"><figure class=\"swiper-slide-inner\"><img decoding=\"async\" class=\"swiper-slide-image\" src=\"https:\/\/les-bassans.com\/wp-content\/uploads\/2026\/04\/hotel-les-bassans-bretagne-restaurant-768x768.webp\" alt=\"hotel-les-bassans-bretagna-ristorante\" \/><\/figure><\/div><div class=\"swiper-slide\" role=\"group\" aria-roledescription=\"slide\" aria-label=\"2 di 2\"><figure class=\"swiper-slide-inner\"><img decoding=\"async\" class=\"swiper-slide-image\" src=\"https:\/\/les-bassans.com\/wp-content\/uploads\/2026\/04\/hotel-les-bassans-bretagne-bar-768x768.webp\" alt=\"hotel-les-bassans-bretagne-bar\" \/><\/figure><\/div>\t\t\t<\/div>\n\t\t\t\t\t\t\t\n\t\t\t\t\t\t\t\t\t<\/div>\n\t\t\t\t\t\t<\/div>\n\t\t\t\t<\/div>\n\t\t\t\t<\/div>\n\t\t<div class=\"elementor-element elementor-element-d1da364 e-flex e-con-boxed e-con e-child\" data-id=\"d1da364\" data-element_type=\"container\" data-e-type=\"container\">\n\t\t\t\t\t<div class=\"e-con-inner\">\n\t\t\t\t<div class=\"elementor-element elementor-element-9a85412 elementor-widget elementor-widget-asli-widget-text-content\" data-id=\"9a85412\" data-element_type=\"widget\" data-e-type=\"widget\" data-settings=\"{&quot;max_width&quot;:{&quot;unit&quot;:&quot;px&quot;,&quot;size&quot;:1100,&quot;sizes&quot;:[]},&quot;max_width_tablet&quot;:{&quot;unit&quot;:&quot;%&quot;,&quot;size&quot;:100,&quot;sizes&quot;:[]},&quot;max_width_mobile&quot;:{&quot;unit&quot;:&quot;%&quot;,&quot;size&quot;:100,&quot;sizes&quot;:[]},&quot;text_content_stroke_width&quot;:{&quot;unit&quot;:&quot;%&quot;,&quot;size&quot;:110,&quot;sizes&quot;:[]},&quot;text_content_stroke_height&quot;:{&quot;unit&quot;:&quot;%&quot;,&quot;size&quot;:80,&quot;sizes&quot;:[]},&quot;text_content_stroke_rotation&quot;:{&quot;unit&quot;:&quot;deg&quot;,&quot;size&quot;:-5,&quot;sizes&quot;:[]}}\" data-widget_type=\"asli-widget-text-content.default\">\n\t\t\t\t<div class=\"elementor-widget-container\">\n\t\t\t\t\t\t\t<div class=\"text-start me-auto content js-content\" data-arts-split-text-preset=\"animatedChars\" data-arts-component-name=\"Content\" data-arts-os-animation=\"true\">\n\t\t\t<h3 class=\"content__text typography-text-content\">Ristorante Les Bassans: un'esperienza culinaria unica<\/h3>\n\t\t<\/div>\n\t\t\t\t\t\t<\/div>\n\t\t\t\t<\/div>\n\t\t\t\t<div class=\"elementor-element elementor-element-be21a3e elementor-widget elementor-widget-text-editor\" data-id=\"be21a3e\" data-element_type=\"widget\" data-e-type=\"widget\" data-widget_type=\"text-editor.default\">\n\t\t\t\t<div class=\"elementor-widget-container\">\n\t\t\t\t\t\t\t\t\t<p>Affacciato sull'arcipelago delle Sept-\u00celes, il ristorante Les Bassans offre una vista panoramica mozzafiato sul mare. In un'atmosfera calda e boscosa, la cucina propone frutti di mare bretoni e prodotti locali.<br \/>Il bar dei molluschi offre una selezione di ostriche, vongole e crostacei, sublimati in modo creativo. Potrete anche scoprire le nostre galette bretoni rivisitate e le specialit\u00e0 locali che cambiano con le maree. Un percorso gastronomico autentico e raffinato, con prodotti locali di qualit\u00e0, che garantiscono freschezza e rispetto per l'ambiente.<\/p>\t\t\t\t\t\t\t\t<\/div>\n\t\t\t\t<\/div>\n\t\t\t\t\t<\/div>\n\t\t\t\t<\/div>\n\t\t\t\t\t<\/div>\n\t\t\t\t<\/section>\n\t\t<section class=\"elementor-element elementor-element-7dce4e2 e-flex e-con-boxed pb-medium px-gutters-horizontal e-con e-parent\" data-id=\"7dce4e2\" data-element_type=\"container\" data-e-type=\"container\" data-settings=\"{&quot;background_background&quot;:&quot;classic&quot;}\">\n\t\t\t\t\t<div class=\"e-con-inner\">\n\t\t<div class=\"elementor-element elementor-element-432cdb7 e-con-full e-flex e-con e-child\" data-id=\"432cdb7\" data-element_type=\"container\" data-e-type=\"container\">\n\t\t\t\t<div class=\"elementor-element elementor-element-71ed329 elementor-widget elementor-widget-image-carousel\" data-id=\"71ed329\" data-element_type=\"widget\" data-e-type=\"widget\" data-settings=\"{&quot;slides_to_show&quot;:&quot;1&quot;,&quot;navigation&quot;:&quot;none&quot;,&quot;autoplay_speed&quot;:2500,&quot;effect&quot;:&quot;fade&quot;,&quot;speed&quot;:900,&quot;autoplay&quot;:&quot;yes&quot;,&quot;pause_on_hover&quot;:&quot;yes&quot;,&quot;pause_on_interaction&quot;:&quot;yes&quot;,&quot;infinite&quot;:&quot;yes&quot;}\" data-widget_type=\"image-carousel.default\">\n\t\t\t\t<div class=\"elementor-widget-container\">\n\t\t\t\t\t\t\t<div class=\"elementor-image-carousel-wrapper swiper\" role=\"region\" aria-roledescription=\"carousel\" aria-label=\"Carosello di immagini\" dir=\"ltr\">\n\t\t\t<div class=\"elementor-image-carousel swiper-wrapper\" aria-live=\"off\">\n\t\t\t\t\t\t\t\t<div class=\"swiper-slide\" role=\"group\" aria-roledescription=\"slide\" aria-label=\"1 su 3\"><figure class=\"swiper-slide-inner\"><img decoding=\"async\" class=\"swiper-slide-image\" src=\"https:\/\/les-bassans.com\/wp-content\/uploads\/2025\/03\/les-bassans-manoir-du-sphinx-hotel-fontenille-collection-perros-guirec-bretagne-vue-mer-sept-iles-sentier-douaniers-hotel-de-charme-1-1-768x768.jpg\" alt=\"les-bassans-manoir-du-sphinx-hotel-fontenille-collection-perros-guirec-bretagne-vue-mer-sept-iles-sentier-douaniers-hotel-de-charme (1) (1)\" \/><\/figure><\/div><div class=\"swiper-slide\" role=\"group\" aria-roledescription=\"slide\" aria-label=\"2 sur 3\"><figure class=\"swiper-slide-inner\"><img decoding=\"async\" class=\"swiper-slide-image\" src=\"https:\/\/les-bassans.com\/wp-content\/uploads\/2025\/11\/chambre-grande-deluxe-vue-mer-confort-hotel-les-bassans-perros-guirec-bretagne-fontenille-min-768x768.webp\" alt=\"camera-grande-deluxe-vista-mare-confort-hotel-les-bassans-perros-guirec-bretagne-fontenille-min\" \/><\/figure><\/div><div class=\"swiper-slide\" role=\"group\" aria-roledescription=\"slide\" aria-label=\"3 sur 3\"><figure class=\"swiper-slide-inner\"><img decoding=\"async\" class=\"swiper-slide-image\" src=\"https:\/\/les-bassans.com\/wp-content\/uploads\/2026\/04\/hotel-les-bassans-bretagne-spa-768x768.webp\" alt=\"hotel-les-bassans-bretagna-spa\" \/><\/figure><\/div>\t\t\t<\/div>\n\t\t\t\t\t\t\t\n\t\t\t\t\t\t\t\t\t<\/div>\n\t\t\t\t\t\t<\/div>\n\t\t\t\t<\/div>\n\t\t\t\t<\/div>\n\t\t<div class=\"elementor-element elementor-element-e93e19b e-flex e-con-boxed e-con e-child\" data-id=\"e93e19b\" data-element_type=\"container\" data-e-type=\"container\">\n\t\t\t\t\t<div class=\"e-con-inner\">\n\t\t\t\t<div class=\"elementor-element elementor-element-397bab4 elementor-widget elementor-widget-asli-widget-text-content\" data-id=\"397bab4\" data-element_type=\"widget\" data-e-type=\"widget\" data-settings=\"{&quot;max_width&quot;:{&quot;unit&quot;:&quot;px&quot;,&quot;size&quot;:1100,&quot;sizes&quot;:[]},&quot;max_width_tablet&quot;:{&quot;unit&quot;:&quot;%&quot;,&quot;size&quot;:100,&quot;sizes&quot;:[]},&quot;max_width_mobile&quot;:{&quot;unit&quot;:&quot;%&quot;,&quot;size&quot;:100,&quot;sizes&quot;:[]},&quot;text_content_stroke_width&quot;:{&quot;unit&quot;:&quot;%&quot;,&quot;size&quot;:110,&quot;sizes&quot;:[]},&quot;text_content_stroke_height&quot;:{&quot;unit&quot;:&quot;%&quot;,&quot;size&quot;:80,&quot;sizes&quot;:[]},&quot;text_content_stroke_rotation&quot;:{&quot;unit&quot;:&quot;deg&quot;,&quot;size&quot;:-5,&quot;sizes&quot;:[]}}\" data-widget_type=\"asli-widget-text-content.default\">\n\t\t\t\t<div class=\"elementor-widget-container\">\n\t\t\t\t\t\t\t<div class=\"text-start me-auto content js-content\" data-arts-split-text-preset=\"animatedChars\" data-arts-component-name=\"Content\" data-arts-os-animation=\"true\">\n\t\t\t<h2 class=\"content__text typography-text-content\"> Hotel Les Bassans, la base ideale per esplorare Perros-Guirec<\/h2>\n\t\t<\/div>\n\t\t\t\t\t\t<\/div>\n\t\t\t\t<\/div>\n\t\t\t\t<div class=\"elementor-element elementor-element-84953ca elementor-widget elementor-widget-text-editor\" data-id=\"84953ca\" data-element_type=\"widget\" data-e-type=\"widget\" data-widget_type=\"text-editor.default\">\n\t\t\t\t<div class=\"elementor-widget-container\">\n\t\t\t\t\t\t\t\t\t<p>Che siate amanti delle passeggiate in riva al mare, dei villaggi incantevoli, delle scoperte culturali o delle delizie gastronomiche, Perros-Guirec e i suoi dintorni sono ricchi di attivit\u00e0 per tutti i gusti. Situato in posizione ideale, l'hotel Les Bassans vi offre un ambiente lussuoso e rilassante per scoprire questa perla bretone tra terra e mare.<\/p>\t\t\t\t\t\t\t\t<\/div>\n\t\t\t\t<\/div>\n\t\t\t\t\t<\/div>\n\t\t\t\t<\/div>\n\t\t\t\t\t<\/div>\n\t\t\t\t<\/section>\n\t\t\t\t<\/div>","protected":false},"excerpt":{"rendered":"<p>Que faire \u00e0 Perros-Guirec et ses alentours ? Activit\u00e9s, visites et d\u00e9couvertes autour de l\u2019h\u00f4tel Les Bassans. Nich\u00e9e au nord de la Bretagne, dans les C\u00f4tes-d\u2019Armor, Perros-Guirec est une destination pris\u00e9e pour la beaut\u00e9 singuli\u00e8re de son littoral. Cette station baln\u00e9aire embl\u00e9matique de la C\u00f4te de Granit Rose s\u00e9duit par ses paysages fa\u00e7onn\u00e9s par les [&hellip;]<\/p>\n","protected":false},"author":1,"featured_media":0,"parent":0,"menu_order":0,"comment_status":"closed","ping_status":"closed","template":"","meta":{"_acf_changed":false,"iawp_total_views":19711,"footnotes":""},"class_list":["post-28572","page","type-page","status-publish","hentry"],"acf":[],"yoast_head":"<!-- This site is optimized with the Yoast SEO plugin v27.5 - https:\/\/yoast.com\/product\/yoast-seo-wordpress\/ -->\n<title>Que faire \u00e0 Perros-Guirec et alentours : visites et activit\u00e9s &#8226; Les Bassans<\/title>\n<meta name=\"description\" content=\"Envie de d\u00e9couvrir que faire \u00e0 Perros-Guirec et ses alentours ? Balades, visites, march\u00e9s et bonnes adresses pour d\u00e9couvrir la C\u00f4te de Granit Rose.\" \/>\n<meta name=\"robots\" content=\"index, follow, max-snippet:-1, max-image-preview:large, max-video-preview:-1\" \/>\n<link rel=\"canonical\" href=\"https:\/\/les-bassans.com\/it\/cosa-fare-a-perros-guirec-e-dintorni-visite-e-attivita\/\" \/>\n<meta property=\"og:locale\" content=\"it_IT\" \/>\n<meta property=\"og:type\" content=\"article\" \/>\n<meta property=\"og:title\" content=\"Que faire \u00e0 Perros-Guirec et alentours : visites et activit\u00e9s &#8226; Les Bassans\" \/>\n<meta property=\"og:description\" content=\"Envie de d\u00e9couvrir que faire \u00e0 Perros-Guirec et ses alentours ? Balades, visites, march\u00e9s et bonnes adresses pour d\u00e9couvrir la C\u00f4te de Granit Rose.\" \/>\n<meta property=\"og:url\" content=\"https:\/\/les-bassans.com\/it\/cosa-fare-a-perros-guirec-e-dintorni-visite-e-attivita\/\" \/>\n<meta property=\"og:site_name\" content=\"Les Bassans\" \/>\n<meta property=\"article:modified_time\" content=\"2026-04-28T16:25:02+00:00\" \/>\n<meta property=\"og:image\" content=\"https:\/\/les-bassans.com\/wp-content\/uploads\/2025\/05\/perros-guirec-que-faire-vacances-bretagne-les-bassans-visiter.jpg\" \/>\n<meta name=\"twitter:card\" content=\"summary_large_image\" \/>\n<script type=\"application\/ld+json\" class=\"yoast-schema-graph\">{\"@context\":\"https:\\\/\\\/schema.org\",\"@graph\":[{\"@type\":\"WebPage\",\"@id\":\"https:\\\/\\\/les-bassans.com\\\/que-faire-a-perros-guirec-et-alentours-visites-et-activites\\\/\",\"url\":\"https:\\\/\\\/les-bassans.com\\\/que-faire-a-perros-guirec-et-alentours-visites-et-activites\\\/\",\"name\":\"Que faire \u00e0 Perros-Guirec et alentours : visites et activit\u00e9s &#8226; Les Bassans\",\"isPartOf\":{\"@id\":\"https:\\\/\\\/les-bassans.com\\\/#website\"},\"primaryImageOfPage\":{\"@id\":\"https:\\\/\\\/les-bassans.com\\\/que-faire-a-perros-guirec-et-alentours-visites-et-activites\\\/#primaryimage\"},\"image\":{\"@id\":\"https:\\\/\\\/les-bassans.com\\\/que-faire-a-perros-guirec-et-alentours-visites-et-activites\\\/#primaryimage\"},\"thumbnailUrl\":\"https:\\\/\\\/les-bassans.com\\\/wp-content\\\/uploads\\\/2025\\\/05\\\/perros-guirec-que-faire-vacances-bretagne-les-bassans-visiter.jpg\",\"datePublished\":\"2025-05-05T16:41:55+00:00\",\"dateModified\":\"2026-04-28T16:25:02+00:00\",\"description\":\"Envie de d\u00e9couvrir que faire \u00e0 Perros-Guirec et ses alentours ? Balades, visites, march\u00e9s et bonnes adresses pour d\u00e9couvrir la C\u00f4te de Granit Rose.\",\"breadcrumb\":{\"@id\":\"https:\\\/\\\/les-bassans.com\\\/que-faire-a-perros-guirec-et-alentours-visites-et-activites\\\/#breadcrumb\"},\"inLanguage\":\"it-IT\",\"potentialAction\":[{\"@type\":\"ReadAction\",\"target\":[\"https:\\\/\\\/les-bassans.com\\\/que-faire-a-perros-guirec-et-alentours-visites-et-activites\\\/\"]}]},{\"@type\":\"ImageObject\",\"inLanguage\":\"it-IT\",\"@id\":\"https:\\\/\\\/les-bassans.com\\\/que-faire-a-perros-guirec-et-alentours-visites-et-activites\\\/#primaryimage\",\"url\":\"https:\\\/\\\/les-bassans.com\\\/wp-content\\\/uploads\\\/2025\\\/05\\\/perros-guirec-que-faire-vacances-bretagne-les-bassans-visiter.jpg\",\"contentUrl\":\"https:\\\/\\\/les-bassans.com\\\/wp-content\\\/uploads\\\/2025\\\/05\\\/perros-guirec-que-faire-vacances-bretagne-les-bassans-visiter.jpg\"},{\"@type\":\"BreadcrumbList\",\"@id\":\"https:\\\/\\\/les-bassans.com\\\/que-faire-a-perros-guirec-et-alentours-visites-et-activites\\\/#breadcrumb\",\"itemListElement\":[{\"@type\":\"ListItem\",\"position\":1,\"name\":\"Accueil\",\"item\":\"https:\\\/\\\/les-bassans.com\\\/\"},{\"@type\":\"ListItem\",\"position\":2,\"name\":\"Que faire \u00e0 Perros-Guirec et alentours : visites et activit\u00e9s\"}]},{\"@type\":\"WebSite\",\"@id\":\"https:\\\/\\\/les-bassans.com\\\/#website\",\"url\":\"https:\\\/\\\/les-bassans.com\\\/\",\"name\":\"Les Bassans\",\"description\":\"H\u00f4tel Spa \u00e0 Perros-Guirec et Restaurant vue mer\",\"publisher\":{\"@id\":\"https:\\\/\\\/les-bassans.com\\\/#organization\"},\"potentialAction\":[{\"@type\":\"SearchAction\",\"target\":{\"@type\":\"EntryPoint\",\"urlTemplate\":\"https:\\\/\\\/les-bassans.com\\\/?s={search_term_string}\"},\"query-input\":{\"@type\":\"PropertyValueSpecification\",\"valueRequired\":true,\"valueName\":\"search_term_string\"}}],\"inLanguage\":\"it-IT\"},{\"@type\":\"Organization\",\"@id\":\"https:\\\/\\\/les-bassans.com\\\/#organization\",\"name\":\"Les Bassans\",\"alternateName\":\"Bassans\",\"url\":\"https:\\\/\\\/les-bassans.com\\\/\",\"logo\":{\"@type\":\"ImageObject\",\"inLanguage\":\"it-IT\",\"@id\":\"https:\\\/\\\/les-bassans.com\\\/#\\\/schema\\\/logo\\\/image\\\/\",\"url\":\"https:\\\/\\\/les-bassans.com\\\/wp-content\\\/uploads\\\/2023\\\/05\\\/LesBassans-Logo-Simple.png\",\"contentUrl\":\"https:\\\/\\\/les-bassans.com\\\/wp-content\\\/uploads\\\/2023\\\/05\\\/LesBassans-Logo-Simple.png\",\"width\":850,\"height\":253,\"caption\":\"Les Bassans\"},\"image\":{\"@id\":\"https:\\\/\\\/les-bassans.com\\\/#\\\/schema\\\/logo\\\/image\\\/\"}}]}<\/script>\n<!-- \/ Yoast SEO plugin. -->","yoast_head_json":{"title":"Cosa fare a Perros-Guirec e dintorni: visite e attivit\u00e0 - Les Bassans","description":"Volete sapere cosa fare a Perros-Guirec e dintorni? Passeggiate, visite, mercati e buoni indirizzi per scoprire la Costa di Granito Rosa.","robots":{"index":"index","follow":"follow","max-snippet":"max-snippet:-1","max-image-preview":"max-image-preview:large","max-video-preview":"max-video-preview:-1"},"canonical":"https:\/\/les-bassans.com\/it\/cosa-fare-a-perros-guirec-e-dintorni-visite-e-attivita\/","og_locale":"it_IT","og_type":"article","og_title":"Que faire \u00e0 Perros-Guirec et alentours : visites et activit\u00e9s &#8226; Les Bassans","og_description":"Envie de d\u00e9couvrir que faire \u00e0 Perros-Guirec et ses alentours ? Balades, visites, march\u00e9s et bonnes adresses pour d\u00e9couvrir la C\u00f4te de Granit Rose.","og_url":"https:\/\/les-bassans.com\/it\/cosa-fare-a-perros-guirec-e-dintorni-visite-e-attivita\/","og_site_name":"Les Bassans","article_modified_time":"2026-04-28T16:25:02+00:00","og_image":[{"url":"https:\/\/les-bassans.com\/wp-content\/uploads\/2025\/05\/perros-guirec-que-faire-vacances-bretagne-les-bassans-visiter.jpg","type":"","width":"","height":""}],"twitter_card":"summary_large_image","schema":{"@context":"https:\/\/schema.org","@graph":[{"@type":"WebPage","@id":"https:\/\/les-bassans.com\/que-faire-a-perros-guirec-et-alentours-visites-et-activites\/","url":"https:\/\/les-bassans.com\/que-faire-a-perros-guirec-et-alentours-visites-et-activites\/","name":"Cosa fare a Perros-Guirec e dintorni: visite e attivit\u00e0 - Les Bassans","isPartOf":{"@id":"https:\/\/les-bassans.com\/#website"},"primaryImageOfPage":{"@id":"https:\/\/les-bassans.com\/que-faire-a-perros-guirec-et-alentours-visites-et-activites\/#primaryimage"},"image":{"@id":"https:\/\/les-bassans.com\/que-faire-a-perros-guirec-et-alentours-visites-et-activites\/#primaryimage"},"thumbnailUrl":"https:\/\/les-bassans.com\/wp-content\/uploads\/2025\/05\/perros-guirec-que-faire-vacances-bretagne-les-bassans-visiter.jpg","datePublished":"2025-05-05T16:41:55+00:00","dateModified":"2026-04-28T16:25:02+00:00","description":"Volete sapere cosa fare a Perros-Guirec e dintorni? Passeggiate, visite, mercati e buoni indirizzi per scoprire la Costa di Granito Rosa.","breadcrumb":{"@id":"https:\/\/les-bassans.com\/que-faire-a-perros-guirec-et-alentours-visites-et-activites\/#breadcrumb"},"inLanguage":"it-IT","potentialAction":[{"@type":"ReadAction","target":["https:\/\/les-bassans.com\/que-faire-a-perros-guirec-et-alentours-visites-et-activites\/"]}]},{"@type":"ImageObject","inLanguage":"it-IT","@id":"https:\/\/les-bassans.com\/que-faire-a-perros-guirec-et-alentours-visites-et-activites\/#primaryimage","url":"https:\/\/les-bassans.com\/wp-content\/uploads\/2025\/05\/perros-guirec-que-faire-vacances-bretagne-les-bassans-visiter.jpg","contentUrl":"https:\/\/les-bassans.com\/wp-content\/uploads\/2025\/05\/perros-guirec-que-faire-vacances-bretagne-les-bassans-visiter.jpg"},{"@type":"BreadcrumbList","@id":"https:\/\/les-bassans.com\/que-faire-a-perros-guirec-et-alentours-visites-et-activites\/#breadcrumb","itemListElement":[{"@type":"ListItem","position":1,"name":"Accueil","item":"https:\/\/les-bassans.com\/"},{"@type":"ListItem","position":2,"name":"Que faire \u00e0 Perros-Guirec et alentours : visites et activit\u00e9s"}]},{"@type":"WebSite","@id":"https:\/\/les-bassans.com\/#website","url":"https:\/\/les-bassans.com\/","name":"Les Bassans","description":"Hotel Spa a Perros-Guirec e ristorante con vista sul mare","publisher":{"@id":"https:\/\/les-bassans.com\/#organization"},"potentialAction":[{"@type":"SearchAction","target":{"@type":"EntryPoint","urlTemplate":"https:\/\/les-bassans.com\/?s={search_term_string}"},"query-input":{"@type":"PropertyValueSpecification","valueRequired":true,"valueName":"search_term_string"}}],"inLanguage":"it-IT"},{"@type":"Organization","@id":"https:\/\/les-bassans.com\/#organization","name":"Les Bassans","alternateName":"Bassans","url":"https:\/\/les-bassans.com\/","logo":{"@type":"ImageObject","inLanguage":"it-IT","@id":"https:\/\/les-bassans.com\/#\/schema\/logo\/image\/","url":"https:\/\/les-bassans.com\/wp-content\/uploads\/2023\/05\/LesBassans-Logo-Simple.png","contentUrl":"https:\/\/les-bassans.com\/wp-content\/uploads\/2023\/05\/LesBassans-Logo-Simple.png","width":850,"height":253,"caption":"Les Bassans"},"image":{"@id":"https:\/\/les-bassans.com\/#\/schema\/logo\/image\/"}}]}},"_links":{"self":[{"href":"https:\/\/les-bassans.com\/it\/wp-json\/wp\/v2\/pages\/28572","targetHints":{"allow":["GET"]}}],"collection":[{"href":"https:\/\/les-bassans.com\/it\/wp-json\/wp\/v2\/pages"}],"about":[{"href":"https:\/\/les-bassans.com\/it\/wp-json\/wp\/v2\/types\/page"}],"author":[{"embeddable":true,"href":"https:\/\/les-bassans.com\/it\/wp-json\/wp\/v2\/users\/1"}],"replies":[{"embeddable":true,"href":"https:\/\/les-bassans.com\/it\/wp-json\/wp\/v2\/comments?post=28572"}],"version-history":[{"count":53,"href":"https:\/\/les-bassans.com\/it\/wp-json\/wp\/v2\/pages\/28572\/revisions"}],"predecessor-version":[{"id":30060,"href":"https:\/\/les-bassans.com\/it\/wp-json\/wp\/v2\/pages\/28572\/revisions\/30060"}],"wp:attachment":[{"href":"https:\/\/les-bassans.com\/it\/wp-json\/wp\/v2\/media?parent=28572"}],"curies":[{"name":"wp","href":"https:\/\/api.w.org\/{rel}","templated":true}]}}