{"id":25454,"date":"2025-01-28T12:36:24","date_gmt":"2025-01-28T12:36:24","guid":{"rendered":"https:\/\/les-bassans.com\/?page_id=25454"},"modified":"2026-04-28T16:10:41","modified_gmt":"2026-04-28T16:10:41","slug":"scoprire-i-bassani","status":"publish","type":"page","link":"https:\/\/les-bassans.com\/it\/scoprire-i-bassani\/","title":{"rendered":"Scoprire Les Bassans"},"content":{"rendered":"\t\t<div data-elementor-type=\"wp-page\" data-elementor-id=\"25454\" class=\"elementor elementor-25454\" data-elementor-settings=\"{&quot;asli_hide_title_disabled&quot;:&quot;yes&quot;}\" data-elementor-post-type=\"page\">\n\t\t\t\t<section class=\"elementor-element elementor-element-90a2821 e-con-full e-flex e-con e-parent\" data-id=\"90a2821\" data-element_type=\"container\" data-e-type=\"container\" data-settings=\"{&quot;background_background&quot;:&quot;classic&quot;}\">\n\t\t<div class=\"elementor-element elementor-element-0a30c3a e-con-full e-flex px-gutters-horizontal e-con e-child\" data-id=\"0a30c3a\" data-element_type=\"container\" data-e-type=\"container\">\n\t\t<div class=\"elementor-element elementor-element-3296cdc e-con-full e-flex e-con e-child\" data-id=\"3296cdc\" data-element_type=\"container\" data-e-type=\"container\">\n\t\t\t\t<div class=\"elementor-element elementor-element-bc71558 elementor-widget elementor-widget-asli-widget-text-content\" data-id=\"bc71558\" data-element_type=\"widget\" data-e-type=\"widget\" data-settings=\"{&quot;max_width&quot;:{&quot;unit&quot;:&quot;px&quot;,&quot;size&quot;:1100,&quot;sizes&quot;:[]},&quot;max_width_tablet&quot;:{&quot;unit&quot;:&quot;%&quot;,&quot;size&quot;:100,&quot;sizes&quot;:[]},&quot;max_width_mobile&quot;:{&quot;unit&quot;:&quot;%&quot;,&quot;size&quot;:100,&quot;sizes&quot;:[]},&quot;text_content_stroke_width&quot;:{&quot;unit&quot;:&quot;%&quot;,&quot;size&quot;:110,&quot;sizes&quot;:[]},&quot;text_content_stroke_height&quot;:{&quot;unit&quot;:&quot;%&quot;,&quot;size&quot;:80,&quot;sizes&quot;:[]},&quot;text_content_stroke_rotation&quot;:{&quot;unit&quot;:&quot;deg&quot;,&quot;size&quot;:-5,&quot;sizes&quot;:[]}}\" data-widget_type=\"asli-widget-text-content.default\">\n\t\t\t\t<div class=\"elementor-widget-container\">\n\t\t\t\t\t\t\t<div class=\"text-center mx-auto content js-content\" data-arts-split-text-preset=\"animatedChars\" data-arts-component-name=\"Content\" data-arts-os-animation=\"true\">\n\t\t\t<h1 class=\"content__text typography-text-content\">D\u00e9couvrir<br>Les Bassans<\/h1>\n\t\t<\/div>\n\t\t\t\t\t\t<\/div>\n\t\t\t\t<\/div>\n\t\t\t\t<\/div>\n\t\t\t\t<\/div>\n\t\t<div class=\"elementor-element elementor-element-7c8e892 e-con-full e-flex e-con e-child\" data-id=\"7c8e892\" data-element_type=\"container\" data-e-type=\"container\" data-settings=\"{&quot;background_background&quot;:&quot;classic&quot;}\">\n\t\t\t\t<div class=\"elementor-element elementor-element-1424a51 elementor-widget__width-inherit elementor-widget elementor-widget-asli-widget-parallax-image\" data-id=\"1424a51\" data-element_type=\"widget\" data-e-type=\"widget\" data-settings=\"{&quot;media_background_height&quot;:{&quot;unit&quot;:&quot;vh&quot;,&quot;size&quot;:100,&quot;sizes&quot;:[]},&quot;media_background_height_tablet&quot;:{&quot;unit&quot;:&quot;vh&quot;,&quot;size&quot;:70,&quot;sizes&quot;:[]},&quot;media_background_height_mobile&quot;:{&quot;unit&quot;:&quot;vh&quot;,&quot;size&quot;:50,&quot;sizes&quot;:[]},&quot;media_background_position_x&quot;:{&quot;unit&quot;:&quot;%&quot;,&quot;size&quot;:50,&quot;sizes&quot;:[]},&quot;media_background_position_x_tablet&quot;:{&quot;unit&quot;:&quot;%&quot;,&quot;size&quot;:50,&quot;sizes&quot;:[]},&quot;media_background_position_x_mobile&quot;:{&quot;unit&quot;:&quot;%&quot;,&quot;size&quot;:50,&quot;sizes&quot;:[]},&quot;media_background_position_y&quot;:{&quot;unit&quot;:&quot;%&quot;,&quot;size&quot;:50,&quot;sizes&quot;:[]},&quot;media_background_position_y_tablet&quot;:{&quot;unit&quot;:&quot;%&quot;,&quot;size&quot;:50,&quot;sizes&quot;:[]},&quot;media_background_position_y_mobile&quot;:{&quot;unit&quot;:&quot;%&quot;,&quot;size&quot;:50,&quot;sizes&quot;:[]}}\" data-widget_type=\"asli-widget-parallax-image.default\">\n\t\t\t\t<div class=\"elementor-widget-container\">\n\t\t\t\t\t\t\t<div class=\"parallax js-parallax\" data-arts-component-name=\"Parallax\" data-arts-component-options=\"{&quot;inner&quot;:{&quot;factor&quot;:{&quot;x&quot;:0,&quot;y&quot;:0.12},&quot;translate&quot;:[],&quot;scale&quot;:[],&quot;rotate&quot;:false,&quot;velocity&quot;:false,&quot;matchMedia&quot;:&quot;(not((min-width: 320px) and (max-width: 767px))) or (not((min-width: 768px) and (max-width: 991px))) or (min-width: 992px)&quot;},&quot;outer&quot;:false}\">\n\t\t\t<div class=\"image-wrapper media-wrapper overflow-hidden\">\n\t\t\t\t\t\t\t\t\t<div class=\"mask-wrapper w-100 overflow-hidden \">\n\t\t\t\t\t\t\n\t<div class=\"w-100 h-100 overflow-hidden\">\n\t\t<img fetchpriority=\"high\" decoding=\"async\" class=\"lazy js-parallax__inner of-cover-absolute\" src=\"data:image\/svg+xml,%3Csvg%20xmlns=&amp;apos;http:\/\/www.w3.org\/2000\/svg&amp;apos;%20width=&amp;apos;100%25&amp;apos;%20height=&amp;apos;100%25&amp;apos;%3E%3C\/svg%3E\" data-src=\"https:\/\/les-bassans.com\/wp-content\/uploads\/2025\/06\/les-bassans-hotel-perros-guirec-batisse-granit-rose-manoir-sphinx.jpg\" width=\"900\" height=\"900\" data-srcset=\"https:\/\/les-bassans.com\/wp-content\/uploads\/2025\/06\/les-bassans-hotel-perros-guirec-batisse-granit-rose-manoir-sphinx.jpg 900w, https:\/\/les-bassans.com\/wp-content\/uploads\/2025\/06\/les-bassans-hotel-perros-guirec-batisse-granit-rose-manoir-sphinx-300x300.jpg 300w, https:\/\/les-bassans.com\/wp-content\/uploads\/2025\/06\/les-bassans-hotel-perros-guirec-batisse-granit-rose-manoir-sphinx-150x150.jpg 150w, https:\/\/les-bassans.com\/wp-content\/uploads\/2025\/06\/les-bassans-hotel-perros-guirec-batisse-granit-rose-manoir-sphinx-768x768.jpg 768w, https:\/\/les-bassans.com\/wp-content\/uploads\/2025\/06\/les-bassans-hotel-perros-guirec-batisse-granit-rose-manoir-sphinx-12x12.jpg 12w\" data-sizes=\"(max-width: 900px) 100vw, 900px\" alt=\"\">\n\t\t\t<noscript><img decoding=\"async\" class=\"lazy js-parallax__inner of-cover-absolute\" src=\"https:\/\/les-bassans.com\/wp-content\/uploads\/2025\/06\/les-bassans-hotel-perros-guirec-batisse-granit-rose-manoir-sphinx.jpg\" width=\"900\" height=\"900\" alt=\"\" srcset=\"https:\/\/les-bassans.com\/wp-content\/uploads\/2025\/06\/les-bassans-hotel-perros-guirec-batisse-granit-rose-manoir-sphinx.jpg 900w, https:\/\/les-bassans.com\/wp-content\/uploads\/2025\/06\/les-bassans-hotel-perros-guirec-batisse-granit-rose-manoir-sphinx-300x300.jpg 300w, https:\/\/les-bassans.com\/wp-content\/uploads\/2025\/06\/les-bassans-hotel-perros-guirec-batisse-granit-rose-manoir-sphinx-150x150.jpg 150w, https:\/\/les-bassans.com\/wp-content\/uploads\/2025\/06\/les-bassans-hotel-perros-guirec-batisse-granit-rose-manoir-sphinx-768x768.jpg 768w, https:\/\/les-bassans.com\/wp-content\/uploads\/2025\/06\/les-bassans-hotel-perros-guirec-batisse-granit-rose-manoir-sphinx-12x12.jpg 12w\" sizes=\"(max-width: 900px) 100vw, 900px\"><\/noscript>\n\t\t\t<\/div>\n\t\t\t\t\t\t<div class=\"section__overlay hover-zoom__overlay overlay\"><\/div>\n\t\t\t\t\t<\/div>\n\t\t\t\t\t\t\t\t\t\t\t<\/div>\n\t\t<\/div>\n\t\t\t\t\t\t<\/div>\n\t\t\t\t<\/div>\n\t\t\t\t<\/div>\n\t\t\t\t<\/section>\n\t\t<section class=\"elementor-element elementor-element-590ac35 e-flex e-con-boxed pt-medium pb-small px-gutters-horizontal e-con e-parent\" data-id=\"590ac35\" data-element_type=\"container\" data-e-type=\"container\" data-settings=\"{&quot;background_background&quot;:&quot;classic&quot;}\">\n\t\t\t\t\t<div class=\"e-con-inner\">\n\t\t<div class=\"elementor-element elementor-element-d6fd3fe e-con-full e-flex e-con e-child\" data-id=\"d6fd3fe\" data-element_type=\"container\" data-e-type=\"container\">\n\t\t\t\t<div class=\"elementor-element elementor-element-148aeaa elementor-widget elementor-widget-asli-widget-text-content\" data-id=\"148aeaa\" data-element_type=\"widget\" data-e-type=\"widget\" data-settings=\"{&quot;max_width&quot;:{&quot;unit&quot;:&quot;px&quot;,&quot;size&quot;:1040,&quot;sizes&quot;:[]},&quot;typography_text_content_text_color&quot;:&quot;#FFF9EE&quot;,&quot;typography_text_links_text_color&quot;:&quot;#FFF9EE&quot;,&quot;typography_text_links_text_color_hover&quot;:&quot;#F0FAFF&quot;,&quot;text_content_stroke&quot;:&quot;#F0FAFF&quot;,&quot;max_width_tablet&quot;:{&quot;unit&quot;:&quot;%&quot;,&quot;size&quot;:100,&quot;sizes&quot;:[]},&quot;max_width_mobile&quot;:{&quot;unit&quot;:&quot;%&quot;,&quot;size&quot;:100,&quot;sizes&quot;:[]},&quot;text_content_stroke_width&quot;:{&quot;unit&quot;:&quot;%&quot;,&quot;size&quot;:110,&quot;sizes&quot;:[]},&quot;text_content_stroke_height&quot;:{&quot;unit&quot;:&quot;%&quot;,&quot;size&quot;:80,&quot;sizes&quot;:[]},&quot;text_content_stroke_rotation&quot;:{&quot;unit&quot;:&quot;deg&quot;,&quot;size&quot;:-5,&quot;sizes&quot;:[]}}\" data-widget_type=\"asli-widget-text-content.default\">\n\t\t\t\t<div class=\"elementor-widget-container\">\n\t\t\t\t\t\t\t<div class=\"text-center mx-auto content js-content\" data-arts-component-name=\"Content\">\n\t\t\t<h3 class=\"content__text typography-text-content\">B\u00e2tie au d\u00e9but du XX\u00e8me si\u00e8cle, la Villa Le Sphinx est l'une des premi\u00e8res \u00e0 \u00eatre construite au bord de l'eau, sur la pointe o\u00f9 se trouve un rocher dont elle a repris le nom : le rocher du Sphinx.\n\nAvec son architecture typiquement bretonne et surplombant la plage de Trestignel, elle est depuis 1936 connue pour \u00eatre un h\u00f4tel embl\u00e9matique de la C\u00f4te de Granit Rose.<\/h3>\n\t\t<\/div>\n\t\t\t\t\t\t<\/div>\n\t\t\t\t<\/div>\n\t\t\t\t<\/div>\n\t\t\t\t\t<\/div>\n\t\t\t\t<\/section>\n\t\t<div class=\"elementor-element elementor-element-2dbd030 e-flex e-con-boxed px-gutters-horizontal e-con e-parent\" data-id=\"2dbd030\" data-element_type=\"container\" data-e-type=\"container\" data-settings=\"{&quot;background_background&quot;:&quot;gradient&quot;}\">\n\t\t\t\t\t<div class=\"e-con-inner\">\n\t\t<section class=\"elementor-element elementor-element-f5fbb81 e-con-full e-flex e-con e-child\" data-id=\"f5fbb81\" data-element_type=\"container\" data-e-type=\"container\">\n\t\t<div class=\"elementor-element elementor-element-6c3f313 e-con-full e-flex e-con e-child\" data-id=\"6c3f313\" data-element_type=\"container\" data-e-type=\"container\">\n\t\t\t\t<div class=\"elementor-element elementor-element-8a7c2e2 elementor-widget__width-inherit elementor-widget elementor-widget-asli-widget-parallax-image\" data-id=\"8a7c2e2\" data-element_type=\"widget\" data-e-type=\"widget\" data-widget_type=\"asli-widget-parallax-image.default\">\n\t\t\t\t<div class=\"elementor-widget-container\">\n\t\t\t\t\t\t\t<div class=\"parallax js-parallax\" data-arts-component-name=\"Parallax\" data-arts-component-options=\"{&quot;inner&quot;:{&quot;factor&quot;:{&quot;x&quot;:0,&quot;y&quot;:0.12},&quot;translate&quot;:[],&quot;scale&quot;:[],&quot;rotate&quot;:false,&quot;velocity&quot;:false,&quot;matchMedia&quot;:&quot;(not((min-width: 320px) and (max-width: 767px))) or (not((min-width: 768px) and (max-width: 991px))) or (min-width: 992px)&quot;},&quot;outer&quot;:false}\">\n\t\t\t<div class=\"image-wrapper media-wrapper overflow-hidden\">\n\t\t\t\t\t\t\t\t\t<div class=\"mask-wrapper w-100 overflow-hidden \">\n\t\t\t\t\t\t\n\t<div class=\"w-100 h-100 overflow-hidden has-aspect-ratio\" style=\"--media-width:1000; --media-height:1504;\">\n\t\t<img decoding=\"async\" class=\"lazy js-parallax__inner of-contain\" src=\"data:image\/svg+xml,%3Csvg%20xmlns=&amp;apos;http:\/\/www.w3.org\/2000\/svg&amp;apos;%20width=&amp;apos;100%25&amp;apos;%20height=&amp;apos;100%25&amp;apos;%3E%3C\/svg%3E\" data-src=\"https:\/\/les-bassans.com\/wp-content\/uploads\/2025\/03\/Jennifer-Warr.jpg\" width=\"1000\" height=\"1504\" data-srcset=\"https:\/\/les-bassans.com\/wp-content\/uploads\/2025\/03\/Jennifer-Warr.jpg 1000w, https:\/\/les-bassans.com\/wp-content\/uploads\/2025\/03\/Jennifer-Warr-199x300.jpg 199w, https:\/\/les-bassans.com\/wp-content\/uploads\/2025\/03\/Jennifer-Warr-681x1024.jpg 681w, https:\/\/les-bassans.com\/wp-content\/uploads\/2025\/03\/Jennifer-Warr-768x1155.jpg 768w\" data-sizes=\"(max-width: 1000px) 100vw, 1000px\" alt=\"\">\n\t\t\t<noscript><img loading=\"lazy\" decoding=\"async\" class=\"lazy js-parallax__inner of-contain\" src=\"https:\/\/les-bassans.com\/wp-content\/uploads\/2025\/03\/Jennifer-Warr.jpg\" width=\"1000\" height=\"1504\" alt=\"\" srcset=\"https:\/\/les-bassans.com\/wp-content\/uploads\/2025\/03\/Jennifer-Warr.jpg 1000w, https:\/\/les-bassans.com\/wp-content\/uploads\/2025\/03\/Jennifer-Warr-199x300.jpg 199w, https:\/\/les-bassans.com\/wp-content\/uploads\/2025\/03\/Jennifer-Warr-681x1024.jpg 681w, https:\/\/les-bassans.com\/wp-content\/uploads\/2025\/03\/Jennifer-Warr-768x1155.jpg 768w\" sizes=\"(max-width: 1000px) 100vw, 1000px\"><\/noscript>\n\t\t\t<\/div>\n\t\t\t\t\t\t<div class=\"section__overlay hover-zoom__overlay overlay\"><\/div>\n\t\t\t\t\t<\/div>\n\t\t\t\t\t\t\t\t\t\t\t<\/div>\n\t\t<\/div>\n\t\t\t\t\t\t<\/div>\n\t\t\t\t<\/div>\n\t\t\t\t<\/div>\n\t\t<div class=\"elementor-element elementor-element-13ca65c e-con-full e-flex e-con e-child\" data-id=\"13ca65c\" data-element_type=\"container\" data-e-type=\"container\" data-settings=\"{&quot;motion_fx_motion_fx_scrolling&quot;:&quot;yes&quot;,&quot;motion_fx_translateY_effect&quot;:&quot;yes&quot;,&quot;motion_fx_translateY_speed&quot;:{&quot;unit&quot;:&quot;px&quot;,&quot;size&quot;:4,&quot;sizes&quot;:[]},&quot;motion_fx_translateY_affectedRange&quot;:{&quot;unit&quot;:&quot;%&quot;,&quot;size&quot;:&quot;&quot;,&quot;sizes&quot;:{&quot;start&quot;:0,&quot;end&quot;:100}},&quot;motion_fx_devices&quot;:[&quot;desktop&quot;,&quot;tablet&quot;,&quot;mobile&quot;]}\">\n\t\t\t\t<div class=\"elementor-element elementor-element-c608395 elementor-widget__width-inherit elementor-widget elementor-widget-asli-widget-parallax-image\" data-id=\"c608395\" data-element_type=\"widget\" data-e-type=\"widget\" data-widget_type=\"asli-widget-parallax-image.default\">\n\t\t\t\t<div class=\"elementor-widget-container\">\n\t\t\t\t\t\t\t<div class=\"parallax js-parallax\" data-arts-component-name=\"Parallax\" data-arts-component-options=\"{&quot;inner&quot;:{&quot;factor&quot;:{&quot;x&quot;:0,&quot;y&quot;:0.12},&quot;translate&quot;:[],&quot;scale&quot;:[],&quot;rotate&quot;:false,&quot;velocity&quot;:false,&quot;matchMedia&quot;:&quot;(not((min-width: 320px) and (max-width: 767px))) or (not((min-width: 768px) and (max-width: 991px))) or (min-width: 992px)&quot;},&quot;outer&quot;:false}\">\n\t\t\t<div class=\"image-wrapper media-wrapper overflow-hidden\">\n\t\t\t\t\t\t\t\t\t<div class=\"mask-wrapper w-100 overflow-hidden \">\n\t\t\t\t\t\t\n\t<div class=\"w-100 h-100 overflow-hidden has-aspect-ratio\" style=\"--media-width:900; --media-height:900;\">\n\t\t<img loading=\"lazy\" decoding=\"async\" class=\"lazy js-parallax__inner of-contain\" src=\"data:image\/svg+xml,%3Csvg%20xmlns=&amp;apos;http:\/\/www.w3.org\/2000\/svg&amp;apos;%20width=&amp;apos;100%25&amp;apos;%20height=&amp;apos;100%25&amp;apos;%3E%3C\/svg%3E\" data-src=\"https:\/\/les-bassans.com\/wp-content\/uploads\/2025\/03\/perros-guirec-bretagne-animal-mer-simon-warren.jpg\" width=\"900\" height=\"900\" data-srcset=\"https:\/\/les-bassans.com\/wp-content\/uploads\/2025\/03\/perros-guirec-bretagne-animal-mer-simon-warren.jpg 900w, https:\/\/les-bassans.com\/wp-content\/uploads\/2025\/03\/perros-guirec-bretagne-animal-mer-simon-warren-300x300.jpg 300w, https:\/\/les-bassans.com\/wp-content\/uploads\/2025\/03\/perros-guirec-bretagne-animal-mer-simon-warren-150x150.jpg 150w, https:\/\/les-bassans.com\/wp-content\/uploads\/2025\/03\/perros-guirec-bretagne-animal-mer-simon-warren-768x768.jpg 768w\" data-sizes=\"(max-width: 900px) 100vw, 900px\" alt=\"\">\n\t\t\t<noscript><img loading=\"lazy\" decoding=\"async\" class=\"lazy js-parallax__inner of-contain\" src=\"https:\/\/les-bassans.com\/wp-content\/uploads\/2025\/03\/perros-guirec-bretagne-animal-mer-simon-warren.jpg\" width=\"900\" height=\"900\" alt=\"\" srcset=\"https:\/\/les-bassans.com\/wp-content\/uploads\/2025\/03\/perros-guirec-bretagne-animal-mer-simon-warren.jpg 900w, https:\/\/les-bassans.com\/wp-content\/uploads\/2025\/03\/perros-guirec-bretagne-animal-mer-simon-warren-300x300.jpg 300w, https:\/\/les-bassans.com\/wp-content\/uploads\/2025\/03\/perros-guirec-bretagne-animal-mer-simon-warren-150x150.jpg 150w, https:\/\/les-bassans.com\/wp-content\/uploads\/2025\/03\/perros-guirec-bretagne-animal-mer-simon-warren-768x768.jpg 768w\" sizes=\"(max-width: 900px) 100vw, 900px\"><\/noscript>\n\t\t\t<\/div>\n\t\t\t\t\t\t<div class=\"section__overlay hover-zoom__overlay overlay\"><\/div>\n\t\t\t\t\t<\/div>\n\t\t\t\t\t\t\t\t\t\t\t<\/div>\n\t\t<\/div>\n\t\t\t\t\t\t<\/div>\n\t\t\t\t<\/div>\n\t\t\t\t<\/div>\n\t\t<div class=\"elementor-element elementor-element-7c3aff3 e-flex e-con-boxed e-con e-child\" data-id=\"7c3aff3\" data-element_type=\"container\" data-e-type=\"container\">\n\t\t\t\t\t<div class=\"e-con-inner\">\n\t\t\t\t<div class=\"elementor-element elementor-element-f826a0f elementor-widget elementor-widget-asli-widget-text-content\" data-id=\"f826a0f\" data-element_type=\"widget\" data-e-type=\"widget\" data-settings=\"{&quot;max_width&quot;:{&quot;unit&quot;:&quot;px&quot;,&quot;size&quot;:1100,&quot;sizes&quot;:[]},&quot;max_width_tablet&quot;:{&quot;unit&quot;:&quot;%&quot;,&quot;size&quot;:100,&quot;sizes&quot;:[]},&quot;max_width_mobile&quot;:{&quot;unit&quot;:&quot;%&quot;,&quot;size&quot;:100,&quot;sizes&quot;:[]},&quot;text_content_stroke_width&quot;:{&quot;unit&quot;:&quot;%&quot;,&quot;size&quot;:110,&quot;sizes&quot;:[]},&quot;text_content_stroke_height&quot;:{&quot;unit&quot;:&quot;%&quot;,&quot;size&quot;:80,&quot;sizes&quot;:[]},&quot;text_content_stroke_rotation&quot;:{&quot;unit&quot;:&quot;deg&quot;,&quot;size&quot;:-5,&quot;sizes&quot;:[]}}\" data-widget_type=\"asli-widget-text-content.default\">\n\t\t\t\t<div class=\"elementor-widget-container\">\n\t\t\t\t\t\t\t<div class=\"text-start me-auto content js-content\" data-arts-split-text-preset=\"animatedChars\" data-arts-component-name=\"Content\" data-arts-os-animation=\"true\">\n\t\t\t<h3 class=\"content__text typography-text-content\">Un h\u00f4tel \u00e9coresponsable, engag\u00e9 et pens\u00e9 pour demain<\/h3>\n\t\t<\/div>\n\t\t\t\t\t\t<\/div>\n\t\t\t\t<\/div>\n\t\t\t\t<div class=\"elementor-element elementor-element-17b923d elementor-widget elementor-widget-text-editor\" data-id=\"17b923d\" data-element_type=\"widget\" data-e-type=\"widget\" data-widget_type=\"text-editor.default\">\n\t\t\t\t<div class=\"elementor-widget-container\">\n\t\t\t\t\t\t\t\t\t<p>Les Bassans s\u2019inscrit dans une d\u00e9marche de r\u00e9novation durable exemplaire, avec l\u2019objectif d\u2019une certification BREEAM Very Good. Nous avons mis en place une charte construction et r\u00e9novation exigeante, int\u00e9grant des mat\u00e9riaux \u00e9co-con\u00e7us et \u00e9co-labellis\u00e9s, une gestion optimis\u00e9e des ressources et des performances thermiques et acoustiques \u00e9lev\u00e9es.<\/p><p>Chaque choix refl\u00e8te notre engagement : ch\u00eane FSC teint\u00e9, panneaux en fibre naturelle de chanvre, moquette en laine vierge certifi\u00e9e\u2026 Gr\u00e2ce \u00e0 une gestion technique du b\u00e2timent (GTB), nous monitorons en temps r\u00e9el les consommations \u00e9nerg\u00e9tiques pour une ma\u00eetrise durable de notre empreinte. Un chantier vert qui fa\u00e7onne l\u2019avenir de l\u2019hospitalit\u00e9.<\/p>\t\t\t\t\t\t\t\t<\/div>\n\t\t\t\t<\/div>\n\t\t<div class=\"elementor-element elementor-element-cd6030b e-con-full e-flex e-con e-child\" data-id=\"cd6030b\" data-element_type=\"container\" data-e-type=\"container\">\n\t\t\t\t<div class=\"elementor-element elementor-element-55890d1 elementor-align-left elementor-tablet-align-center elementor-mobile-align-center namastay-widget-button elementor-widget elementor-widget-asli-widget-button\" data-id=\"55890d1\" data-element_type=\"widget\" data-e-type=\"widget\" data-settings=\"{&quot;cursor_hover_offset&quot;:{&quot;unit&quot;:&quot;px&quot;,&quot;size&quot;:0,&quot;sizes&quot;:[]},&quot;icon_indent&quot;:{&quot;unit&quot;:&quot;px&quot;,&quot;size&quot;:8,&quot;sizes&quot;:[]}}\" data-widget_type=\"asli-widget-button.regular\">\n\t\t\t\t<div class=\"elementor-widget-container\">\n\t\t\t\t\t\t\t<div class=\"d-inline-flex elementor-button-wrapper\">\n\t\t\t<a class=\"elementor-button button button_icon elementor-button-link elementor-size-md\" href=\"#\">\n\t\t\t\t\t\t<span class=\"button__label button__label-normal\">\n\t\t\t\t\t\t\t<span class=\"button__title elementor-button-text\">S'\u00e9vader<\/span>\n\t\t\t\t\t\t\t\t\t\t\t\t\t\t\t\t\t\t\t<\/span>\n\n\t\t<span class=\"button__label button__label-hover\">\n\t\t\t\t\t\t\t<span class=\"button__title elementor-button-text\">S'\u00e9vader<\/span>\n\t\t\t\t\t\t\t\t\t\t\t\t\t\t\t\t\t\t\t<\/span>\n\t\t\t\t\t<\/a>\n\t\t<\/div>\n\t\t\t\t\t\t<\/div>\n\t\t\t\t<\/div>\n\t\t\t\t<\/div>\n\t\t\t\t\t<\/div>\n\t\t\t\t<\/div>\n\t\t\t\t<\/section>\n\t\t\t\t\t<\/div>\n\t\t\t\t<\/div>\n\t\t<div class=\"elementor-element elementor-element-a2ae1f7 e-flex e-con-boxed pt-medium pb-medium px-gutters-horizontal e-con e-child\" data-id=\"a2ae1f7\" data-element_type=\"container\" data-e-type=\"container\">\n\t\t\t\t\t<div class=\"e-con-inner\">\n\t\t<section class=\"elementor-element elementor-element-222f781 e-con-full e-flex e-con e-child\" data-id=\"222f781\" data-element_type=\"container\" data-e-type=\"container\">\n\t\t<div class=\"elementor-element elementor-element-dbeaa94 e-flex e-con-boxed e-con e-child\" data-id=\"dbeaa94\" data-element_type=\"container\" data-e-type=\"container\">\n\t\t\t\t\t<div class=\"e-con-inner\">\n\t\t<div class=\"elementor-element elementor-element-e65a2ab e-con-full e-flex e-con e-child\" data-id=\"e65a2ab\" data-element_type=\"container\" data-e-type=\"container\">\n\t\t\t\t<div class=\"elementor-element elementor-element-e25bd3b elementor-widget elementor-widget-asli-widget-text-content\" data-id=\"e25bd3b\" data-element_type=\"widget\" data-e-type=\"widget\" data-settings=\"{&quot;max_width&quot;:{&quot;unit&quot;:&quot;px&quot;,&quot;size&quot;:1100,&quot;sizes&quot;:[]},&quot;max_width_tablet&quot;:{&quot;unit&quot;:&quot;%&quot;,&quot;size&quot;:100,&quot;sizes&quot;:[]},&quot;max_width_mobile&quot;:{&quot;unit&quot;:&quot;%&quot;,&quot;size&quot;:100,&quot;sizes&quot;:[]},&quot;text_content_stroke_width&quot;:{&quot;unit&quot;:&quot;%&quot;,&quot;size&quot;:110,&quot;sizes&quot;:[]},&quot;text_content_stroke_height&quot;:{&quot;unit&quot;:&quot;%&quot;,&quot;size&quot;:80,&quot;sizes&quot;:[]},&quot;text_content_stroke_rotation&quot;:{&quot;unit&quot;:&quot;deg&quot;,&quot;size&quot;:-5,&quot;sizes&quot;:[]}}\" data-widget_type=\"asli-widget-text-content.default\">\n\t\t\t\t<div class=\"elementor-widget-container\">\n\t\t\t\t\t\t\t<div class=\"text-start me-auto content js-content\" data-arts-split-text-preset=\"animatedChars\" data-arts-component-name=\"Content\" data-arts-os-animation=\"true\">\n\t\t\t<h2 class=\"content__text typography-text-content\">Mise en lumi\u00e8re de l'artisanat breton<\/h2>\n\t\t<\/div>\n\t\t\t\t\t\t<\/div>\n\t\t\t\t<\/div>\n\t\t\t\t<\/div>\n\t\t\t\t<div class=\"elementor-element elementor-element-28fcc65 elementor-widget elementor-widget-text-editor\" data-id=\"28fcc65\" data-element_type=\"widget\" data-e-type=\"widget\" data-widget_type=\"text-editor.default\">\n\t\t\t\t<div class=\"elementor-widget-container\">\n\t\t\t\t\t\t\t\t\t<p>Pour Les Bassans, nous c\u00e9l\u00e9brons l\u2019artisanat breton \u00e0 travers des collaborations engag\u00e9es avec des artisans locaux. <a href=\"https:\/\/valentinebenoist.com\/\"><strong data-start=\"129\" data-end=\"235\">Valentine Benoist <\/strong><\/a>signe une s\u00e9lection de c\u00e9ramiques aux lignes brutes et sensibles. Pens\u00e9es comme un prolongement de la nature bretonne, ses pi\u00e8ces fa\u00e7onn\u00e9es \u00e0 la main accompagnent nos tables et s\u2019invitent dans notre boutique, entre art de vivre et artisanat d\u2019\u00e9motion. <a href=\"https:\/\/www.gwilen.com\/\"><strong>Gwilen<\/strong><\/a>, notre partenaire mosa\u00efste, transforme les s\u00e9diments marins dragu\u00e9s en rev\u00eatements uniques, alliant innovation durable et h\u00e9ritage maritime. <a href=\"https:\/\/ker.fr\/\"><strong>Maison Ker Iod\u00e9e<\/strong><\/a>, quant \u00e0 elle, sublime le savoir-faire r\u00e9gional \u00e0 travers des cr\u00e9ations inspir\u00e9es de l\u2019oc\u00e9an. Ces collaborations inscrivent l\u2019h\u00f4tel dans son territoire avec sens et engagement, en valorisant des mat\u00e9riaux et des techniques respectueux de l\u2019environnement.<\/p>\t\t\t\t\t\t\t\t<\/div>\n\t\t\t\t<\/div>\n\t\t\t\t\t<\/div>\n\t\t\t\t<\/div>\n\t\t<div class=\"elementor-element elementor-element-1e0f47c e-con-full e-flex e-con e-child\" data-id=\"1e0f47c\" data-element_type=\"container\" data-e-type=\"container\">\n\t\t\t\t<div class=\"elementor-element elementor-element-617f98b elementor-widget elementor-widget-image-carousel\" data-id=\"617f98b\" data-element_type=\"widget\" data-e-type=\"widget\" data-settings=\"{&quot;slides_to_show&quot;:&quot;1&quot;,&quot;navigation&quot;:&quot;none&quot;,&quot;autoplay_speed&quot;:2500,&quot;effect&quot;:&quot;fade&quot;,&quot;speed&quot;:900,&quot;autoplay&quot;:&quot;yes&quot;,&quot;pause_on_hover&quot;:&quot;yes&quot;,&quot;pause_on_interaction&quot;:&quot;yes&quot;,&quot;infinite&quot;:&quot;yes&quot;}\" data-widget_type=\"image-carousel.default\">\n\t\t\t\t<div class=\"elementor-widget-container\">\n\t\t\t\t\t\t\t<div class=\"elementor-image-carousel-wrapper swiper\" role=\"region\" aria-roledescription=\"carousel\" aria-label=\"Carrousel d\u2019images\" dir=\"ltr\">\n\t\t\t<div class=\"elementor-image-carousel swiper-wrapper swiper-image-stretch\" aria-live=\"off\">\n\t\t\t\t\t\t\t\t<div class=\"swiper-slide\" role=\"group\" aria-roledescription=\"slide\" aria-label=\"1 sur 4\"><figure class=\"swiper-slide-inner\"><img decoding=\"async\" class=\"swiper-slide-image\" src=\"https:\/\/les-bassans.com\/wp-content\/uploads\/2025\/06\/valentine-benoist-ceramique-les-bassans-fontenille-collection-hotel-perros-guirec-768x768.jpg\" alt=\"valentine-benoist-ceramique-les-bassans-fontenille-collection-hotel-perros-guirec\" \/><\/figure><\/div><div class=\"swiper-slide\" role=\"group\" aria-roledescription=\"slide\" aria-label=\"2 sur 4\"><figure class=\"swiper-slide-inner\"><img decoding=\"async\" class=\"swiper-slide-image\" src=\"https:\/\/les-bassans.com\/wp-content\/uploads\/2025\/03\/les-bassans-perros-guirec-design-maison-ker-iodee-bretagne-local-sourcing-artisanat-fontenille-collection-societe-mission-768x768.jpg\" alt=\"les-bassans-perros-guirec-design-maison-ker-iodee-bretagne-local-sourcing-artisanat-fontenille-collection-societe-mission\" \/><\/figure><\/div><div class=\"swiper-slide\" role=\"group\" aria-roledescription=\"slide\" aria-label=\"3 sur 4\"><figure class=\"swiper-slide-inner\"><img decoding=\"async\" class=\"swiper-slide-image\" src=\"https:\/\/les-bassans.com\/wp-content\/uploads\/2025\/03\/les-bassans-perros-guirec-hotel-ecoresponsable-clef-verte-gwilen-mosaique-naturelle-768x768.jpg\" alt=\"les-bassans-perros-guirec-hotel-ecoresponsable-clef-verte-gwilen-mosaique-naturelle\" \/><\/figure><\/div><div class=\"swiper-slide\" role=\"group\" aria-roledescription=\"slide\" aria-label=\"4 sur 4\"><figure class=\"swiper-slide-inner\"><img decoding=\"async\" class=\"swiper-slide-image\" src=\"https:\/\/les-bassans.com\/wp-content\/uploads\/2025\/03\/les-bassans-perros-guirec-mosaique-gwilen-bretagne-ecoresponsabilite-fontenille-collection-768x768.jpg\" alt=\"les-bassans-perros-guirec-mosaique-gwilen-bretagne-ecoresponsabilite-fontenille-collection\" \/><\/figure><\/div>\t\t\t<\/div>\n\t\t\t\t\t\t\t\n\t\t\t\t\t\t\t\t\t<\/div>\n\t\t\t\t\t\t<\/div>\n\t\t\t\t<\/div>\n\t\t\t\t<\/div>\n\t\t\t\t<\/section>\n\t\t\t\t\t<\/div>\n\t\t\t\t<\/div>\n\t\t<section class=\"elementor-element elementor-element-21c7dc1 e-flex e-con-boxed pb-medium px-gutters-horizontal e-con e-parent\" data-id=\"21c7dc1\" data-element_type=\"container\" data-e-type=\"container\" data-settings=\"{&quot;background_background&quot;:&quot;classic&quot;}\">\n\t\t\t\t\t<div class=\"e-con-inner\">\n\t\t<div class=\"elementor-element elementor-element-b23be69 e-con-full e-flex e-con e-child\" data-id=\"b23be69\" data-element_type=\"container\" data-e-type=\"container\">\n\t\t<div class=\"elementor-element elementor-element-8a35363 e-con-full e-flex e-con e-child\" data-id=\"8a35363\" data-element_type=\"container\" data-e-type=\"container\">\n\t\t\t\t<div class=\"elementor-element elementor-element-1b4e6db elementor-widget elementor-widget-image-carousel\" data-id=\"1b4e6db\" data-element_type=\"widget\" data-e-type=\"widget\" data-settings=\"{&quot;slides_to_show&quot;:&quot;1&quot;,&quot;navigation&quot;:&quot;none&quot;,&quot;autoplay_speed&quot;:2500,&quot;effect&quot;:&quot;fade&quot;,&quot;speed&quot;:900,&quot;autoplay&quot;:&quot;yes&quot;,&quot;pause_on_hover&quot;:&quot;yes&quot;,&quot;pause_on_interaction&quot;:&quot;yes&quot;,&quot;infinite&quot;:&quot;yes&quot;}\" data-widget_type=\"image-carousel.default\">\n\t\t\t\t<div class=\"elementor-widget-container\">\n\t\t\t\t\t\t\t<div class=\"elementor-image-carousel-wrapper swiper\" role=\"region\" aria-roledescription=\"carousel\" aria-label=\"Carrousel d\u2019images\" dir=\"ltr\">\n\t\t\t<div class=\"elementor-image-carousel swiper-wrapper swiper-image-stretch\" aria-live=\"off\">\n\t\t\t\t\t\t\t\t<div class=\"swiper-slide\" role=\"group\" aria-roledescription=\"slide\" aria-label=\"1 sur 4\"><figure class=\"swiper-slide-inner\"><img decoding=\"async\" class=\"swiper-slide-image\" src=\"https:\/\/les-bassans.com\/wp-content\/uploads\/2025\/03\/rouzic-perros-guirec-les-bassans-hotel-nature-bretagne-ile-mer-fontenille-collection-768x768.jpg\" alt=\"rouzic-perros-guirec-les-bassans-hotel-nature-bretagne-ile-mer-fontenille-collection\" \/><\/figure><\/div><div class=\"swiper-slide\" role=\"group\" aria-roledescription=\"slide\" aria-label=\"2 sur 4\"><figure class=\"swiper-slide-inner\"><img decoding=\"async\" class=\"swiper-slide-image\" src=\"https:\/\/les-bassans.com\/wp-content\/uploads\/2025\/03\/perros-guirec-hotel-les-bassans-fontenille-collection-phare-mean-ruz-simon-warren-768x768.jpg\" alt=\"perros-guirec-hotel-les-bassans-fontenille-collection-phare-mean-ruz-simon-warren\" \/><\/figure><\/div><div class=\"swiper-slide\" role=\"group\" aria-roledescription=\"slide\" aria-label=\"3 sur 4\"><figure class=\"swiper-slide-inner\"><img decoding=\"async\" class=\"swiper-slide-image\" src=\"https:\/\/les-bassans.com\/wp-content\/uploads\/2025\/03\/perros-guirec-les-bassans-trestraou-bretagne-experience-voile-fontenille-collection-768x768.jpg\" alt=\"perros-guirec-les-bassans-trestraou-bretagne-experience-voile-fontenille-collection\" \/><\/figure><\/div><div class=\"swiper-slide\" role=\"group\" aria-roledescription=\"slide\" aria-label=\"4 sur 4\"><figure class=\"swiper-slide-inner\"><img decoding=\"async\" class=\"swiper-slide-image\" src=\"https:\/\/les-bassans.com\/wp-content\/uploads\/2025\/03\/perros-guirec-bretagne-animal-mer-simon-warren-1-768x768.jpg\" alt=\"perros-guirec-bretagne-animal-mer-simon-warren\" \/><\/figure><\/div>\t\t\t<\/div>\n\t\t\t\t\t\t\t\n\t\t\t\t\t\t\t\t\t<\/div>\n\t\t\t\t\t\t<\/div>\n\t\t\t\t<\/div>\n\t\t\t\t<\/div>\n\t\t<div class=\"elementor-element elementor-element-d8d933d e-flex e-con-boxed e-con e-child\" data-id=\"d8d933d\" data-element_type=\"container\" data-e-type=\"container\">\n\t\t\t\t\t<div class=\"e-con-inner\">\n\t\t\t\t<div class=\"elementor-element elementor-element-16ce9ba elementor-widget elementor-widget-asli-widget-text-content\" data-id=\"16ce9ba\" data-element_type=\"widget\" data-e-type=\"widget\" data-settings=\"{&quot;max_width&quot;:{&quot;unit&quot;:&quot;px&quot;,&quot;size&quot;:1100,&quot;sizes&quot;:[]},&quot;max_width_tablet&quot;:{&quot;unit&quot;:&quot;%&quot;,&quot;size&quot;:100,&quot;sizes&quot;:[]},&quot;max_width_mobile&quot;:{&quot;unit&quot;:&quot;%&quot;,&quot;size&quot;:100,&quot;sizes&quot;:[]},&quot;text_content_stroke_width&quot;:{&quot;unit&quot;:&quot;%&quot;,&quot;size&quot;:110,&quot;sizes&quot;:[]},&quot;text_content_stroke_height&quot;:{&quot;unit&quot;:&quot;%&quot;,&quot;size&quot;:80,&quot;sizes&quot;:[]},&quot;text_content_stroke_rotation&quot;:{&quot;unit&quot;:&quot;deg&quot;,&quot;size&quot;:-5,&quot;sizes&quot;:[]}}\" data-widget_type=\"asli-widget-text-content.default\">\n\t\t\t\t<div class=\"elementor-widget-container\">\n\t\t\t\t\t\t\t<div class=\"text-start me-auto content js-content\" data-arts-split-text-preset=\"animatedChars\" data-arts-component-name=\"Content\" data-arts-os-animation=\"true\">\n\t\t\t<h2 class=\"content__text typography-text-content\">Visiter les alentours<\/h2>\n\t\t<\/div>\n\t\t\t\t\t\t<\/div>\n\t\t\t\t<\/div>\n\t\t\t\t<div class=\"elementor-element elementor-element-b41f6ca elementor-widget elementor-widget-text-editor\" data-id=\"b41f6ca\" data-element_type=\"widget\" data-e-type=\"widget\" data-widget_type=\"text-editor.default\">\n\t\t\t\t<div class=\"elementor-widget-container\">\n\t\t\t\t\t\t\t\t\t<p>Depuis Les Bassans, explorez les merveilles de la C\u00f4te de Granit Rose, l\u2019un des paysages \u00e9poustouflants de Bretagne. \u00c0 quelques minutes, <strong>Ploumanac\u2019h<\/strong>\u00a0vous offre des panoramas spectaculaires sur ses c\u00e9l\u00e8bres rochers de granit rose. Empruntez le <strong>Sentier des Douaniers<\/strong> (GR34) pour admirer des vues imprenables sur la mer et rejoignez la r\u00e9serve naturelle des <strong>Sept-\u00celes<\/strong>, sanctuaire d\u2019oiseaux marins.<\/p><p>Dans un rayon d\u20191 \u00e0 2 heures, d\u00e9couvrez <strong>Lannion<\/strong>, ville historique aux ruelles pittoresques, fl\u00e2nez dans la cit\u00e9 m\u00e9di\u00e9vale de Tr\u00e9guier, ou plongez dans le charme maritime de <strong>Paimpol<\/strong> et l&rsquo;Abbaye de Beauport. Ne manquez pas la baie de Morlaix, ses \u00eelots myst\u00e9rieux et son patrimoine unique, ou l\u2019extraordinaire <strong>\u00cele de Br\u00e9hat<\/strong>, v\u00e9ritable paradis aux eaux turquoise. Pour une immersion culturelle, le ch\u00e2teau de la Roche-Jagu et ses jardins offrent une vue imprenable sur l\u2019estuaire du Trieux.<\/p><p>Que vous soyez passionn\u00e9 de randonn\u00e9es, d\u2019histoire ou de paysages grandioses, Perros-Guirec et ses environs vous promettent une escapade inoubliable en Bretagne.<\/p>\t\t\t\t\t\t\t\t<\/div>\n\t\t\t\t<\/div>\n\t\t\t\t<div class=\"elementor-element elementor-element-935b2d7 elementor-align-left elementor-mobile-align-center elementor-widget elementor-widget-asli-widget-button\" data-id=\"935b2d7\" data-element_type=\"widget\" data-e-type=\"widget\" data-settings=\"{&quot;cursor_hover_offset&quot;:{&quot;unit&quot;:&quot;px&quot;,&quot;size&quot;:0,&quot;sizes&quot;:[]},&quot;icon_indent&quot;:{&quot;unit&quot;:&quot;px&quot;,&quot;size&quot;:12,&quot;sizes&quot;:[]}}\" data-widget_type=\"asli-widget-button.regular\">\n\t\t\t\t<div class=\"elementor-widget-container\">\n\t\t\t\t\t\t\t<div class=\"d-inline-flex elementor-button-wrapper\">\n\t\t\t<a class=\"elementor-button button button_icon button_icon-before elementor-button-link elementor-size-sm\" href=\"https:\/\/les-bassans.com\/que-faire-a-perros-guirec-et-alentours-visites-et-activites\/\">\n\t\t\t\t\t\t<span class=\"button__label button__label-normal\">\n\t\t\t\t\t\t\t<span class=\"button__title elementor-button-text\">D\u00e9couvrir l'article<\/span>\n\t\t\t\t\t\t\t\t\t\t\t\t\t\t\t<span class=\"elementor-button-icon elementor-align-icon-left\">\n\t\t\t\t\t\t\t\t\t<svg aria-hidden=\"true\" class=\"e-font-icon-svg e-far-calendar-check\" viewBox=\"0 0 448 512\" xmlns=\"http:\/\/www.w3.org\/2000\/svg\"><path d=\"M400 64h-48V12c0-6.627-5.373-12-12-12h-40c-6.627 0-12 5.373-12 12v52H160V12c0-6.627-5.373-12-12-12h-40c-6.627 0-12 5.373-12 12v52H48C21.49 64 0 85.49 0 112v352c0 26.51 21.49 48 48 48h352c26.51 0 48-21.49 48-48V112c0-26.51-21.49-48-48-48zm-6 400H54a6 6 0 0 1-6-6V160h352v298a6 6 0 0 1-6 6zm-52.849-200.65L198.842 404.519c-4.705 4.667-12.303 4.637-16.971-.068l-75.091-75.699c-4.667-4.705-4.637-12.303.068-16.971l22.719-22.536c4.705-4.667 12.303-4.637 16.97.069l44.104 44.461 111.072-110.181c4.705-4.667 12.303-4.637 16.971.068l22.536 22.718c4.667 4.705 4.636 12.303-.069 16.97z\"><\/path><\/svg>\t\t\t\t\t\t\t<\/span>\n\t\t\t\t\t\t\t\t\t<\/span>\n\n\t\t<span class=\"button__label button__label-hover\">\n\t\t\t\t\t\t\t<span class=\"button__title elementor-button-text\">En savoir +<\/span>\n\t\t\t\t\t\t\t\t\t\t\t\t\t\t\t<span class=\"elementor-button-icon elementor-align-icon-left elementor-button-icon elementor-align-icon-left hidden\">\n\t\t\t\t\t\t\t\t\t<svg aria-hidden=\"true\" class=\"e-font-icon-svg e-far-calendar-check\" viewBox=\"0 0 448 512\" xmlns=\"http:\/\/www.w3.org\/2000\/svg\"><path d=\"M400 64h-48V12c0-6.627-5.373-12-12-12h-40c-6.627 0-12 5.373-12 12v52H160V12c0-6.627-5.373-12-12-12h-40c-6.627 0-12 5.373-12 12v52H48C21.49 64 0 85.49 0 112v352c0 26.51 21.49 48 48 48h352c26.51 0 48-21.49 48-48V112c0-26.51-21.49-48-48-48zm-6 400H54a6 6 0 0 1-6-6V160h352v298a6 6 0 0 1-6 6zm-52.849-200.65L198.842 404.519c-4.705 4.667-12.303 4.637-16.971-.068l-75.091-75.699c-4.667-4.705-4.637-12.303.068-16.971l22.719-22.536c4.705-4.667 12.303-4.637 16.97.069l44.104 44.461 111.072-110.181c4.705-4.667 12.303-4.637 16.971.068l22.536 22.718c4.667 4.705 4.636 12.303-.069 16.97z\"><\/path><\/svg>\t\t\t\t\t\t\t<\/span>\n\t\t\t\t\t\t\t\t\t<\/span>\n\t\t\t\t\t<\/a>\n\t\t<\/div>\n\t\t\t\t\t\t<\/div>\n\t\t\t\t<\/div>\n\t\t\t\t\t<\/div>\n\t\t\t\t<\/div>\n\t\t\t\t<\/div>\n\t\t\t\t\t<\/div>\n\t\t\t\t<\/section>\n\t\t<div class=\"elementor-element elementor-element-d41f513 e-con-full e-flex e-con e-child\" data-id=\"d41f513\" data-element_type=\"container\" data-e-type=\"container\" data-settings=\"{&quot;background_background&quot;:&quot;classic&quot;}\">\n\t\t<div class=\"elementor-element elementor-element-405a06a e-con-full e-flex e-con e-child\" data-id=\"405a06a\" data-element_type=\"container\" data-e-type=\"container\">\n\t\t<div class=\"elementor-element elementor-element-7c9461b e-con-full e-flex e-con e-child\" data-id=\"7c9461b\" data-element_type=\"container\" data-e-type=\"container\">\n\t\t\t\t<div class=\"elementor-element elementor-element-8efc75e elementor-cta--skin-cover elementor-cta--valign-middle elementor-animated-content elementor-bg-transform elementor-bg-transform-zoom-in elementor-widget elementor-widget-call-to-action\" data-id=\"8efc75e\" data-element_type=\"widget\" data-e-type=\"widget\" data-widget_type=\"call-to-action.default\">\n\t\t\t\t<div class=\"elementor-widget-container\">\n\t\t\t\t\t\t\t<a class=\"elementor-cta\" href=\"https:\/\/les-bassans.com\/decouvrir-les-bassans\">\n\t\t\t\t\t<div class=\"elementor-cta__bg-wrapper\">\n\t\t\t\t<div class=\"elementor-cta__bg elementor-bg\" style=\"background-image: url(https:\/\/les-bassans.com\/wp-content\/uploads\/2026\/04\/hotel-les-bassans-bretagne-coucher-de-soleil.webp);\" role=\"img\" aria-label=\"hotel-les-bassans-bretagne-coucher-de-soleil\"><\/div>\n\t\t\t\t<div class=\"elementor-cta__bg-overlay\"><\/div>\n\t\t\t<\/div>\n\t\t\t\t\t\t\t<div class=\"elementor-cta__content\">\n\t\t\t\t\n\t\t\t\t\t\t\t\t\t<h3 class=\"elementor-cta__title elementor-cta__content-item elementor-content-item elementor-animated-item--move-up\">\n\t\t\t\t\t\tNous rendre visite \t\t\t\t\t<\/h3>\n\t\t\t\t\n\t\t\t\t\t\t\t\t\t<h4 class=\"elementor-cta__description elementor-cta__content-item elementor-content-item elementor-animated-item--move-up\">\n\t\t\t\t\t\tUne escapade iod\u00e9e entre ciel et mer \u00e0 Perros-Guirec\n\t\t\t\t\t<\/h4>\n\t\t\t\t\n\t\t\t\t\t\t\t<\/div>\n\t\t\t\t\t\t<\/a>\n\t\t\t\t\t\t<\/div>\n\t\t\t\t<\/div>\n\t\t\t\t<\/div>\n\t\t<div class=\"elementor-element elementor-element-a65e6a6 e-con-full e-flex e-con e-child\" data-id=\"a65e6a6\" data-element_type=\"container\" data-e-type=\"container\">\n\t\t\t\t<div class=\"elementor-element elementor-element-06fe75c elementor-cta--skin-cover elementor-cta--valign-middle elementor-animated-content elementor-bg-transform elementor-bg-transform-zoom-in elementor-widget elementor-widget-call-to-action\" data-id=\"06fe75c\" data-element_type=\"widget\" data-e-type=\"widget\" data-widget_type=\"call-to-action.default\">\n\t\t\t\t<div class=\"elementor-widget-container\">\n\t\t\t\t\t\t\t<a class=\"elementor-cta\" href=\"https:\/\/les-bassans.com\/nos-chambres\">\n\t\t\t\t\t<div class=\"elementor-cta__bg-wrapper\">\n\t\t\t\t<div class=\"elementor-cta__bg elementor-bg\" style=\"background-image: url(https:\/\/les-bassans.com\/wp-content\/uploads\/2025\/07\/les-bassans-deluxe-hotel-perros-guirec-vue-mer-1.jpg);\" role=\"img\" aria-label=\"Design sans titre - 3\"><\/div>\n\t\t\t\t<div class=\"elementor-cta__bg-overlay\"><\/div>\n\t\t\t<\/div>\n\t\t\t\t\t\t\t<div class=\"elementor-cta__content\">\n\t\t\t\t\n\t\t\t\t\t\t\t\t\t<h3 class=\"elementor-cta__title elementor-cta__content-item elementor-content-item elementor-animated-item--move-up\">\n\t\t\t\t\t\tChambres &amp; Suites\t\t\t\t\t<\/h3>\n\t\t\t\t\n\t\t\t\t\t\t\t\t\t<h4 class=\"elementor-cta__description elementor-cta__content-item elementor-content-item elementor-animated-item--move-up\">\n\t\t\t\t\t\tFen\u00eatre sur la mer\n\t\t\t\t\t<\/h4>\n\t\t\t\t\n\t\t\t\t\t\t\t<\/div>\n\t\t\t\t\t\t<\/a>\n\t\t\t\t\t\t<\/div>\n\t\t\t\t<\/div>\n\t\t\t\t<\/div>\n\t\t<div class=\"elementor-element elementor-element-ad6e80b e-con-full e-flex e-con e-child\" data-id=\"ad6e80b\" data-element_type=\"container\" data-e-type=\"container\">\n\t\t\t\t<div class=\"elementor-element elementor-element-72c5e8a elementor-cta--skin-cover elementor-cta--valign-middle elementor-animated-content elementor-bg-transform elementor-bg-transform-zoom-in elementor-widget elementor-widget-call-to-action\" data-id=\"72c5e8a\" data-element_type=\"widget\" data-e-type=\"widget\" data-widget_type=\"call-to-action.default\">\n\t\t\t\t<div class=\"elementor-widget-container\">\n\t\t\t\t\t\t\t<a class=\"elementor-cta\" href=\"https:\/\/les-bassans.com\/restaurant-bar-les-bassans\">\n\t\t\t\t\t<div class=\"elementor-cta__bg-wrapper\">\n\t\t\t\t<div class=\"elementor-cta__bg elementor-bg\" style=\"background-image: url(https:\/\/les-bassans.com\/wp-content\/uploads\/2026\/04\/hotel-les-bassans-bretagne-sommelier-restaurant.webp);\" role=\"img\" aria-label=\"hotel-les-bassans-bretagne-sommelier-restaurant\"><\/div>\n\t\t\t\t<div class=\"elementor-cta__bg-overlay\"><\/div>\n\t\t\t<\/div>\n\t\t\t\t\t\t\t<div class=\"elementor-cta__content\">\n\t\t\t\t\n\t\t\t\t\t\t\t\t\t<h3 class=\"elementor-cta__title elementor-cta__content-item elementor-content-item elementor-animated-item--move-up\">\n\t\t\t\t\t\tGastronomie\t\t\t\t\t<\/h3>\n\t\t\t\t\n\t\t\t\t\t\t\t\t\t<h4 class=\"elementor-cta__description elementor-cta__content-item elementor-content-item elementor-animated-item--move-up\">\n\t\t\t\t\t\tBar &amp; table iod\u00e9s avec vue\n\t\t\t\t\t<\/h4>\n\t\t\t\t\n\t\t\t\t\t\t\t<\/div>\n\t\t\t\t\t\t<\/a>\n\t\t\t\t\t\t<\/div>\n\t\t\t\t<\/div>\n\t\t\t\t<\/div>\n\t\t<div class=\"elementor-element elementor-element-fad02e4 e-con-full e-flex e-con e-child\" data-id=\"fad02e4\" data-element_type=\"container\" data-e-type=\"container\">\n\t\t\t\t<div class=\"elementor-element elementor-element-4369559 elementor-cta--skin-cover elementor-cta--valign-middle elementor-animated-content elementor-bg-transform elementor-bg-transform-zoom-in elementor-widget elementor-widget-call-to-action\" data-id=\"4369559\" data-element_type=\"widget\" data-e-type=\"widget\" data-widget_type=\"call-to-action.default\">\n\t\t\t\t<div class=\"elementor-widget-container\">\n\t\t\t\t\t\t\t<a class=\"elementor-cta\" href=\"https:\/\/les-bassans.com\/spa-et-bien-etre\/\">\n\t\t\t\t\t<div class=\"elementor-cta__bg-wrapper\">\n\t\t\t\t<div class=\"elementor-cta__bg elementor-bg\" style=\"background-image: url(https:\/\/les-bassans.com\/wp-content\/uploads\/2026\/04\/hotel-les-bassans-bretagne-relaxation-spa.webp);\" role=\"img\" aria-label=\"hotel-les-bassans-bretagne-relaxation-spa\"><\/div>\n\t\t\t\t<div class=\"elementor-cta__bg-overlay\"><\/div>\n\t\t\t<\/div>\n\t\t\t\t\t\t\t<div class=\"elementor-cta__content\">\n\t\t\t\t\n\t\t\t\t\t\t\t\t\t<h3 class=\"elementor-cta__title elementor-cta__content-item elementor-content-item elementor-animated-item--move-up\">\n\t\t\t\t\t\tSpa &amp; Bien-\u00catre\t\t\t\t\t<\/h3>\n\t\t\t\t\n\t\t\t\t\t\t\t\t\t<h4 class=\"elementor-cta__description elementor-cta__content-item elementor-content-item elementor-animated-item--move-up\">\n\t\t\t\t\t\tMoment de s\u00e9r\u00e9nit\u00e9 sur-mesure\n\t\t\t\t\t<\/h4>\n\t\t\t\t\n\t\t\t\t\t\t\t<\/div>\n\t\t\t\t\t\t<\/a>\n\t\t\t\t\t\t<\/div>\n\t\t\t\t<\/div>\n\t\t\t\t<\/div>\n\t\t\t\t<\/div>\n\t\t\t\t<\/div>\n\t\t\t\t<\/div>\n\t\t","protected":false},"excerpt":{"rendered":"<p>D\u00e9couvrirLes Bassans B\u00e2tie au d\u00e9but du XX\u00e8me si\u00e8cle, la Villa Le Sphinx est l&rsquo;une des premi\u00e8res \u00e0 \u00eatre construite au bord de l&rsquo;eau, sur la pointe o\u00f9 se trouve un rocher dont elle a repris le nom : le rocher du Sphinx. Avec son architecture typiquement bretonne et surplombant la plage de Trestignel, elle est [&hellip;]<\/p>\n","protected":false},"author":1,"featured_media":27930,"parent":0,"menu_order":0,"comment_status":"closed","ping_status":"closed","template":"","meta":{"_acf_changed":false,"iawp_total_views":37819,"footnotes":""},"class_list":["post-25454","page","type-page","status-publish","has-post-thumbnail","hentry"],"acf":[],"yoast_head":"<!-- This site is optimized with the Yoast SEO plugin v27.5 - https:\/\/yoast.com\/product\/yoast-seo-wordpress\/ -->\n<title>D\u00e9couvrir Les Bassans &#8226; Les Bassans<\/title>\n<meta name=\"description\" content=\"D\u00e9couvrez Les Bassans \u00e0 Perros-Guirec, un h\u00f4tel de charme sign\u00e9 Fontenille Collection entre mer, granit rose et nature sauvage en Bretagne.\" \/>\n<meta name=\"robots\" content=\"index, follow, max-snippet:-1, max-image-preview:large, max-video-preview:-1\" \/>\n<link rel=\"canonical\" href=\"https:\/\/les-bassans.com\/it\/scoprire-i-bassani\/\" \/>\n<meta property=\"og:locale\" content=\"it_IT\" \/>\n<meta property=\"og:type\" content=\"article\" \/>\n<meta property=\"og:title\" content=\"D\u00e9couvrir Les Bassans &#8226; Les Bassans\" \/>\n<meta property=\"og:description\" content=\"D\u00e9couvrez Les Bassans \u00e0 Perros-Guirec, un h\u00f4tel de charme sign\u00e9 Fontenille Collection entre mer, granit rose et nature sauvage en Bretagne.\" \/>\n<meta property=\"og:url\" content=\"https:\/\/les-bassans.com\/it\/scoprire-i-bassani\/\" \/>\n<meta property=\"og:site_name\" content=\"Les Bassans\" \/>\n<meta property=\"article:modified_time\" content=\"2026-04-28T16:10:41+00:00\" \/>\n<meta property=\"og:image\" content=\"https:\/\/les-bassans.com\/wp-content\/uploads\/2025\/04\/les-bassans-hotel-spa-perros-guirec-bretagne-fontenille-collection-logo-officiel-scaled.jpg\" \/>\n\t<meta property=\"og:image:width\" content=\"2560\" \/>\n\t<meta property=\"og:image:height\" content=\"1427\" \/>\n\t<meta property=\"og:image:type\" content=\"image\/jpeg\" \/>\n<meta name=\"twitter:card\" content=\"summary_large_image\" \/>\n<meta name=\"twitter:label1\" content=\"Tempo di lettura stimato\" \/>\n\t<meta name=\"twitter:data1\" content=\"6 minuti\" \/>\n<script type=\"application\/ld+json\" class=\"yoast-schema-graph\">{\"@context\":\"https:\\\/\\\/schema.org\",\"@graph\":[{\"@type\":\"WebPage\",\"@id\":\"https:\\\/\\\/les-bassans.com\\\/decouvrir-les-bassans\\\/\",\"url\":\"https:\\\/\\\/les-bassans.com\\\/decouvrir-les-bassans\\\/\",\"name\":\"D\u00e9couvrir Les Bassans &#8226; Les Bassans\",\"isPartOf\":{\"@id\":\"https:\\\/\\\/les-bassans.com\\\/#website\"},\"primaryImageOfPage\":{\"@id\":\"https:\\\/\\\/les-bassans.com\\\/decouvrir-les-bassans\\\/#primaryimage\"},\"image\":{\"@id\":\"https:\\\/\\\/les-bassans.com\\\/decouvrir-les-bassans\\\/#primaryimage\"},\"thumbnailUrl\":\"https:\\\/\\\/les-bassans.com\\\/wp-content\\\/uploads\\\/2025\\\/04\\\/les-bassans-hotel-spa-perros-guirec-bretagne-fontenille-collection-logo-officiel-scaled.jpg\",\"datePublished\":\"2025-01-28T12:36:24+00:00\",\"dateModified\":\"2026-04-28T16:10:41+00:00\",\"description\":\"D\u00e9couvrez Les Bassans \u00e0 Perros-Guirec, un h\u00f4tel de charme sign\u00e9 Fontenille Collection entre mer, granit rose et nature sauvage en Bretagne.\",\"breadcrumb\":{\"@id\":\"https:\\\/\\\/les-bassans.com\\\/decouvrir-les-bassans\\\/#breadcrumb\"},\"inLanguage\":\"it-IT\",\"potentialAction\":[{\"@type\":\"ReadAction\",\"target\":[\"https:\\\/\\\/les-bassans.com\\\/decouvrir-les-bassans\\\/\"]}]},{\"@type\":\"ImageObject\",\"inLanguage\":\"it-IT\",\"@id\":\"https:\\\/\\\/les-bassans.com\\\/decouvrir-les-bassans\\\/#primaryimage\",\"url\":\"https:\\\/\\\/les-bassans.com\\\/wp-content\\\/uploads\\\/2025\\\/04\\\/les-bassans-hotel-spa-perros-guirec-bretagne-fontenille-collection-logo-officiel-scaled.jpg\",\"contentUrl\":\"https:\\\/\\\/les-bassans.com\\\/wp-content\\\/uploads\\\/2025\\\/04\\\/les-bassans-hotel-spa-perros-guirec-bretagne-fontenille-collection-logo-officiel-scaled.jpg\",\"width\":2560,\"height\":1427},{\"@type\":\"BreadcrumbList\",\"@id\":\"https:\\\/\\\/les-bassans.com\\\/decouvrir-les-bassans\\\/#breadcrumb\",\"itemListElement\":[{\"@type\":\"ListItem\",\"position\":1,\"name\":\"Accueil\",\"item\":\"https:\\\/\\\/les-bassans.com\\\/\"},{\"@type\":\"ListItem\",\"position\":2,\"name\":\"D\u00e9couvrir Les Bassans\"}]},{\"@type\":\"WebSite\",\"@id\":\"https:\\\/\\\/les-bassans.com\\\/#website\",\"url\":\"https:\\\/\\\/les-bassans.com\\\/\",\"name\":\"Les Bassans\",\"description\":\"H\u00f4tel Spa \u00e0 Perros-Guirec et Restaurant vue mer\",\"publisher\":{\"@id\":\"https:\\\/\\\/les-bassans.com\\\/#organization\"},\"potentialAction\":[{\"@type\":\"SearchAction\",\"target\":{\"@type\":\"EntryPoint\",\"urlTemplate\":\"https:\\\/\\\/les-bassans.com\\\/?s={search_term_string}\"},\"query-input\":{\"@type\":\"PropertyValueSpecification\",\"valueRequired\":true,\"valueName\":\"search_term_string\"}}],\"inLanguage\":\"it-IT\"},{\"@type\":\"Organization\",\"@id\":\"https:\\\/\\\/les-bassans.com\\\/#organization\",\"name\":\"Les Bassans\",\"alternateName\":\"Bassans\",\"url\":\"https:\\\/\\\/les-bassans.com\\\/\",\"logo\":{\"@type\":\"ImageObject\",\"inLanguage\":\"it-IT\",\"@id\":\"https:\\\/\\\/les-bassans.com\\\/#\\\/schema\\\/logo\\\/image\\\/\",\"url\":\"https:\\\/\\\/les-bassans.com\\\/wp-content\\\/uploads\\\/2023\\\/05\\\/LesBassans-Logo-Simple.png\",\"contentUrl\":\"https:\\\/\\\/les-bassans.com\\\/wp-content\\\/uploads\\\/2023\\\/05\\\/LesBassans-Logo-Simple.png\",\"width\":850,\"height\":253,\"caption\":\"Les Bassans\"},\"image\":{\"@id\":\"https:\\\/\\\/les-bassans.com\\\/#\\\/schema\\\/logo\\\/image\\\/\"}}]}<\/script>\n<!-- \/ Yoast SEO plugin. -->","yoast_head_json":{"title":"Scoprire Les Bassans - Les Bassans","description":"Scoprite Les Bassans a Perros-Guirec, un incantevole hotel Fontenille Collection situato tra il mare, il granito rosa e la natura selvaggia della Bretagna.","robots":{"index":"index","follow":"follow","max-snippet":"max-snippet:-1","max-image-preview":"max-image-preview:large","max-video-preview":"max-video-preview:-1"},"canonical":"https:\/\/les-bassans.com\/it\/scoprire-i-bassani\/","og_locale":"it_IT","og_type":"article","og_title":"D\u00e9couvrir Les Bassans &#8226; Les Bassans","og_description":"D\u00e9couvrez Les Bassans \u00e0 Perros-Guirec, un h\u00f4tel de charme sign\u00e9 Fontenille Collection entre mer, granit rose et nature sauvage en Bretagne.","og_url":"https:\/\/les-bassans.com\/it\/scoprire-i-bassani\/","og_site_name":"Les Bassans","article_modified_time":"2026-04-28T16:10:41+00:00","og_image":[{"width":2560,"height":1427,"url":"https:\/\/les-bassans.com\/wp-content\/uploads\/2025\/04\/les-bassans-hotel-spa-perros-guirec-bretagne-fontenille-collection-logo-officiel-scaled.jpg","type":"image\/jpeg"}],"twitter_card":"summary_large_image","twitter_misc":{"Tempo di lettura stimato":"6 minuti"},"schema":{"@context":"https:\/\/schema.org","@graph":[{"@type":"WebPage","@id":"https:\/\/les-bassans.com\/decouvrir-les-bassans\/","url":"https:\/\/les-bassans.com\/decouvrir-les-bassans\/","name":"Scoprire Les Bassans - Les Bassans","isPartOf":{"@id":"https:\/\/les-bassans.com\/#website"},"primaryImageOfPage":{"@id":"https:\/\/les-bassans.com\/decouvrir-les-bassans\/#primaryimage"},"image":{"@id":"https:\/\/les-bassans.com\/decouvrir-les-bassans\/#primaryimage"},"thumbnailUrl":"https:\/\/les-bassans.com\/wp-content\/uploads\/2025\/04\/les-bassans-hotel-spa-perros-guirec-bretagne-fontenille-collection-logo-officiel-scaled.jpg","datePublished":"2025-01-28T12:36:24+00:00","dateModified":"2026-04-28T16:10:41+00:00","description":"Scoprite Les Bassans a Perros-Guirec, un incantevole hotel Fontenille Collection situato tra il mare, il granito rosa e la natura selvaggia della Bretagna.","breadcrumb":{"@id":"https:\/\/les-bassans.com\/decouvrir-les-bassans\/#breadcrumb"},"inLanguage":"it-IT","potentialAction":[{"@type":"ReadAction","target":["https:\/\/les-bassans.com\/decouvrir-les-bassans\/"]}]},{"@type":"ImageObject","inLanguage":"it-IT","@id":"https:\/\/les-bassans.com\/decouvrir-les-bassans\/#primaryimage","url":"https:\/\/les-bassans.com\/wp-content\/uploads\/2025\/04\/les-bassans-hotel-spa-perros-guirec-bretagne-fontenille-collection-logo-officiel-scaled.jpg","contentUrl":"https:\/\/les-bassans.com\/wp-content\/uploads\/2025\/04\/les-bassans-hotel-spa-perros-guirec-bretagne-fontenille-collection-logo-officiel-scaled.jpg","width":2560,"height":1427},{"@type":"BreadcrumbList","@id":"https:\/\/les-bassans.com\/decouvrir-les-bassans\/#breadcrumb","itemListElement":[{"@type":"ListItem","position":1,"name":"Accueil","item":"https:\/\/les-bassans.com\/"},{"@type":"ListItem","position":2,"name":"D\u00e9couvrir Les Bassans"}]},{"@type":"WebSite","@id":"https:\/\/les-bassans.com\/#website","url":"https:\/\/les-bassans.com\/","name":"Les Bassans","description":"Hotel Spa a Perros-Guirec e ristorante con vista sul mare","publisher":{"@id":"https:\/\/les-bassans.com\/#organization"},"potentialAction":[{"@type":"SearchAction","target":{"@type":"EntryPoint","urlTemplate":"https:\/\/les-bassans.com\/?s={search_term_string}"},"query-input":{"@type":"PropertyValueSpecification","valueRequired":true,"valueName":"search_term_string"}}],"inLanguage":"it-IT"},{"@type":"Organization","@id":"https:\/\/les-bassans.com\/#organization","name":"Les Bassans","alternateName":"Bassans","url":"https:\/\/les-bassans.com\/","logo":{"@type":"ImageObject","inLanguage":"it-IT","@id":"https:\/\/les-bassans.com\/#\/schema\/logo\/image\/","url":"https:\/\/les-bassans.com\/wp-content\/uploads\/2023\/05\/LesBassans-Logo-Simple.png","contentUrl":"https:\/\/les-bassans.com\/wp-content\/uploads\/2023\/05\/LesBassans-Logo-Simple.png","width":850,"height":253,"caption":"Les Bassans"},"image":{"@id":"https:\/\/les-bassans.com\/#\/schema\/logo\/image\/"}}]}},"_links":{"self":[{"href":"https:\/\/les-bassans.com\/it\/wp-json\/wp\/v2\/pages\/25454","targetHints":{"allow":["GET"]}}],"collection":[{"href":"https:\/\/les-bassans.com\/it\/wp-json\/wp\/v2\/pages"}],"about":[{"href":"https:\/\/les-bassans.com\/it\/wp-json\/wp\/v2\/types\/page"}],"author":[{"embeddable":true,"href":"https:\/\/les-bassans.com\/it\/wp-json\/wp\/v2\/users\/1"}],"replies":[{"embeddable":true,"href":"https:\/\/les-bassans.com\/it\/wp-json\/wp\/v2\/comments?post=25454"}],"version-history":[{"count":269,"href":"https:\/\/les-bassans.com\/it\/wp-json\/wp\/v2\/pages\/25454\/revisions"}],"predecessor-version":[{"id":30045,"href":"https:\/\/les-bassans.com\/it\/wp-json\/wp\/v2\/pages\/25454\/revisions\/30045"}],"wp:featuredmedia":[{"embeddable":true,"href":"https:\/\/les-bassans.com\/it\/wp-json\/wp\/v2\/media\/27930"}],"wp:attachment":[{"href":"https:\/\/les-bassans.com\/it\/wp-json\/wp\/v2\/media?parent=25454"}],"curies":[{"name":"wp","href":"https:\/\/api.w.org\/{rel}","templated":true}]}}