{"id":2213,"date":"2023-06-26T01:56:14","date_gmt":"2023-06-26T01:56:14","guid":{"rendered":"https:\/\/artemsemkin.com\/asli\/wp\/?page_id=2213"},"modified":"2025-04-09T15:21:48","modified_gmt":"2025-04-09T15:21:48","slug":"la-nostra-collezione","status":"publish","type":"page","link":"https:\/\/les-bassans.com\/it\/la-nostra-collezione\/","title":{"rendered":"La nostra collezione"},"content":{"rendered":"\t\t<div data-elementor-type=\"wp-page\" data-elementor-id=\"2213\" class=\"elementor elementor-2213\" data-elementor-settings=\"{&quot;asli_hide_title_disabled&quot;:&quot;yes&quot;}\" data-elementor-post-type=\"page\">\n\t\t\t\t<div class=\"elementor-element elementor-element-fdea165 e-con-full e-flex pt-xlarge pb-medium e-con e-parent\" data-id=\"fdea165\" data-element_type=\"container\" data-e-type=\"container\">\n\t\t\t\t<div class=\"elementor-element elementor-element-04716ea elementor-widget elementor-widget-asli-widget-text-content\" data-id=\"04716ea\" data-element_type=\"widget\" data-e-type=\"widget\" data-settings=\"{&quot;typography_text_links_text_color&quot;:&quot;#FFF9EE&quot;,&quot;typography_text_links_text_color_hover&quot;:&quot;#F0FAFF&quot;,&quot;text_content_stroke&quot;:&quot;#F0FAFF&quot;,&quot;max_width&quot;:{&quot;unit&quot;:&quot;px&quot;,&quot;size&quot;:840,&quot;sizes&quot;:[]},&quot;text_content_stroke_width&quot;:{&quot;unit&quot;:&quot;%&quot;,&quot;size&quot;:115,&quot;sizes&quot;:[]},&quot;max_width_tablet&quot;:{&quot;unit&quot;:&quot;%&quot;,&quot;size&quot;:100,&quot;sizes&quot;:[]},&quot;max_width_mobile&quot;:{&quot;unit&quot;:&quot;%&quot;,&quot;size&quot;:100,&quot;sizes&quot;:[]},&quot;text_content_stroke_height&quot;:{&quot;unit&quot;:&quot;%&quot;,&quot;size&quot;:80,&quot;sizes&quot;:[]},&quot;text_content_stroke_rotation&quot;:{&quot;unit&quot;:&quot;deg&quot;,&quot;size&quot;:-5,&quot;sizes&quot;:[]}}\" data-widget_type=\"asli-widget-text-content.default\">\n\t\t\t\t<div class=\"elementor-widget-container\">\n\t\t\t\t\t\t\t<div class=\"text-center mx-auto content js-content\" data-arts-split-text-preset=\"animatedLines\" data-arts-component-name=\"Content\" data-arts-os-animation=\"true\">\n\t\t\t<h1 class=\"content__text typography-text-content\">Une invitation \u00e0 se reconnecter avec la nature, l\u2019histoire et le patrimoine. Un voyage particulier o\u00f9 chaque Maison raconte une histoire singuli\u00e8re.<\/h1>\n\t\t<\/div>\n\t\t\t\t\t\t<\/div>\n\t\t\t\t<\/div>\n\t\t\t\t<div class=\"elementor-element elementor-element-ce8f73b elementor-widget elementor-widget-asli-widget-text-content\" data-id=\"ce8f73b\" data-element_type=\"widget\" data-e-type=\"widget\" data-settings=\"{&quot;max_width&quot;:{&quot;unit&quot;:&quot;px&quot;,&quot;size&quot;:960,&quot;sizes&quot;:[]},&quot;max_width_tablet&quot;:{&quot;unit&quot;:&quot;%&quot;,&quot;size&quot;:100,&quot;sizes&quot;:[]},&quot;max_width_mobile&quot;:{&quot;unit&quot;:&quot;%&quot;,&quot;size&quot;:100,&quot;sizes&quot;:[]},&quot;text_content_stroke_width&quot;:{&quot;unit&quot;:&quot;%&quot;,&quot;size&quot;:110,&quot;sizes&quot;:[]},&quot;text_content_stroke_height&quot;:{&quot;unit&quot;:&quot;%&quot;,&quot;size&quot;:80,&quot;sizes&quot;:[]},&quot;text_content_stroke_rotation&quot;:{&quot;unit&quot;:&quot;deg&quot;,&quot;size&quot;:-5,&quot;sizes&quot;:[]}}\" data-widget_type=\"asli-widget-text-content.default\">\n\t\t\t\t<div class=\"elementor-widget-container\">\n\t\t\t\t\t\t\t<div class=\"text-center mx-auto content js-content\" data-arts-split-text-preset=\"animatedLines\" data-arts-component-name=\"Content\" data-arts-os-animation=\"true\">\n\t\t\t<h1 class=\"content__text typography-text-content\">d\u00e9couvrez Fontenille Collection<\/h1>\n\t\t<\/div>\n\t\t\t\t\t\t<\/div>\n\t\t\t\t<\/div>\n\t\t\t\t<div class=\"elementor-element elementor-element-f47399d elementor-widget elementor-widget-image\" data-id=\"f47399d\" data-element_type=\"widget\" data-e-type=\"widget\" data-widget_type=\"image.default\">\n\t\t\t\t<div class=\"elementor-widget-container\">\n\t\t\t\t\t\t\t\t\t\t\t\t\t\t\t<img fetchpriority=\"high\" decoding=\"async\" width=\"300\" height=\"249\" src=\"https:\/\/les-bassans.com\/wp-content\/uploads\/2025\/04\/oiseau-bleu-300x249.png\" class=\"attachment-medium size-medium wp-image-28294\" alt=\"\" srcset=\"https:\/\/les-bassans.com\/wp-content\/uploads\/2025\/04\/oiseau-bleu-300x249.png 300w, https:\/\/les-bassans.com\/wp-content\/uploads\/2025\/04\/oiseau-bleu-1024x850.png 1024w, https:\/\/les-bassans.com\/wp-content\/uploads\/2025\/04\/oiseau-bleu-768x638.png 768w, https:\/\/les-bassans.com\/wp-content\/uploads\/2025\/04\/oiseau-bleu.png 1290w\" sizes=\"(max-width: 300px) 100vw, 300px\" \/>\t\t\t\t\t\t\t\t\t\t\t\t\t\t\t<\/div>\n\t\t\t\t<\/div>\n\t\t\t\t<div class=\"elementor-element elementor-element-519d834 elementor-widget elementor-widget-asli-widget-masonry-grid\" data-id=\"519d834\" data-element_type=\"widget\" data-e-type=\"widget\" data-settings=\"{&quot;typography_headings_text_color&quot;:&quot;#FFFFFF&quot;,&quot;typography_descriptions_text_color&quot;:&quot;#CBDDDA&quot;,&quot;typography_filter_items_text_color&quot;:&quot;#CBDDDA&quot;,&quot;typography_filter_items_text_color_hover&quot;:&quot;#D7ADB3&quot;,&quot;filter_sticky_background_color&quot;:&quot;#16302B&quot;,&quot;space_items_horizontal_desktop&quot;:{&quot;unit&quot;:&quot;px&quot;,&quot;size&quot;:120,&quot;sizes&quot;:[]},&quot;space_items_horizontal_mobile&quot;:{&quot;unit&quot;:&quot;px&quot;,&quot;size&quot;:20,&quot;sizes&quot;:[]},&quot;space_items_vertical_desktop&quot;:{&quot;unit&quot;:&quot;px&quot;,&quot;size&quot;:60,&quot;sizes&quot;:[]},&quot;space_items_vertical_mobile&quot;:{&quot;unit&quot;:&quot;px&quot;,&quot;size&quot;:30,&quot;sizes&quot;:[]}}\" data-widget_type=\"asli-widget-masonry-grid.filter-top\">\n\t\t\t\t<div class=\"elementor-widget-container\">\n\t\t\t\t\t\t\t\t\t\t<div class=\"section section-portfolio-grid d-flex flex-wrap align-items-start grid js-grid\" data-arts-component-name=\"Grid\" data-arts-component-options=\"{&quot;filterSticky&quot;:{&quot;trigger&quot;:&quot;self&quot;,&quot;offsetTop&quot;:-1,&quot;offsetHeaderHeight&quot;:false,&quot;matchMedia&quot;:&quot;(min-width: 992px)&quot;,&quot;toggleStickyClass&quot;:&quot;sticking&quot;,&quot;toggleStickyColorTheme&quot;:false,&quot;toggleHeaderVisibility&quot;:&quot;yes&quot;,&quot;autoScrollToGrid&quot;:&quot;yes&quot;},&quot;filterItemActiveClass&quot;:&quot;filter__item_active&quot;,&quot;filterItemAttribute&quot;:&quot;data-filter&quot;,&quot;filterDrawEffect&quot;:true}\" data-arts-os-animation=\"true\">\n\t\t\t\t\t\t<!-- Grid filter -->\n\t\t<div class=\"section-portfolio-grid__col-filter col-12 z-100 js-grid__col-filter\">\n\t\t\t\t\t<div class=\"container-fluid-gutters\">\n\t\t\t\t\t\t\t<!-- Optional dropdown filter [mobile only] -->\n\t\t\t\t<div class=\"filter__wrapper-dropdown d-lg-none\" data-arts-os-animation-name=\"animatedJump\">\n\t\t\t\t\t\t\t<label class=\"d-block typography-dropdown-label\">\n\t\t\t\t\t\t\t<span class=\"d-block mb-2 text-start\">Filtres<\/span>\n\t\t\t\t\t\t<select class=\"d-block w-100 js-grid__filter-dropdown\">\n\t\t\t\t\t\t\t\t\t<option value=\"*\">Tous<\/option>\n\t\t\t\t\t\t\t\t\t\t\t\t\t\t\t\t\t\t\t\t\t\t\t\t\t<option value=\".category-\u00c0_1_heure_de_paris\">\u00c0 1 heure de Paris<\/option>\n\t\t\t\t\t\t\t\t\t\t\t\t\t\t\t\t\t<option value=\".category-provence\">Provence<\/option>\n\t\t\t\t\t\t\t\t\t\t\t\t\t\t\t\t\t<option value=\".category-c\u00f4te_ouest\">C\u00f4te Ouest<\/option>\n\t\t\t\t\t\t\t\t\t\t\t\t\t\t\t\t\t<option value=\".category-minorque\">Minorque<\/option>\n\t\t\t\t\t\t\t\t\t\t\t\t\t\t\t\t\t<option value=\".category-toscane\">Toscane<\/option>\n\t\t\t\t\t\t\t\t\t\t\t\t<\/select>\n\t\t<\/label>\n\t\t\t\t\t\t<\/div>\n\t\t\t\t<!-- - Optional dropdown filter [mobile only] -->\n\t\t\t\t\t\t<!-- Filter items [desktop only] -->\n\t\t\t<div class=\"filter__inner d-lg-block d-none\">\n\t\t\t\t<div class=\"row justify-content-center\">\n\t\t\t\t\t\t\t\t\t\t<!-- All (*) -->\n\t\t\t<div class=\"col-lg-auto col-12 filter__item cursor-highlight js-grid__filter-item filter__item_active\" data-arts-os-animation-name=\"animatedJump\" data-filter=\"*\">\n\t\t\t\t<div class=\"filter__item-inner js-grid__filter-item-inner\">\n\t\t\t\t\t<span class=\"filter__item-label typography-filter-label\">Tous<\/span>\n\t\t\t\t<\/div>\n\t\t\t<\/div>\n\t\t\t<!-- - All (*) -->\n\t\t\t\t\t\t\t\t\t\t\t\t\t\t\t\t<div class=\"col-lg-auto col-12 filter__item cursor-highlight js-grid__filter-item\" data-arts-os-animation-name=\"animatedJump\" data-filter=\".category-\u00c0_1_heure_de_paris\">\n\t\t\t\t\t\t<div class=\"filter__item-inner js-grid__filter-item-inner\">\n\t\t\t\t\t\t\t\t\t\t\t\t<div class=\"filter__item-label\">\u00c0 1 heure de Paris\t\t\t<\/div>\t\t\t\t   \t\t\t\t\t\t<\/div>\n\t\t\t\t\t<\/div>\n\t\t\t\t\t\t\t\t\t\t\t\t<div class=\"col-lg-auto col-12 filter__item cursor-highlight js-grid__filter-item\" data-arts-os-animation-name=\"animatedJump\" data-filter=\".category-provence\">\n\t\t\t\t\t\t<div class=\"filter__item-inner js-grid__filter-item-inner\">\n\t\t\t\t\t\t\t\t\t\t\t\t<div class=\"filter__item-label\">Provence\t\t\t<\/div>\t\t\t\t   \t\t\t\t\t\t<\/div>\n\t\t\t\t\t<\/div>\n\t\t\t\t\t\t\t\t\t\t\t\t<div class=\"col-lg-auto col-12 filter__item cursor-highlight js-grid__filter-item\" data-arts-os-animation-name=\"animatedJump\" data-filter=\".category-c\u00f4te_ouest\">\n\t\t\t\t\t\t<div class=\"filter__item-inner js-grid__filter-item-inner\">\n\t\t\t\t\t\t\t\t\t\t\t\t<div class=\"filter__item-label\">C\u00f4te Ouest\t\t\t<\/div>\t\t\t\t   \t\t\t\t\t\t<\/div>\n\t\t\t\t\t<\/div>\n\t\t\t\t\t\t\t\t\t\t\t\t<div class=\"col-lg-auto col-12 filter__item cursor-highlight js-grid__filter-item\" data-arts-os-animation-name=\"animatedJump\" data-filter=\".category-minorque\">\n\t\t\t\t\t\t<div class=\"filter__item-inner js-grid__filter-item-inner\">\n\t\t\t\t\t\t\t\t\t\t\t\t<div class=\"filter__item-label\">Minorque\t\t\t<\/div>\t\t\t\t   \t\t\t\t\t\t<\/div>\n\t\t\t\t\t<\/div>\n\t\t\t\t\t\t\t\t\t\t\t\t<div class=\"col-lg-auto col-12 filter__item cursor-highlight js-grid__filter-item\" data-arts-os-animation-name=\"animatedJump\" data-filter=\".category-toscane\">\n\t\t\t\t\t\t<div class=\"filter__item-inner js-grid__filter-item-inner\">\n\t\t\t\t\t\t\t\t\t\t\t\t<div class=\"filter__item-label\">Toscane\t\t\t<\/div>\t\t\t\t   \t\t\t\t\t\t<\/div>\n\t\t\t\t\t<\/div>\n\t\t\t\t\t\t\t\t\t\t\t<\/div>\n\t\t\t<\/div>\n\t\t\t<!-- - Filter items [desktop only] -->\n\t\t<\/div>\n\t\t\t\t<\/div>\n\t\t<div class=\"w-100 grid__border\" data-arts-os-animation-name=\"animatedBorderHorizontal\"><\/div>\n\t\t<!-- - Grid filter -->\n\t\t<!-- Grid items -->\n\t\t<div class=\"section-portfolio-grid__col-grid col-12 container-fluid-gutters text-center  js-grid__col-grid\">\n\t\t\t<div class=\"row grid__row js-grid__container\">\n\t\t\t\t\t\t\t\t\t\t\t\t<div class=\"js-grid__item col-xxl-4 col-xl-4 col-lg-6 col-md-6 col-sm-12 col-12 category-\u00c0_1_heure_de_paris\">\n\t\t\t\t\t\t\t\t\t\t\t<div class=\"portfolio-card\" data-post-id=\"0\" data-arts-os-animation-name=\"animatedJumpScale\">\n\t\t\t<a href=\"https:\/\/www.lesdomainesdefontenille.com\/fr\/domainedeprimard.html\" class=\"portfolio-card__link hover-zoom\">\n\t\t\t\t\t\t\t\t\t<div class=\"portfolio-card__wrapper-media\">\n\t\t\t\t\t\t\t\t<div class=\"overflow-hidden shape-top-arc hover-zoom__zoom\">\n\t\t\t\n\t<div class=\"overflow-hidden hover-zoom__inner has-aspect-ratio\" style=\"--media-width:768; --media-height:1152;\">\n\t\t<img decoding=\"async\" class=\"lazy of-contain\" src=\"data:image\/svg+xml,%3Csvg%20xmlns=&amp;apos;http:\/\/www.w3.org\/2000\/svg&amp;apos;%20width=&amp;apos;100%25&amp;apos;%20height=&amp;apos;100%25&amp;apos;%3E%3C\/svg%3E\" data-src=\"https:\/\/les-bassans.com\/wp-content\/uploads\/2025\/01\/domaine-de-primard-normandie-768x1152.webp\" width=\"768\" height=\"1152\" data-srcset=\"https:\/\/les-bassans.com\/wp-content\/uploads\/2025\/01\/domaine-de-primard-normandie-768x1152.webp 768w, https:\/\/les-bassans.com\/wp-content\/uploads\/2025\/01\/domaine-de-primard-normandie-200x300.webp 200w, https:\/\/les-bassans.com\/wp-content\/uploads\/2025\/01\/domaine-de-primard-normandie-683x1024.webp 683w, https:\/\/les-bassans.com\/wp-content\/uploads\/2025\/01\/domaine-de-primard-normandie-1024x1536.webp 1024w, https:\/\/les-bassans.com\/wp-content\/uploads\/2025\/01\/domaine-de-primard-normandie.webp 1280w\" data-sizes=\"(max-width: 768px) 100vw, 768px\" alt=\"\">\n\t\t\t<noscript><img decoding=\"async\" class=\"lazy of-contain\" src=\"https:\/\/les-bassans.com\/wp-content\/uploads\/2025\/01\/domaine-de-primard-normandie-768x1152.webp\" width=\"768\" height=\"1152\" alt=\"\" srcset=\"https:\/\/les-bassans.com\/wp-content\/uploads\/2025\/01\/domaine-de-primard-normandie-768x1152.webp 768w, https:\/\/les-bassans.com\/wp-content\/uploads\/2025\/01\/domaine-de-primard-normandie-200x300.webp 200w, https:\/\/les-bassans.com\/wp-content\/uploads\/2025\/01\/domaine-de-primard-normandie-683x1024.webp 683w, https:\/\/les-bassans.com\/wp-content\/uploads\/2025\/01\/domaine-de-primard-normandie-1024x1536.webp 1024w, https:\/\/les-bassans.com\/wp-content\/uploads\/2025\/01\/domaine-de-primard-normandie.webp 1280w\" sizes=\"(max-width: 768px) 100vw, 768px\"><\/noscript>\n\t\t\t<\/div>\n\t\t<\/div>\n\t\t\t\t\t\t\t<\/div>\n\t\t\t\t\t\t\t\t\t\t\t\t\t<div class=\"portfolio-card__content mt-lg-4 mt-3\">\n\t\t\t\t\t\t\t\t\n\t\t\t\t\t\t\t<h2 class=\"my-0 typography-heading my-0 typography-heading\">Domaine de Primard<br><span class=\"masonry-subheading\">Normandie<\/span>\t\t\t<\/h2>\t\t\t\t   \n\t\t\n\t\t\t\t\t<div class=\"w-100\"><\/div>\n\t\t\t<!-- Description -->\n\t\t\t\t\t\t\t\t\t<h3 class=\"mt-3 mb-0 typography-description\">Une maison de campagne au sein de jardins enchanteurs \u00e0 moins d\u2019une heure de Paris.\t\t\t<\/h3>\t\t\t\t   \t\t\t<!-- - Description -->\n\t\t\t\t\t\t\t\t\t<\/div>\n\t\t\t\t\t\t\t<\/a>\n\t\t<\/div>\n\t\t\t\t\t\t\t\t\t<\/div>\n\t\t\t\t\t\t\t\t<div class=\"js-grid__item col-xxl-4 col-xl-4 col-lg-6 col-md-6 col-sm-12 col-12 category-provence\">\n\t\t\t\t\t\t\t\t\t\t\t<div class=\"portfolio-card\" data-post-id=\"1\" data-arts-os-animation-name=\"animatedJumpScale\">\n\t\t\t<a href=\"https:\/\/www.lesdomainesdefontenille.com\/fr\/lesbordsdemer.html\" class=\"portfolio-card__link hover-zoom\">\n\t\t\t\t\t\t\t\t\t<div class=\"portfolio-card__wrapper-media\">\n\t\t\t\t\t\t\t\t<div class=\"overflow-hidden shape-top-arc hover-zoom__zoom\">\n\t\t\t\n\t<div class=\"overflow-hidden hover-zoom__inner has-aspect-ratio\" style=\"--media-width:768; --media-height:1152;\">\n\t\t<img loading=\"lazy\" decoding=\"async\" class=\"lazy of-contain\" src=\"data:image\/svg+xml,%3Csvg%20xmlns=&amp;apos;http:\/\/www.w3.org\/2000\/svg&amp;apos;%20width=&amp;apos;100%25&amp;apos;%20height=&amp;apos;100%25&amp;apos;%3E%3C\/svg%3E\" data-src=\"https:\/\/les-bassans.com\/wp-content\/uploads\/2025\/01\/les-bords-de-mer-marseille-768x1152.webp\" width=\"768\" height=\"1152\" data-srcset=\"https:\/\/les-bassans.com\/wp-content\/uploads\/2025\/01\/les-bords-de-mer-marseille-768x1152.webp 768w, https:\/\/les-bassans.com\/wp-content\/uploads\/2025\/01\/les-bords-de-mer-marseille-200x300.webp 200w, https:\/\/les-bassans.com\/wp-content\/uploads\/2025\/01\/les-bords-de-mer-marseille-683x1024.webp 683w, https:\/\/les-bassans.com\/wp-content\/uploads\/2025\/01\/les-bords-de-mer-marseille-1024x1536.webp 1024w, https:\/\/les-bassans.com\/wp-content\/uploads\/2025\/01\/les-bords-de-mer-marseille.webp 1280w\" data-sizes=\"(max-width: 768px) 100vw, 768px\" alt=\"\">\n\t\t\t<noscript><img loading=\"lazy\" decoding=\"async\" class=\"lazy of-contain\" src=\"https:\/\/les-bassans.com\/wp-content\/uploads\/2025\/01\/les-bords-de-mer-marseille-768x1152.webp\" width=\"768\" height=\"1152\" alt=\"\" srcset=\"https:\/\/les-bassans.com\/wp-content\/uploads\/2025\/01\/les-bords-de-mer-marseille-768x1152.webp 768w, https:\/\/les-bassans.com\/wp-content\/uploads\/2025\/01\/les-bords-de-mer-marseille-200x300.webp 200w, https:\/\/les-bassans.com\/wp-content\/uploads\/2025\/01\/les-bords-de-mer-marseille-683x1024.webp 683w, https:\/\/les-bassans.com\/wp-content\/uploads\/2025\/01\/les-bords-de-mer-marseille-1024x1536.webp 1024w, https:\/\/les-bassans.com\/wp-content\/uploads\/2025\/01\/les-bords-de-mer-marseille.webp 1280w\" sizes=\"(max-width: 768px) 100vw, 768px\"><\/noscript>\n\t\t\t<\/div>\n\t\t<\/div>\n\t\t\t\t\t\t\t<\/div>\n\t\t\t\t\t\t\t\t\t\t\t\t\t<div class=\"portfolio-card__content mt-lg-4 mt-3\">\n\t\t\t\t\t\t\t\t\n\t\t\t\t\t\t\t<h2 class=\"my-0 typography-heading my-0 typography-heading\">Les Bords de Mer<br><span class=\"masonry-subheading\">Marseille<\/span>\t\t\t<\/h2>\t\t\t\t   \n\t\t\n\t\t\t\t\t<div class=\"w-100\"><\/div>\n\t\t\t<!-- Description -->\n\t\t\t\t\t\t\t\t\t<h3 class=\"mt-3 mb-0 typography-description\">Un h\u00f4tel iconique face \u00e0 la M\u00e9diterran\u00e9e, sur la Corniche Kennedy, au c\u0153ur de Marseille. \t\t\t<\/h3>\t\t\t\t   \t\t\t<!-- - Description -->\n\t\t\t\t\t\t\t\t\t<\/div>\n\t\t\t\t\t\t\t<\/a>\n\t\t<\/div>\n\t\t\t\t\t\t\t\t\t<\/div>\n\t\t\t\t\t\t\t\t<div class=\"js-grid__item col-xxl-4 col-xl-4 col-lg-6 col-md-6 col-sm-12 col-12 category-provence\">\n\t\t\t\t\t\t\t\t\t\t\t<div class=\"portfolio-card\" data-post-id=\"2\" data-arts-os-animation-name=\"animatedJumpScale\">\n\t\t\t<a href=\"https:\/\/www.lesdomainesdefontenille.com\/fr\/domainedefontenille.html\" class=\"portfolio-card__link hover-zoom\">\n\t\t\t\t\t\t\t\t\t<div class=\"portfolio-card__wrapper-media\">\n\t\t\t\t\t\t\t\t<div class=\"overflow-hidden shape-top-arc hover-zoom__zoom\">\n\t\t\t\n\t<div class=\"overflow-hidden hover-zoom__inner has-aspect-ratio\" style=\"--media-width:768; --media-height:1152;\">\n\t\t<img loading=\"lazy\" decoding=\"async\" class=\"lazy of-contain\" src=\"data:image\/svg+xml,%3Csvg%20xmlns=&amp;apos;http:\/\/www.w3.org\/2000\/svg&amp;apos;%20width=&amp;apos;100%25&amp;apos;%20height=&amp;apos;100%25&amp;apos;%3E%3C\/svg%3E\" data-src=\"https:\/\/les-bassans.com\/wp-content\/uploads\/2025\/01\/domaine-de-fontenille-luberon-768x1152.webp\" width=\"768\" height=\"1152\" data-srcset=\"https:\/\/les-bassans.com\/wp-content\/uploads\/2025\/01\/domaine-de-fontenille-luberon-768x1152.webp 768w, https:\/\/les-bassans.com\/wp-content\/uploads\/2025\/01\/domaine-de-fontenille-luberon-200x300.webp 200w, https:\/\/les-bassans.com\/wp-content\/uploads\/2025\/01\/domaine-de-fontenille-luberon-683x1024.webp 683w, https:\/\/les-bassans.com\/wp-content\/uploads\/2025\/01\/domaine-de-fontenille-luberon-1024x1536.webp 1024w, https:\/\/les-bassans.com\/wp-content\/uploads\/2025\/01\/domaine-de-fontenille-luberon.webp 1280w\" data-sizes=\"(max-width: 768px) 100vw, 768px\" alt=\"\">\n\t\t\t<noscript><img loading=\"lazy\" decoding=\"async\" class=\"lazy of-contain\" src=\"https:\/\/les-bassans.com\/wp-content\/uploads\/2025\/01\/domaine-de-fontenille-luberon-768x1152.webp\" width=\"768\" height=\"1152\" alt=\"\" srcset=\"https:\/\/les-bassans.com\/wp-content\/uploads\/2025\/01\/domaine-de-fontenille-luberon-768x1152.webp 768w, https:\/\/les-bassans.com\/wp-content\/uploads\/2025\/01\/domaine-de-fontenille-luberon-200x300.webp 200w, https:\/\/les-bassans.com\/wp-content\/uploads\/2025\/01\/domaine-de-fontenille-luberon-683x1024.webp 683w, https:\/\/les-bassans.com\/wp-content\/uploads\/2025\/01\/domaine-de-fontenille-luberon-1024x1536.webp 1024w, https:\/\/les-bassans.com\/wp-content\/uploads\/2025\/01\/domaine-de-fontenille-luberon.webp 1280w\" sizes=\"(max-width: 768px) 100vw, 768px\"><\/noscript>\n\t\t\t<\/div>\n\t\t<\/div>\n\t\t\t\t\t\t\t<\/div>\n\t\t\t\t\t\t\t\t\t\t\t\t\t<div class=\"portfolio-card__content mt-lg-4 mt-3\">\n\t\t\t\t\t\t\t\t\n\t\t\t\t\t\t\t<h2 class=\"my-0 typography-heading my-0 typography-heading\">Domaine de Fontenille<br><span class=\"masonry-subheading\">Luberon<\/span>\t\t\t<\/h2>\t\t\t\t   \n\t\t\n\t\t\t\t\t<div class=\"w-100\"><\/div>\n\t\t\t<!-- Description -->\n\t\t\t\t\t\t\t\t\t<h3 class=\"mt-3 mb-0 typography-description\">Une bastide proven\u00e7ale du XVIIIe si\u00e8cle et ses vignes au c\u0153ur du Luberon.\n\t\t\t<\/h3>\t\t\t\t   \t\t\t<!-- - Description -->\n\t\t\t\t\t\t\t\t\t<\/div>\n\t\t\t\t\t\t\t<\/a>\n\t\t<\/div>\n\t\t\t\t\t\t\t\t\t<\/div>\n\t\t\t\t\t\t\t\t<div class=\"js-grid__item col-xxl-4 col-xl-4 col-lg-6 col-md-6 col-sm-12 col-12 category-provence\">\n\t\t\t\t\t\t\t\t\t\t\t<div class=\"portfolio-card\" data-post-id=\"3\" data-arts-os-animation-name=\"animatedJumpScale\">\n\t\t\t<a href=\"https:\/\/www.lesdomainesdefontenille.com\/fr\/bastidedumourre.html\" class=\"portfolio-card__link hover-zoom\">\n\t\t\t\t\t\t\t\t\t<div class=\"portfolio-card__wrapper-media\">\n\t\t\t\t\t\t\t\t<div class=\"overflow-hidden shape-top-arc hover-zoom__zoom\">\n\t\t\t\n\t<div class=\"overflow-hidden hover-zoom__inner has-aspect-ratio\" style=\"--media-width:768; --media-height:1153;\">\n\t\t<img loading=\"lazy\" decoding=\"async\" class=\"lazy of-contain\" src=\"data:image\/svg+xml,%3Csvg%20xmlns=&amp;apos;http:\/\/www.w3.org\/2000\/svg&amp;apos;%20width=&amp;apos;100%25&amp;apos;%20height=&amp;apos;100%25&amp;apos;%3E%3C\/svg%3E\" data-src=\"https:\/\/les-bassans.com\/wp-content\/uploads\/2025\/01\/bastide-du-mourre-oppede-768x1153.webp\" width=\"768\" height=\"1153\" data-srcset=\"https:\/\/les-bassans.com\/wp-content\/uploads\/2025\/01\/bastide-du-mourre-oppede-768x1153.webp 768w, https:\/\/les-bassans.com\/wp-content\/uploads\/2025\/01\/bastide-du-mourre-oppede-200x300.webp 200w, https:\/\/les-bassans.com\/wp-content\/uploads\/2025\/01\/bastide-du-mourre-oppede-682x1024.webp 682w, https:\/\/les-bassans.com\/wp-content\/uploads\/2025\/01\/bastide-du-mourre-oppede-1023x1536.webp 1023w, https:\/\/les-bassans.com\/wp-content\/uploads\/2025\/01\/bastide-du-mourre-oppede.webp 1066w\" data-sizes=\"(max-width: 768px) 100vw, 768px\" alt=\"\">\n\t\t\t<noscript><img loading=\"lazy\" decoding=\"async\" class=\"lazy of-contain\" src=\"https:\/\/les-bassans.com\/wp-content\/uploads\/2025\/01\/bastide-du-mourre-oppede-768x1153.webp\" width=\"768\" height=\"1153\" alt=\"\" srcset=\"https:\/\/les-bassans.com\/wp-content\/uploads\/2025\/01\/bastide-du-mourre-oppede-768x1153.webp 768w, https:\/\/les-bassans.com\/wp-content\/uploads\/2025\/01\/bastide-du-mourre-oppede-200x300.webp 200w, https:\/\/les-bassans.com\/wp-content\/uploads\/2025\/01\/bastide-du-mourre-oppede-682x1024.webp 682w, https:\/\/les-bassans.com\/wp-content\/uploads\/2025\/01\/bastide-du-mourre-oppede-1023x1536.webp 1023w, https:\/\/les-bassans.com\/wp-content\/uploads\/2025\/01\/bastide-du-mourre-oppede.webp 1066w\" sizes=\"(max-width: 768px) 100vw, 768px\"><\/noscript>\n\t\t\t<\/div>\n\t\t<\/div>\n\t\t\t\t\t\t\t<\/div>\n\t\t\t\t\t\t\t\t\t\t\t\t\t<div class=\"portfolio-card__content mt-lg-4 mt-3\">\n\t\t\t\t\t\t\t\t\n\t\t\t\t\t\t\t<h2 class=\"my-0 typography-heading my-0 typography-heading\">La Bastide du Mourre<br><span class=\"masonry-subheading\">Opp\u00e8de<\/span>\t\t\t<\/h2>\t\t\t\t   \n\t\t\n\t\t\t\t\t<div class=\"w-100\"><\/div>\n\t\t\t<!-- Description -->\n\t\t\t\t\t\t\t\t\t<h3 class=\"mt-3 mb-0 typography-description\">Un mas empreint de po\u00e9sie, enti\u00e8rement consacr\u00e9 au bien-\u00eatre, situ\u00e9 \u00e0 Opp\u00e8de, dans le nord du Luberon. \t\t\t<\/h3>\t\t\t\t   \t\t\t<!-- - Description -->\n\t\t\t\t\t\t\t\t\t<\/div>\n\t\t\t\t\t\t\t<\/a>\n\t\t<\/div>\n\t\t\t\t\t\t\t\t\t<\/div>\n\t\t\t\t\t\t\t\t<div class=\"js-grid__item col-xxl-4 col-xl-4 col-lg-6 col-md-6 col-sm-12 col-12 category-provence\">\n\t\t\t\t\t\t\t\t\t\t\t<div class=\"portfolio-card\" data-post-id=\"4\" data-arts-os-animation-name=\"animatedJumpScale\">\n\t\t\t<a href=\"https:\/\/www.lesdomainesdefontenille.com\/fr\/domainedechalamon.html\" class=\"portfolio-card__link hover-zoom\">\n\t\t\t\t\t\t\t\t\t<div class=\"portfolio-card__wrapper-media\">\n\t\t\t\t\t\t\t\t<div class=\"overflow-hidden shape-top-arc hover-zoom__zoom\">\n\t\t\t\n\t<div class=\"overflow-hidden hover-zoom__inner has-aspect-ratio\" style=\"--media-width:768; --media-height:1152;\">\n\t\t<img loading=\"lazy\" decoding=\"async\" class=\"lazy of-contain\" src=\"data:image\/svg+xml,%3Csvg%20xmlns=&amp;apos;http:\/\/www.w3.org\/2000\/svg&amp;apos;%20width=&amp;apos;100%25&amp;apos;%20height=&amp;apos;100%25&amp;apos;%3E%3C\/svg%3E\" data-src=\"https:\/\/les-bassans.com\/wp-content\/uploads\/2025\/01\/domaine-de-chalamon-saint-remy-de-provence-768x1152.webp\" width=\"768\" height=\"1152\" data-srcset=\"https:\/\/les-bassans.com\/wp-content\/uploads\/2025\/01\/domaine-de-chalamon-saint-remy-de-provence-768x1152.webp 768w, https:\/\/les-bassans.com\/wp-content\/uploads\/2025\/01\/domaine-de-chalamon-saint-remy-de-provence-200x300.webp 200w, https:\/\/les-bassans.com\/wp-content\/uploads\/2025\/01\/domaine-de-chalamon-saint-remy-de-provence-683x1024.webp 683w, https:\/\/les-bassans.com\/wp-content\/uploads\/2025\/01\/domaine-de-chalamon-saint-remy-de-provence-1024x1536.webp 1024w, https:\/\/les-bassans.com\/wp-content\/uploads\/2025\/01\/domaine-de-chalamon-saint-remy-de-provence.webp 1280w\" data-sizes=\"(max-width: 768px) 100vw, 768px\" alt=\"\">\n\t\t\t<noscript><img loading=\"lazy\" decoding=\"async\" class=\"lazy of-contain\" src=\"https:\/\/les-bassans.com\/wp-content\/uploads\/2025\/01\/domaine-de-chalamon-saint-remy-de-provence-768x1152.webp\" width=\"768\" height=\"1152\" alt=\"\" srcset=\"https:\/\/les-bassans.com\/wp-content\/uploads\/2025\/01\/domaine-de-chalamon-saint-remy-de-provence-768x1152.webp 768w, https:\/\/les-bassans.com\/wp-content\/uploads\/2025\/01\/domaine-de-chalamon-saint-remy-de-provence-200x300.webp 200w, https:\/\/les-bassans.com\/wp-content\/uploads\/2025\/01\/domaine-de-chalamon-saint-remy-de-provence-683x1024.webp 683w, https:\/\/les-bassans.com\/wp-content\/uploads\/2025\/01\/domaine-de-chalamon-saint-remy-de-provence-1024x1536.webp 1024w, https:\/\/les-bassans.com\/wp-content\/uploads\/2025\/01\/domaine-de-chalamon-saint-remy-de-provence.webp 1280w\" sizes=\"(max-width: 768px) 100vw, 768px\"><\/noscript>\n\t\t\t<\/div>\n\t\t<\/div>\n\t\t\t\t\t\t\t<\/div>\n\t\t\t\t\t\t\t\t\t\t\t\t\t<div class=\"portfolio-card__content mt-lg-4 mt-3\">\n\t\t\t\t\t\t\t\t\n\t\t\t\t\t\t\t<h2 class=\"my-0 typography-heading my-0 typography-heading\">Domaine de Chalamon<br><span class=\"masonry-subheading\">Saint-R\u00e9my-de-Provence<\/span>\t\t\t<\/h2>\t\t\t\t   \n\t\t\n\t\t\t\t\t<div class=\"w-100\"><\/div>\n\t\t\t<!-- Description -->\n\t\t\t\t\t\t\t\t\t<h3 class=\"mt-3 mb-0 typography-description\">Une maison proven\u00e7ale et ses jardins \u00e0 la fran\u00e7aise aux portes de Saint-R\u00e9my-de-Provence, dans les Alpilles. \t\t\t<\/h3>\t\t\t\t   \t\t\t<!-- - Description -->\n\t\t\t\t\t\t\t\t\t<\/div>\n\t\t\t\t\t\t\t<\/a>\n\t\t<\/div>\n\t\t\t\t\t\t\t\t\t<\/div>\n\t\t\t\t\t\t\t\t<div class=\"js-grid__item col-xxl-4 col-xl-4 col-lg-6 col-md-6 col-sm-12 col-12 category-c\u00f4te_ouest\">\n\t\t\t\t\t\t\t\t\t\t\t<div class=\"portfolio-card\" data-post-id=\"5\" data-arts-os-animation-name=\"animatedJumpScale\">\n\t\t\t<a href=\"https:\/\/www.lesdomainesdefontenille.com\/fr\/leshortensiasdulac.html\" class=\"portfolio-card__link hover-zoom\">\n\t\t\t\t\t\t\t\t\t<div class=\"portfolio-card__wrapper-media\">\n\t\t\t\t\t\t\t\t<div class=\"overflow-hidden shape-top-arc hover-zoom__zoom\">\n\t\t\t\n\t<div class=\"overflow-hidden hover-zoom__inner has-aspect-ratio\" style=\"--media-width:768; --media-height:1152;\">\n\t\t<img loading=\"lazy\" decoding=\"async\" class=\"lazy of-contain\" src=\"data:image\/svg+xml,%3Csvg%20xmlns=&amp;apos;http:\/\/www.w3.org\/2000\/svg&amp;apos;%20width=&amp;apos;100%25&amp;apos;%20height=&amp;apos;100%25&amp;apos;%3E%3C\/svg%3E\" data-src=\"https:\/\/les-bassans.com\/wp-content\/uploads\/2025\/01\/les-hortensias-du-lac-hossegor-768x1152.webp\" width=\"768\" height=\"1152\" data-srcset=\"https:\/\/les-bassans.com\/wp-content\/uploads\/2025\/01\/les-hortensias-du-lac-hossegor-768x1152.webp 768w, https:\/\/les-bassans.com\/wp-content\/uploads\/2025\/01\/les-hortensias-du-lac-hossegor-200x300.webp 200w, https:\/\/les-bassans.com\/wp-content\/uploads\/2025\/01\/les-hortensias-du-lac-hossegor-683x1024.webp 683w, https:\/\/les-bassans.com\/wp-content\/uploads\/2025\/01\/les-hortensias-du-lac-hossegor-1024x1536.webp 1024w, https:\/\/les-bassans.com\/wp-content\/uploads\/2025\/01\/les-hortensias-du-lac-hossegor.webp 1280w\" data-sizes=\"(max-width: 768px) 100vw, 768px\" alt=\"\">\n\t\t\t<noscript><img loading=\"lazy\" decoding=\"async\" class=\"lazy of-contain\" src=\"https:\/\/les-bassans.com\/wp-content\/uploads\/2025\/01\/les-hortensias-du-lac-hossegor-768x1152.webp\" width=\"768\" height=\"1152\" alt=\"\" srcset=\"https:\/\/les-bassans.com\/wp-content\/uploads\/2025\/01\/les-hortensias-du-lac-hossegor-768x1152.webp 768w, https:\/\/les-bassans.com\/wp-content\/uploads\/2025\/01\/les-hortensias-du-lac-hossegor-200x300.webp 200w, https:\/\/les-bassans.com\/wp-content\/uploads\/2025\/01\/les-hortensias-du-lac-hossegor-683x1024.webp 683w, https:\/\/les-bassans.com\/wp-content\/uploads\/2025\/01\/les-hortensias-du-lac-hossegor-1024x1536.webp 1024w, https:\/\/les-bassans.com\/wp-content\/uploads\/2025\/01\/les-hortensias-du-lac-hossegor.webp 1280w\" sizes=\"(max-width: 768px) 100vw, 768px\"><\/noscript>\n\t\t\t<\/div>\n\t\t<\/div>\n\t\t\t\t\t\t\t<\/div>\n\t\t\t\t\t\t\t\t\t\t\t\t\t<div class=\"portfolio-card__content mt-lg-4 mt-3\">\n\t\t\t\t\t\t\t\t\n\t\t\t\t\t\t\t<h2 class=\"my-0 typography-heading my-0 typography-heading\">Les Hortensias du Lac<br><span class=\"masonry-subheading\">Hossegor<\/span>\t\t\t<\/h2>\t\t\t\t   \n\t\t\n\t\t\t\t\t<div class=\"w-100\"><\/div>\n\t\t\t<!-- Description -->\n\t\t\t\t\t\t\t\t\t<h3 class=\"mt-3 mb-0 typography-description\">Un surf lodge d'exception et son restaurant gastronomique nich\u00e9s au bord du lac d\u2019Hossegor, dans les Landes.\t\t\t<\/h3>\t\t\t\t   \t\t\t<!-- - Description -->\n\t\t\t\t\t\t\t\t\t<\/div>\n\t\t\t\t\t\t\t<\/a>\n\t\t<\/div>\n\t\t\t\t\t\t\t\t\t<\/div>\n\t\t\t\t\t\t\t\t<div class=\"js-grid__item col-xxl-4 col-xl-4 col-lg-6 col-md-6 col-sm-12 col-12 category-c\u00f4te_ouest\">\n\t\t\t\t\t\t\t\t\t\t\t<div class=\"portfolio-card\" data-post-id=\"6\" data-arts-os-animation-name=\"animatedJumpScale\">\n\t\t\t<a href=\"https:\/\/www.lesdomainesdefontenille.com\/fr\/70hectares.html\" class=\"portfolio-card__link hover-zoom\">\n\t\t\t\t\t\t\t\t\t<div class=\"portfolio-card__wrapper-media\">\n\t\t\t\t\t\t\t\t<div class=\"overflow-hidden shape-top-arc hover-zoom__zoom\">\n\t\t\t\n\t<div class=\"overflow-hidden hover-zoom__inner has-aspect-ratio\" style=\"--media-width:768; --media-height:1153;\">\n\t\t<img loading=\"lazy\" decoding=\"async\" class=\"lazy of-contain\" src=\"data:image\/svg+xml,%3Csvg%20xmlns=&amp;apos;http:\/\/www.w3.org\/2000\/svg&amp;apos;%20width=&amp;apos;100%25&amp;apos;%20height=&amp;apos;100%25&amp;apos;%3E%3C\/svg%3E\" data-src=\"https:\/\/les-bassans.com\/wp-content\/uploads\/2025\/01\/70-hectares-et-l-ocean-seignosse-768x1153.webp\" width=\"768\" height=\"1153\" data-srcset=\"https:\/\/les-bassans.com\/wp-content\/uploads\/2025\/01\/70-hectares-et-l-ocean-seignosse-768x1153.webp 768w, https:\/\/les-bassans.com\/wp-content\/uploads\/2025\/01\/70-hectares-et-l-ocean-seignosse-200x300.webp 200w, https:\/\/les-bassans.com\/wp-content\/uploads\/2025\/01\/70-hectares-et-l-ocean-seignosse-682x1024.webp 682w, https:\/\/les-bassans.com\/wp-content\/uploads\/2025\/01\/70-hectares-et-l-ocean-seignosse-1023x1536.webp 1023w, https:\/\/les-bassans.com\/wp-content\/uploads\/2025\/01\/70-hectares-et-l-ocean-seignosse.webp 1066w\" data-sizes=\"(max-width: 768px) 100vw, 768px\" alt=\"\">\n\t\t\t<noscript><img loading=\"lazy\" decoding=\"async\" class=\"lazy of-contain\" src=\"https:\/\/les-bassans.com\/wp-content\/uploads\/2025\/01\/70-hectares-et-l-ocean-seignosse-768x1153.webp\" width=\"768\" height=\"1153\" alt=\"\" srcset=\"https:\/\/les-bassans.com\/wp-content\/uploads\/2025\/01\/70-hectares-et-l-ocean-seignosse-768x1153.webp 768w, https:\/\/les-bassans.com\/wp-content\/uploads\/2025\/01\/70-hectares-et-l-ocean-seignosse-200x300.webp 200w, https:\/\/les-bassans.com\/wp-content\/uploads\/2025\/01\/70-hectares-et-l-ocean-seignosse-682x1024.webp 682w, https:\/\/les-bassans.com\/wp-content\/uploads\/2025\/01\/70-hectares-et-l-ocean-seignosse-1023x1536.webp 1023w, https:\/\/les-bassans.com\/wp-content\/uploads\/2025\/01\/70-hectares-et-l-ocean-seignosse.webp 1066w\" sizes=\"(max-width: 768px) 100vw, 768px\"><\/noscript>\n\t\t\t<\/div>\n\t\t<\/div>\n\t\t\t\t\t\t\t<\/div>\n\t\t\t\t\t\t\t\t\t\t\t\t\t<div class=\"portfolio-card__content mt-lg-4 mt-3\">\n\t\t\t\t\t\t\t\t\n\t\t\t\t\t\t\t<h2 class=\"my-0 typography-heading my-0 typography-heading\">70 Hectares\u2026 &amp; l\u2019Oc\u00e9an<br><span class=\"masonry-subheading\">Seignosse<\/span>\t\t\t<\/h2>\t\t\t\t   \n\t\t\n\t\t\t\t\t<div class=\"w-100\"><\/div>\n\t\t\t<!-- Description -->\n\t\t\t\t\t\t\t\t\t<h3 class=\"mt-3 mb-0 typography-description\">Une maison landaise au c\u0153ur de la pin\u00e8de surplombant le golf de Seignosse, \u00e0 deux pas de l'Oc\u00e9an.\n\t\t\t<\/h3>\t\t\t\t   \t\t\t<!-- - Description -->\n\t\t\t\t\t\t\t\t\t<\/div>\n\t\t\t\t\t\t\t<\/a>\n\t\t<\/div>\n\t\t\t\t\t\t\t\t\t<\/div>\n\t\t\t\t\t\t\t\t<div class=\"js-grid__item col-xxl-4 col-xl-4 col-lg-6 col-md-6 col-sm-12 col-12 category-c\u00f4te_ouest\">\n\t\t\t\t\t\t\t\t\t\t\t<div class=\"portfolio-card\" data-post-id=\"7\" data-arts-os-animation-name=\"animatedJumpScale\">\n\t\t\t<a href=\"https:\/\/www.lesdomainesdefontenille.com\/fr\/les-hautes-mers.html\" class=\"portfolio-card__link hover-zoom\">\n\t\t\t\t\t\t\t\t\t<div class=\"portfolio-card__wrapper-media\">\n\t\t\t\t\t\t\t\t<div class=\"overflow-hidden shape-top-arc hover-zoom__zoom\">\n\t\t\t\n\t<div class=\"overflow-hidden hover-zoom__inner has-aspect-ratio\" style=\"--media-width:768; --media-height:1152;\">\n\t\t<img loading=\"lazy\" decoding=\"async\" class=\"lazy of-contain\" src=\"data:image\/svg+xml,%3Csvg%20xmlns=&amp;apos;http:\/\/www.w3.org\/2000\/svg&amp;apos;%20width=&amp;apos;100%25&amp;apos;%20height=&amp;apos;100%25&amp;apos;%3E%3C\/svg%3E\" data-src=\"https:\/\/les-bassans.com\/wp-content\/uploads\/2025\/01\/les-hautes-mers-768x1152.webp\" width=\"768\" height=\"1152\" data-srcset=\"https:\/\/les-bassans.com\/wp-content\/uploads\/2025\/01\/les-hautes-mers-768x1152.webp 768w, https:\/\/les-bassans.com\/wp-content\/uploads\/2025\/01\/les-hautes-mers-200x300.webp 200w, https:\/\/les-bassans.com\/wp-content\/uploads\/2025\/01\/les-hautes-mers-683x1024.webp 683w, https:\/\/les-bassans.com\/wp-content\/uploads\/2025\/01\/les-hautes-mers-1024x1536.webp 1024w, https:\/\/les-bassans.com\/wp-content\/uploads\/2025\/01\/les-hautes-mers.webp 1280w\" data-sizes=\"(max-width: 768px) 100vw, 768px\" alt=\"\">\n\t\t\t<noscript><img loading=\"lazy\" decoding=\"async\" class=\"lazy of-contain\" src=\"https:\/\/les-bassans.com\/wp-content\/uploads\/2025\/01\/les-hautes-mers-768x1152.webp\" width=\"768\" height=\"1152\" alt=\"\" srcset=\"https:\/\/les-bassans.com\/wp-content\/uploads\/2025\/01\/les-hautes-mers-768x1152.webp 768w, https:\/\/les-bassans.com\/wp-content\/uploads\/2025\/01\/les-hautes-mers-200x300.webp 200w, https:\/\/les-bassans.com\/wp-content\/uploads\/2025\/01\/les-hautes-mers-683x1024.webp 683w, https:\/\/les-bassans.com\/wp-content\/uploads\/2025\/01\/les-hautes-mers-1024x1536.webp 1024w, https:\/\/les-bassans.com\/wp-content\/uploads\/2025\/01\/les-hautes-mers.webp 1280w\" sizes=\"(max-width: 768px) 100vw, 768px\"><\/noscript>\n\t\t\t<\/div>\n\t\t<\/div>\n\t\t\t\t\t\t\t<\/div>\n\t\t\t\t\t\t\t\t\t\t\t\t\t<div class=\"portfolio-card__content mt-lg-4 mt-3\">\n\t\t\t\t\t\t\t\t\n\t\t\t\t\t\t\t<h2 class=\"my-0 typography-heading my-0 typography-heading\">Les Hautes Mers<br><span class=\"masonry-subheading\">L\u2019\u00cele d\u2019Yeu<\/span>\t\t\t<\/h2>\t\t\t\t   \n\t\t\n\t\t\t\t\t<div class=\"w-100\"><\/div>\n\t\t\t<!-- Description -->\n\t\t\t\t\t\t\t\t\t<h3 class=\"mt-3 mb-0 typography-description\">Un h\u00f4tel de charme, inspir\u00e9 par l'esprit des p\u00eacheurs, id\u00e9alement situ\u00e9 en bord d'oc\u00e9an sur l'\u00cele d'Yeu. \t\t\t<\/h3>\t\t\t\t   \t\t\t<!-- - Description -->\n\t\t\t\t\t\t\t\t\t<\/div>\n\t\t\t\t\t\t\t<\/a>\n\t\t<\/div>\n\t\t\t\t\t\t\t\t\t<\/div>\n\t\t\t\t\t\t\t\t<div class=\"js-grid__item col-xxl-4 col-xl-4 col-lg-6 col-md-6 col-sm-12 col-12 category-c\u00f4te_ouest\">\n\t\t\t\t\t\t\t\t\t\t\t<div class=\"portfolio-card\" data-post-id=\"8\" data-arts-os-animation-name=\"animatedJumpScale\">\n\t\t\t<a href=\"https:\/\/les-bassans.com\/hotel-spa-a-perros-guirec\/\" class=\"portfolio-card__link hover-zoom\">\n\t\t\t\t\t\t\t\t\t<div class=\"portfolio-card__wrapper-media\">\n\t\t\t\t\t\t\t\t<div class=\"overflow-hidden shape-top-arc hover-zoom__zoom\">\n\t\t\t\n\t<div class=\"overflow-hidden hover-zoom__inner has-aspect-ratio\" style=\"--media-width:768; --media-height:1152;\">\n\t\t<img loading=\"lazy\" decoding=\"async\" class=\"lazy of-contain\" src=\"data:image\/svg+xml,%3Csvg%20xmlns=&amp;apos;http:\/\/www.w3.org\/2000\/svg&amp;apos;%20width=&amp;apos;100%25&amp;apos;%20height=&amp;apos;100%25&amp;apos;%3E%3C\/svg%3E\" data-src=\"https:\/\/les-bassans.com\/wp-content\/uploads\/2025\/01\/les-bassans-perros-guirec-768x1152.webp\" width=\"768\" height=\"1152\" data-srcset=\"https:\/\/les-bassans.com\/wp-content\/uploads\/2025\/01\/les-bassans-perros-guirec-768x1152.webp 768w, https:\/\/les-bassans.com\/wp-content\/uploads\/2025\/01\/les-bassans-perros-guirec-200x300.webp 200w, https:\/\/les-bassans.com\/wp-content\/uploads\/2025\/01\/les-bassans-perros-guirec-683x1024.webp 683w, https:\/\/les-bassans.com\/wp-content\/uploads\/2025\/01\/les-bassans-perros-guirec-1024x1536.webp 1024w, https:\/\/les-bassans.com\/wp-content\/uploads\/2025\/01\/les-bassans-perros-guirec.webp 1280w\" data-sizes=\"(max-width: 768px) 100vw, 768px\" alt=\"\">\n\t\t\t<noscript><img loading=\"lazy\" decoding=\"async\" class=\"lazy of-contain\" src=\"https:\/\/les-bassans.com\/wp-content\/uploads\/2025\/01\/les-bassans-perros-guirec-768x1152.webp\" width=\"768\" height=\"1152\" alt=\"\" srcset=\"https:\/\/les-bassans.com\/wp-content\/uploads\/2025\/01\/les-bassans-perros-guirec-768x1152.webp 768w, https:\/\/les-bassans.com\/wp-content\/uploads\/2025\/01\/les-bassans-perros-guirec-200x300.webp 200w, https:\/\/les-bassans.com\/wp-content\/uploads\/2025\/01\/les-bassans-perros-guirec-683x1024.webp 683w, https:\/\/les-bassans.com\/wp-content\/uploads\/2025\/01\/les-bassans-perros-guirec-1024x1536.webp 1024w, https:\/\/les-bassans.com\/wp-content\/uploads\/2025\/01\/les-bassans-perros-guirec.webp 1280w\" sizes=\"(max-width: 768px) 100vw, 768px\"><\/noscript>\n\t\t\t<\/div>\n\t\t<\/div>\n\t\t\t\t\t\t\t<\/div>\n\t\t\t\t\t\t\t\t\t\t\t\t\t<div class=\"portfolio-card__content mt-lg-4 mt-3\">\n\t\t\t\t\t\t\t\t\n\t\t\t\t\t\t\t<h2 class=\"my-0 typography-heading my-0 typography-heading\">Les Bassans<br><span class=\"masonry-subheading\">Perros-Guirec<\/span>\t\t\t<\/h2>\t\t\t\t   \n\t\t\n\t\t\t\t\t<div class=\"w-100\"><\/div>\n\t\t\t<!-- Description -->\n\t\t\t\t\t\t\t\t\t<h3 class=\"mt-3 mb-0 typography-description\">Une maison bretonne intimiste entre ciel et mer perch\u00e9e face \u00e0 l\u2019Archipel des Sept \u00celes, tout pr\u00e8s de la plage de Trestignel.\n\t\t\t<\/h3>\t\t\t\t   \t\t\t<!-- - Description -->\n\t\t\t\t\t\t\t\t\t<\/div>\n\t\t\t\t\t\t\t<\/a>\n\t\t<\/div>\n\t\t\t\t\t\t\t\t\t<\/div>\n\t\t\t\t\t\t\t\t<div class=\"js-grid__item col-xxl-4 col-xl-4 col-lg-6 col-md-6 col-sm-12 col-12 category-minorque\">\n\t\t\t\t\t\t\t\t\t\t\t<div class=\"portfolio-card\" data-post-id=\"9\" data-arts-os-animation-name=\"animatedJumpScale\">\n\t\t\t<a href=\"https:\/\/www.lesdomainesdefontenille.com\/fr\/santa-ponsa.html\" class=\"portfolio-card__link hover-zoom\">\n\t\t\t\t\t\t\t\t\t<div class=\"portfolio-card__wrapper-media\">\n\t\t\t\t\t\t\t\t<div class=\"overflow-hidden shape-top-arc hover-zoom__zoom\">\n\t\t\t\n\t<div class=\"overflow-hidden hover-zoom__inner has-aspect-ratio\" style=\"--media-width:768; --media-height:1153;\">\n\t\t<img loading=\"lazy\" decoding=\"async\" class=\"lazy of-contain\" src=\"data:image\/svg+xml,%3Csvg%20xmlns=&amp;apos;http:\/\/www.w3.org\/2000\/svg&amp;apos;%20width=&amp;apos;100%25&amp;apos;%20height=&amp;apos;100%25&amp;apos;%3E%3C\/svg%3E\" data-src=\"https:\/\/les-bassans.com\/wp-content\/uploads\/2025\/01\/santa-ponsa-menorca1-768x1153.webp\" width=\"768\" height=\"1153\" data-srcset=\"https:\/\/les-bassans.com\/wp-content\/uploads\/2025\/01\/santa-ponsa-menorca1-768x1153.webp 768w, https:\/\/les-bassans.com\/wp-content\/uploads\/2025\/01\/santa-ponsa-menorca1-200x300.webp 200w, https:\/\/les-bassans.com\/wp-content\/uploads\/2025\/01\/santa-ponsa-menorca1-682x1024.webp 682w, https:\/\/les-bassans.com\/wp-content\/uploads\/2025\/01\/santa-ponsa-menorca1-1023x1536.webp 1023w, https:\/\/les-bassans.com\/wp-content\/uploads\/2025\/01\/santa-ponsa-menorca1.webp 1066w\" data-sizes=\"(max-width: 768px) 100vw, 768px\" alt=\"\">\n\t\t\t<noscript><img loading=\"lazy\" decoding=\"async\" class=\"lazy of-contain\" src=\"https:\/\/les-bassans.com\/wp-content\/uploads\/2025\/01\/santa-ponsa-menorca1-768x1153.webp\" width=\"768\" height=\"1153\" alt=\"\" srcset=\"https:\/\/les-bassans.com\/wp-content\/uploads\/2025\/01\/santa-ponsa-menorca1-768x1153.webp 768w, https:\/\/les-bassans.com\/wp-content\/uploads\/2025\/01\/santa-ponsa-menorca1-200x300.webp 200w, https:\/\/les-bassans.com\/wp-content\/uploads\/2025\/01\/santa-ponsa-menorca1-682x1024.webp 682w, https:\/\/les-bassans.com\/wp-content\/uploads\/2025\/01\/santa-ponsa-menorca1-1023x1536.webp 1023w, https:\/\/les-bassans.com\/wp-content\/uploads\/2025\/01\/santa-ponsa-menorca1.webp 1066w\" sizes=\"(max-width: 768px) 100vw, 768px\"><\/noscript>\n\t\t\t<\/div>\n\t\t<\/div>\n\t\t\t\t\t\t\t<\/div>\n\t\t\t\t\t\t\t\t\t\t\t\t\t<div class=\"portfolio-card__content mt-lg-4 mt-3\">\n\t\t\t\t\t\t\t\t\n\t\t\t\t\t\t\t<h2 class=\"my-0 typography-heading my-0 typography-heading\">Santa Ponsa<br><span class=\"masonry-subheading\">Menorca<\/span>\t\t\t<\/h2>\t\t\t\t   \n\t\t\n\t\t\t\t\t<div class=\"w-100\"><\/div>\n\t\t\t<!-- Description -->\n\t\t\t\t\t\t\t\t\t<h3 class=\"mt-3 mb-0 typography-description\">Un ancien palais minorquin du XVII\u00e8me si\u00e8cle charg\u00e9 d'histoire et ses 100 hectares de nature luxuriante, entre influences espagnoles et maures.\t\t\t<\/h3>\t\t\t\t   \t\t\t<!-- - Description -->\n\t\t\t\t\t\t\t\t\t<\/div>\n\t\t\t\t\t\t\t<\/a>\n\t\t<\/div>\n\t\t\t\t\t\t\t\t\t<\/div>\n\t\t\t\t\t\t\t\t<div class=\"js-grid__item col-xxl-4 col-xl-4 col-lg-6 col-md-6 col-sm-12 col-12 category-minorque\">\n\t\t\t\t\t\t\t\t\t\t\t<div class=\"portfolio-card\" data-post-id=\"10\" data-arts-os-animation-name=\"animatedJumpScale\">\n\t\t\t<a href=\"https:\/\/www.lesdomainesdefontenille.com\/fr\/torre-vella.html\" class=\"portfolio-card__link hover-zoom\">\n\t\t\t\t\t\t\t\t\t<div class=\"portfolio-card__wrapper-media\">\n\t\t\t\t\t\t\t\t<div class=\"overflow-hidden shape-top-arc hover-zoom__zoom\">\n\t\t\t\n\t<div class=\"overflow-hidden hover-zoom__inner has-aspect-ratio\" style=\"--media-width:768; --media-height:1152;\">\n\t\t<img loading=\"lazy\" decoding=\"async\" class=\"lazy of-contain\" src=\"data:image\/svg+xml,%3Csvg%20xmlns=&amp;apos;http:\/\/www.w3.org\/2000\/svg&amp;apos;%20width=&amp;apos;100%25&amp;apos;%20height=&amp;apos;100%25&amp;apos;%3E%3C\/svg%3E\" data-src=\"https:\/\/les-bassans.com\/wp-content\/uploads\/2025\/01\/torre-vella-menorca_11zon-768x1152.webp\" width=\"768\" height=\"1152\" data-srcset=\"https:\/\/les-bassans.com\/wp-content\/uploads\/2025\/01\/torre-vella-menorca_11zon-768x1152.webp 768w, https:\/\/les-bassans.com\/wp-content\/uploads\/2025\/01\/torre-vella-menorca_11zon-200x300.webp 200w, https:\/\/les-bassans.com\/wp-content\/uploads\/2025\/01\/torre-vella-menorca_11zon-683x1024.webp 683w, https:\/\/les-bassans.com\/wp-content\/uploads\/2025\/01\/torre-vella-menorca_11zon-1024x1536.webp 1024w, https:\/\/les-bassans.com\/wp-content\/uploads\/2025\/01\/torre-vella-menorca_11zon.webp 1280w\" data-sizes=\"(max-width: 768px) 100vw, 768px\" alt=\"\">\n\t\t\t<noscript><img loading=\"lazy\" decoding=\"async\" class=\"lazy of-contain\" src=\"https:\/\/les-bassans.com\/wp-content\/uploads\/2025\/01\/torre-vella-menorca_11zon-768x1152.webp\" width=\"768\" height=\"1152\" alt=\"\" srcset=\"https:\/\/les-bassans.com\/wp-content\/uploads\/2025\/01\/torre-vella-menorca_11zon-768x1152.webp 768w, https:\/\/les-bassans.com\/wp-content\/uploads\/2025\/01\/torre-vella-menorca_11zon-200x300.webp 200w, https:\/\/les-bassans.com\/wp-content\/uploads\/2025\/01\/torre-vella-menorca_11zon-683x1024.webp 683w, https:\/\/les-bassans.com\/wp-content\/uploads\/2025\/01\/torre-vella-menorca_11zon-1024x1536.webp 1024w, https:\/\/les-bassans.com\/wp-content\/uploads\/2025\/01\/torre-vella-menorca_11zon.webp 1280w\" sizes=\"(max-width: 768px) 100vw, 768px\"><\/noscript>\n\t\t\t<\/div>\n\t\t<\/div>\n\t\t\t\t\t\t\t<\/div>\n\t\t\t\t\t\t\t\t\t\t\t\t\t<div class=\"portfolio-card__content mt-lg-4 mt-3\">\n\t\t\t\t\t\t\t\t\n\t\t\t\t\t\t\t<h2 class=\"my-0 typography-heading my-0 typography-heading\">Torre Vella <br> <span class=\"masonry-subheading\">Menorca<\/span>\t\t\t<\/h2>\t\t\t\t   \n\t\t\n\t\t\t\t\t<div class=\"w-100\"><\/div>\n\t\t\t<!-- Description -->\n\t\t\t\t\t\t\t\t\t<h3 class=\"mt-3 mb-0 typography-description\">Une finca minorquine boh\u00e8me iconique, qui s\u2019\u00e9tire sur 200 hectares jusqu\u2019aux falaises bordant 1 700 m\u00e8tres de c\u00f4tes, entre histoire mill\u00e9naire et paysages sauvages.\t\t\t<\/h3>\t\t\t\t   \t\t\t<!-- - Description -->\n\t\t\t\t\t\t\t\t\t<\/div>\n\t\t\t\t\t\t\t<\/a>\n\t\t<\/div>\n\t\t\t\t\t\t\t\t\t<\/div>\n\t\t\t\t\t\t\t\t<div class=\"js-grid__item col-xxl-4 col-xl-4 col-lg-6 col-md-6 col-sm-12 col-12 category-toscane\">\n\t\t\t\t\t\t\t\t\t\t\t<div class=\"portfolio-card\" data-post-id=\"11\" data-arts-os-animation-name=\"animatedJumpScale\">\n\t\t\t<a href=\"https:\/\/www.lesdomainesdefontenille.com\/fr\/pievealdina.html\" class=\"portfolio-card__link hover-zoom\">\n\t\t\t\t\t\t\t\t\t<div class=\"portfolio-card__wrapper-media\">\n\t\t\t\t\t\t\t\t<div class=\"overflow-hidden shape-top-arc hover-zoom__zoom\">\n\t\t\t\n\t<div class=\"overflow-hidden hover-zoom__inner has-aspect-ratio\" style=\"--media-width:768; --media-height:1153;\">\n\t\t<img loading=\"lazy\" decoding=\"async\" class=\"lazy of-contain\" src=\"data:image\/svg+xml,%3Csvg%20xmlns=&amp;apos;http:\/\/www.w3.org\/2000\/svg&amp;apos;%20width=&amp;apos;100%25&amp;apos;%20height=&amp;apos;100%25&amp;apos;%3E%3C\/svg%3E\" data-src=\"https:\/\/les-bassans.com\/wp-content\/uploads\/2025\/01\/pieve-aldina-toscane-768x1153.webp\" width=\"768\" height=\"1153\" data-srcset=\"https:\/\/les-bassans.com\/wp-content\/uploads\/2025\/01\/pieve-aldina-toscane-768x1153.webp 768w, https:\/\/les-bassans.com\/wp-content\/uploads\/2025\/01\/pieve-aldina-toscane-200x300.webp 200w, https:\/\/les-bassans.com\/wp-content\/uploads\/2025\/01\/pieve-aldina-toscane-682x1024.webp 682w, https:\/\/les-bassans.com\/wp-content\/uploads\/2025\/01\/pieve-aldina-toscane-1023x1536.webp 1023w, https:\/\/les-bassans.com\/wp-content\/uploads\/2025\/01\/pieve-aldina-toscane.webp 1066w\" data-sizes=\"(max-width: 768px) 100vw, 768px\" alt=\"\">\n\t\t\t<noscript><img loading=\"lazy\" decoding=\"async\" class=\"lazy of-contain\" src=\"https:\/\/les-bassans.com\/wp-content\/uploads\/2025\/01\/pieve-aldina-toscane-768x1153.webp\" width=\"768\" height=\"1153\" alt=\"\" srcset=\"https:\/\/les-bassans.com\/wp-content\/uploads\/2025\/01\/pieve-aldina-toscane-768x1153.webp 768w, https:\/\/les-bassans.com\/wp-content\/uploads\/2025\/01\/pieve-aldina-toscane-200x300.webp 200w, https:\/\/les-bassans.com\/wp-content\/uploads\/2025\/01\/pieve-aldina-toscane-682x1024.webp 682w, https:\/\/les-bassans.com\/wp-content\/uploads\/2025\/01\/pieve-aldina-toscane-1023x1536.webp 1023w, https:\/\/les-bassans.com\/wp-content\/uploads\/2025\/01\/pieve-aldina-toscane.webp 1066w\" sizes=\"(max-width: 768px) 100vw, 768px\"><\/noscript>\n\t\t\t<\/div>\n\t\t<\/div>\n\t\t\t\t\t\t\t<\/div>\n\t\t\t\t\t\t\t\t\t\t\t\t\t<div class=\"portfolio-card__content mt-lg-4 mt-3\">\n\t\t\t\t\t\t\t\t\n\t\t\t\t\t\t\t<h2 class=\"my-0 typography-heading my-0 typography-heading\">Pieve Aldina<br><span class=\"masonry-subheading\">Toscane<\/span>\t\t\t<\/h2>\t\t\t\t   \n\t\t\n\t\t\t\t\t<div class=\"w-100\"><\/div>\n\t\t\t<!-- Description -->\n\t\t\t\t\t\t\t\t\t<h3 class=\"mt-3 mb-0 typography-description\">L\u2019ancienne r\u00e9sidence d\u2019\u00e9t\u00e9 des \u00c9v\u00eaques de Sienne, avec son \u00e9glise consacr\u00e9e, nich\u00e9e \u00e0 Radda-in-Chianti, \u00e0 une heure de Florence.\t\t\t<\/h3>\t\t\t\t   \t\t\t<!-- - Description -->\n\t\t\t\t\t\t\t\t\t<\/div>\n\t\t\t\t\t\t\t<\/a>\n\t\t<\/div>\n\t\t\t\t\t\t\t\t\t<\/div>\n\t\t\t\t\t\t\t<\/div>\n\t\t<\/div>\n\t\t<!-- - Grid items -->\n\t\t\t\t\t\t\t<\/div>\n\t\t\t\t\t\t\t\t<\/div>\n\t\t\t\t<\/div>\n\t\t\t\t<\/div>\n\t\t<div class=\"elementor-element elementor-element-bd61f7c e-con-full elementor-hidden-desktop elementor-hidden-tablet elementor-hidden-mobile e-flex e-con e-child\" data-id=\"bd61f7c\" data-element_type=\"container\" data-e-type=\"container\" data-settings=\"{&quot;background_background&quot;:&quot;classic&quot;}\">\n\t\t<div class=\"elementor-element elementor-element-e59b368 e-con-full e-flex e-con e-child\" data-id=\"e59b368\" data-element_type=\"container\" data-e-type=\"container\">\n\t\t<div class=\"elementor-element elementor-element-7278f05 e-con-full e-flex e-con e-child\" data-id=\"7278f05\" data-element_type=\"container\" data-e-type=\"container\">\n\t\t\t\t<div class=\"elementor-element elementor-element-a32cf6c elementor-cta--skin-cover elementor-cta--valign-middle elementor-animated-content elementor-bg-transform elementor-bg-transform-zoom-in elementor-widget elementor-widget-call-to-action\" data-id=\"a32cf6c\" data-element_type=\"widget\" data-e-type=\"widget\" data-widget_type=\"call-to-action.default\">\n\t\t\t\t<div class=\"elementor-widget-container\">\n\t\t\t\t\t\t\t<a class=\"elementor-cta\" href=\"https:\/\/les-bassans.com\/experiences\/\">\n\t\t\t\t\t<div class=\"elementor-cta__bg-wrapper\">\n\t\t\t\t<div class=\"elementor-cta__bg elementor-bg\" style=\"background-image: url(https:\/\/les-bassans.com\/wp-content\/uploads\/2024\/12\/experience-atelier-culinaire.jpg);\" role=\"img\" aria-label=\"experience-atelier-culinaire\"><\/div>\n\t\t\t\t<div class=\"elementor-cta__bg-overlay\"><\/div>\n\t\t\t<\/div>\n\t\t\t\t\t\t\t<div class=\"elementor-cta__content\">\n\t\t\t\t\n\t\t\t\t\t\t\t\t\t<h3 class=\"elementor-cta__title elementor-cta__content-item elementor-content-item elementor-animated-item--move-up\">\n\t\t\t\t\t\tExp\u00e9riences\t\t\t\t\t<\/h3>\n\t\t\t\t\n\t\t\t\t\t\t\t\t\t<h4 class=\"elementor-cta__description elementor-cta__content-item elementor-content-item elementor-animated-item--move-up\">\n\t\t\t\t\t\tCr\u00e9er des souvenirs<br>inoubliables\t\t\t\t\t<\/h4>\n\t\t\t\t\n\t\t\t\t\t\t\t<\/div>\n\t\t\t\t\t\t<\/a>\n\t\t\t\t\t\t<\/div>\n\t\t\t\t<\/div>\n\t\t\t\t<\/div>\n\t\t<div class=\"elementor-element elementor-element-122a505 e-con-full e-flex e-con e-child\" data-id=\"122a505\" data-element_type=\"container\" data-e-type=\"container\">\n\t\t\t\t<div class=\"elementor-element elementor-element-621523a elementor-cta--skin-cover elementor-cta--valign-middle elementor-animated-content elementor-bg-transform elementor-bg-transform-zoom-in elementor-widget elementor-widget-call-to-action\" data-id=\"621523a\" data-element_type=\"widget\" data-e-type=\"widget\" data-widget_type=\"call-to-action.default\">\n\t\t\t\t<div class=\"elementor-widget-container\">\n\t\t\t\t\t\t\t<a class=\"elementor-cta\" href=\"https:\/\/les-bassans.com\/nos-spas\/\">\n\t\t\t\t\t<div class=\"elementor-cta__bg-wrapper\">\n\t\t\t\t<div class=\"elementor-cta__bg elementor-bg\" style=\"background-image: url(https:\/\/les-bassans.com\/wp-content\/uploads\/2024\/12\/soins-provence-768x768.webp);\" role=\"img\" aria-label=\"soins-provence\"><\/div>\n\t\t\t\t<div class=\"elementor-cta__bg-overlay\"><\/div>\n\t\t\t<\/div>\n\t\t\t\t\t\t\t<div class=\"elementor-cta__content\">\n\t\t\t\t\n\t\t\t\t\t\t\t\t\t<h3 class=\"elementor-cta__title elementor-cta__content-item elementor-content-item elementor-animated-item--move-up\">\n\t\t\t\t\t\tSpas\t\t\t\t\t<\/h3>\n\t\t\t\t\n\t\t\t\t\t\t\t\t\t<h4 class=\"elementor-cta__description elementor-cta__content-item elementor-content-item elementor-animated-item--move-up\">\n\t\t\t\t\t\tOffrez-vous un<br>Moment de S\u00e9r\u00e9nit\u00e9\t\t\t\t\t<\/h4>\n\t\t\t\t\n\t\t\t\t\t\t\t<\/div>\n\t\t\t\t\t\t<\/a>\n\t\t\t\t\t\t<\/div>\n\t\t\t\t<\/div>\n\t\t\t\t<\/div>\n\t\t<div class=\"elementor-element elementor-element-c743555 e-con-full e-flex e-con e-child\" data-id=\"c743555\" data-element_type=\"container\" data-e-type=\"container\">\n\t\t\t\t<div class=\"elementor-element elementor-element-0ee1c36 elementor-cta--skin-cover elementor-cta--valign-middle elementor-animated-content elementor-bg-transform elementor-bg-transform-zoom-in elementor-widget elementor-widget-call-to-action\" data-id=\"0ee1c36\" data-element_type=\"widget\" data-e-type=\"widget\" data-widget_type=\"call-to-action.default\">\n\t\t\t\t<div class=\"elementor-widget-container\">\n\t\t\t\t\t\t\t<a class=\"elementor-cta\" href=\"https:\/\/les-bassans.com\/nos-restaurants\/\">\n\t\t\t\t\t<div class=\"elementor-cta__bg-wrapper\">\n\t\t\t\t<div class=\"elementor-cta__bg elementor-bg\" style=\"background-image: url(https:\/\/les-bassans.com\/wp-content\/uploads\/2024\/12\/nos-restaurants-768x1152.webp);\" role=\"img\" aria-label=\"nos-restaurants\"><\/div>\n\t\t\t\t<div class=\"elementor-cta__bg-overlay\"><\/div>\n\t\t\t<\/div>\n\t\t\t\t\t\t\t<div class=\"elementor-cta__content\">\n\t\t\t\t\n\t\t\t\t\t\t\t\t\t<h3 class=\"elementor-cta__title elementor-cta__content-item elementor-content-item elementor-animated-item--move-up\">\n\t\t\t\t\t\tRestaurants\t\t\t\t\t<\/h3>\n\t\t\t\t\n\t\t\t\t\t\t\t\t\t<h4 class=\"elementor-cta__description elementor-cta__content-item elementor-content-item elementor-animated-item--move-up\">\n\t\t\t\t\t\tTables gourmandes<br>et conviviales\n\t\t\t\t\t<\/h4>\n\t\t\t\t\n\t\t\t\t\t\t\t<\/div>\n\t\t\t\t\t\t<\/a>\n\t\t\t\t\t\t<\/div>\n\t\t\t\t<\/div>\n\t\t\t\t<\/div>\n\t\t<div class=\"elementor-element elementor-element-350809f e-con-full e-flex e-con e-child\" data-id=\"350809f\" data-element_type=\"container\" data-e-type=\"container\">\n\t\t\t\t<div class=\"elementor-element elementor-element-64e1a8e elementor-cta--skin-cover elementor-cta--valign-middle elementor-animated-content elementor-bg-transform elementor-bg-transform-zoom-in elementor-widget elementor-widget-call-to-action\" data-id=\"64e1a8e\" data-element_type=\"widget\" data-e-type=\"widget\" data-widget_type=\"call-to-action.default\">\n\t\t\t\t<div class=\"elementor-widget-container\">\n\t\t\t\t\t\t\t<a class=\"elementor-cta\" href=\"https:\/\/les-bassans.com\/privatisations\/\">\n\t\t\t\t\t<div class=\"elementor-cta__bg-wrapper\">\n\t\t\t\t<div class=\"elementor-cta__bg elementor-bg\" style=\"background-image: url(https:\/\/les-bassans.com\/wp-content\/uploads\/2025\/01\/evenements-768x1152.webp);\" role=\"img\" aria-label=\"evenements\"><\/div>\n\t\t\t\t<div class=\"elementor-cta__bg-overlay\"><\/div>\n\t\t\t<\/div>\n\t\t\t\t\t\t\t<div class=\"elementor-cta__content\">\n\t\t\t\t\n\t\t\t\t\t\t\t\t\t<h3 class=\"elementor-cta__title elementor-cta__content-item elementor-content-item elementor-animated-item--move-up\">\n\t\t\t\t\t\tPrivatisation\t\t\t\t\t<\/h3>\n\t\t\t\t\n\t\t\t\t\t\t\t\t\t<h4 class=\"elementor-cta__description elementor-cta__content-item elementor-content-item elementor-animated-item--move-up\">\n\t\t\t\t\t\tR\u00e9ceptions<br>sur-mesure\n\t\t\t\t\t<\/h4>\n\t\t\t\t\n\t\t\t\t\t\t\t<\/div>\n\t\t\t\t\t\t<\/a>\n\t\t\t\t\t\t<\/div>\n\t\t\t\t<\/div>\n\t\t\t\t<\/div>\n\t\t\t\t<\/div>\n\t\t\t\t<\/div>\n\t\t\t\t<\/div>\n\t\t","protected":false},"excerpt":{"rendered":"<p>Une invitation \u00e0 se reconnecter avec la nature, l\u2019histoire et le patrimoine. Un voyage particulier o\u00f9 chaque Maison raconte une histoire singuli\u00e8re. d\u00e9couvrez Fontenille Collection Filtres Tous\u00c0 1 heure de ParisProvenceC\u00f4te OuestMinorqueToscane Tous \u00c0 1 heure de Paris Provence C\u00f4te Ouest Minorque Toscane Domaine de PrimardNormandie Une maison de campagne au sein de jardins enchanteurs [&hellip;]<\/p>\n","protected":false},"author":1,"featured_media":27930,"parent":0,"menu_order":0,"comment_status":"closed","ping_status":"closed","template":"elementor_header_footer","meta":{"_acf_changed":false,"iawp_total_views":6935,"footnotes":""},"class_list":["post-2213","page","type-page","status-publish","has-post-thumbnail","hentry"],"acf":[],"yoast_head":"<!-- This site is optimized with the Yoast SEO plugin v27.5 - https:\/\/yoast.com\/product\/yoast-seo-wordpress\/ -->\n<title>Notre Collection &#8226; Les Bassans<\/title>\n<meta name=\"description\" content=\"D\u00e9couvrez la Collection Fontenille : des h\u00f4tels singuliers entre nature, patrimoine et art de vivre, de la Provence \u00e0 la Bretagne.\" \/>\n<meta name=\"robots\" content=\"index, follow, max-snippet:-1, max-image-preview:large, max-video-preview:-1\" \/>\n<link rel=\"canonical\" href=\"https:\/\/les-bassans.com\/it\/la-nostra-collezione\/\" \/>\n<meta property=\"og:locale\" content=\"it_IT\" \/>\n<meta property=\"og:type\" content=\"article\" \/>\n<meta property=\"og:title\" content=\"Notre Collection &#8226; Les Bassans\" \/>\n<meta property=\"og:description\" content=\"D\u00e9couvrez la Collection Fontenille : des h\u00f4tels singuliers entre nature, patrimoine et art de vivre, de la Provence \u00e0 la Bretagne.\" \/>\n<meta property=\"og:url\" content=\"https:\/\/les-bassans.com\/it\/la-nostra-collezione\/\" \/>\n<meta property=\"og:site_name\" content=\"Les Bassans\" \/>\n<meta property=\"article:modified_time\" content=\"2025-04-09T15:21:48+00:00\" \/>\n<meta property=\"og:image\" content=\"https:\/\/les-bassans.com\/wp-content\/uploads\/2025\/04\/les-bassans-hotel-spa-perros-guirec-bretagne-fontenille-collection-logo-officiel-scaled.jpg\" \/>\n\t<meta property=\"og:image:width\" content=\"2560\" \/>\n\t<meta property=\"og:image:height\" content=\"1427\" \/>\n\t<meta property=\"og:image:type\" content=\"image\/jpeg\" \/>\n<meta name=\"twitter:card\" content=\"summary_large_image\" \/>\n<meta name=\"twitter:label1\" content=\"Tempo di lettura stimato\" \/>\n\t<meta name=\"twitter:data1\" content=\"5 minuti\" \/>\n<script type=\"application\/ld+json\" class=\"yoast-schema-graph\">{\"@context\":\"https:\\\/\\\/schema.org\",\"@graph\":[{\"@type\":\"WebPage\",\"@id\":\"https:\\\/\\\/les-bassans.com\\\/notre-collection\\\/\",\"url\":\"https:\\\/\\\/les-bassans.com\\\/notre-collection\\\/\",\"name\":\"Notre Collection &#8226; Les Bassans\",\"isPartOf\":{\"@id\":\"https:\\\/\\\/les-bassans.com\\\/#website\"},\"primaryImageOfPage\":{\"@id\":\"https:\\\/\\\/les-bassans.com\\\/notre-collection\\\/#primaryimage\"},\"image\":{\"@id\":\"https:\\\/\\\/les-bassans.com\\\/notre-collection\\\/#primaryimage\"},\"thumbnailUrl\":\"https:\\\/\\\/les-bassans.com\\\/wp-content\\\/uploads\\\/2025\\\/04\\\/les-bassans-hotel-spa-perros-guirec-bretagne-fontenille-collection-logo-officiel-scaled.jpg\",\"datePublished\":\"2023-06-26T01:56:14+00:00\",\"dateModified\":\"2025-04-09T15:21:48+00:00\",\"description\":\"D\u00e9couvrez la Collection Fontenille : des h\u00f4tels singuliers entre nature, patrimoine et art de vivre, de la Provence \u00e0 la Bretagne.\",\"breadcrumb\":{\"@id\":\"https:\\\/\\\/les-bassans.com\\\/notre-collection\\\/#breadcrumb\"},\"inLanguage\":\"it-IT\",\"potentialAction\":[{\"@type\":\"ReadAction\",\"target\":[\"https:\\\/\\\/les-bassans.com\\\/notre-collection\\\/\"]}]},{\"@type\":\"ImageObject\",\"inLanguage\":\"it-IT\",\"@id\":\"https:\\\/\\\/les-bassans.com\\\/notre-collection\\\/#primaryimage\",\"url\":\"https:\\\/\\\/les-bassans.com\\\/wp-content\\\/uploads\\\/2025\\\/04\\\/les-bassans-hotel-spa-perros-guirec-bretagne-fontenille-collection-logo-officiel-scaled.jpg\",\"contentUrl\":\"https:\\\/\\\/les-bassans.com\\\/wp-content\\\/uploads\\\/2025\\\/04\\\/les-bassans-hotel-spa-perros-guirec-bretagne-fontenille-collection-logo-officiel-scaled.jpg\",\"width\":2560,\"height\":1427},{\"@type\":\"BreadcrumbList\",\"@id\":\"https:\\\/\\\/les-bassans.com\\\/notre-collection\\\/#breadcrumb\",\"itemListElement\":[{\"@type\":\"ListItem\",\"position\":1,\"name\":\"Accueil\",\"item\":\"https:\\\/\\\/les-bassans.com\\\/\"},{\"@type\":\"ListItem\",\"position\":2,\"name\":\"Notre Collection\"}]},{\"@type\":\"WebSite\",\"@id\":\"https:\\\/\\\/les-bassans.com\\\/#website\",\"url\":\"https:\\\/\\\/les-bassans.com\\\/\",\"name\":\"Les Bassans\",\"description\":\"H\u00f4tel Spa \u00e0 Perros-Guirec et Restaurant vue mer\",\"publisher\":{\"@id\":\"https:\\\/\\\/les-bassans.com\\\/#organization\"},\"potentialAction\":[{\"@type\":\"SearchAction\",\"target\":{\"@type\":\"EntryPoint\",\"urlTemplate\":\"https:\\\/\\\/les-bassans.com\\\/?s={search_term_string}\"},\"query-input\":{\"@type\":\"PropertyValueSpecification\",\"valueRequired\":true,\"valueName\":\"search_term_string\"}}],\"inLanguage\":\"it-IT\"},{\"@type\":\"Organization\",\"@id\":\"https:\\\/\\\/les-bassans.com\\\/#organization\",\"name\":\"Les Bassans\",\"alternateName\":\"Bassans\",\"url\":\"https:\\\/\\\/les-bassans.com\\\/\",\"logo\":{\"@type\":\"ImageObject\",\"inLanguage\":\"it-IT\",\"@id\":\"https:\\\/\\\/les-bassans.com\\\/#\\\/schema\\\/logo\\\/image\\\/\",\"url\":\"https:\\\/\\\/les-bassans.com\\\/wp-content\\\/uploads\\\/2023\\\/05\\\/LesBassans-Logo-Simple.png\",\"contentUrl\":\"https:\\\/\\\/les-bassans.com\\\/wp-content\\\/uploads\\\/2023\\\/05\\\/LesBassans-Logo-Simple.png\",\"width\":850,\"height\":253,\"caption\":\"Les Bassans\"},\"image\":{\"@id\":\"https:\\\/\\\/les-bassans.com\\\/#\\\/schema\\\/logo\\\/image\\\/\"}}]}<\/script>\n<!-- \/ Yoast SEO plugin. -->","yoast_head_json":{"title":"La nostra collezione - I Bassani","description":"Scoprite la Collezione Fontenille: hotel unici che combinano natura, patrimonio e arte di vivere, dalla Provenza alla Bretagna.","robots":{"index":"index","follow":"follow","max-snippet":"max-snippet:-1","max-image-preview":"max-image-preview:large","max-video-preview":"max-video-preview:-1"},"canonical":"https:\/\/les-bassans.com\/it\/la-nostra-collezione\/","og_locale":"it_IT","og_type":"article","og_title":"Notre Collection &#8226; Les Bassans","og_description":"D\u00e9couvrez la Collection Fontenille : des h\u00f4tels singuliers entre nature, patrimoine et art de vivre, de la Provence \u00e0 la Bretagne.","og_url":"https:\/\/les-bassans.com\/it\/la-nostra-collezione\/","og_site_name":"Les Bassans","article_modified_time":"2025-04-09T15:21:48+00:00","og_image":[{"width":2560,"height":1427,"url":"https:\/\/les-bassans.com\/wp-content\/uploads\/2025\/04\/les-bassans-hotel-spa-perros-guirec-bretagne-fontenille-collection-logo-officiel-scaled.jpg","type":"image\/jpeg"}],"twitter_card":"summary_large_image","twitter_misc":{"Tempo di lettura stimato":"5 minuti"},"schema":{"@context":"https:\/\/schema.org","@graph":[{"@type":"WebPage","@id":"https:\/\/les-bassans.com\/notre-collection\/","url":"https:\/\/les-bassans.com\/notre-collection\/","name":"La nostra collezione - I Bassani","isPartOf":{"@id":"https:\/\/les-bassans.com\/#website"},"primaryImageOfPage":{"@id":"https:\/\/les-bassans.com\/notre-collection\/#primaryimage"},"image":{"@id":"https:\/\/les-bassans.com\/notre-collection\/#primaryimage"},"thumbnailUrl":"https:\/\/les-bassans.com\/wp-content\/uploads\/2025\/04\/les-bassans-hotel-spa-perros-guirec-bretagne-fontenille-collection-logo-officiel-scaled.jpg","datePublished":"2023-06-26T01:56:14+00:00","dateModified":"2025-04-09T15:21:48+00:00","description":"Scoprite la Collezione Fontenille: hotel unici che combinano natura, patrimonio e arte di vivere, dalla Provenza alla Bretagna.","breadcrumb":{"@id":"https:\/\/les-bassans.com\/notre-collection\/#breadcrumb"},"inLanguage":"it-IT","potentialAction":[{"@type":"ReadAction","target":["https:\/\/les-bassans.com\/notre-collection\/"]}]},{"@type":"ImageObject","inLanguage":"it-IT","@id":"https:\/\/les-bassans.com\/notre-collection\/#primaryimage","url":"https:\/\/les-bassans.com\/wp-content\/uploads\/2025\/04\/les-bassans-hotel-spa-perros-guirec-bretagne-fontenille-collection-logo-officiel-scaled.jpg","contentUrl":"https:\/\/les-bassans.com\/wp-content\/uploads\/2025\/04\/les-bassans-hotel-spa-perros-guirec-bretagne-fontenille-collection-logo-officiel-scaled.jpg","width":2560,"height":1427},{"@type":"BreadcrumbList","@id":"https:\/\/les-bassans.com\/notre-collection\/#breadcrumb","itemListElement":[{"@type":"ListItem","position":1,"name":"Accueil","item":"https:\/\/les-bassans.com\/"},{"@type":"ListItem","position":2,"name":"Notre Collection"}]},{"@type":"WebSite","@id":"https:\/\/les-bassans.com\/#website","url":"https:\/\/les-bassans.com\/","name":"Les Bassans","description":"Hotel Spa a Perros-Guirec e ristorante con vista sul mare","publisher":{"@id":"https:\/\/les-bassans.com\/#organization"},"potentialAction":[{"@type":"SearchAction","target":{"@type":"EntryPoint","urlTemplate":"https:\/\/les-bassans.com\/?s={search_term_string}"},"query-input":{"@type":"PropertyValueSpecification","valueRequired":true,"valueName":"search_term_string"}}],"inLanguage":"it-IT"},{"@type":"Organization","@id":"https:\/\/les-bassans.com\/#organization","name":"Les Bassans","alternateName":"Bassans","url":"https:\/\/les-bassans.com\/","logo":{"@type":"ImageObject","inLanguage":"it-IT","@id":"https:\/\/les-bassans.com\/#\/schema\/logo\/image\/","url":"https:\/\/les-bassans.com\/wp-content\/uploads\/2023\/05\/LesBassans-Logo-Simple.png","contentUrl":"https:\/\/les-bassans.com\/wp-content\/uploads\/2023\/05\/LesBassans-Logo-Simple.png","width":850,"height":253,"caption":"Les Bassans"},"image":{"@id":"https:\/\/les-bassans.com\/#\/schema\/logo\/image\/"}}]}},"_links":{"self":[{"href":"https:\/\/les-bassans.com\/it\/wp-json\/wp\/v2\/pages\/2213","targetHints":{"allow":["GET"]}}],"collection":[{"href":"https:\/\/les-bassans.com\/it\/wp-json\/wp\/v2\/pages"}],"about":[{"href":"https:\/\/les-bassans.com\/it\/wp-json\/wp\/v2\/types\/page"}],"author":[{"embeddable":true,"href":"https:\/\/les-bassans.com\/it\/wp-json\/wp\/v2\/users\/1"}],"replies":[{"embeddable":true,"href":"https:\/\/les-bassans.com\/it\/wp-json\/wp\/v2\/comments?post=2213"}],"version-history":[{"count":205,"href":"https:\/\/les-bassans.com\/it\/wp-json\/wp\/v2\/pages\/2213\/revisions"}],"predecessor-version":[{"id":28297,"href":"https:\/\/les-bassans.com\/it\/wp-json\/wp\/v2\/pages\/2213\/revisions\/28297"}],"wp:featuredmedia":[{"embeddable":true,"href":"https:\/\/les-bassans.com\/it\/wp-json\/wp\/v2\/media\/27930"}],"wp:attachment":[{"href":"https:\/\/les-bassans.com\/it\/wp-json\/wp\/v2\/media?parent=2213"}],"curies":[{"name":"wp","href":"https:\/\/api.w.org\/{rel}","templated":true}]}}