{"id":26186,"date":"2025-03-07T13:30:49","date_gmt":"2025-03-07T13:30:49","guid":{"rendered":"https:\/\/les-bassans.com\/?page_id=26186"},"modified":"2026-04-28T16:23:44","modified_gmt":"2026-04-28T16:23:44","slug":"privatizaciones","status":"publish","type":"page","link":"https:\/\/les-bassans.com\/es\/privatizaciones\/","title":{"rendered":"Privatizaciones"},"content":{"rendered":"<div data-elementor-type=\"wp-page\" data-elementor-id=\"26186\" class=\"elementor elementor-26186\" data-elementor-settings=\"{&quot;asli_hide_title_disabled&quot;:&quot;yes&quot;}\" data-elementor-post-type=\"page\">\n\t\t\t\t<section class=\"elementor-element elementor-element-90a2821 e-con-full e-flex pt-large pb-medium px-gutters-horizontal e-con e-parent\" data-id=\"90a2821\" data-element_type=\"container\" data-e-type=\"container\" data-settings=\"{&quot;background_background&quot;:&quot;classic&quot;}\">\n\t\t<div class=\"elementor-element elementor-element-7c8e892 e-con-full e-flex e-con e-child\" data-id=\"7c8e892\" data-element_type=\"container\" data-e-type=\"container\">\n\t\t<div class=\"elementor-element elementor-element-b273828 e-con-full e-flex pt-xsmall e-con e-child\" data-id=\"b273828\" data-element_type=\"container\" data-e-type=\"container\">\n\t\t\t\t<div class=\"elementor-element elementor-element-4b62bb1 elementor-widget elementor-widget-asli-widget-text-content\" data-id=\"4b62bb1\" data-element_type=\"widget\" data-e-type=\"widget\" data-settings=\"{&quot;max_width&quot;:{&quot;unit&quot;:&quot;px&quot;,&quot;size&quot;:810,&quot;sizes&quot;:[]},&quot;max_width_tablet&quot;:{&quot;unit&quot;:&quot;%&quot;,&quot;size&quot;:85,&quot;sizes&quot;:[]},&quot;max_width_mobile&quot;:{&quot;unit&quot;:&quot;%&quot;,&quot;size&quot;:100,&quot;sizes&quot;:[]},&quot;text_content_stroke_width&quot;:{&quot;unit&quot;:&quot;%&quot;,&quot;size&quot;:110,&quot;sizes&quot;:[]},&quot;text_content_stroke_height&quot;:{&quot;unit&quot;:&quot;%&quot;,&quot;size&quot;:80,&quot;sizes&quot;:[]},&quot;text_content_stroke_rotation&quot;:{&quot;unit&quot;:&quot;deg&quot;,&quot;size&quot;:-5,&quot;sizes&quot;:[]}}\" data-widget_type=\"asli-widget-text-content.default\">\n\t\t\t\t<div class=\"elementor-widget-container\">\n\t\t\t\t\t\t\t<div class=\"text-center mx-auto content js-content\" data-arts-component-name=\"Content\">\n\t\t\t<h1 class=\"content__text typography-text-content\">Eventos a medida en el coraz\u00f3n de Breta\u00f1a<\/h1>\n\t\t<\/div>\n\t\t\t\t\t\t<\/div>\n\t\t\t\t<\/div>\n\t\t\t\t<\/div>\n\t\t\t\t<div class=\"elementor-element elementor-element-886e317 elementor-widget elementor-widget-asli-widget-text-content\" data-id=\"886e317\" data-element_type=\"widget\" data-e-type=\"widget\" data-settings=\"{&quot;max_width&quot;:{&quot;unit&quot;:&quot;px&quot;,&quot;size&quot;:960,&quot;sizes&quot;:[]},&quot;max_width_tablet&quot;:{&quot;unit&quot;:&quot;%&quot;,&quot;size&quot;:100,&quot;sizes&quot;:[]},&quot;max_width_mobile&quot;:{&quot;unit&quot;:&quot;%&quot;,&quot;size&quot;:100,&quot;sizes&quot;:[]},&quot;text_content_stroke_width&quot;:{&quot;unit&quot;:&quot;%&quot;,&quot;size&quot;:110,&quot;sizes&quot;:[]},&quot;text_content_stroke_height&quot;:{&quot;unit&quot;:&quot;%&quot;,&quot;size&quot;:80,&quot;sizes&quot;:[]},&quot;text_content_stroke_rotation&quot;:{&quot;unit&quot;:&quot;deg&quot;,&quot;size&quot;:-5,&quot;sizes&quot;:[]}}\" data-widget_type=\"asli-widget-text-content.default\">\n\t\t\t\t<div class=\"elementor-widget-container\">\n\t\t\t\t\t\t\t<div class=\"text-center mx-auto content js-content\" data-arts-component-name=\"Content\">\n\t\t\t<p class=\"content__text typography-text-content\"> \n \t\nOfrezca a sus eventos un tel\u00f3n de fondo \u00fanico, entre el mar y el cielo, en la Costa de Granito Rosa. En Perros-Guirec, el hotel Les Bassans y sus 25 habitaciones con vistas al oc\u00e9ano pueden hacerse privadas para sus eventos de empresa, retiros de bienestar o recepciones privadas, en un ambiente \u00edntimo e inspirador.\n\nAqu\u00ed, el tiempo se detiene. Frente al horizonte, los elementos se combinan para crear un entorno tan rejuvenecedor como elegante. Reuniones, seminarios confidenciales, bodas o celebraciones familiares... Cada momento en Les Bassans encuentra un marco ideal, donde el encanto del lugar realza la experiencia.<\/p>\n\t\t<\/div>\n\t\t\t\t\t\t<\/div>\n\t\t\t\t<\/div>\n\t\t\t\t<div class=\"elementor-element elementor-element-cc0fcf5 animated-fast elementor-widget elementor-widget-image\" data-id=\"cc0fcf5\" data-element_type=\"widget\" data-e-type=\"widget\" data-settings=\"{&quot;motion_fx_motion_fx_mouse&quot;:&quot;yes&quot;,&quot;motion_fx_mouseTrack_effect&quot;:&quot;yes&quot;,&quot;_animation&quot;:&quot;none&quot;,&quot;_animation_delay&quot;:250,&quot;motion_fx_mouseTrack_speed&quot;:{&quot;unit&quot;:&quot;px&quot;,&quot;size&quot;:1,&quot;sizes&quot;:[]}}\" data-widget_type=\"image.default\">\n\t\t\t\t<div class=\"elementor-widget-container\">\n\t\t\t\t\t\t\t\t\t\t\t\t\t\t\t<img fetchpriority=\"high\" decoding=\"async\" width=\"1052\" height=\"925\" src=\"https:\/\/les-bassans.com\/wp-content\/uploads\/2025\/03\/Saint_Jacques.png\" class=\"attachment-full size-full wp-image-26419\" alt=\"\" srcset=\"https:\/\/les-bassans.com\/wp-content\/uploads\/2025\/03\/Saint_Jacques.png 1052w, https:\/\/les-bassans.com\/wp-content\/uploads\/2025\/03\/Saint_Jacques-300x264.png 300w, https:\/\/les-bassans.com\/wp-content\/uploads\/2025\/03\/Saint_Jacques-1024x900.png 1024w, https:\/\/les-bassans.com\/wp-content\/uploads\/2025\/03\/Saint_Jacques-768x675.png 768w\" sizes=\"(max-width: 1052px) 100vw, 1052px\" \/>\t\t\t\t\t\t\t\t\t\t\t\t\t\t\t<\/div>\n\t\t\t\t<\/div>\n\t\t\t\t<\/div>\n\t\t\t\t<\/section>\n\t\t<section class=\"elementor-element elementor-element-c8f4829 e-flex e-con-boxed pb-medium px-gutters-horizontal e-con e-parent\" data-id=\"c8f4829\" data-element_type=\"container\" data-e-type=\"container\" data-settings=\"{&quot;background_background&quot;:&quot;classic&quot;}\">\n\t\t\t\t\t<div class=\"e-con-inner\">\n\t\t<div class=\"elementor-element elementor-element-e3423cc e-con-full e-flex e-con e-child\" data-id=\"e3423cc\" data-element_type=\"container\" data-e-type=\"container\">\n\t\t\t\t<div class=\"elementor-element elementor-element-7590fd2 elementor-widget elementor-widget-image-carousel\" data-id=\"7590fd2\" data-element_type=\"widget\" data-e-type=\"widget\" data-settings=\"{&quot;slides_to_show&quot;:&quot;1&quot;,&quot;navigation&quot;:&quot;none&quot;,&quot;autoplay_speed&quot;:2500,&quot;effect&quot;:&quot;fade&quot;,&quot;speed&quot;:900,&quot;autoplay&quot;:&quot;yes&quot;,&quot;pause_on_hover&quot;:&quot;yes&quot;,&quot;pause_on_interaction&quot;:&quot;yes&quot;,&quot;infinite&quot;:&quot;yes&quot;}\" data-widget_type=\"image-carousel.default\">\n\t\t\t\t<div class=\"elementor-widget-container\">\n\t\t\t\t\t\t\t<div class=\"elementor-image-carousel-wrapper swiper\" role=\"region\" aria-roledescription=\"carousel\" aria-label=\"Carrusel de im\u00e1genes\" dir=\"ltr\">\n\t\t\t<div class=\"elementor-image-carousel swiper-wrapper swiper-image-stretch\" aria-live=\"off\">\n\t\t\t\t\t\t\t\t<div class=\"swiper-slide\" role=\"group\" aria-roledescription=\"slide\" aria-label=\"1 von 4\" data-no-translation-aria-label=\"\"><figure class=\"swiper-slide-inner\"><img decoding=\"async\" class=\"swiper-slide-image\" src=\"https:\/\/les-bassans.com\/wp-content\/uploads\/2026\/04\/hotel-les-bassans-bretagne-restaurant-coucher-de-soleil.webp\" alt=\"hotel-les-bassans-bretagne-restaurante-atardecer\" \/><\/figure><\/div><div class=\"swiper-slide\" role=\"group\" aria-roledescription=\"slide\" aria-label=\"2 von 4\" data-no-translation-aria-label=\"\"><figure class=\"swiper-slide-inner\"><img decoding=\"async\" class=\"swiper-slide-image\" src=\"https:\/\/les-bassans.com\/wp-content\/uploads\/2025\/03\/hotel-de-luxe-perros-guirec-bretagne-les-bassans-vue-mer-fontenille-collection.jpg\" alt=\"hotel-de-luxe-perros-guirec-bretagne-les-bassans-vue-mer-fontenille-collection\" \/><\/figure><\/div><div class=\"swiper-slide\" role=\"group\" aria-roledescription=\"slide\" aria-label=\"3 von 4\" data-no-translation-aria-label=\"\"><figure class=\"swiper-slide-inner\"><img decoding=\"async\" class=\"swiper-slide-image\" src=\"https:\/\/les-bassans.com\/wp-content\/uploads\/2026\/04\/hotel-les-bassans-bretagne-table-au-restaurant.webp\" alt=\"hotel-les-bassans-breta\u00f1a-mesa-en-el-restaurante\" \/><\/figure><\/div><div class=\"swiper-slide\" role=\"group\" aria-roledescription=\"slide\" aria-label=\"4 von 4\" data-no-translation-aria-label=\"\"><figure class=\"swiper-slide-inner\"><img decoding=\"async\" class=\"swiper-slide-image\" src=\"https:\/\/les-bassans.com\/wp-content\/uploads\/2025\/03\/les-bassans-manoir-du-sphinx-hotel-fontenille-collection-perros-guirec-bretagne-vue-mer-sept-iles-sentier-douaniers-hotel-de-charme-1-1.jpg\" alt=\"les-bassans-manoir-du-sphinx-hotel-fontenille-collection-perros-guirec-bretagne-vue-mer-sept-iles-sentier-douaniers-hotel-de-charme (1) (1)\" \/><\/figure><\/div>\t\t\t<\/div>\n\t\t\t\t\t\t\t\n\t\t\t\t\t\t\t\t\t<\/div>\n\t\t\t\t\t\t<\/div>\n\t\t\t\t<\/div>\n\t\t\t\t<\/div>\n\t\t<div class=\"elementor-element elementor-element-b569c10 e-con-full e-flex e-con e-child\" data-id=\"b569c10\" data-element_type=\"container\" data-e-type=\"container\">\n\t\t<div class=\"elementor-element elementor-element-1e7bdc8 e-flex e-con-boxed e-con e-child\" data-id=\"1e7bdc8\" data-element_type=\"container\" data-e-type=\"container\">\n\t\t\t\t\t<div class=\"e-con-inner\">\n\t\t\t\t<div class=\"elementor-element elementor-element-3e8ce9e elementor-widget elementor-widget-asli-widget-text-content\" data-id=\"3e8ce9e\" data-element_type=\"widget\" data-e-type=\"widget\" data-settings=\"{&quot;max_width&quot;:{&quot;unit&quot;:&quot;px&quot;,&quot;size&quot;:1100,&quot;sizes&quot;:[]},&quot;max_width_tablet&quot;:{&quot;unit&quot;:&quot;%&quot;,&quot;size&quot;:100,&quot;sizes&quot;:[]},&quot;max_width_mobile&quot;:{&quot;unit&quot;:&quot;%&quot;,&quot;size&quot;:100,&quot;sizes&quot;:[]},&quot;text_content_stroke_width&quot;:{&quot;unit&quot;:&quot;%&quot;,&quot;size&quot;:110,&quot;sizes&quot;:[]},&quot;text_content_stroke_height&quot;:{&quot;unit&quot;:&quot;%&quot;,&quot;size&quot;:80,&quot;sizes&quot;:[]},&quot;text_content_stroke_rotation&quot;:{&quot;unit&quot;:&quot;deg&quot;,&quot;size&quot;:-5,&quot;sizes&quot;:[]}}\" data-widget_type=\"asli-widget-text-content.default\">\n\t\t\t\t<div class=\"elementor-widget-container\">\n\t\t\t\t\t\t\t<div class=\"text-start me-auto content js-content\" data-arts-split-text-preset=\"animatedChars\" data-arts-component-name=\"Content\" data-arts-os-animation=\"true\">\n\t\t\t<h2 class=\"content__text typography-text-content\">Un momento inolvidable junto al mar<\/h2>\n\t\t<\/div>\n\t\t\t\t\t\t<\/div>\n\t\t\t\t<\/div>\n\t\t\t\t<div class=\"elementor-element elementor-element-8600054 e-n-tabs-none elementor-widget elementor-widget-n-tabs\" data-id=\"8600054\" data-element_type=\"widget\" data-e-type=\"widget\" data-settings=\"{&quot;tabs_justify_horizontal&quot;:&quot;start&quot;,&quot;horizontal_scroll&quot;:&quot;disable&quot;}\" data-widget_type=\"nested-tabs.default\">\n\t\t\t\t<div class=\"elementor-widget-container\">\n\t\t\t\t\t\t\t<div class=\"e-n-tabs\" data-widget-number=\"140509268\" aria-label=\"Registerkarten. \u00d6ffnen Sie Elemente mit Enter oder Space, schlie\u00dfen Sie sie mit Escape und navigieren Sie mit den Pfeiltasten.\" data-no-translation-aria-label=\"\">\n\t\t\t<div class=\"e-n-tabs-heading\" role=\"tablist\">\n\t\t\t\t\t<button id=\"e-n-tab-title-1405092681\" data-tab-title-id=\"e-n-tab-title-1405092681\" class=\"e-n-tab-title\" aria-selected=\"true\" data-tab-index=\"1\" role=\"tab\" tabindex=\"0\" aria-controls=\"e-n-tab-content-1405092681\" style=\"--n-tabs-title-order: 1;\">\n\t\t\t\t\t\t<span class=\"e-n-tab-title-text\">\n\t\t\t\tDescripci\u00f3n\t\t\t<\/span>\n\t\t<\/button>\n\t\t\t\t<button id=\"e-n-tab-title-1405092682\" data-tab-title-id=\"e-n-tab-title-1405092682\" class=\"e-n-tab-title\" aria-selected=\"false\" data-tab-index=\"2\" role=\"tab\" tabindex=\"-1\" aria-controls=\"e-n-tab-content-1405092682\" style=\"--n-tabs-title-order: 2;\">\n\t\t\t\t\t\t<span class=\"e-n-tab-title-text\">\n\t\t\t\tInformaci\u00f3n pr\u00e1ctica\t\t\t<\/span>\n\t\t<\/button>\n\t\t\t\t\t<\/div>\n\t\t\t<div class=\"e-n-tabs-content\">\n\t\t\t\t<div id=\"e-n-tab-content-1405092681\" role=\"tabpanel\" aria-labelledby=\"e-n-tab-title-1405092681\" data-tab-index=\"1\" style=\"--n-tabs-title-order: 1;\" class=\"e-active elementor-element elementor-element-1d33ad4 e-con-full e-flex e-con e-child\" data-id=\"1d33ad4\" data-element_type=\"container\" data-e-type=\"container\">\n\t\t<div class=\"elementor-element elementor-element-6d538be e-con-full e-flex e-con e-child\" data-id=\"6d538be\" data-element_type=\"container\" data-e-type=\"container\">\n\t\t<div class=\"elementor-element elementor-element-ec53bf3 e-con-full e-flex e-con e-child\" data-id=\"ec53bf3\" data-element_type=\"container\" data-e-type=\"container\">\n\t\t\t\t<div class=\"elementor-element elementor-element-545c17a elementor-widget elementor-widget-text-editor\" data-id=\"545c17a\" data-element_type=\"widget\" data-e-type=\"widget\" data-widget_type=\"text-editor.default\">\n\t\t\t\t<div class=\"elementor-widget-container\">\n\t\t\t\t\t\t\t\t\t<p>Enclavado a orillas del Canal de la Mancha, el encantador hotel Les Bassans de Perros-Guirec encarna el esp\u00edritu de un refinado hogar bret\u00f3n, donde la naturaleza marca el ritmo. C\u00e1lidos salones, espacios acogedores, gastronom\u00eda local y habitaciones con vistas a la inmensidad del mar: todo est\u00e1 pensado para ofrecer una estancia a medida, combinando serenidad, elegancia y autenticidad.<\/p><p>Privatizar Les Bassans es elegir una experiencia \u00fanica, entre tierra y mar, donde cada detalle tiene sentido. M\u00e1s que un hotel, es un lugar para reunirse, compartir y sentir, dise\u00f1ado para acoger sus momentos m\u00e1s memorables.<\/p>\t\t\t\t\t\t\t\t<\/div>\n\t\t\t\t<\/div>\n\t\t\t\t<\/div>\n\t\t\t\t<\/div>\n\t\t\t\t<\/div>\n\t\t<div id=\"e-n-tab-content-1405092682\" role=\"tabpanel\" aria-labelledby=\"e-n-tab-title-1405092682\" data-tab-index=\"2\" style=\"--n-tabs-title-order: 2;\" class=\"elementor-element elementor-element-bc3cd40 e-con-full e-flex e-con e-child\" data-id=\"bc3cd40\" data-element_type=\"container\" data-e-type=\"container\">\n\t\t<div class=\"elementor-element elementor-element-61dcc11 e-con-full e-flex e-con e-child\" data-id=\"61dcc11\" data-element_type=\"container\" data-e-type=\"container\">\n\t\t<div class=\"elementor-element elementor-element-4ca2492 e-con-full e-flex e-con e-child\" data-id=\"4ca2492\" data-element_type=\"container\" data-e-type=\"container\">\n\t\t\t\t<div class=\"elementor-element elementor-element-7d60b4a elementor-widget elementor-widget-text-editor\" data-id=\"7d60b4a\" data-element_type=\"widget\" data-e-type=\"widget\" data-widget_type=\"text-editor.default\">\n\t\t\t\t<div class=\"elementor-widget-container\">\n\t\t\t\t\t\t\t\t\t<p>\u2e31 25 habitaciones y suites<br \/>Restaurante y bar con vistas al mar<br \/>A 5 minutos a pie de la playa de Trestignel.<br \/>\u2e31 Una sala modular de recepci\u00f3n y seminarios de 25 m2 equipada con TV sobre ruedas.<br \/>\u2e31 Spa Alaena equipado con jacuzzi, sauna, sala de vapor, cubierta exterior y cabinas de tratamiento.<br \/>Bicicletas bajo petici\u00f3n<br \/>\u2e31 Capacidad del hotel: de 25 a 50 personas<br \/>\u2e31 Capacidad del restaurante: 35 personas sentadas, 60 personas de pie<br \/>\u2e31 Capacidad de la sala de recepci\u00f3n: 25 personas de pie, 12 personas sentadas, 8 personas reclinadas.<br \/>\u2e31 Condiciones de privatizaci\u00f3n: 2 noches m\u00ednimo<\/p>\t\t\t\t\t\t\t\t<\/div>\n\t\t\t\t<\/div>\n\t\t\t\t<\/div>\n\t\t\t\t<\/div>\n\t\t\t\t<\/div>\n\t\t\t\t\t<\/div>\n\t\t<\/div>\n\t\t\t\t\t\t<\/div>\n\t\t\t\t<\/div>\n\t\t<div class=\"elementor-element elementor-element-21e7b42 e-con-full e-flex e-con e-child\" data-id=\"21e7b42\" data-element_type=\"container\" data-e-type=\"container\">\n\t\t\t\t<div class=\"elementor-element elementor-element-b8ffd1c elementor-align-left elementor-tablet-align-center elementor-mobile-align-center elementor-widget elementor-widget-asli-widget-button\" data-id=\"b8ffd1c\" data-element_type=\"widget\" data-e-type=\"widget\" data-settings=\"{&quot;cursor_hover_offset&quot;:{&quot;unit&quot;:&quot;px&quot;,&quot;size&quot;:0,&quot;sizes&quot;:[]},&quot;icon_indent&quot;:{&quot;unit&quot;:&quot;px&quot;,&quot;size&quot;:8,&quot;sizes&quot;:[]}}\" data-widget_type=\"asli-widget-button.regular\">\n\t\t\t\t<div class=\"elementor-widget-container\">\n\t\t\t\t\t\t\t<div class=\"d-inline-flex elementor-button-wrapper\">\n\t\t\t<a class=\"elementor-button button button_icon elementor-button-link elementor-size-sm\" href=\"mailto:a.wehling@fontenillecollection.com\">\n\t\t\t\t\t\t<span class=\"button__label button__label-normal\">\n\t\t\t\t\t\t\t<span class=\"button__title elementor-button-text\">Reserva por correo electr\u00f3nico<\/span>\n\t\t\t\t\t\t\t\t\t\t\t\t\t\t\t\t\t\t\t<\/span>\n\n\t\t<span class=\"button__label button__label-hover\">\n\t\t\t\t\t\t\t<span class=\"button__title elementor-button-text\">Reserva por correo electr\u00f3nico<\/span>\n\t\t\t\t\t\t\t\t\t\t\t\t\t\t\t\t\t\t\t<\/span>\n\t\t\t\t\t<\/a>\n\t\t<\/div>\n\t\t\t\t\t\t<\/div>\n\t\t\t\t<\/div>\n\t\t\t\t<div class=\"elementor-element elementor-element-5d066f8 elementor-align-left elementor-tablet-align-center elementor-mobile-align-center elementor-widget elementor-widget-asli-widget-button\" data-id=\"5d066f8\" data-element_type=\"widget\" data-e-type=\"widget\" data-settings=\"{&quot;cursor_hover_offset&quot;:{&quot;unit&quot;:&quot;px&quot;,&quot;size&quot;:0,&quot;sizes&quot;:[]},&quot;icon_indent&quot;:{&quot;unit&quot;:&quot;px&quot;,&quot;size&quot;:8,&quot;sizes&quot;:[]}}\" data-widget_type=\"asli-widget-button.regular\">\n\t\t\t\t<div class=\"elementor-widget-container\">\n\t\t\t\t\t\t\t<div class=\"d-inline-flex elementor-button-wrapper\">\n\t\t\t<a class=\"elementor-button button button_icon elementor-button-link elementor-size-sm\" href=\"tel:+33296232542\">\n\t\t\t\t\t\t<span class=\"button__label button__label-normal\">\n\t\t\t\t\t\t\t<span class=\"button__title elementor-button-text\">Tel : 02.96.23.25.42<\/span>\n\t\t\t\t\t\t\t\t\t\t\t\t\t\t\t\t\t\t\t<\/span>\n\n\t\t<span class=\"button__label button__label-hover\">\n\t\t\t\t\t\t\t<span class=\"button__title elementor-button-text\">Tel : 02.96.23.25.42<\/span>\n\t\t\t\t\t\t\t\t\t\t\t\t\t\t\t\t\t\t\t<\/span>\n\t\t\t\t\t<\/a>\n\t\t<\/div>\n\t\t\t\t\t\t<\/div>\n\t\t\t\t<\/div>\n\t\t\t\t<\/div>\n\t\t\t\t\t<\/div>\n\t\t\t\t<\/div>\n\t\t\t\t<\/div>\n\t\t\t\t\t<\/div>\n\t\t\t\t<\/section>\n\t\t<section class=\"elementor-element elementor-element-f8778ff e-flex e-con-boxed pb-large px-gutters-horizontal e-con e-parent\" data-id=\"f8778ff\" data-element_type=\"container\" data-e-type=\"container\" data-settings=\"{&quot;background_background&quot;:&quot;classic&quot;}\">\n\t\t\t\t\t<div class=\"e-con-inner\">\n\t\t<div class=\"elementor-element elementor-element-e0b2b2a e-con-full e-flex e-con e-child\" data-id=\"e0b2b2a\" data-element_type=\"container\" data-e-type=\"container\">\n\t\t\t\t<div class=\"elementor-element elementor-element-404da8b elementor-widget elementor-widget-image-carousel\" data-id=\"404da8b\" data-element_type=\"widget\" data-e-type=\"widget\" data-settings=\"{&quot;slides_to_show&quot;:&quot;1&quot;,&quot;navigation&quot;:&quot;none&quot;,&quot;autoplay_speed&quot;:2500,&quot;effect&quot;:&quot;fade&quot;,&quot;speed&quot;:900,&quot;autoplay&quot;:&quot;yes&quot;,&quot;pause_on_hover&quot;:&quot;yes&quot;,&quot;pause_on_interaction&quot;:&quot;yes&quot;,&quot;infinite&quot;:&quot;yes&quot;}\" data-widget_type=\"image-carousel.default\">\n\t\t\t\t<div class=\"elementor-widget-container\">\n\t\t\t\t\t\t\t<div class=\"elementor-image-carousel-wrapper swiper\" role=\"region\" aria-roledescription=\"carousel\" aria-label=\"Carrusel de im\u00e1genes\" dir=\"ltr\">\n\t\t\t<div class=\"elementor-image-carousel swiper-wrapper swiper-image-stretch\" aria-live=\"off\">\n\t\t\t\t\t\t\t\t<div class=\"swiper-slide\" role=\"group\" aria-roledescription=\"slide\" aria-label=\"1 von 2\" data-no-translation-aria-label=\"\"><figure class=\"swiper-slide-inner\"><img decoding=\"async\" class=\"swiper-slide-image\" src=\"https:\/\/les-bassans.com\/wp-content\/uploads\/2026\/04\/hotel-les-bassans-bretagne-coucher-de-soleil.webp\" alt=\"hotel-les-bassans-breta\u00f1a-atardecer\" \/><\/figure><\/div><div class=\"swiper-slide\" role=\"group\" aria-roledescription=\"slide\" aria-label=\"2 von 2\" data-no-translation-aria-label=\"\"><figure class=\"swiper-slide-inner\"><img decoding=\"async\" class=\"swiper-slide-image\" src=\"https:\/\/les-bassans.com\/wp-content\/uploads\/2026\/04\/hotel-les-bassans-bretagne-petit-dejeuner-face-a-la-me.webp\" alt=\"hotel-les-bassans-bretagna-desayuno-frente-al-mar\" \/><\/figure><\/div>\t\t\t<\/div>\n\t\t\t\t\t\t\t\n\t\t\t\t\t\t\t\t\t<\/div>\n\t\t\t\t\t\t<\/div>\n\t\t\t\t<\/div>\n\t\t\t\t<\/div>\n\t\t<div class=\"elementor-element elementor-element-9ac02d6 e-con-full e-flex e-con e-child\" data-id=\"9ac02d6\" data-element_type=\"container\" data-e-type=\"container\">\n\t\t<div class=\"elementor-element elementor-element-4fef44a e-flex e-con-boxed e-con e-child\" data-id=\"4fef44a\" data-element_type=\"container\" data-e-type=\"container\">\n\t\t\t\t\t<div class=\"e-con-inner\">\n\t\t\t\t<div class=\"elementor-element elementor-element-aead5b9 elementor-widget elementor-widget-asli-widget-text-content\" data-id=\"aead5b9\" data-element_type=\"widget\" data-e-type=\"widget\" data-settings=\"{&quot;max_width&quot;:{&quot;unit&quot;:&quot;px&quot;,&quot;size&quot;:1100,&quot;sizes&quot;:[]},&quot;max_width_tablet&quot;:{&quot;unit&quot;:&quot;%&quot;,&quot;size&quot;:100,&quot;sizes&quot;:[]},&quot;max_width_mobile&quot;:{&quot;unit&quot;:&quot;%&quot;,&quot;size&quot;:100,&quot;sizes&quot;:[]},&quot;text_content_stroke_width&quot;:{&quot;unit&quot;:&quot;%&quot;,&quot;size&quot;:110,&quot;sizes&quot;:[]},&quot;text_content_stroke_height&quot;:{&quot;unit&quot;:&quot;%&quot;,&quot;size&quot;:80,&quot;sizes&quot;:[]},&quot;text_content_stroke_rotation&quot;:{&quot;unit&quot;:&quot;deg&quot;,&quot;size&quot;:-5,&quot;sizes&quot;:[]}}\" data-widget_type=\"asli-widget-text-content.default\">\n\t\t\t\t<div class=\"elementor-widget-container\">\n\t\t\t\t\t\t\t<div class=\"text-start me-auto content js-content\" data-arts-split-text-preset=\"animatedChars\" data-arts-component-name=\"Content\" data-arts-os-animation=\"true\">\n\t\t\t<h2 class=\"content__text typography-text-content\">A menos de 3 horas de Par\u00eds<\/h2>\n\t\t<\/div>\n\t\t\t\t\t\t<\/div>\n\t\t\t\t<\/div>\n\t\t\t\t<div class=\"elementor-element elementor-element-406e134 e-n-tabs-none elementor-widget elementor-widget-n-tabs\" data-id=\"406e134\" data-element_type=\"widget\" data-e-type=\"widget\" data-settings=\"{&quot;tabs_justify_horizontal&quot;:&quot;start&quot;,&quot;horizontal_scroll&quot;:&quot;disable&quot;}\" data-widget_type=\"nested-tabs.default\">\n\t\t\t\t<div class=\"elementor-widget-container\">\n\t\t\t\t\t\t\t<div class=\"e-n-tabs\" data-widget-number=\"67559732\" aria-label=\"Registerkarten. \u00d6ffnen Sie Elemente mit Enter oder Space, schlie\u00dfen Sie sie mit Escape und navigieren Sie mit den Pfeiltasten.\" data-no-translation-aria-label=\"\">\n\t\t\t<div class=\"e-n-tabs-heading\" role=\"tablist\">\n\t\t\t\t\t<button id=\"e-n-tab-title-675597321\" data-tab-title-id=\"e-n-tab-title-675597321\" class=\"e-n-tab-title\" aria-selected=\"true\" data-tab-index=\"1\" role=\"tab\" tabindex=\"0\" aria-controls=\"e-n-tab-content-675597321\" style=\"--n-tabs-title-order: 1;\">\n\t\t\t\t\t\t<span class=\"e-n-tab-title-text\">\n\t\t\t\tDescripci\u00f3n\t\t\t<\/span>\n\t\t<\/button>\n\t\t\t\t<button id=\"e-n-tab-title-675597322\" data-tab-title-id=\"e-n-tab-title-675597322\" class=\"e-n-tab-title\" aria-selected=\"false\" data-tab-index=\"2\" role=\"tab\" tabindex=\"-1\" aria-controls=\"e-n-tab-content-675597322\" style=\"--n-tabs-title-order: 2;\">\n\t\t\t\t\t\t<span class=\"e-n-tab-title-text\">\n\t\t\t\tInformaci\u00f3n pr\u00e1ctica\t\t\t<\/span>\n\t\t<\/button>\n\t\t\t\t\t<\/div>\n\t\t\t<div class=\"e-n-tabs-content\">\n\t\t\t\t<div id=\"e-n-tab-content-675597321\" role=\"tabpanel\" aria-labelledby=\"e-n-tab-title-675597321\" data-tab-index=\"1\" style=\"--n-tabs-title-order: 1;\" class=\"e-active elementor-element elementor-element-b5726eb e-con-full e-flex e-con e-child\" data-id=\"b5726eb\" data-element_type=\"container\" data-e-type=\"container\">\n\t\t<div class=\"elementor-element elementor-element-8ce072f e-con-full e-flex e-con e-child\" data-id=\"8ce072f\" data-element_type=\"container\" data-e-type=\"container\">\n\t\t<div class=\"elementor-element elementor-element-c80c01e e-con-full e-flex e-con e-child\" data-id=\"c80c01e\" data-element_type=\"container\" data-e-type=\"container\">\n\t\t\t\t<div class=\"elementor-element elementor-element-1941b0b elementor-widget elementor-widget-text-editor\" data-id=\"1941b0b\" data-element_type=\"widget\" data-e-type=\"widget\" data-widget_type=\"text-editor.default\">\n\t\t\t\t<div class=\"elementor-widget-container\">\n\t\t\t\t\t\t\t\t\t<p>Situado en Perros-Guirec, en la Costa de Granito Rosa de Breta\u00f1a.<br \/>F\u00e1cil acceso por la estaci\u00f3n de Lannion (15 minutos en coche), a menos de 3 horas de Par\u00eds.<br \/>Aeropuertos de Brest (1h30) y Rennes (2h).<br \/>A 2 horas de Rennes y 5h30 de Par\u00eds.<\/p><p>P\u00f3ngase en contacto con nosotros para hablar de su evento.<\/p>\t\t\t\t\t\t\t\t<\/div>\n\t\t\t\t<\/div>\n\t\t\t\t<\/div>\n\t\t\t\t<\/div>\n\t\t\t\t<\/div>\n\t\t<div id=\"e-n-tab-content-675597322\" role=\"tabpanel\" aria-labelledby=\"e-n-tab-title-675597322\" data-tab-index=\"2\" style=\"--n-tabs-title-order: 2;\" class=\"elementor-element elementor-element-6ceab17 e-con-full e-flex e-con e-child\" data-id=\"6ceab17\" data-element_type=\"container\" data-e-type=\"container\">\n\t\t<div class=\"elementor-element elementor-element-851167e e-con-full e-flex e-con e-child\" data-id=\"851167e\" data-element_type=\"container\" data-e-type=\"container\">\n\t\t<div class=\"elementor-element elementor-element-5770ab7 e-con-full e-flex e-con e-child\" data-id=\"5770ab7\" data-element_type=\"container\" data-e-type=\"container\">\n\t\t\t\t<div class=\"elementor-element elementor-element-7eb28b5 elementor-widget elementor-widget-text-editor\" data-id=\"7eb28b5\" data-element_type=\"widget\" data-e-type=\"widget\" data-widget_type=\"text-editor.default\">\n\t\t\t\t<div class=\"elementor-widget-container\">\n\t\t\t\t\t\t\t\t\t<p>\u2e31 25 habitaciones y suites<br \/>Restaurante y bar con vistas al mar<br \/>A 5 minutos a pie de la playa de Trestignel.<br \/>\u2e31 Una sala modular de recepci\u00f3n y seminarios de 25 m2 equipada con TV sobre ruedas.<br \/>\u2e31 Spa Alaena equipado con jacuzzi, sauna, sala de vapor, cubierta exterior y cabinas de tratamiento.<br \/>Bicicletas bajo petici\u00f3n<br \/>\u2e31 Capacidad del hotel: de 25 a 50 personas<br \/>\u2e31 Capacidad del restaurante: 35 personas sentadas, 60 personas de pie<br \/>\u2e31 Capacidad de la sala de recepci\u00f3n: 25 personas de pie, 12 personas sentadas, 8 personas reclinadas.<br \/>\u2e31 Condiciones de privatizaci\u00f3n: 2 noches m\u00ednimo<\/p>\t\t\t\t\t\t\t\t<\/div>\n\t\t\t\t<\/div>\n\t\t\t\t<\/div>\n\t\t\t\t<\/div>\n\t\t\t\t<\/div>\n\t\t\t\t\t<\/div>\n\t\t<\/div>\n\t\t\t\t\t\t<\/div>\n\t\t\t\t<\/div>\n\t\t<div class=\"elementor-element elementor-element-5c32b4e e-con-full e-flex e-con e-child\" data-id=\"5c32b4e\" data-element_type=\"container\" data-e-type=\"container\">\n\t\t\t\t<div class=\"elementor-element elementor-element-dd96eff elementor-align-left elementor-tablet-align-center elementor-mobile-align-center elementor-widget elementor-widget-asli-widget-button\" data-id=\"dd96eff\" data-element_type=\"widget\" data-e-type=\"widget\" data-settings=\"{&quot;cursor_hover_offset&quot;:{&quot;unit&quot;:&quot;px&quot;,&quot;size&quot;:0,&quot;sizes&quot;:[]},&quot;icon_indent&quot;:{&quot;unit&quot;:&quot;px&quot;,&quot;size&quot;:8,&quot;sizes&quot;:[]}}\" data-widget_type=\"asli-widget-button.regular\">\n\t\t\t\t<div class=\"elementor-widget-container\">\n\t\t\t\t\t\t\t<div class=\"d-inline-flex elementor-button-wrapper\">\n\t\t\t<a class=\"elementor-button button button_icon elementor-button-link elementor-size-sm\" href=\"mailto:a.wehling@fontenillecollection.com\">\n\t\t\t\t\t\t<span class=\"button__label button__label-normal\">\n\t\t\t\t\t\t\t<span class=\"button__title elementor-button-text\">Reserva por correo electr\u00f3nico<\/span>\n\t\t\t\t\t\t\t\t\t\t\t\t\t\t\t\t\t\t\t<\/span>\n\n\t\t<span class=\"button__label button__label-hover\">\n\t\t\t\t\t\t\t<span class=\"button__title elementor-button-text\">Reserva por correo electr\u00f3nico<\/span>\n\t\t\t\t\t\t\t\t\t\t\t\t\t\t\t\t\t\t\t<\/span>\n\t\t\t\t\t<\/a>\n\t\t<\/div>\n\t\t\t\t\t\t<\/div>\n\t\t\t\t<\/div>\n\t\t\t\t<div class=\"elementor-element elementor-element-07c7fb0 elementor-align-left elementor-tablet-align-center elementor-mobile-align-center elementor-widget elementor-widget-asli-widget-button\" data-id=\"07c7fb0\" data-element_type=\"widget\" data-e-type=\"widget\" data-settings=\"{&quot;cursor_hover_offset&quot;:{&quot;unit&quot;:&quot;px&quot;,&quot;size&quot;:0,&quot;sizes&quot;:[]},&quot;icon_indent&quot;:{&quot;unit&quot;:&quot;px&quot;,&quot;size&quot;:8,&quot;sizes&quot;:[]}}\" data-widget_type=\"asli-widget-button.regular\">\n\t\t\t\t<div class=\"elementor-widget-container\">\n\t\t\t\t\t\t\t<div class=\"d-inline-flex elementor-button-wrapper\">\n\t\t\t<a class=\"elementor-button button button_icon elementor-button-link elementor-size-sm\" href=\"tel:+33296232542\">\n\t\t\t\t\t\t<span class=\"button__label button__label-normal\">\n\t\t\t\t\t\t\t<span class=\"button__title elementor-button-text\">Tel : 02.96.23.25.42<\/span>\n\t\t\t\t\t\t\t\t\t\t\t\t\t\t\t\t\t\t\t<\/span>\n\n\t\t<span class=\"button__label button__label-hover\">\n\t\t\t\t\t\t\t<span class=\"button__title elementor-button-text\">Tel : 02.96.23.25.42<\/span>\n\t\t\t\t\t\t\t\t\t\t\t\t\t\t\t\t\t\t\t<\/span>\n\t\t\t\t\t<\/a>\n\t\t<\/div>\n\t\t\t\t\t\t<\/div>\n\t\t\t\t<\/div>\n\t\t\t\t<\/div>\n\t\t\t\t\t<\/div>\n\t\t\t\t<\/div>\n\t\t\t\t<\/div>\n\t\t\t\t\t<\/div>\n\t\t\t\t<\/section>\n\t\t<div class=\"elementor-element elementor-element-681cd60 e-con-full e-flex e-con e-child\" data-id=\"681cd60\" data-element_type=\"container\" data-e-type=\"container\" data-settings=\"{&quot;background_background&quot;:&quot;classic&quot;}\">\n\t\t<div class=\"elementor-element elementor-element-0e46b86 e-con-full e-flex e-con e-child\" data-id=\"0e46b86\" data-element_type=\"container\" data-e-type=\"container\">\n\t\t<div class=\"elementor-element elementor-element-4ab07c5 e-con-full e-flex e-con e-child\" data-id=\"4ab07c5\" data-element_type=\"container\" data-e-type=\"container\">\n\t\t\t\t<div class=\"elementor-element elementor-element-abfa25d elementor-cta--skin-cover elementor-cta--valign-middle elementor-animated-content elementor-bg-transform elementor-bg-transform-zoom-in elementor-widget elementor-widget-call-to-action\" data-id=\"abfa25d\" data-element_type=\"widget\" data-e-type=\"widget\" data-widget_type=\"call-to-action.default\">\n\t\t\t\t<div class=\"elementor-widget-container\">\n\t\t\t\t\t\t\t<a class=\"elementor-cta\" href=\"https:\/\/les-bassans.com\/es\/descubra-los-bassans\/\">\n\t\t\t\t\t<div class=\"elementor-cta__bg-wrapper\">\n\t\t\t\t<div class=\"elementor-cta__bg elementor-bg\" style=\"background-image: url(https:\/\/les-bassans.com\/wp-content\/uploads\/2025\/03\/les-bassans-hotel-restaurant-perros-guirec-spa-bretagne-fontenille-collection-1-768x910.jpg);\" role=\"img\" aria-label=\"les-bassans-hotel-restaurant-perros-guirec-spa-bretagne-fontenille-collection (1)\"><\/div>\n\t\t\t\t<div class=\"elementor-cta__bg-overlay\"><\/div>\n\t\t\t<\/div>\n\t\t\t\t\t\t\t<div class=\"elementor-cta__content\">\n\t\t\t\t\n\t\t\t\t\t\t\t\t\t<h3 class=\"elementor-cta__title elementor-cta__content-item elementor-content-item elementor-animated-item--move-up\">\n\t\t\t\t\t\tLes Bassans\t\t\t\t\t<\/h3>\n\t\t\t\t\n\t\t\t\t\t\t\t\t\t<h4 class=\"elementor-cta__description elementor-cta__content-item elementor-content-item elementor-animated-item--move-up\">\n\t\t\t\t\t\tHotel con encanto<br>en Perros-Guirec\t\t\t\t\t<\/h4>\n\t\t\t\t\n\t\t\t\t\t\t\t<\/div>\n\t\t\t\t\t\t<\/a>\n\t\t\t\t\t\t<\/div>\n\t\t\t\t<\/div>\n\t\t\t\t<\/div>\n\t\t<div class=\"elementor-element elementor-element-72dfcd2 e-con-full e-flex e-con e-child\" data-id=\"72dfcd2\" data-element_type=\"container\" data-e-type=\"container\">\n\t\t\t\t<div class=\"elementor-element elementor-element-0499191 elementor-cta--skin-cover elementor-cta--valign-middle elementor-animated-content elementor-bg-transform elementor-bg-transform-zoom-in elementor-widget elementor-widget-call-to-action\" data-id=\"0499191\" data-element_type=\"widget\" data-e-type=\"widget\" data-widget_type=\"call-to-action.default\">\n\t\t\t\t<div class=\"elementor-widget-container\">\n\t\t\t\t\t\t\t<a class=\"elementor-cta\" href=\"https:\/\/les-bassans.com\/es\/nuestras-habitaciones\/\">\n\t\t\t\t\t<div class=\"elementor-cta__bg-wrapper\">\n\t\t\t\t<div class=\"elementor-cta__bg elementor-bg\" style=\"background-image: url(https:\/\/les-bassans.com\/wp-content\/uploads\/2025\/03\/les-bassans-hotel-spa-restaurant-grande-deluxe-terrasse-soins-alaena-naturel-hotel-perros-guirec-bretagne-naturel-3.jpg);\" role=\"img\" aria-label=\"les-bassans-hotel-spa-restaurant-grande-deluxe-terrasse-soins-alaena-naturel-hotel-perros-guirec-bretagne-naturel (3)\"><\/div>\n\t\t\t\t<div class=\"elementor-cta__bg-overlay\"><\/div>\n\t\t\t<\/div>\n\t\t\t\t\t\t\t<div class=\"elementor-cta__content\">\n\t\t\t\t\n\t\t\t\t\t\t\t\t\t<h3 class=\"elementor-cta__title elementor-cta__content-item elementor-content-item elementor-animated-item--move-up\">\n\t\t\t\t\t\tHabitaciones y suites\t\t\t\t\t<\/h3>\n\t\t\t\t\n\t\t\t\t\t\t\t\t\t<h4 class=\"elementor-cta__description elementor-cta__content-item elementor-content-item elementor-animated-item--move-up\">\n\t\t\t\t\t\tVentana al mar<br>y el horizonte\n\t\t\t\t\t<\/h4>\n\t\t\t\t\n\t\t\t\t\t\t\t<\/div>\n\t\t\t\t\t\t<\/a>\n\t\t\t\t\t\t<\/div>\n\t\t\t\t<\/div>\n\t\t\t\t<\/div>\n\t\t<div class=\"elementor-element elementor-element-404a967 e-con-full e-flex e-con e-child\" data-id=\"404a967\" data-element_type=\"container\" data-e-type=\"container\">\n\t\t\t\t<div class=\"elementor-element elementor-element-fb7d096 elementor-cta--skin-cover elementor-cta--valign-middle elementor-animated-content elementor-bg-transform elementor-bg-transform-zoom-in elementor-widget elementor-widget-call-to-action\" data-id=\"fb7d096\" data-element_type=\"widget\" data-e-type=\"widget\" data-widget_type=\"call-to-action.default\">\n\t\t\t\t<div class=\"elementor-widget-container\">\n\t\t\t\t\t\t\t<a class=\"elementor-cta\" href=\"https:\/\/les-bassans.com\/es\/nos-restaurants\/\">\n\t\t\t\t\t<div class=\"elementor-cta__bg-wrapper\">\n\t\t\t\t<div class=\"elementor-cta__bg elementor-bg\" style=\"background-image: url(https:\/\/les-bassans.com\/wp-content\/uploads\/2026\/04\/hotel-les-bassans-bretagne-poisson-restaurant-768x768.webp);\" role=\"img\" aria-label=\"hotel-les-bassans-breta\u00f1a-pescado-restaurante\"><\/div>\n\t\t\t\t<div class=\"elementor-cta__bg-overlay\"><\/div>\n\t\t\t<\/div>\n\t\t\t\t\t\t\t<div class=\"elementor-cta__content\">\n\t\t\t\t\n\t\t\t\t\t\t\t\t\t<h3 class=\"elementor-cta__title elementor-cta__content-item elementor-content-item elementor-animated-item--move-up\">\n\t\t\t\t\t\tGastronom\u00eda\t\t\t\t\t<\/h3>\n\t\t\t\t\n\t\t\t\t\t\t\t\t\t<h4 class=\"elementor-cta__description elementor-cta__content-item elementor-content-item elementor-animated-item--move-up\">\n\t\t\t\t\t\tMesa y barra yodadas<br>vista panor\u00e1mica\n\t\t\t\t\t<\/h4>\n\t\t\t\t\n\t\t\t\t\t\t\t<\/div>\n\t\t\t\t\t\t<\/a>\n\t\t\t\t\t\t<\/div>\n\t\t\t\t<\/div>\n\t\t\t\t<\/div>\n\t\t<div class=\"elementor-element elementor-element-3647531 e-con-full e-flex e-con e-child\" data-id=\"3647531\" data-element_type=\"container\" data-e-type=\"container\">\n\t\t\t\t<div class=\"elementor-element elementor-element-cacb98e elementor-cta--skin-cover elementor-cta--valign-middle elementor-animated-content elementor-bg-transform elementor-bg-transform-zoom-in elementor-widget elementor-widget-call-to-action\" data-id=\"cacb98e\" data-element_type=\"widget\" data-e-type=\"widget\" data-widget_type=\"call-to-action.default\">\n\t\t\t\t<div class=\"elementor-widget-container\">\n\t\t\t\t\t\t\t<a class=\"elementor-cta\" href=\"https:\/\/les-bassans.com\/es\/spa-y-bienestar\/\">\n\t\t\t\t\t<div class=\"elementor-cta__bg-wrapper\">\n\t\t\t\t<div class=\"elementor-cta__bg elementor-bg\" style=\"background-image: url(https:\/\/les-bassans.com\/wp-content\/uploads\/2026\/04\/hotel-les-bassans-bretagne-relaxation-spa.webp);\" role=\"img\" aria-label=\"hotel-les-bassans-breta\u00f1a-relax-spa\"><\/div>\n\t\t\t\t<div class=\"elementor-cta__bg-overlay\"><\/div>\n\t\t\t<\/div>\n\t\t\t\t\t\t\t<div class=\"elementor-cta__content\">\n\t\t\t\t\n\t\t\t\t\t\t\t\t\t<h3 class=\"elementor-cta__title elementor-cta__content-item elementor-content-item elementor-animated-item--move-up\">\n\t\t\t\t\t\tSpa y bienestar\t\t\t\t\t<\/h3>\n\t\t\t\t\n\t\t\t\t\t\t\t\t\t<h4 class=\"elementor-cta__description elementor-cta__content-item elementor-content-item elementor-animated-item--move-up\">\n\t\t\t\t\t\tUn momento de relajaci\u00f3n<br>a medida\t\t\t\t\t<\/h4>\n\t\t\t\t\n\t\t\t\t\t\t\t<\/div>\n\t\t\t\t\t\t<\/a>\n\t\t\t\t\t\t<\/div>\n\t\t\t\t<\/div>\n\t\t\t\t<\/div>\n\t\t\t\t<\/div>\n\t\t\t\t<\/div>\n\t\t\t\t<\/div>","protected":false},"excerpt":{"rendered":"<p>Vos \u00e9v\u00e8nements sur-mesure au c\u0153ur de la Bretagne Offrez \u00e0 vos \u00e9v\u00e9nements une toile de fond unique, entre ciel et mer, sur la C\u00f4te de Granit Rose. \u00c0 Perros-Guirec, l\u2019h\u00f4tel Les Bassans et ses 25 chambres avec vue sur l\u2019oc\u00e9an se privatisent pour vos \u00e9v\u00e9nements professionnels, retraites bien-\u00eatre ou r\u00e9ceptions priv\u00e9es, dans une atmosph\u00e8re intime [&hellip;]<\/p>\n","protected":false},"author":1,"featured_media":27930,"parent":0,"menu_order":0,"comment_status":"closed","ping_status":"closed","template":"","meta":{"_acf_changed":false,"iawp_total_views":3609,"footnotes":""},"class_list":["post-26186","page","type-page","status-publish","has-post-thumbnail","hentry"],"acf":[],"yoast_head":"<!-- This site is optimized with the Yoast SEO plugin v27.5 - https:\/\/yoast.com\/product\/yoast-seo-wordpress\/ -->\n<title>Privatisations &#8226; Les Bassans<\/title>\n<meta name=\"description\" content=\"Privatisations \u00e0 Perros-Guirec : Les Bassans, lieu confidentiel face \u00e0 la mer pour vos \u00e9v\u00e9nements priv\u00e9s ou professionnels en Bretagne.\" \/>\n<meta name=\"robots\" content=\"index, follow, max-snippet:-1, max-image-preview:large, max-video-preview:-1\" \/>\n<link rel=\"canonical\" href=\"https:\/\/les-bassans.com\/es\/privatizaciones\/\" \/>\n<meta property=\"og:locale\" content=\"es_ES\" \/>\n<meta property=\"og:type\" content=\"article\" \/>\n<meta property=\"og:title\" content=\"Privatisations &#8226; Les Bassans\" \/>\n<meta property=\"og:description\" content=\"Privatisations \u00e0 Perros-Guirec : Les Bassans, lieu confidentiel face \u00e0 la mer pour vos \u00e9v\u00e9nements priv\u00e9s ou professionnels en Bretagne.\" \/>\n<meta property=\"og:url\" content=\"https:\/\/les-bassans.com\/es\/privatizaciones\/\" \/>\n<meta property=\"og:site_name\" content=\"Les Bassans\" \/>\n<meta property=\"article:modified_time\" content=\"2026-04-28T16:23:44+00:00\" \/>\n<meta property=\"og:image\" content=\"https:\/\/les-bassans.com\/wp-content\/uploads\/2025\/04\/les-bassans-hotel-spa-perros-guirec-bretagne-fontenille-collection-logo-officiel-scaled.jpg\" \/>\n\t<meta property=\"og:image:width\" content=\"2560\" \/>\n\t<meta property=\"og:image:height\" content=\"1427\" \/>\n\t<meta property=\"og:image:type\" content=\"image\/jpeg\" \/>\n<meta name=\"twitter:card\" content=\"summary_large_image\" \/>\n<meta name=\"twitter:label1\" content=\"Tiempo de lectura\" \/>\n\t<meta name=\"twitter:data1\" content=\"7 minutos\" \/>\n<script type=\"application\/ld+json\" class=\"yoast-schema-graph\">{\"@context\":\"https:\\\/\\\/schema.org\",\"@graph\":[{\"@type\":\"WebPage\",\"@id\":\"https:\\\/\\\/les-bassans.com\\\/privatisations\\\/\",\"url\":\"https:\\\/\\\/les-bassans.com\\\/privatisations\\\/\",\"name\":\"Privatisations &#8226; Les Bassans\",\"isPartOf\":{\"@id\":\"https:\\\/\\\/les-bassans.com\\\/#website\"},\"primaryImageOfPage\":{\"@id\":\"https:\\\/\\\/les-bassans.com\\\/privatisations\\\/#primaryimage\"},\"image\":{\"@id\":\"https:\\\/\\\/les-bassans.com\\\/privatisations\\\/#primaryimage\"},\"thumbnailUrl\":\"https:\\\/\\\/les-bassans.com\\\/wp-content\\\/uploads\\\/2025\\\/04\\\/les-bassans-hotel-spa-perros-guirec-bretagne-fontenille-collection-logo-officiel-scaled.jpg\",\"datePublished\":\"2025-03-07T13:30:49+00:00\",\"dateModified\":\"2026-04-28T16:23:44+00:00\",\"description\":\"Privatisations \u00e0 Perros-Guirec : Les Bassans, lieu confidentiel face \u00e0 la mer pour vos \u00e9v\u00e9nements priv\u00e9s ou professionnels en Bretagne.\",\"breadcrumb\":{\"@id\":\"https:\\\/\\\/les-bassans.com\\\/privatisations\\\/#breadcrumb\"},\"inLanguage\":\"es\",\"potentialAction\":[{\"@type\":\"ReadAction\",\"target\":[\"https:\\\/\\\/les-bassans.com\\\/privatisations\\\/\"]}]},{\"@type\":\"ImageObject\",\"inLanguage\":\"es\",\"@id\":\"https:\\\/\\\/les-bassans.com\\\/privatisations\\\/#primaryimage\",\"url\":\"https:\\\/\\\/les-bassans.com\\\/wp-content\\\/uploads\\\/2025\\\/04\\\/les-bassans-hotel-spa-perros-guirec-bretagne-fontenille-collection-logo-officiel-scaled.jpg\",\"contentUrl\":\"https:\\\/\\\/les-bassans.com\\\/wp-content\\\/uploads\\\/2025\\\/04\\\/les-bassans-hotel-spa-perros-guirec-bretagne-fontenille-collection-logo-officiel-scaled.jpg\",\"width\":2560,\"height\":1427},{\"@type\":\"BreadcrumbList\",\"@id\":\"https:\\\/\\\/les-bassans.com\\\/privatisations\\\/#breadcrumb\",\"itemListElement\":[{\"@type\":\"ListItem\",\"position\":1,\"name\":\"Accueil\",\"item\":\"https:\\\/\\\/les-bassans.com\\\/\"},{\"@type\":\"ListItem\",\"position\":2,\"name\":\"Privatisations\"}]},{\"@type\":\"WebSite\",\"@id\":\"https:\\\/\\\/les-bassans.com\\\/#website\",\"url\":\"https:\\\/\\\/les-bassans.com\\\/\",\"name\":\"Les Bassans\",\"description\":\"H\u00f4tel Spa \u00e0 Perros-Guirec et Restaurant vue mer\",\"publisher\":{\"@id\":\"https:\\\/\\\/les-bassans.com\\\/#organization\"},\"potentialAction\":[{\"@type\":\"SearchAction\",\"target\":{\"@type\":\"EntryPoint\",\"urlTemplate\":\"https:\\\/\\\/les-bassans.com\\\/?s={search_term_string}\"},\"query-input\":{\"@type\":\"PropertyValueSpecification\",\"valueRequired\":true,\"valueName\":\"search_term_string\"}}],\"inLanguage\":\"es\"},{\"@type\":\"Organization\",\"@id\":\"https:\\\/\\\/les-bassans.com\\\/#organization\",\"name\":\"Les Bassans\",\"alternateName\":\"Bassans\",\"url\":\"https:\\\/\\\/les-bassans.com\\\/\",\"logo\":{\"@type\":\"ImageObject\",\"inLanguage\":\"es\",\"@id\":\"https:\\\/\\\/les-bassans.com\\\/#\\\/schema\\\/logo\\\/image\\\/\",\"url\":\"https:\\\/\\\/les-bassans.com\\\/wp-content\\\/uploads\\\/2023\\\/05\\\/LesBassans-Logo-Simple.png\",\"contentUrl\":\"https:\\\/\\\/les-bassans.com\\\/wp-content\\\/uploads\\\/2023\\\/05\\\/LesBassans-Logo-Simple.png\",\"width\":850,\"height\":253,\"caption\":\"Les Bassans\"},\"image\":{\"@id\":\"https:\\\/\\\/les-bassans.com\\\/#\\\/schema\\\/logo\\\/image\\\/\"}}]}<\/script>\n<!-- \/ Yoast SEO plugin. -->","yoast_head_json":{"title":"Privatizaciones - Les Bassans","description":"Alquiler privado en Perros-Guirec: Les Bassans, un lugar confidencial junto al mar para sus eventos privados o de negocios en Breta\u00f1a.","robots":{"index":"index","follow":"follow","max-snippet":"max-snippet:-1","max-image-preview":"max-image-preview:large","max-video-preview":"max-video-preview:-1"},"canonical":"https:\/\/les-bassans.com\/es\/privatizaciones\/","og_locale":"es_ES","og_type":"article","og_title":"Privatisations &#8226; Les Bassans","og_description":"Privatisations \u00e0 Perros-Guirec : Les Bassans, lieu confidentiel face \u00e0 la mer pour vos \u00e9v\u00e9nements priv\u00e9s ou professionnels en Bretagne.","og_url":"https:\/\/les-bassans.com\/es\/privatizaciones\/","og_site_name":"Les Bassans","article_modified_time":"2026-04-28T16:23:44+00:00","og_image":[{"width":2560,"height":1427,"url":"https:\/\/les-bassans.com\/wp-content\/uploads\/2025\/04\/les-bassans-hotel-spa-perros-guirec-bretagne-fontenille-collection-logo-officiel-scaled.jpg","type":"image\/jpeg"}],"twitter_card":"summary_large_image","twitter_misc":{"Tiempo de lectura":"7 minutos"},"schema":{"@context":"https:\/\/schema.org","@graph":[{"@type":"WebPage","@id":"https:\/\/les-bassans.com\/privatisations\/","url":"https:\/\/les-bassans.com\/privatisations\/","name":"Privatizaciones - Les Bassans","isPartOf":{"@id":"https:\/\/les-bassans.com\/#website"},"primaryImageOfPage":{"@id":"https:\/\/les-bassans.com\/privatisations\/#primaryimage"},"image":{"@id":"https:\/\/les-bassans.com\/privatisations\/#primaryimage"},"thumbnailUrl":"https:\/\/les-bassans.com\/wp-content\/uploads\/2025\/04\/les-bassans-hotel-spa-perros-guirec-bretagne-fontenille-collection-logo-officiel-scaled.jpg","datePublished":"2025-03-07T13:30:49+00:00","dateModified":"2026-04-28T16:23:44+00:00","description":"Alquiler privado en Perros-Guirec: Les Bassans, un lugar confidencial junto al mar para sus eventos privados o de negocios en Breta\u00f1a.","breadcrumb":{"@id":"https:\/\/les-bassans.com\/privatisations\/#breadcrumb"},"inLanguage":"es","potentialAction":[{"@type":"ReadAction","target":["https:\/\/les-bassans.com\/privatisations\/"]}]},{"@type":"ImageObject","inLanguage":"es","@id":"https:\/\/les-bassans.com\/privatisations\/#primaryimage","url":"https:\/\/les-bassans.com\/wp-content\/uploads\/2025\/04\/les-bassans-hotel-spa-perros-guirec-bretagne-fontenille-collection-logo-officiel-scaled.jpg","contentUrl":"https:\/\/les-bassans.com\/wp-content\/uploads\/2025\/04\/les-bassans-hotel-spa-perros-guirec-bretagne-fontenille-collection-logo-officiel-scaled.jpg","width":2560,"height":1427},{"@type":"BreadcrumbList","@id":"https:\/\/les-bassans.com\/privatisations\/#breadcrumb","itemListElement":[{"@type":"ListItem","position":1,"name":"Accueil","item":"https:\/\/les-bassans.com\/"},{"@type":"ListItem","position":2,"name":"Privatisations"}]},{"@type":"WebSite","@id":"https:\/\/les-bassans.com\/#website","url":"https:\/\/les-bassans.com\/","name":"Les Bassans","description":"Hotel Spa en Perros-Guirec y Restaurante con vistas al mar","publisher":{"@id":"https:\/\/les-bassans.com\/#organization"},"potentialAction":[{"@type":"SearchAction","target":{"@type":"EntryPoint","urlTemplate":"https:\/\/les-bassans.com\/?s={search_term_string}"},"query-input":{"@type":"PropertyValueSpecification","valueRequired":true,"valueName":"search_term_string"}}],"inLanguage":"es"},{"@type":"Organization","@id":"https:\/\/les-bassans.com\/#organization","name":"Les Bassans","alternateName":"Bassans","url":"https:\/\/les-bassans.com\/","logo":{"@type":"ImageObject","inLanguage":"es","@id":"https:\/\/les-bassans.com\/#\/schema\/logo\/image\/","url":"https:\/\/les-bassans.com\/wp-content\/uploads\/2023\/05\/LesBassans-Logo-Simple.png","contentUrl":"https:\/\/les-bassans.com\/wp-content\/uploads\/2023\/05\/LesBassans-Logo-Simple.png","width":850,"height":253,"caption":"Les Bassans"},"image":{"@id":"https:\/\/les-bassans.com\/#\/schema\/logo\/image\/"}}]}},"_links":{"self":[{"href":"https:\/\/les-bassans.com\/es\/wp-json\/wp\/v2\/pages\/26186","targetHints":{"allow":["GET"]}}],"collection":[{"href":"https:\/\/les-bassans.com\/es\/wp-json\/wp\/v2\/pages"}],"about":[{"href":"https:\/\/les-bassans.com\/es\/wp-json\/wp\/v2\/types\/page"}],"author":[{"embeddable":true,"href":"https:\/\/les-bassans.com\/es\/wp-json\/wp\/v2\/users\/1"}],"replies":[{"embeddable":true,"href":"https:\/\/les-bassans.com\/es\/wp-json\/wp\/v2\/comments?post=26186"}],"version-history":[{"count":103,"href":"https:\/\/les-bassans.com\/es\/wp-json\/wp\/v2\/pages\/26186\/revisions"}],"predecessor-version":[{"id":30057,"href":"https:\/\/les-bassans.com\/es\/wp-json\/wp\/v2\/pages\/26186\/revisions\/30057"}],"wp:featuredmedia":[{"embeddable":true,"href":"https:\/\/les-bassans.com\/es\/wp-json\/wp\/v2\/media\/27930"}],"wp:attachment":[{"href":"https:\/\/les-bassans.com\/es\/wp-json\/wp\/v2\/media?parent=26186"}],"curies":[{"name":"wp","href":"https:\/\/api.w.org\/{rel}","templated":true}]}}