{"id":20873,"date":"2024-11-20T16:27:49","date_gmt":"2024-11-20T16:27:49","guid":{"rendered":"https:\/\/les-bassans.com\/?page_id=20873"},"modified":"2026-04-28T16:19:48","modified_gmt":"2026-04-28T16:19:48","slug":"spa-y-bienestar","status":"publish","type":"page","link":"https:\/\/les-bassans.com\/es\/spa-y-bienestar\/","title":{"rendered":"Spa y bienestar"},"content":{"rendered":"<div data-elementor-type=\"wp-page\" data-elementor-id=\"20873\" class=\"elementor elementor-20873\" data-elementor-settings=\"{&quot;asli_hide_title_disabled&quot;:&quot;yes&quot;}\" data-elementor-post-type=\"page\">\n\t\t\t\t<section class=\"elementor-element elementor-element-90a2821 e-con-full e-flex pt-xlarge pb-medium px-gutters-horizontal e-con e-parent\" data-id=\"90a2821\" data-element_type=\"container\" data-e-type=\"container\" data-settings=\"{&quot;background_background&quot;:&quot;classic&quot;}\">\n\t\t<div class=\"elementor-element elementor-element-7c8e892 e-con-full e-flex e-con e-child\" data-id=\"7c8e892\" data-element_type=\"container\" data-e-type=\"container\">\n\t\t<div class=\"elementor-element elementor-element-b273828 e-con-full e-flex e-con e-child\" data-id=\"b273828\" data-element_type=\"container\" data-e-type=\"container\">\n\t\t\t\t<div class=\"elementor-element elementor-element-4b62bb1 elementor-widget elementor-widget-asli-widget-text-content\" data-id=\"4b62bb1\" data-element_type=\"widget\" data-e-type=\"widget\" data-settings=\"{&quot;max_width&quot;:{&quot;unit&quot;:&quot;px&quot;,&quot;size&quot;:1100,&quot;sizes&quot;:[]},&quot;max_width_mobile&quot;:{&quot;unit&quot;:&quot;%&quot;,&quot;size&quot;:80,&quot;sizes&quot;:[]},&quot;max_width_tablet&quot;:{&quot;unit&quot;:&quot;%&quot;,&quot;size&quot;:100,&quot;sizes&quot;:[]},&quot;text_content_stroke_width&quot;:{&quot;unit&quot;:&quot;%&quot;,&quot;size&quot;:110,&quot;sizes&quot;:[]},&quot;text_content_stroke_height&quot;:{&quot;unit&quot;:&quot;%&quot;,&quot;size&quot;:80,&quot;sizes&quot;:[]},&quot;text_content_stroke_rotation&quot;:{&quot;unit&quot;:&quot;deg&quot;,&quot;size&quot;:-5,&quot;sizes&quot;:[]}}\" data-widget_type=\"asli-widget-text-content.default\">\n\t\t\t\t<div class=\"elementor-widget-container\">\n\t\t\t\t\t\t\t<div class=\"text-center mx-auto content js-content\" data-arts-component-name=\"Content\">\n\t\t\t<p class=\"content__text typography-text-content\">Un remanso de bienestar junto al mar<\/p>\n\t\t<\/div>\n\t\t\t\t\t\t<\/div>\n\t\t\t\t<\/div>\n\t\t\t\t<div class=\"elementor-element elementor-element-e4b2b06 elementor-widget elementor-widget-asli-widget-text-content\" data-id=\"e4b2b06\" data-element_type=\"widget\" data-e-type=\"widget\" data-settings=\"{&quot;max_width&quot;:{&quot;unit&quot;:&quot;px&quot;,&quot;size&quot;:950,&quot;sizes&quot;:[]},&quot;typography_text_content_text_color&quot;:&quot;#19597B&quot;,&quot;typography_text_links_text_color&quot;:&quot;#FFF9EE&quot;,&quot;typography_text_links_text_color_hover&quot;:&quot;#F0FAFF&quot;,&quot;text_content_stroke&quot;:&quot;#F0FAFF&quot;,&quot;max_width_tablet&quot;:{&quot;unit&quot;:&quot;%&quot;,&quot;size&quot;:100,&quot;sizes&quot;:[]},&quot;max_width_mobile&quot;:{&quot;unit&quot;:&quot;%&quot;,&quot;size&quot;:100,&quot;sizes&quot;:[]},&quot;text_content_stroke_width&quot;:{&quot;unit&quot;:&quot;%&quot;,&quot;size&quot;:110,&quot;sizes&quot;:[]},&quot;text_content_stroke_height&quot;:{&quot;unit&quot;:&quot;%&quot;,&quot;size&quot;:80,&quot;sizes&quot;:[]},&quot;text_content_stroke_rotation&quot;:{&quot;unit&quot;:&quot;deg&quot;,&quot;size&quot;:-5,&quot;sizes&quot;:[]}}\" data-widget_type=\"asli-widget-text-content.default\">\n\t\t\t\t<div class=\"elementor-widget-container\">\n\t\t\t\t\t\t\t<div class=\"text-center mx-auto content js-content\" data-arts-component-name=\"Content\">\n\t\t\t<h1 class=\"content__text typography-text-content\">\u00cdntimo hotel balneario en Perros-Guirec<\/h1>\n\t\t<\/div>\n\t\t\t\t\t\t<\/div>\n\t\t\t\t<\/div>\n\t\t\t\t<\/div>\n\t\t\t\t<div class=\"elementor-element elementor-element-886e317 elementor-widget elementor-widget-asli-widget-text-content\" data-id=\"886e317\" data-element_type=\"widget\" data-e-type=\"widget\" data-settings=\"{&quot;max_width&quot;:{&quot;unit&quot;:&quot;px&quot;,&quot;size&quot;:960,&quot;sizes&quot;:[]},&quot;max_width_tablet&quot;:{&quot;unit&quot;:&quot;%&quot;,&quot;size&quot;:100,&quot;sizes&quot;:[]},&quot;max_width_mobile&quot;:{&quot;unit&quot;:&quot;%&quot;,&quot;size&quot;:100,&quot;sizes&quot;:[]},&quot;text_content_stroke_width&quot;:{&quot;unit&quot;:&quot;%&quot;,&quot;size&quot;:110,&quot;sizes&quot;:[]},&quot;text_content_stroke_height&quot;:{&quot;unit&quot;:&quot;%&quot;,&quot;size&quot;:80,&quot;sizes&quot;:[]},&quot;text_content_stroke_rotation&quot;:{&quot;unit&quot;:&quot;deg&quot;,&quot;size&quot;:-5,&quot;sizes&quot;:[]}}\" data-widget_type=\"asli-widget-text-content.default\">\n\t\t\t\t<div class=\"elementor-widget-container\">\n\t\t\t\t\t\t\t<div class=\"text-center mx-auto content js-content\" data-arts-component-name=\"Content\">\n\t\t\t<p class=\"content__text typography-text-content\">Frente al mar infinito, el Spa des Bassans reinventa la experiencia del bienestar combinando naturaleza, innovaci\u00f3n y relajaci\u00f3n profunda. Aqu\u00ed, cada momento es una invitaci\u00f3n a dejarse llevar y cuidarse. No espere m\u00e1s, reserve su jornada de bienestar o su fin de semana Spa, a s\u00f3lo dos horas de Rennes y a menos de 3 horas de Par\u00eds.<\/p>\n\t\t<\/div>\n\t\t\t\t\t\t<\/div>\n\t\t\t\t<\/div>\n\t\t\t\t<div class=\"elementor-element elementor-element-1942d2f elementor-align-center elementor-tablet-align-center elementor-mobile-align-center elementor-widget elementor-widget-asli-widget-button\" data-id=\"1942d2f\" data-element_type=\"widget\" data-e-type=\"widget\" data-settings=\"{&quot;cursor_hover_offset&quot;:{&quot;unit&quot;:&quot;px&quot;,&quot;size&quot;:0,&quot;sizes&quot;:[]},&quot;icon_indent&quot;:{&quot;unit&quot;:&quot;px&quot;,&quot;size&quot;:8,&quot;sizes&quot;:[]}}\" data-widget_type=\"asli-widget-button.regular\">\n\t\t\t\t<div class=\"elementor-widget-container\">\n\t\t\t\t\t\t\t<div class=\"d-inline-flex elementor-button-wrapper\">\n\t\t\t<a class=\"elementor-button button button_icon button_icon-before elementor-button-link elementor-size-sm\" href=\"https:\/\/www.planity.com\/hotel-spa-les-bassans-fontenille-collection-22700-perros-guirec\" target=\"_blank\">\n\t\t\t\t\t\t<span class=\"button__label button__label-normal\">\n\t\t\t\t\t\t\t<span class=\"button__title elementor-button-text\">Reservar un tratamiento<\/span>\n\t\t\t\t\t\t\t\t\t\t\t\t\t\t\t<span class=\"elementor-button-icon elementor-align-icon-left\">\n\t\t\t\t\t\t\t\t\t<svg aria-hidden=\"true\" class=\"e-font-icon-svg e-far-bookmark\" viewbox=\"0 0 384 512\" xmlns=\"http:\/\/www.w3.org\/2000\/svg\"><path d=\"M336 0H48C21.49 0 0 21.49 0 48v464l192-112 192 112V48c0-26.51-21.49-48-48-48zm0 428.43l-144-84-144 84V54a6 6 0 0 1 6-6h276c3.314 0 6 2.683 6 5.996V428.43z\"><\/path><\/svg>\t\t\t\t\t\t\t<\/span>\n\t\t\t\t\t\t\t\t\t<\/span>\n\n\t\t<span class=\"button__label button__label-hover\">\n\t\t\t\t\t\t\t<span class=\"button__title elementor-button-text\">con Planity<\/span>\n\t\t\t\t\t\t\t\t\t\t\t\t\t\t\t<span class=\"elementor-button-icon elementor-align-icon-left elementor-button-icon elementor-align-icon-left hidden\">\n\t\t\t\t\t\t\t\t\t<svg aria-hidden=\"true\" class=\"e-font-icon-svg e-far-bookmark\" viewbox=\"0 0 384 512\" xmlns=\"http:\/\/www.w3.org\/2000\/svg\"><path d=\"M336 0H48C21.49 0 0 21.49 0 48v464l192-112 192 112V48c0-26.51-21.49-48-48-48zm0 428.43l-144-84-144 84V54a6 6 0 0 1 6-6h276c3.314 0 6 2.683 6 5.996V428.43z\"><\/path><\/svg>\t\t\t\t\t\t\t<\/span>\n\t\t\t\t\t\t\t\t\t<\/span>\n\t\t\t\t\t<\/a>\n\t\t<\/div>\n\t\t\t\t\t\t<\/div>\n\t\t\t\t<\/div>\n\t\t\t\t<div class=\"elementor-element elementor-element-cc0fcf5 animated-fast elementor-widget elementor-widget-image\" data-id=\"cc0fcf5\" data-element_type=\"widget\" data-e-type=\"widget\" data-settings=\"{&quot;motion_fx_motion_fx_mouse&quot;:&quot;yes&quot;,&quot;motion_fx_mouseTrack_effect&quot;:&quot;yes&quot;,&quot;_animation&quot;:&quot;none&quot;,&quot;_animation_delay&quot;:250,&quot;motion_fx_mouseTrack_speed&quot;:{&quot;unit&quot;:&quot;px&quot;,&quot;size&quot;:1,&quot;sizes&quot;:[]}}\" data-widget_type=\"image.default\">\n\t\t\t\t<div class=\"elementor-widget-container\">\n\t\t\t\t\t\t\t\t\t\t\t\t\t\t\t<img fetchpriority=\"high\" decoding=\"async\" width=\"3543\" height=\"3496\" src=\"https:\/\/les-bassans.com\/wp-content\/uploads\/2025\/04\/LES_BASSANS_Symboles2.png\" class=\"attachment-full size-full wp-image-27446\" alt=\"\" srcset=\"https:\/\/les-bassans.com\/wp-content\/uploads\/2025\/04\/LES_BASSANS_Symboles2.png 3543w, https:\/\/les-bassans.com\/wp-content\/uploads\/2025\/04\/LES_BASSANS_Symboles2-300x296.png 300w, https:\/\/les-bassans.com\/wp-content\/uploads\/2025\/04\/LES_BASSANS_Symboles2-1024x1010.png 1024w, https:\/\/les-bassans.com\/wp-content\/uploads\/2025\/04\/LES_BASSANS_Symboles2-768x758.png 768w, https:\/\/les-bassans.com\/wp-content\/uploads\/2025\/04\/LES_BASSANS_Symboles2-1536x1516.png 1536w, https:\/\/les-bassans.com\/wp-content\/uploads\/2025\/04\/LES_BASSANS_Symboles2-2048x2021.png 2048w\" sizes=\"(max-width: 3543px) 100vw, 3543px\" \/>\t\t\t\t\t\t\t\t\t\t\t\t\t\t\t<\/div>\n\t\t\t\t<\/div>\n\t\t\t\t<\/div>\n\t\t\t\t<\/section>\n\t\t<section class=\"elementor-element elementor-element-c8f4829 e-flex e-con-boxed pb-medium px-gutters-horizontal e-con e-parent\" data-id=\"c8f4829\" data-element_type=\"container\" data-e-type=\"container\" data-settings=\"{&quot;background_background&quot;:&quot;classic&quot;}\">\n\t\t\t\t\t<div class=\"e-con-inner\">\n\t\t<div class=\"elementor-element elementor-element-e3423cc e-con-full e-flex e-con e-child\" data-id=\"e3423cc\" data-element_type=\"container\" data-e-type=\"container\">\n\t\t\t\t<div class=\"elementor-element elementor-element-7590fd2 elementor-widget elementor-widget-image-carousel\" data-id=\"7590fd2\" data-element_type=\"widget\" data-e-type=\"widget\" data-settings=\"{&quot;slides_to_show&quot;:&quot;1&quot;,&quot;navigation&quot;:&quot;none&quot;,&quot;autoplay_speed&quot;:2500,&quot;effect&quot;:&quot;fade&quot;,&quot;speed&quot;:900,&quot;autoplay&quot;:&quot;yes&quot;,&quot;pause_on_hover&quot;:&quot;yes&quot;,&quot;pause_on_interaction&quot;:&quot;yes&quot;,&quot;infinite&quot;:&quot;yes&quot;}\" data-widget_type=\"image-carousel.default\">\n\t\t\t\t<div class=\"elementor-widget-container\">\n\t\t\t\t\t\t\t<div class=\"elementor-image-carousel-wrapper swiper\" role=\"region\" aria-roledescription=\"carousel\" aria-label=\"Carrusel de im\u00e1genes\" dir=\"ltr\">\n\t\t\t<div class=\"elementor-image-carousel swiper-wrapper swiper-image-stretch\" aria-live=\"off\">\n\t\t\t\t\t\t\t\t<div class=\"swiper-slide\" role=\"group\" aria-roledescription=\"slide\" aria-label=\"1 de 3\"><figure class=\"swiper-slide-inner\"><img decoding=\"async\" class=\"swiper-slide-image\" src=\"https:\/\/les-bassans.com\/wp-content\/uploads\/2026\/04\/hotel-les-bassans-bretagne-spa-768x768.webp\" alt=\"hotel-les-bassans-breta\u00f1a-spa\" \/><\/figure><\/div><div class=\"swiper-slide\" role=\"group\" aria-roledescription=\"slide\" aria-label=\"2 sur 3\"><figure class=\"swiper-slide-inner\"><img decoding=\"async\" class=\"swiper-slide-image\" src=\"https:\/\/les-bassans.com\/wp-content\/uploads\/2026\/04\/hotel-les-bassans-bretagne-relaxation-spa-768x768.webp\" alt=\"hotel-les-bassans-breta\u00f1a-relax-spa\" \/><\/figure><\/div><div class=\"swiper-slide\" role=\"group\" aria-roledescription=\"slide\" aria-label=\"3 sur 3\"><figure class=\"swiper-slide-inner\"><img decoding=\"async\" class=\"swiper-slide-image\" src=\"https:\/\/les-bassans.com\/wp-content\/uploads\/2026\/04\/hotel-les-bassans-bretagne-sauna-768x768.webp\" alt=\"hotel-les-bassans-breta\u00f1a-sauna\" \/><\/figure><\/div>\t\t\t<\/div>\n\t\t\t\t\t\t\t\n\t\t\t\t\t\t\t\t\t<\/div>\n\t\t\t\t\t\t<\/div>\n\t\t\t\t<\/div>\n\t\t\t\t<\/div>\n\t\t<div class=\"elementor-element elementor-element-a35f06d e-con-full e-flex e-con e-child\" data-id=\"a35f06d\" data-element_type=\"container\" data-e-type=\"container\">\n\t\t<div class=\"elementor-element elementor-element-2639239 e-flex e-con-boxed e-con e-child\" data-id=\"2639239\" data-element_type=\"container\" data-e-type=\"container\">\n\t\t\t\t\t<div class=\"e-con-inner\">\n\t\t\t\t<div class=\"elementor-element elementor-element-9fb9159 elementor-widget elementor-widget-asli-widget-text-content\" data-id=\"9fb9159\" data-element_type=\"widget\" data-e-type=\"widget\" data-settings=\"{&quot;max_width&quot;:{&quot;unit&quot;:&quot;px&quot;,&quot;size&quot;:1100,&quot;sizes&quot;:[]},&quot;max_width_tablet&quot;:{&quot;unit&quot;:&quot;%&quot;,&quot;size&quot;:100,&quot;sizes&quot;:[]},&quot;max_width_mobile&quot;:{&quot;unit&quot;:&quot;%&quot;,&quot;size&quot;:100,&quot;sizes&quot;:[]},&quot;text_content_stroke_width&quot;:{&quot;unit&quot;:&quot;%&quot;,&quot;size&quot;:110,&quot;sizes&quot;:[]},&quot;text_content_stroke_height&quot;:{&quot;unit&quot;:&quot;%&quot;,&quot;size&quot;:80,&quot;sizes&quot;:[]},&quot;text_content_stroke_rotation&quot;:{&quot;unit&quot;:&quot;deg&quot;,&quot;size&quot;:-5,&quot;sizes&quot;:[]}}\" data-widget_type=\"asli-widget-text-content.default\">\n\t\t\t\t<div class=\"elementor-widget-container\">\n\t\t\t\t\t\t\t<div class=\"text-start me-auto content js-content\" data-arts-split-text-preset=\"animatedChars\" data-arts-component-name=\"Content\" data-arts-os-animation=\"true\">\n\t\t\t<h2 class=\"content__text typography-text-content\">Spa con vistas al mar en Perros-Guirec<\/h2>\n\t\t<\/div>\n\t\t\t\t\t\t<\/div>\n\t\t\t\t<\/div>\n\t\t\t\t<div class=\"elementor-element elementor-element-b532381 elementor-widget elementor-widget-text-editor\" data-id=\"b532381\" data-element_type=\"widget\" data-e-type=\"widget\" data-widget_type=\"text-editor.default\">\n\t\t\t\t<div class=\"elementor-widget-container\">\n\t\t\t\t\t\t\t\t\t<p>En un marco natural excepcional con un panorama \u00fanico sobre la bah\u00eda de Perros-Guirec y la famosa Costa de Granito Rosa, reg\u00e1lese una aut\u00e9ntica pausa de bienestar junto al mar. Con jacuzzi, sauna, hammam y sol\u00e1rium, disfrute de un momento de relajaci\u00f3n suspendida, lejos de los balnearios tradicionales, para una escapada hol\u00edstica en la que cuerpo y mente recuperan su equilibrio natural.<\/p><p>Descubra los protocolos exclusivos de la marca de cuidado natural Ecocert Alaena, las bebidas tonificantes con col\u00e1geno marino Apn\u00e9e o la avanzada tecnolog\u00eda de la mascarilla LED Noo\u0101nce para una piel radiante.<\/p>\t\t\t\t\t\t\t\t<\/div>\n\t\t\t\t<\/div>\n\t\t\t\t<div class=\"elementor-element elementor-element-35c1883 e-n-tabs-none elementor-widget elementor-widget-n-tabs\" data-id=\"35c1883\" data-element_type=\"widget\" data-e-type=\"widget\" data-settings=\"{&quot;tabs_justify_horizontal&quot;:&quot;start&quot;,&quot;horizontal_scroll&quot;:&quot;disable&quot;}\" data-widget_type=\"nested-tabs.default\">\n\t\t\t\t<div class=\"elementor-widget-container\">\n\t\t\t\t\t\t\t<div class=\"e-n-tabs\" data-widget-number=\"56367235\" aria-label=\"Pesta\u00f1as. Abre elementos con Intro o Espacio, ci\u00e9rralos con Esc y navega con las flechas.\">\n\t\t\t<div class=\"e-n-tabs-heading\" role=\"tablist\">\n\t\t\t\t\t<button id=\"e-n-tab-title-563672351\" data-tab-title-id=\"e-n-tab-title-563672351\" class=\"e-n-tab-title\" aria-selected=\"true\" data-tab-index=\"1\" role=\"tab\" tabindex=\"0\" aria-controls=\"e-n-tab-content-563672351\" style=\"--n-tabs-title-order: 1;\">\n\t\t\t\t\t\t<span class=\"e-n-tab-title-text\">\n\t\t\t\tExperiencias\t\t\t<\/span>\n\t\t<\/button>\n\t\t\t\t<button id=\"e-n-tab-title-563672352\" data-tab-title-id=\"e-n-tab-title-563672352\" class=\"e-n-tab-title\" aria-selected=\"false\" data-tab-index=\"2\" role=\"tab\" tabindex=\"-1\" aria-controls=\"e-n-tab-content-563672352\" style=\"--n-tabs-title-order: 2;\">\n\t\t\t\t\t\t<span class=\"e-n-tab-title-text\">\n\t\t\t\tNuestros tratamientos\t\t\t<\/span>\n\t\t<\/button>\n\t\t\t\t<button id=\"e-n-tab-title-563672353\" data-tab-title-id=\"e-n-tab-title-563672353\" class=\"e-n-tab-title\" aria-selected=\"false\" data-tab-index=\"3\" role=\"tab\" tabindex=\"-1\" aria-controls=\"e-n-tab-content-563672353\" style=\"--n-tabs-title-order: 3;\">\n\t\t\t\t\t\t<span class=\"e-n-tab-title-text\">\n\t\t\t\tEquipamiento\t\t\t<\/span>\n\t\t<\/button>\n\t\t\t\t\t<\/div>\n\t\t\t<div class=\"e-n-tabs-content\">\n\t\t\t\t<div id=\"e-n-tab-content-563672351\" role=\"tabpanel\" aria-labelledby=\"e-n-tab-title-563672351\" data-tab-index=\"1\" style=\"--n-tabs-title-order: 1;\" class=\"e-active elementor-element elementor-element-5378b7a e-con-full e-flex e-con e-child\" data-id=\"5378b7a\" data-element_type=\"container\" data-e-type=\"container\">\n\t\t<div class=\"elementor-element elementor-element-dce1197 e-con-full e-flex e-con e-child\" data-id=\"dce1197\" data-element_type=\"container\" data-e-type=\"container\">\n\t\t<div class=\"elementor-element elementor-element-a92b524 e-con-full e-flex e-con e-child\" data-id=\"a92b524\" data-element_type=\"container\" data-e-type=\"container\">\n\t\t\t\t<div class=\"elementor-element elementor-element-1e9388d elementor-widget elementor-widget-text-editor\" data-id=\"1e9388d\" data-element_type=\"widget\" data-e-type=\"widget\" data-widget_type=\"text-editor.default\">\n\t\t\t\t<div class=\"elementor-widget-container\">\n\t\t\t\t\t\t\t\t\t<p><strong>Acceso a la zona sensorial<\/strong> que incluye sauna, hammam, jacuzzi con vistas al mar y sol\u00e1rium al aire libre para relajar el cuerpo y calmar la mente.<\/p><p><strong>Protocolos de cuidado facial y corporal Alaena y Noo\u0101nce <\/strong>en cabina individual o d\u00fao.<\/p><p><strong>Rituales de bienestar, desintoxicaci\u00f3n, tonificaci\u00f3n y relajaci\u00f3n, a medida para sesiones de media jornada o jornada completa.<\/strong><\/p><p><strong>Horarios de apertura<\/strong> Tratamientos con cita previa, todos los d\u00edas de 10.00 a 19.00 horas.<\/p>\t\t\t\t\t\t\t\t<\/div>\n\t\t\t\t<\/div>\n\t\t\t\t<\/div>\n\t\t\t\t<\/div>\n\t\t\t\t<\/div>\n\t\t<div id=\"e-n-tab-content-563672352\" role=\"tabpanel\" aria-labelledby=\"e-n-tab-title-563672352\" data-tab-index=\"2\" style=\"--n-tabs-title-order: 2;\" class=\"elementor-element elementor-element-be1fe21 e-con-full e-flex e-con e-child\" data-id=\"be1fe21\" data-element_type=\"container\" data-e-type=\"container\">\n\t\t<div class=\"elementor-element elementor-element-62cc378 e-con-full e-flex e-con e-child\" data-id=\"62cc378\" data-element_type=\"container\" data-e-type=\"container\">\n\t\t<div class=\"elementor-element elementor-element-be022ac e-con-full e-flex e-con e-child\" data-id=\"be022ac\" data-element_type=\"container\" data-e-type=\"container\">\n\t\t\t\t<div class=\"elementor-element elementor-element-c2ede83 elementor-widget elementor-widget-text-editor\" data-id=\"c2ede83\" data-element_type=\"widget\" data-e-type=\"widget\" data-widget_type=\"text-editor.default\">\n\t\t\t\t<div class=\"elementor-widget-container\">\n\t\t\t\t\t\t\t\t\t<p>Alaena ha creado una gama exclusiva de tratamientos inspirados en la medicina tradicional china y enriquecidos con t\u00e9cnicas de masaje contempor\u00e1neas. Desde masajes personalizados a tratamientos expertos antiedad o de luminosidad, pasando por rituales hol\u00edsticos tonificantes o dejarse llevar, cada experiencia combina conocimientos m\u00e9dicos, sensorialidad y relajaci\u00f3n junto al mar, para vivir un momento \u00fanico de bienestar en Breta\u00f1a.<\/p><p>Descubra nuestra carta de cuidados faciales y corporales y nuestros rituales de bienestar.<br \/><em>Reserve con antelaci\u00f3n un momento de relajaci\u00f3n en este excepcional Spa de Perros-Guirec, en Breta\u00f1a.<\/em><\/p>\t\t\t\t\t\t\t\t<\/div>\n\t\t\t\t<\/div>\n\t\t\t\t<\/div>\n\t\t\t\t<\/div>\n\t\t\t\t<\/div>\n\t\t<div id=\"e-n-tab-content-563672353\" role=\"tabpanel\" aria-labelledby=\"e-n-tab-title-563672353\" data-tab-index=\"3\" style=\"--n-tabs-title-order: 3;\" class=\"elementor-element elementor-element-7f32240 e-con-full e-flex e-con e-child\" data-id=\"7f32240\" data-element_type=\"container\" data-e-type=\"container\">\n\t\t<div class=\"elementor-element elementor-element-2116273 e-con-full e-flex e-con e-child\" data-id=\"2116273\" data-element_type=\"container\" data-e-type=\"container\">\n\t\t<div class=\"elementor-element elementor-element-1550cc9 e-con-full e-flex e-con e-child\" data-id=\"1550cc9\" data-element_type=\"container\" data-e-type=\"container\">\n\t\t\t\t<div class=\"elementor-element elementor-element-b3349f0 elementor-widget elementor-widget-text-editor\" data-id=\"b3349f0\" data-element_type=\"widget\" data-e-type=\"widget\" data-widget_type=\"text-editor.default\">\n\t\t\t\t<div class=\"elementor-widget-container\">\n\t\t\t\t\t\t\t\t\t<p>Sauna tradicional y de infrarrojos<\/p><p>Hammam<br \/>Ba\u00f1o n\u00f3rdico<br \/>Salas de tratamiento individuales y dobles<br \/>\u2e31 Barra Led<\/p><p>\u2e31 Solarium exterior, zona de relajaci\u00f3n, meditaci\u00f3n y yoga.<\/p><p>\u2e31 Ducha sensorial<\/p><p>T\u00e9 de hierbas y caf\u00e9 col\u00e1geno<\/p>\t\t\t\t\t\t\t\t<\/div>\n\t\t\t\t<\/div>\n\t\t\t\t<\/div>\n\t\t\t\t<\/div>\n\t\t\t\t<\/div>\n\t\t\t\t\t<\/div>\n\t\t<\/div>\n\t\t\t\t\t\t<\/div>\n\t\t\t\t<\/div>\n\t\t<div class=\"elementor-element elementor-element-d7757ce e-con-full e-flex e-con e-child\" data-id=\"d7757ce\" data-element_type=\"container\" data-e-type=\"container\">\n\t\t\t\t<div class=\"elementor-element elementor-element-0a738ab elementor-align-left elementor-tablet-align-center elementor-mobile-align-center elementor-widget elementor-widget-asli-widget-button\" data-id=\"0a738ab\" data-element_type=\"widget\" data-e-type=\"widget\" data-settings=\"{&quot;cursor_hover_offset&quot;:{&quot;unit&quot;:&quot;px&quot;,&quot;size&quot;:0,&quot;sizes&quot;:[]},&quot;icon_indent&quot;:{&quot;unit&quot;:&quot;px&quot;,&quot;size&quot;:8,&quot;sizes&quot;:[]}}\" data-widget_type=\"asli-widget-button.regular\">\n\t\t\t\t<div class=\"elementor-widget-container\">\n\t\t\t\t\t\t\t<div class=\"d-inline-flex elementor-button-wrapper\">\n\t\t\t<a class=\"elementor-button button button_icon button_icon-before elementor-button-link elementor-size-sm\" href=\"https:\/\/www.planity.com\/hotel-spa-les-bassans-fontenille-collection-22700-perros-guirec\" target=\"_blank\">\n\t\t\t\t\t\t<span class=\"button__label button__label-normal\">\n\t\t\t\t\t\t\t<span class=\"button__title elementor-button-text\">Reservar un tratamiento<\/span>\n\t\t\t\t\t\t\t\t\t\t\t\t\t\t\t<span class=\"elementor-button-icon elementor-align-icon-left\">\n\t\t\t\t\t\t\t\t\t<svg aria-hidden=\"true\" class=\"e-font-icon-svg e-far-bookmark\" viewbox=\"0 0 384 512\" xmlns=\"http:\/\/www.w3.org\/2000\/svg\"><path d=\"M336 0H48C21.49 0 0 21.49 0 48v464l192-112 192 112V48c0-26.51-21.49-48-48-48zm0 428.43l-144-84-144 84V54a6 6 0 0 1 6-6h276c3.314 0 6 2.683 6 5.996V428.43z\"><\/path><\/svg>\t\t\t\t\t\t\t<\/span>\n\t\t\t\t\t\t\t\t\t<\/span>\n\n\t\t<span class=\"button__label button__label-hover\">\n\t\t\t\t\t\t\t<span class=\"button__title elementor-button-text\">con Planity<\/span>\n\t\t\t\t\t\t\t\t\t\t\t\t\t\t\t<span class=\"elementor-button-icon elementor-align-icon-left elementor-button-icon elementor-align-icon-left hidden\">\n\t\t\t\t\t\t\t\t\t<svg aria-hidden=\"true\" class=\"e-font-icon-svg e-far-bookmark\" viewbox=\"0 0 384 512\" xmlns=\"http:\/\/www.w3.org\/2000\/svg\"><path d=\"M336 0H48C21.49 0 0 21.49 0 48v464l192-112 192 112V48c0-26.51-21.49-48-48-48zm0 428.43l-144-84-144 84V54a6 6 0 0 1 6-6h276c3.314 0 6 2.683 6 5.996V428.43z\"><\/path><\/svg>\t\t\t\t\t\t\t<\/span>\n\t\t\t\t\t\t\t\t\t<\/span>\n\t\t\t\t\t<\/a>\n\t\t<\/div>\n\t\t\t\t\t\t<\/div>\n\t\t\t\t<\/div>\n\t\t\t\t<div class=\"elementor-element elementor-element-62cd6d5 elementor-align-left elementor-tablet-align-center elementor-mobile-align-center elementor-widget elementor-widget-asli-widget-button\" data-id=\"62cd6d5\" data-element_type=\"widget\" data-e-type=\"widget\" data-settings=\"{&quot;cursor_hover_offset&quot;:{&quot;unit&quot;:&quot;px&quot;,&quot;size&quot;:0,&quot;sizes&quot;:[]},&quot;icon_indent&quot;:{&quot;unit&quot;:&quot;px&quot;,&quot;size&quot;:8,&quot;sizes&quot;:[]}}\" data-widget_type=\"asli-widget-button.regular\">\n\t\t\t\t<div class=\"elementor-widget-container\">\n\t\t\t\t\t\t\t<div class=\"d-inline-flex elementor-button-wrapper\">\n\t\t\t<a class=\"elementor-button button button_icon elementor-button-link elementor-size-sm\" href=\"https:\/\/les-bassans.com\/wp-content\/uploads\/2025\/07\/BAS-CARTE-SPA-FR-NUM.pdf\" target=\"_blank\">\n\t\t\t\t\t\t<span class=\"button__label button__label-normal\">\n\t\t\t\t\t\t\t<span class=\"button__title elementor-button-text\">Men\u00fa de tratamientos<\/span>\n\t\t\t\t\t\t\t\t\t\t\t\t\t\t\t\t\t\t\t<\/span>\n\n\t\t<span class=\"button__label button__label-hover\">\n\t\t\t\t\t\t\t<span class=\"button__title elementor-button-text\">Descubra<\/span>\n\t\t\t\t\t\t\t\t\t\t\t\t\t\t\t\t\t\t\t<\/span>\n\t\t\t\t\t<\/a>\n\t\t<\/div>\n\t\t\t\t\t\t<\/div>\n\t\t\t\t<\/div>\n\t\t\t\t<\/div>\n\t\t\t\t\t<\/div>\n\t\t\t\t<\/div>\n\t\t\t\t<\/div>\n\t\t\t\t\t<\/div>\n\t\t\t\t<\/section>\n\t\t<section class=\"elementor-element elementor-element-2d752cc e-flex e-con-boxed pb-medium px-gutters-horizontal e-con e-parent\" data-id=\"2d752cc\" data-element_type=\"container\" data-e-type=\"container\" data-settings=\"{&quot;background_background&quot;:&quot;classic&quot;}\">\n\t\t\t\t\t<div class=\"e-con-inner\">\n\t\t<div class=\"elementor-element elementor-element-f9893bc e-con-full e-flex e-con e-child\" data-id=\"f9893bc\" data-element_type=\"container\" data-e-type=\"container\">\n\t\t\t\t<div class=\"elementor-element elementor-element-1e7a8d9 elementor-widget elementor-widget-image-carousel\" data-id=\"1e7a8d9\" data-element_type=\"widget\" data-e-type=\"widget\" data-settings=\"{&quot;slides_to_show&quot;:&quot;1&quot;,&quot;navigation&quot;:&quot;none&quot;,&quot;autoplay_speed&quot;:2500,&quot;effect&quot;:&quot;fade&quot;,&quot;speed&quot;:900,&quot;autoplay&quot;:&quot;yes&quot;,&quot;pause_on_hover&quot;:&quot;yes&quot;,&quot;pause_on_interaction&quot;:&quot;yes&quot;,&quot;infinite&quot;:&quot;yes&quot;}\" data-widget_type=\"image-carousel.default\">\n\t\t\t\t<div class=\"elementor-widget-container\">\n\t\t\t\t\t\t\t<div class=\"elementor-image-carousel-wrapper swiper\" role=\"region\" aria-roledescription=\"carousel\" aria-label=\"Carrusel de im\u00e1genes\" dir=\"ltr\">\n\t\t\t<div class=\"elementor-image-carousel swiper-wrapper swiper-image-stretch\" aria-live=\"off\">\n\t\t\t\t\t\t\t\t<div class=\"swiper-slide\" role=\"group\" aria-roledescription=\"slide\" aria-label=\"1 sobre 5\"><figure class=\"swiper-slide-inner\"><img decoding=\"async\" class=\"swiper-slide-image\" src=\"https:\/\/les-bassans.com\/wp-content\/uploads\/2025\/03\/les-bassans-spa-alaena-bretagne-perros-guirec-fontenille-collection-alaena-soin-visage-corps-clean-1-768x768.jpg\" alt=\"les-bassans-spa-alaena-bretagne-perros-guirec-fontenille-coleccion-alaena-cuidado-de-la-cara-limpieza-del-cuerpo (1)\" \/><\/figure><\/div><div class=\"swiper-slide\" role=\"group\" aria-roledescription=\"slide\" aria-label=\"2 de 5\"><figure class=\"swiper-slide-inner\"><img decoding=\"async\" class=\"swiper-slide-image\" src=\"https:\/\/les-bassans.com\/wp-content\/uploads\/2025\/03\/les-bassans-spa-alaena-fontenille-collection-soin-naturel-clean-massage-corps-1-768x768.jpg\" alt=\"les-bassans-spa-alaena-fontenille-coleccion-cuidados-naturales-masaje-limpio-corporal (1)\" \/><\/figure><\/div><div class=\"swiper-slide\" role=\"group\" aria-roledescription=\"slide\" aria-label=\"3 sobre 5\"><figure class=\"swiper-slide-inner\"><img decoding=\"async\" class=\"swiper-slide-image\" src=\"https:\/\/les-bassans.com\/wp-content\/uploads\/2025\/03\/alaena-les-bassans-spa-soins-visage-bio-clean-naturel-fontenille-collection-1-768x768.jpg\" alt=\"alaena-les-bassans-spa-soins-visage-bio-clean-naturel-fontenille-collection (1)\" \/><\/figure><\/div><div class=\"swiper-slide\" role=\"group\" aria-roledescription=\"slide\" aria-label=\"4 sobre 5\"><figure class=\"swiper-slide-inner\"><img decoding=\"async\" class=\"swiper-slide-image\" src=\"https:\/\/les-bassans.com\/wp-content\/uploads\/2025\/03\/les-bassans-hotel-spa-alaena-huile-massage-fontenille-collection-bretagne-1-768x768.jpg\" alt=\"les-bassans-hotel-spa-alaena-huile-massage-fontenille-collection-bretagne (1)\" \/><\/figure><\/div><div class=\"swiper-slide\" role=\"group\" aria-roledescription=\"slide\" aria-label=\"5 sobre 5\"><figure class=\"swiper-slide-inner\"><img decoding=\"async\" class=\"swiper-slide-image\" src=\"https:\/\/les-bassans.com\/wp-content\/uploads\/2025\/03\/les-bassans-spa-alaena-fontenille-collection-soin-visage-naturel-bio-clean-week-end-spa-bretagne-1-768x768.jpg\" alt=\"les-bassans-spa-alaena-fontenille-collection-face-care-natural-bio-clean-weekend-spa-bretagne (1)\" \/><\/figure><\/div>\t\t\t<\/div>\n\t\t\t\t\t\t\t\n\t\t\t\t\t\t\t\t\t<\/div>\n\t\t\t\t\t\t<\/div>\n\t\t\t\t<\/div>\n\t\t\t\t<\/div>\n\t\t<div class=\"elementor-element elementor-element-2182e4d e-con-full e-flex e-con e-child\" data-id=\"2182e4d\" data-element_type=\"container\" data-e-type=\"container\">\n\t\t<div class=\"elementor-element elementor-element-eff50e9 e-flex e-con-boxed e-con e-child\" data-id=\"eff50e9\" data-element_type=\"container\" data-e-type=\"container\">\n\t\t\t\t\t<div class=\"e-con-inner\">\n\t\t\t\t<div class=\"elementor-element elementor-element-6c0d19c elementor-widget elementor-widget-asli-widget-text-content\" data-id=\"6c0d19c\" data-element_type=\"widget\" data-e-type=\"widget\" data-settings=\"{&quot;max_width&quot;:{&quot;unit&quot;:&quot;%&quot;,&quot;size&quot;:90,&quot;sizes&quot;:[]},&quot;max_width_tablet&quot;:{&quot;unit&quot;:&quot;%&quot;,&quot;size&quot;:100,&quot;sizes&quot;:[]},&quot;max_width_mobile&quot;:{&quot;unit&quot;:&quot;%&quot;,&quot;size&quot;:100,&quot;sizes&quot;:[]},&quot;text_content_stroke_width&quot;:{&quot;unit&quot;:&quot;%&quot;,&quot;size&quot;:110,&quot;sizes&quot;:[]},&quot;text_content_stroke_height&quot;:{&quot;unit&quot;:&quot;%&quot;,&quot;size&quot;:80,&quot;sizes&quot;:[]},&quot;text_content_stroke_rotation&quot;:{&quot;unit&quot;:&quot;deg&quot;,&quot;size&quot;:-5,&quot;sizes&quot;:[]}}\" data-widget_type=\"asli-widget-text-content.default\">\n\t\t\t\t<div class=\"elementor-widget-container\">\n\t\t\t\t\t\t\t<div class=\"text-start me-auto content js-content\" data-arts-split-text-preset=\"animatedChars\" data-arts-component-name=\"Content\" data-arts-os-animation=\"true\">\n\t\t\t<h2 class=\"content__text typography-text-content\">Spa Alaena: tratamientos de limpieza de alto rendimiento<\/h2>\n\t\t<\/div>\n\t\t\t\t\t\t<\/div>\n\t\t\t\t<\/div>\n\t\t\t\t<div class=\"elementor-element elementor-element-03fd690 elementor-widget elementor-widget-asli-widget-text-content\" data-id=\"03fd690\" data-element_type=\"widget\" data-e-type=\"widget\" data-settings=\"{&quot;max_width&quot;:{&quot;unit&quot;:&quot;px&quot;,&quot;size&quot;:700,&quot;sizes&quot;:[]},&quot;max_width_tablet&quot;:{&quot;unit&quot;:&quot;%&quot;,&quot;size&quot;:100,&quot;sizes&quot;:[]},&quot;max_width_mobile&quot;:{&quot;unit&quot;:&quot;%&quot;,&quot;size&quot;:100,&quot;sizes&quot;:[]},&quot;text_content_stroke_width&quot;:{&quot;unit&quot;:&quot;%&quot;,&quot;size&quot;:110,&quot;sizes&quot;:[]},&quot;text_content_stroke_height&quot;:{&quot;unit&quot;:&quot;%&quot;,&quot;size&quot;:80,&quot;sizes&quot;:[]},&quot;text_content_stroke_rotation&quot;:{&quot;unit&quot;:&quot;deg&quot;,&quot;size&quot;:-5,&quot;sizes&quot;:[]}}\" data-widget_type=\"asli-widget-text-content.default\">\n\t\t\t\t<div class=\"elementor-widget-container\">\n\t\t\t\t\t\t\t<div class=\"text-start me-auto content js-content\" data-arts-component-name=\"Content\">\n\t\t\t<p class=\"content__text typography-text-content\">Alaena propone f\u00fdrmulas dermatol\u00fdgicas biol\u00fdgicas certificadas, concebidas para responder a las necesidades de todos los tipos de piel. En la encrucijada de la dermatolog\u00eda y las ciencias naturales, Alaena defiende una cosmetolog\u00eda viva: un saber hacer que combina la eficacia de los activos naturales con la innovaci\u00f3n biotecnol\u00f3gica para reactivar la vitalidad de las c\u00e9lulas cut\u00e1neas.<\/p>\n\t\t<\/div>\n\t\t\t\t\t\t<\/div>\n\t\t\t\t<\/div>\n\t\t\t\t<div class=\"elementor-element elementor-element-916869f elementor-widget elementor-widget-asli-widget-text-content\" data-id=\"916869f\" data-element_type=\"widget\" data-e-type=\"widget\" data-settings=\"{&quot;max_width&quot;:{&quot;unit&quot;:&quot;px&quot;,&quot;size&quot;:700,&quot;sizes&quot;:[]},&quot;max_width_tablet&quot;:{&quot;unit&quot;:&quot;%&quot;,&quot;size&quot;:100,&quot;sizes&quot;:[]},&quot;max_width_mobile&quot;:{&quot;unit&quot;:&quot;%&quot;,&quot;size&quot;:100,&quot;sizes&quot;:[]},&quot;text_content_stroke_width&quot;:{&quot;unit&quot;:&quot;%&quot;,&quot;size&quot;:110,&quot;sizes&quot;:[]},&quot;text_content_stroke_height&quot;:{&quot;unit&quot;:&quot;%&quot;,&quot;size&quot;:80,&quot;sizes&quot;:[]},&quot;text_content_stroke_rotation&quot;:{&quot;unit&quot;:&quot;deg&quot;,&quot;size&quot;:-5,&quot;sizes&quot;:[]}}\" data-widget_type=\"asli-widget-text-content.default\">\n\t\t\t\t<div class=\"elementor-widget-container\">\n\t\t\t\t\t\t\t<div class=\"text-start me-auto content js-content\" data-arts-component-name=\"Content\">\n\t\t\t<p class=\"content__text typography-text-content\">Horario: tratamientos con cita previa, de junio a octubre, todos los d\u00edas de 10.00 a 19.00 horas.<\/p>\n\t\t<\/div>\n\t\t\t\t\t\t<\/div>\n\t\t\t\t<\/div>\n\t\t\t\t<div class=\"elementor-element elementor-element-ca199e0 elementor-align-left elementor-tablet-align-center elementor-mobile-align-center elementor-widget elementor-widget-asli-widget-button\" data-id=\"ca199e0\" data-element_type=\"widget\" data-e-type=\"widget\" data-settings=\"{&quot;cursor_hover_offset&quot;:{&quot;unit&quot;:&quot;px&quot;,&quot;size&quot;:0,&quot;sizes&quot;:[]},&quot;icon_indent&quot;:{&quot;unit&quot;:&quot;px&quot;,&quot;size&quot;:8,&quot;sizes&quot;:[]}}\" data-widget_type=\"asli-widget-button.regular\">\n\t\t\t\t<div class=\"elementor-widget-container\">\n\t\t\t\t\t\t\t<div class=\"d-inline-flex elementor-button-wrapper\">\n\t\t\t<a class=\"elementor-button button button_icon elementor-button-link elementor-size-sm\" href=\"https:\/\/les-bassans.com\/wp-content\/uploads\/2025\/07\/BAS-CARTE-SPA-FR-NUM.pdf\" target=\"_blank\">\n\t\t\t\t\t\t<span class=\"button__label button__label-normal\">\n\t\t\t\t\t\t\t<span class=\"button__title elementor-button-text\">Men\u00fa de tratamientos<\/span>\n\t\t\t\t\t\t\t\t\t\t\t\t\t\t\t\t\t\t\t<\/span>\n\n\t\t<span class=\"button__label button__label-hover\">\n\t\t\t\t\t\t\t<span class=\"button__title elementor-button-text\">Descubra<\/span>\n\t\t\t\t\t\t\t\t\t\t\t\t\t\t\t\t\t\t\t<\/span>\n\t\t\t\t\t<\/a>\n\t\t<\/div>\n\t\t\t\t\t\t<\/div>\n\t\t\t\t<\/div>\n\t\t\t\t\t<\/div>\n\t\t\t\t<\/div>\n\t\t\t\t<\/div>\n\t\t\t\t\t<\/div>\n\t\t\t\t<\/section>\n\t\t<section class=\"elementor-element elementor-element-cb1f056 e-flex e-con-boxed pb-medium px-gutters-horizontal e-con e-parent\" data-id=\"cb1f056\" data-element_type=\"container\" data-e-type=\"container\" data-settings=\"{&quot;background_background&quot;:&quot;classic&quot;}\">\n\t\t\t\t\t<div class=\"e-con-inner\">\n\t\t<div class=\"elementor-element elementor-element-f66c666 e-con-full e-flex e-con e-child\" data-id=\"f66c666\" data-element_type=\"container\" data-e-type=\"container\">\n\t\t<div class=\"elementor-element elementor-element-b00497b e-flex e-con-boxed e-con e-child\" data-id=\"b00497b\" data-element_type=\"container\" data-e-type=\"container\">\n\t\t\t\t\t<div class=\"e-con-inner\">\n\t\t\t\t<div class=\"elementor-element elementor-element-740507a elementor-widget elementor-widget-asli-widget-text-content\" data-id=\"740507a\" data-element_type=\"widget\" data-e-type=\"widget\" data-settings=\"{&quot;max_width&quot;:{&quot;unit&quot;:&quot;px&quot;,&quot;size&quot;:1100,&quot;sizes&quot;:[]},&quot;max_width_tablet&quot;:{&quot;unit&quot;:&quot;%&quot;,&quot;size&quot;:100,&quot;sizes&quot;:[]},&quot;max_width_mobile&quot;:{&quot;unit&quot;:&quot;%&quot;,&quot;size&quot;:100,&quot;sizes&quot;:[]},&quot;text_content_stroke_width&quot;:{&quot;unit&quot;:&quot;%&quot;,&quot;size&quot;:110,&quot;sizes&quot;:[]},&quot;text_content_stroke_height&quot;:{&quot;unit&quot;:&quot;%&quot;,&quot;size&quot;:80,&quot;sizes&quot;:[]},&quot;text_content_stroke_rotation&quot;:{&quot;unit&quot;:&quot;deg&quot;,&quot;size&quot;:-5,&quot;sizes&quot;:[]}}\" data-widget_type=\"asli-widget-text-content.default\">\n\t\t\t\t<div class=\"elementor-widget-container\">\n\t\t\t\t\t\t\t<div class=\"text-start me-auto content js-content\" data-arts-split-text-preset=\"animatedChars\" data-arts-component-name=\"Content\" data-arts-os-animation=\"true\">\n\t\t\t<h2 class=\"content__text typography-text-content\">Una jornada de bienestar en Perros-Guirec <\/h2>\n\t\t<\/div>\n\t\t\t\t\t\t<\/div>\n\t\t\t\t<\/div>\n\t\t\t\t<div class=\"elementor-element elementor-element-c249520 elementor-widget elementor-widget-asli-widget-text-content\" data-id=\"c249520\" data-element_type=\"widget\" data-e-type=\"widget\" data-settings=\"{&quot;max_width&quot;:{&quot;unit&quot;:&quot;px&quot;,&quot;size&quot;:700,&quot;sizes&quot;:[]},&quot;max_width_tablet&quot;:{&quot;unit&quot;:&quot;%&quot;,&quot;size&quot;:100,&quot;sizes&quot;:[]},&quot;max_width_mobile&quot;:{&quot;unit&quot;:&quot;%&quot;,&quot;size&quot;:100,&quot;sizes&quot;:[]},&quot;text_content_stroke_width&quot;:{&quot;unit&quot;:&quot;%&quot;,&quot;size&quot;:110,&quot;sizes&quot;:[]},&quot;text_content_stroke_height&quot;:{&quot;unit&quot;:&quot;%&quot;,&quot;size&quot;:80,&quot;sizes&quot;:[]},&quot;text_content_stroke_rotation&quot;:{&quot;unit&quot;:&quot;deg&quot;,&quot;size&quot;:-5,&quot;sizes&quot;:[]}}\" data-widget_type=\"asli-widget-text-content.default\">\n\t\t\t\t<div class=\"elementor-widget-container\">\n\t\t\t\t\t\t\t<div class=\"text-start me-auto content js-content\" data-arts-component-name=\"Content\">\n\t\t\t<p class=\"content__text typography-text-content\">Pase un d\u00eda disfrutando de una experiencia de bienestar hol\u00edstico a medida y recargue las pilas con vistas al mar y a la bah\u00eda de Perros-Guirec, en el coraz\u00f3n de los Bassans. Descubra nuestros pases de un d\u00eda Lunch &amp; Relax, Breakfast &amp; Relax y Sunset &amp; Relax.<\/p>\n\t\t<\/div>\n\t\t\t\t\t\t<\/div>\n\t\t\t\t<\/div>\n\t\t\t\t<div class=\"elementor-element elementor-element-0ea1877 e-n-tabs-none elementor-widget elementor-widget-n-tabs\" data-id=\"0ea1877\" data-element_type=\"widget\" data-e-type=\"widget\" data-settings=\"{&quot;tabs_justify_horizontal&quot;:&quot;start&quot;,&quot;horizontal_scroll&quot;:&quot;disable&quot;}\" data-widget_type=\"nested-tabs.default\">\n\t\t\t\t<div class=\"elementor-widget-container\">\n\t\t\t\t\t\t\t<div class=\"e-n-tabs\" data-widget-number=\"15341687\" aria-label=\"Pesta\u00f1as. Abre elementos con Intro o Espacio, ci\u00e9rralos con Esc y navega con las flechas.\">\n\t\t\t<div class=\"e-n-tabs-heading\" role=\"tablist\">\n\t\t\t\t\t<button id=\"e-n-tab-title-153416871\" data-tab-title-id=\"e-n-tab-title-153416871\" class=\"e-n-tab-title\" aria-selected=\"true\" data-tab-index=\"1\" role=\"tab\" tabindex=\"0\" aria-controls=\"e-n-tab-content-153416871\" style=\"--n-tabs-title-order: 1;\">\n\t\t\t\t\t\t<span class=\"e-n-tab-title-text\">\n\t\t\t\tPrograma\t\t\t<\/span>\n\t\t<\/button>\n\t\t\t\t<button id=\"e-n-tab-title-153416872\" data-tab-title-id=\"e-n-tab-title-153416872\" class=\"e-n-tab-title\" aria-selected=\"false\" data-tab-index=\"2\" role=\"tab\" tabindex=\"-1\" aria-controls=\"e-n-tab-content-153416872\" style=\"--n-tabs-title-order: 2;\">\n\t\t\t\t\t\t<span class=\"e-n-tab-title-text\">\n\t\t\t\tTarifa\t\t\t<\/span>\n\t\t<\/button>\n\t\t\t\t\t<\/div>\n\t\t\t<div class=\"e-n-tabs-content\">\n\t\t\t\t<div id=\"e-n-tab-content-153416871\" role=\"tabpanel\" aria-labelledby=\"e-n-tab-title-153416871\" data-tab-index=\"1\" style=\"--n-tabs-title-order: 1;\" class=\"e-active elementor-element elementor-element-8a0b288 e-con-full e-flex e-con e-child\" data-id=\"8a0b288\" data-element_type=\"container\" data-e-type=\"container\">\n\t\t<div class=\"elementor-element elementor-element-906ab82 e-con-full e-flex e-con e-child\" data-id=\"906ab82\" data-element_type=\"container\" data-e-type=\"container\">\n\t\t<div class=\"elementor-element elementor-element-404728b e-con-full e-flex e-con e-child\" data-id=\"404728b\" data-element_type=\"container\" data-e-type=\"container\">\n\t\t\t\t<div class=\"elementor-element elementor-element-21aadbe elementor-widget elementor-widget-text-editor\" data-id=\"21aadbe\" data-element_type=\"widget\" data-e-type=\"widget\" data-widget_type=\"text-editor.default\">\n\t\t\t\t<div class=\"elementor-widget-container\">\n\t\t\t\t\t\t\t\t\t<p>\u2e31 <strong>Almuerzo y relax<\/strong> un tratamiento facial experto Alaena de 60 minutos y\/o un masaje corporal personalizado de 60 minutos, acceso al spa, un almuerzo \u00edntimo con productos locales de temporada (entrante\/plato principal o plato principal\/postre - bebidas no incluidas).<\/p><p>\u2e31 <strong>Desayuno y relax<\/strong> Un tratamiento facial experto Alaena de 60 minutos o un masaje corporal personalizado, acceso al spa y un desayuno gourmet con vistas al mar.<br \/><span style=\"font-family: var( --e-global-typography-3cea9e3-font-family ), serif; font-size: var( --e-global-typography-3cea9e3-font-size ); font-weight: var( --e-global-typography-3cea9e3-font-weight ); text-align: var(--text-align); background-color: var( --e-global-color-text ); color: var( --e-global-color-primary );\"><br \/><\/span>\u2e31 <strong>Atardecer y relax<\/strong> Un tratamiento facial experto Alaena de 60 minutos o un masaje corporal personalizado, acceso al spa, un aperitivo que incluye una botella de vino Fontenille y una tabla para compartir mientras contempla el horizonte.<\/p>\t\t\t\t\t\t\t\t<\/div>\n\t\t\t\t<\/div>\n\t\t\t\t<\/div>\n\t\t\t\t<\/div>\n\t\t\t\t<\/div>\n\t\t<div id=\"e-n-tab-content-153416872\" role=\"tabpanel\" aria-labelledby=\"e-n-tab-title-153416872\" data-tab-index=\"2\" style=\"--n-tabs-title-order: 2;\" class=\"elementor-element elementor-element-0c48a4d e-con-full e-flex e-con e-child\" data-id=\"0c48a4d\" data-element_type=\"container\" data-e-type=\"container\">\n\t\t<div class=\"elementor-element elementor-element-cc790bc e-con-full e-flex e-con e-child\" data-id=\"cc790bc\" data-element_type=\"container\" data-e-type=\"container\">\n\t\t<div class=\"elementor-element elementor-element-289167d e-con-full e-flex e-con e-child\" data-id=\"289167d\" data-element_type=\"container\" data-e-type=\"container\">\n\t\t\t\t<div class=\"elementor-element elementor-element-5185236 elementor-widget elementor-widget-asli-widget-text-content\" data-id=\"5185236\" data-element_type=\"widget\" data-e-type=\"widget\" data-settings=\"{&quot;max_width&quot;:{&quot;unit&quot;:&quot;px&quot;,&quot;size&quot;:960,&quot;sizes&quot;:[]},&quot;max_width_tablet&quot;:{&quot;unit&quot;:&quot;%&quot;,&quot;size&quot;:100,&quot;sizes&quot;:[]},&quot;max_width_mobile&quot;:{&quot;unit&quot;:&quot;%&quot;,&quot;size&quot;:100,&quot;sizes&quot;:[]},&quot;text_content_stroke_width&quot;:{&quot;unit&quot;:&quot;%&quot;,&quot;size&quot;:110,&quot;sizes&quot;:[]},&quot;text_content_stroke_height&quot;:{&quot;unit&quot;:&quot;%&quot;,&quot;size&quot;:80,&quot;sizes&quot;:[]},&quot;text_content_stroke_rotation&quot;:{&quot;unit&quot;:&quot;deg&quot;,&quot;size&quot;:-5,&quot;sizes&quot;:[]}}\" data-widget_type=\"asli-widget-text-content.default\">\n\t\t\t\t<div class=\"elementor-widget-container\">\n\t\t\t\t\t\t\t<div class=\"text-start me-auto content js-content\" data-arts-split-text-preset=\"animatedLines\" data-arts-component-name=\"Content\" data-arts-os-animation=\"true\">\n\t\t\t<p class=\"content__text typography-text-content\">\u2e31 Relax &amp; Lunch 1 tratamiento : 175\u20ac por persona\nRelax &amp; Lunch 2 tratamientos : 300\u20ac por persona\n\u2e31 Desayuno &amp; Relax : 165\u20ac por persona \u2e31 Atardecer &amp; Relax : 165\u20ac por persona Con reserva por correo electr\u00f3nico o tel\u00e9fono todos los d\u00edas, sujeto a disponibilidad.\n<\/p>\n\t\t<\/div>\n\t\t\t\t\t\t<\/div>\n\t\t\t\t<\/div>\n\t\t\t\t<\/div>\n\t\t\t\t<\/div>\n\t\t\t\t<\/div>\n\t\t\t\t\t<\/div>\n\t\t<\/div>\n\t\t\t\t\t\t<\/div>\n\t\t\t\t<\/div>\n\t\t<div class=\"elementor-element elementor-element-17b5c0d e-con-full e-flex e-con e-child\" data-id=\"17b5c0d\" data-element_type=\"container\" data-e-type=\"container\">\n\t\t\t\t<div class=\"elementor-element elementor-element-a36ad7c elementor-align-left elementor-tablet-align-center elementor-mobile-align-center elementor-widget elementor-widget-asli-widget-button\" data-id=\"a36ad7c\" data-element_type=\"widget\" data-e-type=\"widget\" data-settings=\"{&quot;cursor_hover_offset&quot;:{&quot;unit&quot;:&quot;px&quot;,&quot;size&quot;:0,&quot;sizes&quot;:[]},&quot;icon_indent&quot;:{&quot;unit&quot;:&quot;px&quot;,&quot;size&quot;:8,&quot;sizes&quot;:[]}}\" data-widget_type=\"asli-widget-button.regular\">\n\t\t\t\t<div class=\"elementor-widget-container\">\n\t\t\t\t\t\t\t<div class=\"d-inline-flex elementor-button-wrapper\">\n\t\t\t<a class=\"elementor-button button button_icon button_icon-before elementor-button-link elementor-size-sm\" href=\"https:\/\/www.planity.com\/hotel-spa-les-bassans-fontenille-collection-22700-perros-guirec\" target=\"_blank\">\n\t\t\t\t\t\t<span class=\"button__label button__label-normal\">\n\t\t\t\t\t\t\t<span class=\"button__title elementor-button-text\">Reservar un tratamiento<\/span>\n\t\t\t\t\t\t\t\t\t\t\t\t\t\t\t<span class=\"elementor-button-icon elementor-align-icon-left\">\n\t\t\t\t\t\t\t\t\t<svg aria-hidden=\"true\" class=\"e-font-icon-svg e-far-bookmark\" viewbox=\"0 0 384 512\" xmlns=\"http:\/\/www.w3.org\/2000\/svg\"><path d=\"M336 0H48C21.49 0 0 21.49 0 48v464l192-112 192 112V48c0-26.51-21.49-48-48-48zm0 428.43l-144-84-144 84V54a6 6 0 0 1 6-6h276c3.314 0 6 2.683 6 5.996V428.43z\"><\/path><\/svg>\t\t\t\t\t\t\t<\/span>\n\t\t\t\t\t\t\t\t\t<\/span>\n\n\t\t<span class=\"button__label button__label-hover\">\n\t\t\t\t\t\t\t<span class=\"button__title elementor-button-text\">M\u00e1s informaci\u00f3n<\/span>\n\t\t\t\t\t\t\t\t\t\t\t\t\t\t\t<span class=\"elementor-button-icon elementor-align-icon-left elementor-button-icon elementor-align-icon-left hidden\">\n\t\t\t\t\t\t\t\t\t<svg aria-hidden=\"true\" class=\"e-font-icon-svg e-far-bookmark\" viewbox=\"0 0 384 512\" xmlns=\"http:\/\/www.w3.org\/2000\/svg\"><path d=\"M336 0H48C21.49 0 0 21.49 0 48v464l192-112 192 112V48c0-26.51-21.49-48-48-48zm0 428.43l-144-84-144 84V54a6 6 0 0 1 6-6h276c3.314 0 6 2.683 6 5.996V428.43z\"><\/path><\/svg>\t\t\t\t\t\t\t<\/span>\n\t\t\t\t\t\t\t\t\t<\/span>\n\t\t\t\t\t<\/a>\n\t\t<\/div>\n\t\t\t\t\t\t<\/div>\n\t\t\t\t<\/div>\n\t\t\t\t<div class=\"elementor-element elementor-element-bd4b6c1 elementor-align-left elementor-tablet-align-center elementor-mobile-align-center elementor-widget elementor-widget-asli-widget-button\" data-id=\"bd4b6c1\" data-element_type=\"widget\" data-e-type=\"widget\" data-settings=\"{&quot;cursor_hover_offset&quot;:{&quot;unit&quot;:&quot;px&quot;,&quot;size&quot;:0,&quot;sizes&quot;:[]},&quot;icon_indent&quot;:{&quot;unit&quot;:&quot;px&quot;,&quot;size&quot;:8,&quot;sizes&quot;:[]}}\" data-widget_type=\"asli-widget-button.regular\">\n\t\t\t\t<div class=\"elementor-widget-container\">\n\t\t\t\t\t\t\t<div class=\"d-inline-flex elementor-button-wrapper\">\n\t\t\t<a class=\"elementor-button button button_icon elementor-button-link elementor-size-sm\" href=\"https:\/\/les-bassans.com\/wp-content\/uploads\/2025\/07\/BAS-CARTE-SPA-FR-NUM.pdf\" target=\"_blank\">\n\t\t\t\t\t\t<span class=\"button__label button__label-normal\">\n\t\t\t\t\t\t\t<span class=\"button__title elementor-button-text\">Men\u00fa de tratamientos<\/span>\n\t\t\t\t\t\t\t\t\t\t\t\t\t\t\t\t\t\t\t<\/span>\n\n\t\t<span class=\"button__label button__label-hover\">\n\t\t\t\t\t\t\t<span class=\"button__title elementor-button-text\">Descubra<\/span>\n\t\t\t\t\t\t\t\t\t\t\t\t\t\t\t\t\t\t\t<\/span>\n\t\t\t\t\t<\/a>\n\t\t<\/div>\n\t\t\t\t\t\t<\/div>\n\t\t\t\t<\/div>\n\t\t\t\t<\/div>\n\t\t\t\t\t<\/div>\n\t\t\t\t<\/div>\n\t\t\t\t<\/div>\n\t\t<div class=\"elementor-element elementor-element-5e2805d e-con-full e-flex e-con e-child\" data-id=\"5e2805d\" data-element_type=\"container\" data-e-type=\"container\">\n\t\t\t\t<div class=\"elementor-element elementor-element-168b519 elementor-widget elementor-widget-image-carousel\" data-id=\"168b519\" data-element_type=\"widget\" data-e-type=\"widget\" data-settings=\"{&quot;slides_to_show&quot;:&quot;1&quot;,&quot;navigation&quot;:&quot;none&quot;,&quot;autoplay_speed&quot;:2500,&quot;effect&quot;:&quot;fade&quot;,&quot;speed&quot;:900,&quot;autoplay&quot;:&quot;yes&quot;,&quot;pause_on_hover&quot;:&quot;yes&quot;,&quot;pause_on_interaction&quot;:&quot;yes&quot;,&quot;infinite&quot;:&quot;yes&quot;}\" data-widget_type=\"image-carousel.default\">\n\t\t\t\t<div class=\"elementor-widget-container\">\n\t\t\t\t\t\t\t<div class=\"elementor-image-carousel-wrapper swiper\" role=\"region\" aria-roledescription=\"carousel\" aria-label=\"Carrusel de im\u00e1genes\" dir=\"ltr\">\n\t\t\t<div class=\"elementor-image-carousel swiper-wrapper swiper-image-stretch\" aria-live=\"off\">\n\t\t\t\t\t\t\t\t<div class=\"swiper-slide\" role=\"group\" aria-roledescription=\"slide\" aria-label=\"1 de 3\"><figure class=\"swiper-slide-inner\"><img decoding=\"async\" class=\"swiper-slide-image\" src=\"https:\/\/les-bassans.com\/wp-content\/uploads\/2024\/12\/sauna-spa-les-hortensias-du-lac-hossegor-768x768.jpg\" alt=\"sauna-spa-les-hortensias-du-lac-hossegor\" \/><\/figure><\/div><div class=\"swiper-slide\" role=\"group\" aria-roledescription=\"slide\" aria-label=\"2 sur 3\"><figure class=\"swiper-slide-inner\"><img decoding=\"async\" class=\"swiper-slide-image\" src=\"https:\/\/les-bassans.com\/wp-content\/uploads\/2025\/03\/les-bassans-spa-alaena-fontenille-collection-soin-visage-naturel-bio-clean-week-end-spa-bretagne-1-768x768.jpg\" alt=\"les-bassans-spa-alaena-fontenille-collection-face-care-natural-bio-clean-weekend-spa-bretagne (1)\" \/><\/figure><\/div><div class=\"swiper-slide\" role=\"group\" aria-roledescription=\"slide\" aria-label=\"3 sur 3\"><figure class=\"swiper-slide-inner\"><img decoding=\"async\" class=\"swiper-slide-image\" src=\"https:\/\/les-bassans.com\/wp-content\/uploads\/2024\/12\/soins-spa-marseille-768x768.webp\" alt=\"care-spa-marseille\" \/><\/figure><\/div>\t\t\t<\/div>\n\t\t\t\t\t\t\t\n\t\t\t\t\t\t\t\t\t<\/div>\n\t\t\t\t\t\t<\/div>\n\t\t\t\t<\/div>\n\t\t\t\t<\/div>\n\t\t\t\t\t<\/div>\n\t\t\t\t<\/section>\n\t\t<section class=\"elementor-element elementor-element-8891d25 e-flex e-con-boxed pb-medium px-gutters-horizontal e-con e-parent\" data-id=\"8891d25\" data-element_type=\"container\" data-e-type=\"container\" data-settings=\"{&quot;background_background&quot;:&quot;gradient&quot;}\">\n\t\t\t\t\t<div class=\"e-con-inner\">\n\t\t<div class=\"elementor-element elementor-element-3fcc361 e-con-full e-flex e-con e-child\" data-id=\"3fcc361\" data-element_type=\"container\" data-e-type=\"container\">\n\t\t<div class=\"elementor-element elementor-element-cc6c69e e-flex e-con-boxed e-con e-child\" data-id=\"cc6c69e\" data-element_type=\"container\" data-e-type=\"container\">\n\t\t\t\t\t<div class=\"e-con-inner\">\n\t\t\t\t<div class=\"elementor-element elementor-element-a776ff9 elementor-widget elementor-widget-asli-widget-text-content\" data-id=\"a776ff9\" data-element_type=\"widget\" data-e-type=\"widget\" data-settings=\"{&quot;max_width&quot;:{&quot;unit&quot;:&quot;px&quot;,&quot;size&quot;:1100,&quot;sizes&quot;:[]},&quot;max_width_tablet&quot;:{&quot;unit&quot;:&quot;%&quot;,&quot;size&quot;:100,&quot;sizes&quot;:[]},&quot;max_width_mobile&quot;:{&quot;unit&quot;:&quot;%&quot;,&quot;size&quot;:100,&quot;sizes&quot;:[]},&quot;text_content_stroke_width&quot;:{&quot;unit&quot;:&quot;%&quot;,&quot;size&quot;:110,&quot;sizes&quot;:[]},&quot;text_content_stroke_height&quot;:{&quot;unit&quot;:&quot;%&quot;,&quot;size&quot;:80,&quot;sizes&quot;:[]},&quot;text_content_stroke_rotation&quot;:{&quot;unit&quot;:&quot;deg&quot;,&quot;size&quot;:-5,&quot;sizes&quot;:[]}}\" data-widget_type=\"asli-widget-text-content.default\">\n\t\t\t\t<div class=\"elementor-widget-container\">\n\t\t\t\t\t\t\t<div class=\"text-start me-auto content js-content\" data-arts-split-text-preset=\"animatedChars\" data-arts-component-name=\"Content\" data-arts-os-animation=\"true\">\n\t\t\t<h2 class=\"content__text typography-text-content\">Retiros de bienestar en Breta\u00f1a<\/h2>\n\t\t<\/div>\n\t\t\t\t\t\t<\/div>\n\t\t\t\t<\/div>\n\t\t\t\t<div class=\"elementor-element elementor-element-abeb478 elementor-widget elementor-widget-text-editor\" data-id=\"abeb478\" data-element_type=\"widget\" data-e-type=\"widget\" data-widget_type=\"text-editor.default\">\n\t\t\t\t<div class=\"elementor-widget-container\">\n\t\t\t\t\t\t\t\t\t<p>\u00bfQu\u00e9 le parecer\u00eda dar a su cuerpo y a su mente un soplo de aire fresco junto al mar? En Les Bassans, en Perros-Guirec, cada retiro de bienestar o de yoga se convierte en una experiencia envolvente, con el vigorizante roc\u00edo del mar, el silencio de los pinos, tratamientos hol\u00edsticos y una cocina nutritiva. Un paraje virgen en Breta\u00f1a, ideal para desconectar, moverse suavemente y volver a conectar con lo esencial.<\/p>\t\t\t\t\t\t\t\t<\/div>\n\t\t\t\t<\/div>\n\t\t\t\t<div class=\"elementor-element elementor-element-20556e5 e-n-tabs-none elementor-widget elementor-widget-n-tabs\" data-id=\"20556e5\" data-element_type=\"widget\" data-e-type=\"widget\" data-settings=\"{&quot;tabs_justify_horizontal&quot;:&quot;start&quot;,&quot;horizontal_scroll&quot;:&quot;disable&quot;}\" data-widget_type=\"nested-tabs.default\">\n\t\t\t\t<div class=\"elementor-widget-container\">\n\t\t\t\t\t\t\t<div class=\"e-n-tabs\" data-widget-number=\"33904357\" aria-label=\"Pesta\u00f1as. Abre elementos con Intro o Espacio, ci\u00e9rralos con Esc y navega con las flechas.\">\n\t\t\t<div class=\"e-n-tabs-heading\" role=\"tablist\">\n\t\t\t\t\t<button id=\"e-n-tab-title-339043571\" data-tab-title-id=\"e-n-tab-title-339043571\" class=\"e-n-tab-title\" aria-selected=\"true\" data-tab-index=\"1\" role=\"tab\" tabindex=\"0\" aria-controls=\"e-n-tab-content-339043571\" style=\"--n-tabs-title-order: 1;\">\n\t\t\t\t\t\t<span class=\"e-n-tab-title-text\">\n\t\t\t\tInformaci\u00f3n pr\u00e1ctica\t\t\t<\/span>\n\t\t<\/button>\n\t\t\t\t\t<\/div>\n\t\t\t<div class=\"e-n-tabs-content\">\n\t\t\t\t<div id=\"e-n-tab-content-339043571\" role=\"tabpanel\" aria-labelledby=\"e-n-tab-title-339043571\" data-tab-index=\"1\" style=\"--n-tabs-title-order: 1;\" class=\"e-active elementor-element elementor-element-b8d5366 e-con-full e-flex e-con e-child\" data-id=\"b8d5366\" data-element_type=\"container\" data-e-type=\"container\">\n\t\t<div class=\"elementor-element elementor-element-df83ac8 e-con-full e-flex e-con e-child\" data-id=\"df83ac8\" data-element_type=\"container\" data-e-type=\"container\">\n\t\t<div class=\"elementor-element elementor-element-c24ae34 e-con-full e-flex e-con e-child\" data-id=\"c24ae34\" data-element_type=\"container\" data-e-type=\"container\">\n\t\t\t\t<div class=\"elementor-element elementor-element-d047ab9 elementor-widget elementor-widget-asli-widget-text-content\" data-id=\"d047ab9\" data-element_type=\"widget\" data-e-type=\"widget\" data-settings=\"{&quot;max_width&quot;:{&quot;unit&quot;:&quot;px&quot;,&quot;size&quot;:960,&quot;sizes&quot;:[]},&quot;max_width_tablet&quot;:{&quot;unit&quot;:&quot;%&quot;,&quot;size&quot;:100,&quot;sizes&quot;:[]},&quot;max_width_mobile&quot;:{&quot;unit&quot;:&quot;%&quot;,&quot;size&quot;:100,&quot;sizes&quot;:[]},&quot;text_content_stroke_width&quot;:{&quot;unit&quot;:&quot;%&quot;,&quot;size&quot;:110,&quot;sizes&quot;:[]},&quot;text_content_stroke_height&quot;:{&quot;unit&quot;:&quot;%&quot;,&quot;size&quot;:80,&quot;sizes&quot;:[]},&quot;text_content_stroke_rotation&quot;:{&quot;unit&quot;:&quot;deg&quot;,&quot;size&quot;:-5,&quot;sizes&quot;:[]}}\" data-widget_type=\"asli-widget-text-content.default\">\n\t\t\t\t<div class=\"elementor-widget-container\">\n\t\t\t\t\t\t\t<div class=\"text-start me-auto content js-content\" data-arts-split-text-preset=\"animatedLines\" data-arts-component-name=\"Content\" data-arts-os-animation=\"true\">\n\t\t\t<p class=\"content__text typography-text-content\">Puede privatizarse, con capacidad para 10-15 personas.\n\n<\/p>\n\t\t<\/div>\n\t\t\t\t\t\t<\/div>\n\t\t\t\t<\/div>\n\t\t\t\t<\/div>\n\t\t\t\t<\/div>\n\t\t\t\t<\/div>\n\t\t\t\t\t<\/div>\n\t\t<\/div>\n\t\t\t\t\t\t<\/div>\n\t\t\t\t<\/div>\n\t\t<div class=\"elementor-element elementor-element-725b6cc e-con-full e-flex e-con e-child\" data-id=\"725b6cc\" data-element_type=\"container\" data-e-type=\"container\">\n\t\t\t\t<div class=\"elementor-element elementor-element-b33a6e2 elementor-align-left elementor-tablet-align-center elementor-mobile-align-center elementor-widget elementor-widget-asli-widget-button\" data-id=\"b33a6e2\" data-element_type=\"widget\" data-e-type=\"widget\" data-settings=\"{&quot;cursor_hover_offset&quot;:{&quot;unit&quot;:&quot;px&quot;,&quot;size&quot;:0,&quot;sizes&quot;:[]},&quot;icon_indent&quot;:{&quot;unit&quot;:&quot;px&quot;,&quot;size&quot;:8,&quot;sizes&quot;:[]}}\" data-widget_type=\"asli-widget-button.regular\">\n\t\t\t\t<div class=\"elementor-widget-container\">\n\t\t\t\t\t\t\t<div class=\"d-inline-flex elementor-button-wrapper\">\n\t\t\t<a class=\"elementor-button button button_icon elementor-button-link elementor-size-sm\" href=\"mailto:reservations@lesbassans.com\">\n\t\t\t\t\t\t<span class=\"button__label button__label-normal\">\n\t\t\t\t\t\t\t<span class=\"button__title elementor-button-text\">P\u00f3ngase en contacto con nosotros<\/span>\n\t\t\t\t\t\t\t\t\t\t\t\t\t\t\t\t\t\t\t<\/span>\n\n\t\t<span class=\"button__label button__label-hover\">\n\t\t\t\t\t\t\t<span class=\"button__title elementor-button-text\">M\u00e1s informaci\u00f3n<\/span>\n\t\t\t\t\t\t\t\t\t\t\t\t\t\t\t\t\t\t\t<\/span>\n\t\t\t\t\t<\/a>\n\t\t<\/div>\n\t\t\t\t\t\t<\/div>\n\t\t\t\t<\/div>\n\t\t\t\t<\/div>\n\t\t\t\t\t<\/div>\n\t\t\t\t<\/div>\n\t\t\t\t<\/div>\n\t\t<div class=\"elementor-element elementor-element-58401ae e-con-full e-flex e-con e-child\" data-id=\"58401ae\" data-element_type=\"container\" data-e-type=\"container\">\n\t\t\t\t<div class=\"elementor-element elementor-element-9245633 elementor-widget elementor-widget-image-carousel\" data-id=\"9245633\" data-element_type=\"widget\" data-e-type=\"widget\" data-settings=\"{&quot;slides_to_show&quot;:&quot;1&quot;,&quot;navigation&quot;:&quot;none&quot;,&quot;autoplay_speed&quot;:2500,&quot;effect&quot;:&quot;fade&quot;,&quot;speed&quot;:900,&quot;autoplay&quot;:&quot;yes&quot;,&quot;pause_on_hover&quot;:&quot;yes&quot;,&quot;pause_on_interaction&quot;:&quot;yes&quot;,&quot;infinite&quot;:&quot;yes&quot;}\" data-widget_type=\"image-carousel.default\">\n\t\t\t\t<div class=\"elementor-widget-container\">\n\t\t\t\t\t\t\t<div class=\"elementor-image-carousel-wrapper swiper\" role=\"region\" aria-roledescription=\"carousel\" aria-label=\"Carrusel de im\u00e1genes\" dir=\"ltr\">\n\t\t\t<div class=\"elementor-image-carousel swiper-wrapper swiper-image-stretch\" aria-live=\"off\">\n\t\t\t\t\t\t\t\t<div class=\"swiper-slide\" role=\"group\" aria-roledescription=\"slide\" aria-label=\"1 de 1\"><figure class=\"swiper-slide-inner\"><img decoding=\"async\" class=\"swiper-slide-image\" src=\"https:\/\/les-bassans.com\/wp-content\/uploads\/2025\/03\/les-bassans-spa-alaena-fontenille-collection-soin-naturel-clean-massage-corps-1-768x768.jpg\" alt=\"les-bassans-spa-alaena-fontenille-coleccion-cuidados-naturales-masaje-limpio-corporal (1)\" \/><\/figure><\/div>\t\t\t<\/div>\n\t\t\t\t\t<\/div>\n\t\t\t\t\t\t<\/div>\n\t\t\t\t<\/div>\n\t\t\t\t<\/div>\n\t\t\t\t\t<\/div>\n\t\t\t\t<\/section>\n\t\t<section class=\"elementor-element elementor-element-b35a294 e-flex e-con-boxed pt-medium pb-medium px-gutters-horizontal e-con e-parent\" data-id=\"b35a294\" data-element_type=\"container\" data-e-type=\"container\" data-settings=\"{&quot;background_background&quot;:&quot;classic&quot;}\">\n\t\t\t\t\t<div class=\"e-con-inner\">\n\t\t\t\t<div class=\"elementor-element elementor-element-85d79c1 elementor-widget elementor-widget-asli-widget-text-content\" data-id=\"85d79c1\" data-element_type=\"widget\" data-e-type=\"widget\" data-settings=\"{&quot;max_width&quot;:{&quot;unit&quot;:&quot;px&quot;,&quot;size&quot;:790,&quot;sizes&quot;:[]},&quot;max_width_tablet&quot;:{&quot;unit&quot;:&quot;%&quot;,&quot;size&quot;:100,&quot;sizes&quot;:[]},&quot;max_width_mobile&quot;:{&quot;unit&quot;:&quot;%&quot;,&quot;size&quot;:100,&quot;sizes&quot;:[]},&quot;text_content_stroke_width&quot;:{&quot;unit&quot;:&quot;%&quot;,&quot;size&quot;:110,&quot;sizes&quot;:[]},&quot;text_content_stroke_height&quot;:{&quot;unit&quot;:&quot;%&quot;,&quot;size&quot;:80,&quot;sizes&quot;:[]},&quot;text_content_stroke_rotation&quot;:{&quot;unit&quot;:&quot;deg&quot;,&quot;size&quot;:-5,&quot;sizes&quot;:[]}}\" data-widget_type=\"asli-widget-text-content.default\">\n\t\t\t\t<div class=\"elementor-widget-container\">\n\t\t\t\t\t\t\t<div class=\"text-center mx-auto content js-content\" data-arts-split-text-preset=\"animatedLines\" data-arts-component-name=\"Content\" data-arts-os-animation=\"true\">\n\t\t\t<h2 class=\"content__text typography-text-content\">\u00bfPor qu\u00e9 elegir Les Bassans para un fin de semana balneario en Breta\u00f1a?<\/h2>\n\t\t<\/div>\n\t\t\t\t\t\t<\/div>\n\t\t\t\t<\/div>\n\t\t<div class=\"elementor-element elementor-element-f63f14f e-con-full e-flex e-con e-child\" data-id=\"f63f14f\" data-element_type=\"container\" data-e-type=\"container\">\n\t\t<div class=\"elementor-element elementor-element-15c64e0 e-con-full e-flex e-con e-child\" data-id=\"15c64e0\" data-element_type=\"container\" data-e-type=\"container\">\n\t\t\t\t<div class=\"elementor-element elementor-element-50ff814 elementor-widget elementor-widget-icon-box\" data-id=\"50ff814\" data-element_type=\"widget\" data-e-type=\"widget\" data-widget_type=\"icon-box.default\">\n\t\t\t\t<div class=\"elementor-widget-container\">\n\t\t\t\t\t\t\t<div class=\"elementor-icon-box-wrapper\">\n\n\t\t\t\n\t\t\t\t\t\t<div class=\"elementor-icon-box-content\">\n\n\t\t\t\t\t\t\t\t\t<h3 class=\"elementor-icon-box-title\">\n\t\t\t\t\t\t<span  >\n\t\t\t\t\t\t\tAccesibilidad\t\t\t\t\t\t<\/span>\n\t\t\t\t\t<\/h3>\n\t\t\t\t\n\t\t\t\t\t\t\t\t\t<p class=\"elementor-icon-box-description\">\n\t\t\t\t\t\t A menos de 3 horas de Par\u00eds, Les Bassans es f\u00e1cilmente accesible en coche o en tren (estaci\u00f3n de Lannion).\t\t\t\t\t<\/p>\n\t\t\t\t\n\t\t\t<\/div>\n\t\t\t\n\t\t<\/div>\n\t\t\t\t\t\t<\/div>\n\t\t\t\t<\/div>\n\t\t\t\t<\/div>\n\t\t<div class=\"elementor-element elementor-element-b75124e e-con-full e-flex e-con e-child\" data-id=\"b75124e\" data-element_type=\"container\" data-e-type=\"container\">\n\t\t\t\t<div class=\"elementor-element elementor-element-5f8e036 elementor-widget elementor-widget-icon-box\" data-id=\"5f8e036\" data-element_type=\"widget\" data-e-type=\"widget\" data-widget_type=\"icon-box.default\">\n\t\t\t\t<div class=\"elementor-widget-container\">\n\t\t\t\t\t\t\t<div class=\"elementor-icon-box-wrapper\">\n\n\t\t\t\n\t\t\t\t\t\t<div class=\"elementor-icon-box-content\">\n\n\t\t\t\t\t\t\t\t\t<h3 class=\"elementor-icon-box-title\">\n\t\t\t\t\t\t<span  >\n\t\t\t\t\t\t\tEntorno natural \t\t\t\t\t\t<\/span>\n\t\t\t\t\t<\/h3>\n\t\t\t\t\n\t\t\t\t\t\t\t\t\t<p class=\"elementor-icon-box-description\">\n\t\t\t\t\t\tUna casa excepcional situada entre el mar y el cielo, frente al Archipel des Sept \u00celes, lugar de observaci\u00f3n de la fauna de Perros-Guirec.\t\t\t\t\t<\/p>\n\t\t\t\t\n\t\t\t<\/div>\n\t\t\t\n\t\t<\/div>\n\t\t\t\t\t\t<\/div>\n\t\t\t\t<\/div>\n\t\t\t\t<\/div>\n\t\t<div class=\"elementor-element elementor-element-4281409 e-con-full e-flex e-con e-child\" data-id=\"4281409\" data-element_type=\"container\" data-e-type=\"container\">\n\t\t\t\t<div class=\"elementor-element elementor-element-4d02f34 elementor-widget elementor-widget-icon-box\" data-id=\"4d02f34\" data-element_type=\"widget\" data-e-type=\"widget\" data-widget_type=\"icon-box.default\">\n\t\t\t\t<div class=\"elementor-widget-container\">\n\t\t\t\t\t\t\t<div class=\"elementor-icon-box-wrapper\">\n\n\t\t\t\n\t\t\t\t\t\t<div class=\"elementor-icon-box-content\">\n\n\t\t\t\t\t\t\t\t\t<h3 class=\"elementor-icon-box-title\">\n\t\t\t\t\t\t<span  >\n\t\t\t\t\t\t\tExperiencia\t\t\t\t\t\t<\/span>\n\t\t\t\t\t<\/h3>\n\t\t\t\t\n\t\t\t\t\t\t\t\t\t<p class=\"elementor-icon-box-description\">\n\t\t\t\t\t\tTratamientos excepcionales y de alto rendimiento de Alaena y Noo\u0101nce, creados por expertos cualificados.\t\t\t\t\t<\/p>\n\t\t\t\t\n\t\t\t<\/div>\n\t\t\t\n\t\t<\/div>\n\t\t\t\t\t\t<\/div>\n\t\t\t\t<\/div>\n\t\t\t\t<\/div>\n\t\t<div class=\"elementor-element elementor-element-69366cb e-con-full e-flex e-con e-child\" data-id=\"69366cb\" data-element_type=\"container\" data-e-type=\"container\">\n\t\t\t\t<div class=\"elementor-element elementor-element-3893ff2 elementor-widget elementor-widget-icon-box\" data-id=\"3893ff2\" data-element_type=\"widget\" data-e-type=\"widget\" data-widget_type=\"icon-box.default\">\n\t\t\t\t<div class=\"elementor-widget-container\">\n\t\t\t\t\t\t\t<div class=\"elementor-icon-box-wrapper\">\n\n\t\t\t\n\t\t\t\t\t\t<div class=\"elementor-icon-box-content\">\n\n\t\t\t\t\t\t\t\t\t<h3 class=\"elementor-icon-box-title\">\n\t\t\t\t\t\t<span  >\n\t\t\t\t\t\t\tBIENESTAR hol\u00edstico\t\t\t\t\t\t<\/span>\n\t\t\t\t\t<\/h3>\n\t\t\t\t\n\t\t\t\t\t\t\t\t\t<p class=\"elementor-icon-box-description\">\n\t\t\t\t\t\tEl marco ideal para armonizar cuerpo y mente: tratamientos y masajes naturales, rituales de spa con vistas al oc\u00e9ano, cocina de temporada, caf\u00e9 con col\u00e1geno.\t\t\t\t\t<\/p>\n\t\t\t\t\n\t\t\t<\/div>\n\t\t\t\n\t\t<\/div>\n\t\t\t\t\t\t<\/div>\n\t\t\t\t<\/div>\n\t\t\t\t<\/div>\n\t\t\t\t<\/div>\n\t\t\t\t\t<\/div>\n\t\t\t\t<\/section>\n\t\t<div class=\"elementor-element elementor-element-681cd60 e-con-full e-flex e-con e-child\" data-id=\"681cd60\" data-element_type=\"container\" data-e-type=\"container\" data-settings=\"{&quot;background_background&quot;:&quot;classic&quot;}\">\n\t\t<div class=\"elementor-element elementor-element-0e46b86 e-con-full e-flex e-con e-child\" data-id=\"0e46b86\" data-element_type=\"container\" data-e-type=\"container\">\n\t\t<div class=\"elementor-element elementor-element-4ab07c5 e-con-full e-flex e-con e-child\" data-id=\"4ab07c5\" data-element_type=\"container\" data-e-type=\"container\">\n\t\t\t\t<div class=\"elementor-element elementor-element-abfa25d elementor-cta--skin-cover elementor-cta--valign-middle elementor-animated-content elementor-bg-transform elementor-bg-transform-zoom-in elementor-widget elementor-widget-call-to-action\" data-id=\"abfa25d\" data-element_type=\"widget\" data-e-type=\"widget\" data-widget_type=\"call-to-action.default\">\n\t\t\t\t<div class=\"elementor-widget-container\">\n\t\t\t\t\t\t\t<a class=\"elementor-cta\" href=\"https:\/\/les-bassans.com\/es\/descubra-los-bassans\/\">\n\t\t\t\t\t<div class=\"elementor-cta__bg-wrapper\">\n\t\t\t\t<div class=\"elementor-cta__bg elementor-bg\" style=\"background-image: url(https:\/\/les-bassans.com\/wp-content\/uploads\/2025\/03\/les-bassans-hotel-restaurant-perros-guirec-spa-bretagne-fontenille-collection-1-768x910.jpg);\" role=\"img\" aria-label=\"les-bassans-hotel-restaurant-perros-guirec-spa-bretagne-fontenille-collection (1)\"><\/div>\n\t\t\t\t<div class=\"elementor-cta__bg-overlay\"><\/div>\n\t\t\t<\/div>\n\t\t\t\t\t\t\t<div class=\"elementor-cta__content\">\n\t\t\t\t\n\t\t\t\t\t\t\t\t\t<h3 class=\"elementor-cta__title elementor-cta__content-item elementor-content-item elementor-animated-item--move-up\">\n\t\t\t\t\t\tLes Bassans\t\t\t\t\t<\/h3>\n\t\t\t\t\n\t\t\t\t\t\t\t\t\t<h4 class=\"elementor-cta__description elementor-cta__content-item elementor-content-item elementor-animated-item--move-up\">\n\t\t\t\t\t\tCasa encaramada<br>en Perros-Guirec\t\t\t\t\t<\/h4>\n\t\t\t\t\n\t\t\t\t\t\t\t<\/div>\n\t\t\t\t\t\t<\/a>\n\t\t\t\t\t\t<\/div>\n\t\t\t\t<\/div>\n\t\t\t\t<\/div>\n\t\t<div class=\"elementor-element elementor-element-72dfcd2 e-con-full e-flex e-con e-child\" data-id=\"72dfcd2\" data-element_type=\"container\" data-e-type=\"container\">\n\t\t\t\t<div class=\"elementor-element elementor-element-0499191 elementor-cta--skin-cover elementor-cta--valign-middle elementor-animated-content elementor-bg-transform elementor-bg-transform-zoom-in elementor-widget elementor-widget-call-to-action\" data-id=\"0499191\" data-element_type=\"widget\" data-e-type=\"widget\" data-widget_type=\"call-to-action.default\">\n\t\t\t\t<div class=\"elementor-widget-container\">\n\t\t\t\t\t\t\t<a class=\"elementor-cta\" href=\"https:\/\/les-bassans.com\/es\/nuestras-habitaciones\/\">\n\t\t\t\t\t<div class=\"elementor-cta__bg-wrapper\">\n\t\t\t\t<div class=\"elementor-cta__bg elementor-bg\" style=\"background-image: url(https:\/\/les-bassans.com\/wp-content\/uploads\/2025\/07\/4Y0A4335_tiphaine_caro-scaled.jpg);\" role=\"img\" aria-label=\"4Y0A4335_tiphaine_caro\"><\/div>\n\t\t\t\t<div class=\"elementor-cta__bg-overlay\"><\/div>\n\t\t\t<\/div>\n\t\t\t\t\t\t\t<div class=\"elementor-cta__content\">\n\t\t\t\t\n\t\t\t\t\t\t\t\t\t<h3 class=\"elementor-cta__title elementor-cta__content-item elementor-content-item elementor-animated-item--move-up\">\n\t\t\t\t\t\tHabitaciones y suites\t\t\t\t\t<\/h3>\n\t\t\t\t\n\t\t\t\t\t\t\t\t\t<h4 class=\"elementor-cta__description elementor-cta__content-item elementor-content-item elementor-animated-item--move-up\">\n\t\t\t\t\t\tUna escapada llena de yodo<br>frente al mar\n\t\t\t\t\t<\/h4>\n\t\t\t\t\n\t\t\t\t\t\t\t<\/div>\n\t\t\t\t\t\t<\/a>\n\t\t\t\t\t\t<\/div>\n\t\t\t\t<\/div>\n\t\t\t\t<\/div>\n\t\t<div class=\"elementor-element elementor-element-404a967 e-con-full e-flex e-con e-child\" data-id=\"404a967\" data-element_type=\"container\" data-e-type=\"container\">\n\t\t\t\t<div class=\"elementor-element elementor-element-fb7d096 elementor-cta--skin-cover elementor-cta--valign-middle elementor-animated-content elementor-bg-transform elementor-bg-transform-zoom-in elementor-widget elementor-widget-call-to-action\" data-id=\"fb7d096\" data-element_type=\"widget\" data-e-type=\"widget\" data-widget_type=\"call-to-action.default\">\n\t\t\t\t<div class=\"elementor-widget-container\">\n\t\t\t\t\t\t\t<a class=\"elementor-cta\" href=\"https:\/\/les-bassans.com\/es\/restaurante-bar-les-bassans\/\">\n\t\t\t\t\t<div class=\"elementor-cta__bg-wrapper\">\n\t\t\t\t<div class=\"elementor-cta__bg elementor-bg\" style=\"background-image: url(https:\/\/les-bassans.com\/wp-content\/uploads\/2026\/04\/hotel-les-bassans-bretagne-galette-restaurant-768x768.webp);\" role=\"img\" aria-label=\"hotel-les-bassans-bretagne-galette-restaurant\"><\/div>\n\t\t\t\t<div class=\"elementor-cta__bg-overlay\"><\/div>\n\t\t\t<\/div>\n\t\t\t\t\t\t\t<div class=\"elementor-cta__content\">\n\t\t\t\t\n\t\t\t\t\t\t\t\t\t<h3 class=\"elementor-cta__title elementor-cta__content-item elementor-content-item elementor-animated-item--move-up\">\n\t\t\t\t\t\tRestaurante y bar\t\t\t\t\t<\/h3>\n\t\t\t\t\n\t\t\t\t\t\t\t\t\t<h4 class=\"elementor-cta__description elementor-cta__content-item elementor-content-item elementor-animated-item--move-up\">\n\t\t\t\t\t\tCocina local y yodada<br>y estacional\n\t\t\t\t\t<\/h4>\n\t\t\t\t\n\t\t\t\t\t\t\t<\/div>\n\t\t\t\t\t\t<\/a>\n\t\t\t\t\t\t<\/div>\n\t\t\t\t<\/div>\n\t\t\t\t<\/div>\n\t\t<div class=\"elementor-element elementor-element-3647531 e-con-full e-flex e-con e-child\" data-id=\"3647531\" data-element_type=\"container\" data-e-type=\"container\">\n\t\t\t\t<div class=\"elementor-element elementor-element-cacb98e elementor-cta--skin-cover elementor-cta--valign-middle elementor-animated-content elementor-bg-transform elementor-bg-transform-zoom-in elementor-widget elementor-widget-call-to-action\" data-id=\"cacb98e\" data-element_type=\"widget\" data-e-type=\"widget\" data-widget_type=\"call-to-action.default\">\n\t\t\t\t<div class=\"elementor-widget-container\">\n\t\t\t\t\t\t\t<a class=\"elementor-cta\" href=\"https:\/\/les-bassans.com\/es\/privatizaciones\/\">\n\t\t\t\t\t<div class=\"elementor-cta__bg-wrapper\">\n\t\t\t\t<div class=\"elementor-cta__bg elementor-bg\" style=\"background-image: url(https:\/\/les-bassans.com\/wp-content\/uploads\/2026\/04\/hotel-les-bassans-bretagne-table-au-restaurant.webp);\" role=\"img\" aria-label=\"hotel-les-bassans-breta\u00f1a-mesa-en-el-restaurante\"><\/div>\n\t\t\t\t<div class=\"elementor-cta__bg-overlay\"><\/div>\n\t\t\t<\/div>\n\t\t\t\t\t\t\t<div class=\"elementor-cta__content\">\n\t\t\t\t\n\t\t\t\t\t\t\t\t\t<h3 class=\"elementor-cta__title elementor-cta__content-item elementor-content-item elementor-animated-item--move-up\">\n\t\t\t\t\t\tPrivatizaciones\t\t\t\t\t<\/h3>\n\t\t\t\t\n\t\t\t\t\t\t\t\t\t<h4 class=\"elementor-cta__description elementor-cta__content-item elementor-content-item elementor-animated-item--move-up\">\n\t\t\t\t\t\tCrear recuerdos<br>inolvidable\t\t\t\t\t<\/h4>\n\t\t\t\t\n\t\t\t\t\t\t\t<\/div>\n\t\t\t\t\t\t<\/a>\n\t\t\t\t\t\t<\/div>\n\t\t\t\t<\/div>\n\t\t\t\t<\/div>\n\t\t\t\t<\/div>\n\t\t\t\t<\/div>\n\t\t\t\t<\/div>","protected":false},"excerpt":{"rendered":"<p>Havre de bien-\u00eatre face \u00e0 la mer H\u00f4tel Spa intimiste \u00e0 Perros-Guirec Face \u00e0 l\u2019infini maritime, le Spa des Bassans r\u00e9invente l\u2019exp\u00e9rience du bien-\u00eatre en m\u00ealant nature, innovation et relaxation profonde. Ici, chaque moment est une invitation au l\u00e2cher-prise pour prendre soin de vous. N&rsquo;attendez plus, r\u00e9servez votre journ\u00e9e bien-\u00eatre ou votre week-end Spa, \u00e0 [&hellip;]<\/p>\n","protected":false},"author":1,"featured_media":27930,"parent":0,"menu_order":0,"comment_status":"closed","ping_status":"closed","template":"","meta":{"_acf_changed":false,"iawp_total_views":12965,"footnotes":""},"class_list":["post-20873","page","type-page","status-publish","has-post-thumbnail","hentry"],"acf":[],"yoast_head":"<!-- This site is optimized with the Yoast SEO plugin v27.5 - https:\/\/yoast.com\/product\/yoast-seo-wordpress\/ -->\n<title>Spa &amp; Bien-\u00eatre &#8226; Les Bassans<\/title>\n<meta name=\"description\" content=\"Spa Les Bassans \u00e0 Perros-Guirec : soins exclusifs Alaena &amp; Noo\u0101nce. Bien-\u00eatre et l\u00e2cher-prise sur la C\u00f4te de Granit Rose face \u00e0 la mer.\" \/>\n<meta name=\"robots\" content=\"index, follow, max-snippet:-1, max-image-preview:large, max-video-preview:-1\" \/>\n<link rel=\"canonical\" href=\"https:\/\/les-bassans.com\/es\/spa-y-bienestar\/\" \/>\n<meta property=\"og:locale\" content=\"es_ES\" \/>\n<meta property=\"og:type\" content=\"article\" \/>\n<meta property=\"og:title\" content=\"Spa &amp; Bien-\u00eatre &#8226; Les Bassans\" \/>\n<meta property=\"og:description\" content=\"Spa Les Bassans \u00e0 Perros-Guirec : soins exclusifs Alaena &amp; Noo\u0101nce. Bien-\u00eatre et l\u00e2cher-prise sur la C\u00f4te de Granit Rose face \u00e0 la mer.\" \/>\n<meta property=\"og:url\" content=\"https:\/\/les-bassans.com\/es\/spa-y-bienestar\/\" \/>\n<meta property=\"og:site_name\" content=\"Les Bassans\" \/>\n<meta property=\"article:modified_time\" content=\"2026-04-28T16:19:48+00:00\" \/>\n<meta property=\"og:image\" content=\"https:\/\/les-bassans.com\/wp-content\/uploads\/2025\/04\/les-bassans-hotel-spa-perros-guirec-bretagne-fontenille-collection-logo-officiel-scaled.jpg\" \/>\n\t<meta property=\"og:image:width\" content=\"2560\" \/>\n\t<meta property=\"og:image:height\" content=\"1427\" \/>\n\t<meta property=\"og:image:type\" content=\"image\/jpeg\" \/>\n<meta name=\"twitter:card\" content=\"summary_large_image\" \/>\n<meta name=\"twitter:label1\" content=\"Tiempo de lectura\" \/>\n\t<meta name=\"twitter:data1\" content=\"10 minutos\" \/>\n<script type=\"application\/ld+json\" class=\"yoast-schema-graph\">{\"@context\":\"https:\\\/\\\/schema.org\",\"@graph\":[{\"@type\":\"WebPage\",\"@id\":\"https:\\\/\\\/les-bassans.com\\\/spa-et-bien-etre\\\/\",\"url\":\"https:\\\/\\\/les-bassans.com\\\/spa-et-bien-etre\\\/\",\"name\":\"Spa & Bien-\u00eatre &#8226; Les Bassans\",\"isPartOf\":{\"@id\":\"https:\\\/\\\/les-bassans.com\\\/#website\"},\"primaryImageOfPage\":{\"@id\":\"https:\\\/\\\/les-bassans.com\\\/spa-et-bien-etre\\\/#primaryimage\"},\"image\":{\"@id\":\"https:\\\/\\\/les-bassans.com\\\/spa-et-bien-etre\\\/#primaryimage\"},\"thumbnailUrl\":\"https:\\\/\\\/les-bassans.com\\\/wp-content\\\/uploads\\\/2025\\\/04\\\/les-bassans-hotel-spa-perros-guirec-bretagne-fontenille-collection-logo-officiel-scaled.jpg\",\"datePublished\":\"2024-11-20T16:27:49+00:00\",\"dateModified\":\"2026-04-28T16:19:48+00:00\",\"description\":\"Spa Les Bassans \u00e0 Perros-Guirec : soins exclusifs Alaena & Noo\u0101nce. Bien-\u00eatre et l\u00e2cher-prise sur la C\u00f4te de Granit Rose face \u00e0 la mer.\",\"breadcrumb\":{\"@id\":\"https:\\\/\\\/les-bassans.com\\\/spa-et-bien-etre\\\/#breadcrumb\"},\"inLanguage\":\"es\",\"potentialAction\":[{\"@type\":\"ReadAction\",\"target\":[\"https:\\\/\\\/les-bassans.com\\\/spa-et-bien-etre\\\/\"]}]},{\"@type\":\"ImageObject\",\"inLanguage\":\"es\",\"@id\":\"https:\\\/\\\/les-bassans.com\\\/spa-et-bien-etre\\\/#primaryimage\",\"url\":\"https:\\\/\\\/les-bassans.com\\\/wp-content\\\/uploads\\\/2025\\\/04\\\/les-bassans-hotel-spa-perros-guirec-bretagne-fontenille-collection-logo-officiel-scaled.jpg\",\"contentUrl\":\"https:\\\/\\\/les-bassans.com\\\/wp-content\\\/uploads\\\/2025\\\/04\\\/les-bassans-hotel-spa-perros-guirec-bretagne-fontenille-collection-logo-officiel-scaled.jpg\",\"width\":2560,\"height\":1427},{\"@type\":\"BreadcrumbList\",\"@id\":\"https:\\\/\\\/les-bassans.com\\\/spa-et-bien-etre\\\/#breadcrumb\",\"itemListElement\":[{\"@type\":\"ListItem\",\"position\":1,\"name\":\"Accueil\",\"item\":\"https:\\\/\\\/les-bassans.com\\\/\"},{\"@type\":\"ListItem\",\"position\":2,\"name\":\"Spa &#038; Bien-\u00eatre\"}]},{\"@type\":\"WebSite\",\"@id\":\"https:\\\/\\\/les-bassans.com\\\/#website\",\"url\":\"https:\\\/\\\/les-bassans.com\\\/\",\"name\":\"Les Bassans\",\"description\":\"H\u00f4tel Spa \u00e0 Perros-Guirec et Restaurant vue mer\",\"publisher\":{\"@id\":\"https:\\\/\\\/les-bassans.com\\\/#organization\"},\"potentialAction\":[{\"@type\":\"SearchAction\",\"target\":{\"@type\":\"EntryPoint\",\"urlTemplate\":\"https:\\\/\\\/les-bassans.com\\\/?s={search_term_string}\"},\"query-input\":{\"@type\":\"PropertyValueSpecification\",\"valueRequired\":true,\"valueName\":\"search_term_string\"}}],\"inLanguage\":\"es\"},{\"@type\":\"Organization\",\"@id\":\"https:\\\/\\\/les-bassans.com\\\/#organization\",\"name\":\"Les Bassans\",\"alternateName\":\"Bassans\",\"url\":\"https:\\\/\\\/les-bassans.com\\\/\",\"logo\":{\"@type\":\"ImageObject\",\"inLanguage\":\"es\",\"@id\":\"https:\\\/\\\/les-bassans.com\\\/#\\\/schema\\\/logo\\\/image\\\/\",\"url\":\"https:\\\/\\\/les-bassans.com\\\/wp-content\\\/uploads\\\/2023\\\/05\\\/LesBassans-Logo-Simple.png\",\"contentUrl\":\"https:\\\/\\\/les-bassans.com\\\/wp-content\\\/uploads\\\/2023\\\/05\\\/LesBassans-Logo-Simple.png\",\"width\":850,\"height\":253,\"caption\":\"Les Bassans\"},\"image\":{\"@id\":\"https:\\\/\\\/les-bassans.com\\\/#\\\/schema\\\/logo\\\/image\\\/\"}}]}<\/script>\n<!-- \/ Yoast SEO plugin. -->","yoast_head_json":{"title":"Spa y bienestar - Les Bassans","description":"Spa Les Bassans en Perros-Guirec: tratamientos exclusivos Alaena &amp; Noo\u0101nce. Bienestar y relajaci\u00f3n en la Costa de Granito Rosa junto al mar.","robots":{"index":"index","follow":"follow","max-snippet":"max-snippet:-1","max-image-preview":"max-image-preview:large","max-video-preview":"max-video-preview:-1"},"canonical":"https:\/\/les-bassans.com\/es\/spa-y-bienestar\/","og_locale":"es_ES","og_type":"article","og_title":"Spa & Bien-\u00eatre &#8226; Les Bassans","og_description":"Spa Les Bassans \u00e0 Perros-Guirec : soins exclusifs Alaena & Noo\u0101nce. Bien-\u00eatre et l\u00e2cher-prise sur la C\u00f4te de Granit Rose face \u00e0 la mer.","og_url":"https:\/\/les-bassans.com\/es\/spa-y-bienestar\/","og_site_name":"Les Bassans","article_modified_time":"2026-04-28T16:19:48+00:00","og_image":[{"width":2560,"height":1427,"url":"https:\/\/les-bassans.com\/wp-content\/uploads\/2025\/04\/les-bassans-hotel-spa-perros-guirec-bretagne-fontenille-collection-logo-officiel-scaled.jpg","type":"image\/jpeg"}],"twitter_card":"summary_large_image","twitter_misc":{"Tiempo de lectura":"10 minutos"},"schema":{"@context":"https:\/\/schema.org","@graph":[{"@type":"WebPage","@id":"https:\/\/les-bassans.com\/spa-et-bien-etre\/","url":"https:\/\/les-bassans.com\/spa-et-bien-etre\/","name":"Spa y bienestar - Les Bassans","isPartOf":{"@id":"https:\/\/les-bassans.com\/#website"},"primaryImageOfPage":{"@id":"https:\/\/les-bassans.com\/spa-et-bien-etre\/#primaryimage"},"image":{"@id":"https:\/\/les-bassans.com\/spa-et-bien-etre\/#primaryimage"},"thumbnailUrl":"https:\/\/les-bassans.com\/wp-content\/uploads\/2025\/04\/les-bassans-hotel-spa-perros-guirec-bretagne-fontenille-collection-logo-officiel-scaled.jpg","datePublished":"2024-11-20T16:27:49+00:00","dateModified":"2026-04-28T16:19:48+00:00","description":"Spa Les Bassans en Perros-Guirec: tratamientos exclusivos Alaena &amp; Noo\u0101nce. Bienestar y relajaci\u00f3n en la Costa de Granito Rosa junto al mar.","breadcrumb":{"@id":"https:\/\/les-bassans.com\/spa-et-bien-etre\/#breadcrumb"},"inLanguage":"es","potentialAction":[{"@type":"ReadAction","target":["https:\/\/les-bassans.com\/spa-et-bien-etre\/"]}]},{"@type":"ImageObject","inLanguage":"es","@id":"https:\/\/les-bassans.com\/spa-et-bien-etre\/#primaryimage","url":"https:\/\/les-bassans.com\/wp-content\/uploads\/2025\/04\/les-bassans-hotel-spa-perros-guirec-bretagne-fontenille-collection-logo-officiel-scaled.jpg","contentUrl":"https:\/\/les-bassans.com\/wp-content\/uploads\/2025\/04\/les-bassans-hotel-spa-perros-guirec-bretagne-fontenille-collection-logo-officiel-scaled.jpg","width":2560,"height":1427},{"@type":"BreadcrumbList","@id":"https:\/\/les-bassans.com\/spa-et-bien-etre\/#breadcrumb","itemListElement":[{"@type":"ListItem","position":1,"name":"Accueil","item":"https:\/\/les-bassans.com\/"},{"@type":"ListItem","position":2,"name":"Spa &#038; Bien-\u00eatre"}]},{"@type":"WebSite","@id":"https:\/\/les-bassans.com\/#website","url":"https:\/\/les-bassans.com\/","name":"Les Bassans","description":"Hotel Spa en Perros-Guirec y Restaurante con vistas al mar","publisher":{"@id":"https:\/\/les-bassans.com\/#organization"},"potentialAction":[{"@type":"SearchAction","target":{"@type":"EntryPoint","urlTemplate":"https:\/\/les-bassans.com\/?s={search_term_string}"},"query-input":{"@type":"PropertyValueSpecification","valueRequired":true,"valueName":"search_term_string"}}],"inLanguage":"es"},{"@type":"Organization","@id":"https:\/\/les-bassans.com\/#organization","name":"Les Bassans","alternateName":"Bassans","url":"https:\/\/les-bassans.com\/","logo":{"@type":"ImageObject","inLanguage":"es","@id":"https:\/\/les-bassans.com\/#\/schema\/logo\/image\/","url":"https:\/\/les-bassans.com\/wp-content\/uploads\/2023\/05\/LesBassans-Logo-Simple.png","contentUrl":"https:\/\/les-bassans.com\/wp-content\/uploads\/2023\/05\/LesBassans-Logo-Simple.png","width":850,"height":253,"caption":"Les Bassans"},"image":{"@id":"https:\/\/les-bassans.com\/#\/schema\/logo\/image\/"}}]}},"_links":{"self":[{"href":"https:\/\/les-bassans.com\/es\/wp-json\/wp\/v2\/pages\/20873","targetHints":{"allow":["GET"]}}],"collection":[{"href":"https:\/\/les-bassans.com\/es\/wp-json\/wp\/v2\/pages"}],"about":[{"href":"https:\/\/les-bassans.com\/es\/wp-json\/wp\/v2\/types\/page"}],"author":[{"embeddable":true,"href":"https:\/\/les-bassans.com\/es\/wp-json\/wp\/v2\/users\/1"}],"replies":[{"embeddable":true,"href":"https:\/\/les-bassans.com\/es\/wp-json\/wp\/v2\/comments?post=20873"}],"version-history":[{"count":643,"href":"https:\/\/les-bassans.com\/es\/wp-json\/wp\/v2\/pages\/20873\/revisions"}],"predecessor-version":[{"id":30054,"href":"https:\/\/les-bassans.com\/es\/wp-json\/wp\/v2\/pages\/20873\/revisions\/30054"}],"wp:featuredmedia":[{"embeddable":true,"href":"https:\/\/les-bassans.com\/es\/wp-json\/wp\/v2\/media\/27930"}],"wp:attachment":[{"href":"https:\/\/les-bassans.com\/es\/wp-json\/wp\/v2\/media?parent=20873"}],"curies":[{"name":"wp","href":"https:\/\/api.w.org\/{rel}","templated":true}]}}