{"id":28572,"date":"2025-05-05T16:41:55","date_gmt":"2025-05-05T16:41:55","guid":{"rendered":"https:\/\/les-bassans.com\/?page_id=28572"},"modified":"2026-04-28T16:25:02","modified_gmt":"2026-04-28T16:25:02","slug":"was-tun-in-perros-guirec-und-umgebung-besichtigungen-und-aktivitaten","status":"publish","type":"page","link":"https:\/\/les-bassans.com\/de\/was-tun-in-perros-guirec-und-umgebung-besichtigungen-und-aktivitaten\/","title":{"rendered":"Was kann man in Perros-Guirec und Umgebung unternehmen: Besichtigungen und Aktivit\u00e4ten"},"content":{"rendered":"<div data-elementor-type=\"wp-page\" data-elementor-id=\"28572\" class=\"elementor elementor-28572\" data-elementor-settings=\"{&quot;asli_hide_title_disabled&quot;:&quot;yes&quot;}\" data-elementor-post-type=\"page\">\n\t\t\t\t<div class=\"elementor-element elementor-element-2b4adf1 e-con-full e-flex e-con e-parent\" data-id=\"2b4adf1\" data-element_type=\"container\" data-e-type=\"container\">\n\t\t<div class=\"elementor-element elementor-element-14ce37c e-con-full e-flex e-con e-child\" data-id=\"14ce37c\" data-element_type=\"container\" data-e-type=\"container\">\n\t\t\t\t<div class=\"elementor-element elementor-element-361c7e1 elementor-widget__width-inherit elementor-widget elementor-widget-asli-widget-parallax-image\" data-id=\"361c7e1\" data-element_type=\"widget\" data-e-type=\"widget\" data-settings=\"{&quot;media_background_height&quot;:{&quot;unit&quot;:&quot;vh&quot;,&quot;size&quot;:100,&quot;sizes&quot;:[]},&quot;media_background_height_tablet&quot;:{&quot;unit&quot;:&quot;vh&quot;,&quot;size&quot;:70,&quot;sizes&quot;:[]},&quot;media_background_height_mobile&quot;:{&quot;unit&quot;:&quot;vh&quot;,&quot;size&quot;:50,&quot;sizes&quot;:[]},&quot;media_background_position_x&quot;:{&quot;unit&quot;:&quot;%&quot;,&quot;size&quot;:50,&quot;sizes&quot;:[]},&quot;media_background_position_x_tablet&quot;:{&quot;unit&quot;:&quot;%&quot;,&quot;size&quot;:50,&quot;sizes&quot;:[]},&quot;media_background_position_x_mobile&quot;:{&quot;unit&quot;:&quot;%&quot;,&quot;size&quot;:50,&quot;sizes&quot;:[]},&quot;media_background_position_y&quot;:{&quot;unit&quot;:&quot;%&quot;,&quot;size&quot;:50,&quot;sizes&quot;:[]},&quot;media_background_position_y_tablet&quot;:{&quot;unit&quot;:&quot;%&quot;,&quot;size&quot;:50,&quot;sizes&quot;:[]},&quot;media_background_position_y_mobile&quot;:{&quot;unit&quot;:&quot;%&quot;,&quot;size&quot;:50,&quot;sizes&quot;:[]}}\" data-widget_type=\"asli-widget-parallax-image.default\">\n\t\t\t\t<div class=\"elementor-widget-container\">\n\t\t\t\t\t\t\t<div class=\"parallax js-parallax\" data-arts-component-name=\"Parallax\" data-arts-component-options=\"{&quot;inner&quot;:{&quot;factor&quot;:{&quot;x&quot;:0,&quot;y&quot;:0.12},&quot;translate&quot;:[],&quot;scale&quot;:[],&quot;rotate&quot;:false,&quot;velocity&quot;:false,&quot;matchMedia&quot;:&quot;(not((min-width: 320px) and (max-width: 767px))) or (not((min-width: 768px) and (max-width: 991px))) or (min-width: 992px)&quot;},&quot;outer&quot;:false}\">\n\t\t\t<div class=\"image-wrapper media-wrapper overflow-hidden\">\n\t\t\t\t\t\t\t\t\t<div class=\"mask-wrapper w-100 overflow-hidden\">\n\t\t\t\t\t\t\n\t<div class=\"w-100 h-100 overflow-hidden\">\n\t\t<img fetchpriority=\"high\" decoding=\"async\" class=\"lazy js-parallax__inner of-cover-absolute\" src=\"data:image\/svg+xml,%3Csvg%20xmlns=&amp;apos;http:\/\/www.w3.org\/2000\/svg&amp;apos;%20width=&amp;apos;100%25&amp;apos;%20height=&amp;apos;100%25&amp;apos;%3E%3C\/svg%3E\" data-src=\"https:\/\/les-bassans.com\/wp-content\/uploads\/2025\/05\/perros-guirec-que-faire-vacances-bretagne-les-bassans-visiter.jpg\" width=\"900\" height=\"900\" data-srcset=\"https:\/\/les-bassans.com\/wp-content\/uploads\/2025\/05\/perros-guirec-que-faire-vacances-bretagne-les-bassans-visiter.jpg 900w, https:\/\/les-bassans.com\/wp-content\/uploads\/2025\/05\/perros-guirec-que-faire-vacances-bretagne-les-bassans-visiter-300x300.jpg 300w, https:\/\/les-bassans.com\/wp-content\/uploads\/2025\/05\/perros-guirec-que-faire-vacances-bretagne-les-bassans-visiter-150x150.jpg 150w, https:\/\/les-bassans.com\/wp-content\/uploads\/2025\/05\/perros-guirec-que-faire-vacances-bretagne-les-bassans-visiter-768x768.jpg 768w, https:\/\/les-bassans.com\/wp-content\/uploads\/2025\/05\/perros-guirec-que-faire-vacances-bretagne-les-bassans-visiter-12x12.jpg 12w\" data-sizes=\"(max-width: 900px) 100vw, 900px\" alt=\"\">\n\t\t\t<noscript><img decoding=\"async\" class=\"lazy js-parallax__inner of-cover-absolute\" src=\"https:\/\/les-bassans.com\/wp-content\/uploads\/2025\/05\/perros-guirec-que-faire-vacances-bretagne-les-bassans-visiter.jpg\" width=\"900\" height=\"900\" alt=\"\" srcset=\"https:\/\/les-bassans.com\/wp-content\/uploads\/2025\/05\/perros-guirec-que-faire-vacances-bretagne-les-bassans-visiter.jpg 900w, https:\/\/les-bassans.com\/wp-content\/uploads\/2025\/05\/perros-guirec-que-faire-vacances-bretagne-les-bassans-visiter-300x300.jpg 300w, https:\/\/les-bassans.com\/wp-content\/uploads\/2025\/05\/perros-guirec-que-faire-vacances-bretagne-les-bassans-visiter-150x150.jpg 150w, https:\/\/les-bassans.com\/wp-content\/uploads\/2025\/05\/perros-guirec-que-faire-vacances-bretagne-les-bassans-visiter-768x768.jpg 768w, https:\/\/les-bassans.com\/wp-content\/uploads\/2025\/05\/perros-guirec-que-faire-vacances-bretagne-les-bassans-visiter-12x12.jpg 12w\" sizes=\"(max-width: 900px) 100vw, 900px\"><\/noscript>\n\t\t\t<\/div>\n\t\t\t\t\t\t<div class=\"section__overlay hover-zoom__overlay overlay\"><\/div>\n\t\t\t\t\t<\/div>\n\t\t\t\t\t\t\t\t\t\t\t<\/div>\n\t\t<\/div>\n\t\t\t\t\t\t<\/div>\n\t\t\t\t<\/div>\n\t\t\t\t<\/div>\n\t\t<div class=\"elementor-element elementor-element-fd48bdb e-con-full e-flex pt-large pb-medium px-gutters-horizontal e-con e-child\" data-id=\"fd48bdb\" data-element_type=\"container\" data-e-type=\"container\" data-settings=\"{&quot;background_background&quot;:&quot;classic&quot;}\">\n\t\t\t\t<div class=\"elementor-element elementor-element-284153c elementor-widget elementor-widget-asli-widget-text-content\" data-id=\"284153c\" data-element_type=\"widget\" data-e-type=\"widget\" data-settings=\"{&quot;max_width&quot;:{&quot;unit&quot;:&quot;px&quot;,&quot;size&quot;:1070,&quot;sizes&quot;:[]},&quot;max_width_tablet&quot;:{&quot;unit&quot;:&quot;%&quot;,&quot;size&quot;:100,&quot;sizes&quot;:[]},&quot;max_width_mobile&quot;:{&quot;unit&quot;:&quot;%&quot;,&quot;size&quot;:100,&quot;sizes&quot;:[]},&quot;text_content_stroke_width&quot;:{&quot;unit&quot;:&quot;%&quot;,&quot;size&quot;:110,&quot;sizes&quot;:[]},&quot;text_content_stroke_height&quot;:{&quot;unit&quot;:&quot;%&quot;,&quot;size&quot;:80,&quot;sizes&quot;:[]},&quot;text_content_stroke_rotation&quot;:{&quot;unit&quot;:&quot;deg&quot;,&quot;size&quot;:-5,&quot;sizes&quot;:[]}}\" data-widget_type=\"asli-widget-text-content.default\">\n\t\t\t\t<div class=\"elementor-widget-container\">\n\t\t\t\t\t\t\t<div class=\"text-center mx-auto content js-content\" data-arts-component-name=\"Content\">\n\t\t\t<h1 class=\"content__text typography-text-content\">Was kann man in Perros-Guirec und Umgebung unternehmen? Aktivit\u00e4ten, Besichtigungen und Entdeckungen rund um das Hotel Les Bassans.<\/h1>\n\t\t<\/div>\n\t\t\t\t\t\t<\/div>\n\t\t\t\t<\/div>\n\t\t\t\t<div class=\"elementor-element elementor-element-1735c38 elementor-widget elementor-widget-text-editor\" data-id=\"1735c38\" data-element_type=\"widget\" data-e-type=\"widget\" data-widget_type=\"text-editor.default\">\n\t\t\t\t<div class=\"elementor-widget-container\">\n\t\t\t\t\t\t\t\t\t<p>Perros-Guirec liegt im Norden der Bretagne, im Departement C\u00f4tes-d'Armor, und ist aufgrund der einzigartigen Sch\u00f6nheit seiner K\u00fcste ein beliebtes Reiseziel. Dieser emblematische Badeort an der Rosa Granitk\u00fcste besticht durch seine von den Elementen geformten Landschaften zwischen Str\u00e4nden, Granitfelsen und K\u00fcstenpfaden. Vom Hotel Les Bassans aus k\u00f6nnen Sie Perros-Guirec und seine Umgebung zwischen Natur, Kulturerbe und bretonischer Lebenskunst erkunden.<\/p>\t\t\t\t\t\t\t\t<\/div>\n\t\t\t\t<\/div>\n\t\t\t\t<\/div>\n\t\t\t\t<\/div>\n\t\t<section class=\"elementor-element elementor-element-485a1d2 e-flex e-con-boxed pt-small px-gutters-horizontal e-con e-parent\" data-id=\"485a1d2\" data-element_type=\"container\" data-e-type=\"container\" data-settings=\"{&quot;background_background&quot;:&quot;classic&quot;}\">\n\t\t\t\t\t<div class=\"e-con-inner\">\n\t\t<div class=\"elementor-element elementor-element-9f1a042 e-con-full e-flex e-con e-child\" data-id=\"9f1a042\" data-element_type=\"container\" data-e-type=\"container\">\n\t\t\t\t<div class=\"elementor-element elementor-element-866bd31 elementor-widget elementor-widget-asli-widget-text-content\" data-id=\"866bd31\" data-element_type=\"widget\" data-e-type=\"widget\" data-settings=\"{&quot;max_width&quot;:{&quot;unit&quot;:&quot;px&quot;,&quot;size&quot;:1100,&quot;sizes&quot;:[]},&quot;max_width_tablet&quot;:{&quot;unit&quot;:&quot;%&quot;,&quot;size&quot;:100,&quot;sizes&quot;:[]},&quot;max_width_mobile&quot;:{&quot;unit&quot;:&quot;%&quot;,&quot;size&quot;:100,&quot;sizes&quot;:[]},&quot;text_content_stroke_width&quot;:{&quot;unit&quot;:&quot;%&quot;,&quot;size&quot;:110,&quot;sizes&quot;:[]},&quot;text_content_stroke_height&quot;:{&quot;unit&quot;:&quot;%&quot;,&quot;size&quot;:80,&quot;sizes&quot;:[]},&quot;text_content_stroke_rotation&quot;:{&quot;unit&quot;:&quot;deg&quot;,&quot;size&quot;:-5,&quot;sizes&quot;:[]}}\" data-widget_type=\"asli-widget-text-content.default\">\n\t\t\t\t<div class=\"elementor-widget-container\">\n\t\t\t\t\t\t\t<div class=\"text-center mx-auto content js-content\" data-arts-split-text-preset=\"animatedChars\" data-arts-component-name=\"Content\" data-arts-os-animation=\"true\">\n\t\t\t<h2 class=\"content__text typography-text-content\">Die C\u00f4te de Granit Rose entdecken<\/h2>\n\t\t<\/div>\n\t\t\t\t\t\t<\/div>\n\t\t\t\t<\/div>\n\t\t\t\t<\/div>\n\t\t\t\t\t<\/div>\n\t\t\t\t<\/section>\n\t\t<section class=\"elementor-element elementor-element-84ecb39 e-flex e-con-boxed pt-small pb-medium px-gutters-horizontal e-con e-parent\" data-id=\"84ecb39\" data-element_type=\"container\" data-e-type=\"container\" data-settings=\"{&quot;background_background&quot;:&quot;classic&quot;}\">\n\t\t\t\t\t<div class=\"e-con-inner\">\n\t\t<div class=\"elementor-element elementor-element-69f209c e-con-full e-flex e-con e-child\" data-id=\"69f209c\" data-element_type=\"container\" data-e-type=\"container\">\n\t\t\t\t<div class=\"elementor-element elementor-element-bae14ca elementor-widget elementor-widget-image-carousel\" data-id=\"bae14ca\" data-element_type=\"widget\" data-e-type=\"widget\" data-settings=\"{&quot;slides_to_show&quot;:&quot;1&quot;,&quot;navigation&quot;:&quot;none&quot;,&quot;autoplay_speed&quot;:2500,&quot;effect&quot;:&quot;fade&quot;,&quot;speed&quot;:900,&quot;autoplay&quot;:&quot;yes&quot;,&quot;pause_on_hover&quot;:&quot;yes&quot;,&quot;pause_on_interaction&quot;:&quot;yes&quot;,&quot;infinite&quot;:&quot;yes&quot;}\" data-widget_type=\"image-carousel.default\">\n\t\t\t\t<div class=\"elementor-widget-container\">\n\t\t\t\t\t\t\t<div class=\"elementor-image-carousel-wrapper swiper\" role=\"region\" aria-roledescription=\"carousel\" aria-label=\"Bilderkarussell\" dir=\"ltr\">\n\t\t\t<div class=\"elementor-image-carousel swiper-wrapper\" aria-live=\"off\">\n\t\t\t\t\t\t\t\t<div class=\"swiper-slide\" role=\"group\" aria-roledescription=\"slide\" aria-label=\"1 von 3\"><figure class=\"swiper-slide-inner\"><img decoding=\"async\" class=\"swiper-slide-image\" src=\"https:\/\/les-bassans.com\/wp-content\/uploads\/2025\/05\/perros-guirec-plage-trestignel-hotel-les-bassans-manoir-sphinx-bretagne-fontenille-collection-768x768.jpg\" alt=\"perros-guirec-strand-trestignel-hotel-les-bassans-manoir-sphinx-bretagne-fontenille-collection\" \/><\/figure><\/div><div class=\"swiper-slide\" role=\"group\" aria-roledescription=\"slide\" aria-label=\"2 von 3\"><figure class=\"swiper-slide-inner\"><img decoding=\"async\" class=\"swiper-slide-image\" src=\"https:\/\/les-bassans.com\/wp-content\/uploads\/2025\/05\/les-bassans-hotel-perros-guirec-plage-trestignel-768x768.jpg\" alt=\"les-bassans-hotel-perros-guirec-plage-trestignel\" \/><\/figure><\/div><div class=\"swiper-slide\" role=\"group\" aria-roledescription=\"slide\" aria-label=\"3 von 3\"><figure class=\"swiper-slide-inner\"><img decoding=\"async\" class=\"swiper-slide-image\" src=\"https:\/\/les-bassans.com\/wp-content\/uploads\/2025\/05\/les-bassans-hotel-perros-guirec-plage-saint-guirec-bretagne-768x768.jpg\" alt=\"les-bassans-hotel-perros-guirec-plage-saint-guirec-bretagne\" \/><\/figure><\/div>\t\t\t<\/div>\n\t\t\t\t\t\t\t\n\t\t\t\t\t\t\t\t\t<\/div>\n\t\t\t\t\t\t<\/div>\n\t\t\t\t<\/div>\n\t\t\t\t<\/div>\n\t\t<div class=\"elementor-element elementor-element-1992919 e-flex e-con-boxed e-con e-child\" data-id=\"1992919\" data-element_type=\"container\" data-e-type=\"container\">\n\t\t\t\t\t<div class=\"e-con-inner\">\n\t\t\t\t<div class=\"elementor-element elementor-element-1ccd219 elementor-widget elementor-widget-asli-widget-text-content\" data-id=\"1ccd219\" data-element_type=\"widget\" data-e-type=\"widget\" data-settings=\"{&quot;max_width&quot;:{&quot;unit&quot;:&quot;px&quot;,&quot;size&quot;:1100,&quot;sizes&quot;:[]},&quot;max_width_tablet&quot;:{&quot;unit&quot;:&quot;%&quot;,&quot;size&quot;:100,&quot;sizes&quot;:[]},&quot;max_width_mobile&quot;:{&quot;unit&quot;:&quot;%&quot;,&quot;size&quot;:100,&quot;sizes&quot;:[]},&quot;text_content_stroke_width&quot;:{&quot;unit&quot;:&quot;%&quot;,&quot;size&quot;:110,&quot;sizes&quot;:[]},&quot;text_content_stroke_height&quot;:{&quot;unit&quot;:&quot;%&quot;,&quot;size&quot;:80,&quot;sizes&quot;:[]},&quot;text_content_stroke_rotation&quot;:{&quot;unit&quot;:&quot;deg&quot;,&quot;size&quot;:-5,&quot;sizes&quot;:[]}}\" data-widget_type=\"asli-widget-text-content.default\">\n\t\t\t\t<div class=\"elementor-widget-container\">\n\t\t\t\t\t\t\t<div class=\"text-start me-auto content js-content\" data-arts-split-text-preset=\"animatedChars\" data-arts-component-name=\"Content\" data-arts-os-animation=\"true\">\n\t\t\t<h3 class=\"content__text typography-text-content\">Str\u00e4nde, die Sie nicht verpassen sollten<\/h3>\n\t\t<\/div>\n\t\t\t\t\t\t<\/div>\n\t\t\t\t<\/div>\n\t\t\t\t<div class=\"elementor-element elementor-element-6ebb9d7 elementor-widget elementor-widget-text-editor\" data-id=\"6ebb9d7\" data-element_type=\"widget\" data-e-type=\"widget\" data-widget_type=\"text-editor.default\">\n\t\t\t\t<div class=\"elementor-widget-container\">\n\t\t\t\t\t\t\t\t\t<p>Die C\u00f4te de Granit Rose ist ber\u00fchmt f\u00fcr ihre rosafarbenen Granitbl\u00f6cke, die von der Zeit geformt wurden und wie von Zauberhand an der K\u00fcste liegen. In Perros-Guirec stechen mehrere Str\u00e4nde hervor:<\/p><p>Die <strong>Strand von Trestraou<\/strong>Mit seinem 1,4 km langen feinen Sandstrand ist er der meistbesuchte Strand von Perros-Guirec. Er ist ideal zum Baden und beherbergt auch ein Wassersportzentrum, einen Kinderclub, ein Kasino und Restaurants. Er ist auch der Ausgangspunkt f\u00fcr Schnellboote zum Archipel der Sept-\u00celes, das vom Strand aus zu sehen ist. Der Strand wird im Sommer bewacht und verbindet Entspannung, Freizeit und ein au\u00dfergew\u00f6hnliches Panorama.<br \/>Die <strong>Strand von Trestrignel<\/strong>Der nur 5 Gehminuten vom Hotel Les Bassans entfernte Strand besticht durch seinen wilden Charme und seine friedliche Atmosph\u00e4re. Er wird von der Pointe du Ch\u00e2teau und der Pointe du Sphinx begrenzt und bietet einen freien Blick auf die \u00cele Tom\u00e9 und den Archipel der Sept-\u00celes. Er ist weniger \u00fcberlaufen als Trestraou und der ideale Ort f\u00fcr eine ruhige Pause mit den F\u00fc\u00dfen im unber\u00fchrten wei\u00dfen Sand.<br \/>Die <strong>Strand von Saint-Guirec<\/strong>Der Strand im Herzen des Dorfes Ploumanac'h ist von den ber\u00fchmten Felsen aus rosa Granit umgeben. Der leicht abfallende und gut gesch\u00fctzte Strand ist ideal f\u00fcr Familien geeignet. Im Sommer wird das Baden \u00fcberwacht und ein Kinderclub belebt die Tage. Kostenlose Parkpl\u00e4tze in der N\u00e4he erm\u00f6glichen einen einfachen Zugang zu diesem charmanten Ort der Entspannung.<\/p>\t\t\t\t\t\t\t\t<\/div>\n\t\t\t\t<\/div>\n\t\t\t\t\t<\/div>\n\t\t\t\t<\/div>\n\t\t\t\t\t<\/div>\n\t\t\t\t<\/section>\n\t\t<section class=\"elementor-element elementor-element-020a100 e-flex e-con-boxed pb-medium px-gutters-horizontal e-con e-parent\" data-id=\"020a100\" data-element_type=\"container\" data-e-type=\"container\" data-settings=\"{&quot;background_background&quot;:&quot;classic&quot;}\">\n\t\t\t\t\t<div class=\"e-con-inner\">\n\t\t<div class=\"elementor-element elementor-element-d4b20a1 e-con-full e-flex e-con e-child\" data-id=\"d4b20a1\" data-element_type=\"container\" data-e-type=\"container\">\n\t\t\t\t<div class=\"elementor-element elementor-element-95d5708 elementor-widget elementor-widget-image-carousel\" data-id=\"95d5708\" data-element_type=\"widget\" data-e-type=\"widget\" data-settings=\"{&quot;slides_to_show&quot;:&quot;1&quot;,&quot;navigation&quot;:&quot;none&quot;,&quot;autoplay_speed&quot;:2500,&quot;effect&quot;:&quot;fade&quot;,&quot;speed&quot;:900,&quot;autoplay&quot;:&quot;yes&quot;,&quot;pause_on_hover&quot;:&quot;yes&quot;,&quot;pause_on_interaction&quot;:&quot;yes&quot;,&quot;infinite&quot;:&quot;yes&quot;}\" data-widget_type=\"image-carousel.default\">\n\t\t\t\t<div class=\"elementor-widget-container\">\n\t\t\t\t\t\t\t<div class=\"elementor-image-carousel-wrapper swiper\" role=\"region\" aria-roledescription=\"carousel\" aria-label=\"Bilderkarussell\" dir=\"ltr\">\n\t\t\t<div class=\"elementor-image-carousel swiper-wrapper\" aria-live=\"off\">\n\t\t\t\t\t\t\t\t<div class=\"swiper-slide\" role=\"group\" aria-roledescription=\"slide\" aria-label=\"1 von 4\"><figure class=\"swiper-slide-inner\"><img decoding=\"async\" class=\"swiper-slide-image\" src=\"https:\/\/les-bassans.com\/wp-content\/uploads\/2025\/05\/perros-guirec-plage-trestraou-hotel-les-bassans-fontenille-sentier-marche-granit-rose-768x768.jpg\" alt=\"perros-guirec-plage-trestraou-hotel-les-bassans-fontenille-sentier-marche-granit-rose\" \/><\/figure><\/div><div class=\"swiper-slide\" role=\"group\" aria-roledescription=\"slide\" aria-label=\"2 von 4\"><figure class=\"swiper-slide-inner\"><img decoding=\"async\" class=\"swiper-slide-image\" src=\"https:\/\/les-bassans.com\/wp-content\/uploads\/2025\/05\/ploumanach-rocher-granit-rose-bretagne-hotel-les-bassans-perros-guirec-simon-warren-768x768.jpg\" alt=\"ploumanach-rocher-granit-rose-bretagne-hotel-les-bassans-perros-guirec-simon-warren\" \/><\/figure><\/div><div class=\"swiper-slide\" role=\"group\" aria-roledescription=\"slide\" aria-label=\"3 von 4\"><figure class=\"swiper-slide-inner\"><img decoding=\"async\" class=\"swiper-slide-image\" src=\"https:\/\/les-bassans.com\/wp-content\/uploads\/2025\/05\/perros-guirec-hotel-sentier-douaniers-les-bassans-randonnee-bretagne-granit-rose-768x768.jpg\" alt=\"perros-guirec-hotel-sentier-douaniers-les-bassans-randonnee-bretagne-granit-rose\" \/><\/figure><\/div><div class=\"swiper-slide\" role=\"group\" aria-roledescription=\"slide\" aria-label=\"4 von 4\"><figure class=\"swiper-slide-inner\"><img decoding=\"async\" class=\"swiper-slide-image\" src=\"https:\/\/les-bassans.com\/wp-content\/uploads\/2025\/05\/les-bassans-hotel-perros-guirec-presque-ile-renote-randonnee-bretagne-768x768.jpg\" alt=\"les-bassans-hotel-perros-guirec-presque-ile-renote-randonnee-bretagne\" \/><\/figure><\/div>\t\t\t<\/div>\n\t\t\t\t\t\t\t\n\t\t\t\t\t\t\t\t\t<\/div>\n\t\t\t\t\t\t<\/div>\n\t\t\t\t<\/div>\n\t\t\t\t<\/div>\n\t\t<div class=\"elementor-element elementor-element-12668aa e-flex e-con-boxed e-con e-child\" data-id=\"12668aa\" data-element_type=\"container\" data-e-type=\"container\">\n\t\t\t\t\t<div class=\"e-con-inner\">\n\t\t\t\t<div class=\"elementor-element elementor-element-cc35c69 elementor-widget elementor-widget-asli-widget-text-content\" data-id=\"cc35c69\" data-element_type=\"widget\" data-e-type=\"widget\" data-settings=\"{&quot;max_width&quot;:{&quot;unit&quot;:&quot;px&quot;,&quot;size&quot;:1100,&quot;sizes&quot;:[]},&quot;max_width_tablet&quot;:{&quot;unit&quot;:&quot;%&quot;,&quot;size&quot;:100,&quot;sizes&quot;:[]},&quot;max_width_mobile&quot;:{&quot;unit&quot;:&quot;%&quot;,&quot;size&quot;:100,&quot;sizes&quot;:[]},&quot;text_content_stroke_width&quot;:{&quot;unit&quot;:&quot;%&quot;,&quot;size&quot;:110,&quot;sizes&quot;:[]},&quot;text_content_stroke_height&quot;:{&quot;unit&quot;:&quot;%&quot;,&quot;size&quot;:80,&quot;sizes&quot;:[]},&quot;text_content_stroke_rotation&quot;:{&quot;unit&quot;:&quot;deg&quot;,&quot;size&quot;:-5,&quot;sizes&quot;:[]}}\" data-widget_type=\"asli-widget-text-content.default\">\n\t\t\t\t<div class=\"elementor-widget-container\">\n\t\t\t\t\t\t\t<div class=\"text-start me-auto content js-content\" data-arts-split-text-preset=\"animatedChars\" data-arts-component-name=\"Content\" data-arts-os-animation=\"true\">\n\t\t\t<h3 class=\"content__text typography-text-content\">Ikonische Spazierg\u00e4nge und Wanderungen<\/h3>\n\t\t<\/div>\n\t\t\t\t\t\t<\/div>\n\t\t\t\t<\/div>\n\t\t\t\t<div class=\"elementor-element elementor-element-b2e6bed elementor-widget elementor-widget-text-editor\" data-id=\"b2e6bed\" data-element_type=\"widget\" data-e-type=\"widget\" data-widget_type=\"text-editor.default\">\n\t\t\t\t<div class=\"elementor-widget-container\">\n\t\t\t\t\t\t\t\t\t<p>Es gibt nichts Besseres als einen Spaziergang in Perros-Guirec, um den ganzen Reichtum der Region zu erfassen. <strong>Der Z\u00f6llnerpfad (GR34)<\/strong> ist die unumg\u00e4ngliche Route. Er f\u00fchrt kilometerweit am Meer entlang und bringt Sie mitten in die symboltr\u00e4chtigen Landschaften der C\u00f4te de Granit Rose. Was Sie unbedingt tun sollten :<br \/><strong>Vom Strand von Trestraou nach Ploumanac'h : <\/strong>eine Wanderung von <strong>9 km hin und zur\u00fcck<\/strong> entlang einer der sch\u00f6nsten Strecken des GR34. Dieser leicht zug\u00e4ngliche K\u00fcstenpfad bietet spektakul\u00e4re Panoramen auf die Felsen des Rosa Granits und das Archipel der Sept-\u00celes und f\u00fchrt durch symboltr\u00e4chtige Orte wie den Leuchtturm von Mean Ruz, die Heidelandschaft von Ploumanac'h oder das Oratorium von Saint-Guirec. Eine unumg\u00e4ngliche Route, die Sie in etwa 2,5 Stunden zwischen Meer und Felsenchaos zur\u00fccklegen k\u00f6nnen.<\/p><p>Die Tour der <a href=\"https:\/\/www.bretagne-cotedegranitrose.com\/mon-sejour\/loisirs-et-decouvertes-sur-la-cote-de-granit-rose\/circuits-de-balades-et-randonnees\/le-tour-de-la-presquile-renote-tregastel-fr-3003217\/\"><strong>Halbinsel Renote in Tr\u00e9gastel<\/strong><\/a> Halbinsel Renote: 5 km von Perros-Guirec entfernt bietet die Halbinsel Renote einen 2,1 km langen Wanderweg, der feine Sandstr\u00e4nde und von der Erosion geformte Felsen enth\u00fcllt. Ob Ebbe oder Flut, die 45-min\u00fctige Strecke ist dank eines stabilisierten Belags auch f\u00fcr Personen mit eingeschr\u00e4nkter Mobilit\u00e4t und Kinderwagen geeignet. Er ist als \"Site Remarquable\" (bemerkenswerter Ort) eingestuft und bietet atemberaubende Landschaften.<\/p>\t\t\t\t\t\t\t\t<\/div>\n\t\t\t\t<\/div>\n\t\t\t\t\t<\/div>\n\t\t\t\t<\/div>\n\t\t\t\t\t<\/div>\n\t\t\t\t<\/section>\n\t\t<section class=\"elementor-element elementor-element-59a843b e-flex e-con-boxed px-gutters-horizontal e-con e-parent\" data-id=\"59a843b\" data-element_type=\"container\" data-e-type=\"container\" data-settings=\"{&quot;background_background&quot;:&quot;classic&quot;}\">\n\t\t\t\t\t<div class=\"e-con-inner\">\n\t\t<div class=\"elementor-element elementor-element-4fc2c09 e-con-full e-flex e-con e-child\" data-id=\"4fc2c09\" data-element_type=\"container\" data-e-type=\"container\">\n\t\t\t\t<div class=\"elementor-element elementor-element-c5852ba elementor-widget elementor-widget-image-carousel\" data-id=\"c5852ba\" data-element_type=\"widget\" data-e-type=\"widget\" data-settings=\"{&quot;slides_to_show&quot;:&quot;1&quot;,&quot;navigation&quot;:&quot;none&quot;,&quot;autoplay_speed&quot;:2500,&quot;effect&quot;:&quot;fade&quot;,&quot;speed&quot;:900,&quot;autoplay&quot;:&quot;yes&quot;,&quot;pause_on_hover&quot;:&quot;yes&quot;,&quot;pause_on_interaction&quot;:&quot;yes&quot;,&quot;infinite&quot;:&quot;yes&quot;}\" data-widget_type=\"image-carousel.default\">\n\t\t\t\t<div class=\"elementor-widget-container\">\n\t\t\t\t\t\t\t<div class=\"elementor-image-carousel-wrapper swiper\" role=\"region\" aria-roledescription=\"carousel\" aria-label=\"Bilderkarussell\" dir=\"ltr\">\n\t\t\t<div class=\"elementor-image-carousel swiper-wrapper\" aria-live=\"off\">\n\t\t\t\t\t\t\t\t<div class=\"swiper-slide\" role=\"group\" aria-roledescription=\"slide\" aria-label=\"1 von 2\"><figure class=\"swiper-slide-inner\"><img decoding=\"async\" class=\"swiper-slide-image\" src=\"https:\/\/les-bassans.com\/wp-content\/uploads\/2025\/05\/ploumanach-phare-mean-ruz-perros-guirec-les-bassans-hotel-fontenille-collection-768x768.jpg\" alt=\"Ploumanach-Phare\" \/><\/figure><\/div><div class=\"swiper-slide\" role=\"group\" aria-roledescription=\"slide\" aria-label=\"2 von 2\"><figure class=\"swiper-slide-inner\"><img decoding=\"async\" class=\"swiper-slide-image\" src=\"https:\/\/les-bassans.com\/wp-content\/uploads\/2025\/05\/ploumanach-port-hotel-les-bassans-perros-guirec-bretagne-fontenille-collection-768x768.jpg\" alt=\"ploumanach-port-hotel-les-bassans-perros-guirec-bretagne-fontenille-collection\" \/><\/figure><\/div>\t\t\t<\/div>\n\t\t\t\t\t\t\t\n\t\t\t\t\t\t\t\t\t<\/div>\n\t\t\t\t\t\t<\/div>\n\t\t\t\t<\/div>\n\t\t\t\t<\/div>\n\t\t<div class=\"elementor-element elementor-element-671addd e-flex e-con-boxed e-con e-child\" data-id=\"671addd\" data-element_type=\"container\" data-e-type=\"container\">\n\t\t\t\t\t<div class=\"e-con-inner\">\n\t\t\t\t<div class=\"elementor-element elementor-element-a865261 elementor-widget elementor-widget-asli-widget-text-content\" data-id=\"a865261\" data-element_type=\"widget\" data-e-type=\"widget\" data-settings=\"{&quot;max_width&quot;:{&quot;unit&quot;:&quot;px&quot;,&quot;size&quot;:1100,&quot;sizes&quot;:[]},&quot;max_width_tablet&quot;:{&quot;unit&quot;:&quot;%&quot;,&quot;size&quot;:100,&quot;sizes&quot;:[]},&quot;max_width_mobile&quot;:{&quot;unit&quot;:&quot;%&quot;,&quot;size&quot;:100,&quot;sizes&quot;:[]},&quot;text_content_stroke_width&quot;:{&quot;unit&quot;:&quot;%&quot;,&quot;size&quot;:110,&quot;sizes&quot;:[]},&quot;text_content_stroke_height&quot;:{&quot;unit&quot;:&quot;%&quot;,&quot;size&quot;:80,&quot;sizes&quot;:[]},&quot;text_content_stroke_rotation&quot;:{&quot;unit&quot;:&quot;deg&quot;,&quot;size&quot;:-5,&quot;sizes&quot;:[]}}\" data-widget_type=\"asli-widget-text-content.default\">\n\t\t\t\t<div class=\"elementor-widget-container\">\n\t\t\t\t\t\t\t<div class=\"text-start me-auto content js-content\" data-arts-split-text-preset=\"animatedChars\" data-arts-component-name=\"Content\" data-arts-os-animation=\"true\">\n\t\t\t<h2 class=\"content__text typography-text-content\">Was kann man in Ploumanac'h unternehmen : Erkunden Sie die unumg\u00e4nglichen Sehensw\u00fcrdigkeiten<\/h2>\n\t\t<\/div>\n\t\t\t\t\t\t<\/div>\n\t\t\t\t<\/div>\n\t\t\t\t<div class=\"elementor-element elementor-element-b1459cf elementor-widget elementor-widget-text-editor\" data-id=\"b1459cf\" data-element_type=\"widget\" data-e-type=\"widget\" data-widget_type=\"text-editor.default\">\n\t\t\t\t<div class=\"elementor-widget-container\">\n\t\t\t\t\t\t\t\t\t<p>In weniger als 15 Autominuten vom Hotel Les Bassans aus k\u00f6nnen Sie Ploumanac'h entdecken, das zum Lieblingsdorf der Franzosen gew\u00e4hlt wurde. Dieses malerische Dorf, in dem der rosa Granit aussieht, als w\u00e4re er von einem K\u00fcnstler geformt worden, ist ein unverzichtbarer Zwischenstopp, um die Sch\u00f6nheit der Rosa Granitk\u00fcste zu erkunden. Unbedingt sehenswert :<br \/>Der majest\u00e4tische Leuchtturm von Mean Ruz steht direkt vor dem Ozean und bietet ein beeindruckendes Panorama auf die K\u00fcste und die geformten Felsen.<br \/>Der kleine Hafen von Ploumanac'h mit seinen bunten Booten bietet eine authentische und ruhige Atmosph\u00e4re, die sich perfekt f\u00fcr einen Spaziergang am Meer eignet.<br \/>Die Kapelle Saint-Guirec ist ein geschichtstr\u00e4chtiger Ort mit einem Oratorium, das aus dem 12. Jahrhundert stammt und ein echtes Symbol des lokalen Kulturerbes darstellt.\u00a0<\/p>\t\t\t\t\t\t\t\t<\/div>\n\t\t\t\t<\/div>\n\t\t\t\t\t<\/div>\n\t\t\t\t<\/div>\n\t\t\t\t\t<\/div>\n\t\t\t\t<\/section>\n\t\t<section class=\"elementor-element elementor-element-e5b0cc2 e-flex e-con-boxed pt-medium px-gutters-horizontal e-con e-parent\" data-id=\"e5b0cc2\" data-element_type=\"container\" data-e-type=\"container\" data-settings=\"{&quot;background_background&quot;:&quot;classic&quot;}\">\n\t\t\t\t\t<div class=\"e-con-inner\">\n\t\t<div class=\"elementor-element elementor-element-cb449a4 e-con-full e-flex e-con e-child\" data-id=\"cb449a4\" data-element_type=\"container\" data-e-type=\"container\">\n\t\t\t\t<div class=\"elementor-element elementor-element-4ecf5cc elementor-widget elementor-widget-asli-widget-text-content\" data-id=\"4ecf5cc\" data-element_type=\"widget\" data-e-type=\"widget\" data-settings=\"{&quot;max_width&quot;:{&quot;unit&quot;:&quot;px&quot;,&quot;size&quot;:1100,&quot;sizes&quot;:[]},&quot;max_width_tablet&quot;:{&quot;unit&quot;:&quot;%&quot;,&quot;size&quot;:100,&quot;sizes&quot;:[]},&quot;max_width_mobile&quot;:{&quot;unit&quot;:&quot;%&quot;,&quot;size&quot;:100,&quot;sizes&quot;:[]},&quot;text_content_stroke_width&quot;:{&quot;unit&quot;:&quot;%&quot;,&quot;size&quot;:110,&quot;sizes&quot;:[]},&quot;text_content_stroke_height&quot;:{&quot;unit&quot;:&quot;%&quot;,&quot;size&quot;:80,&quot;sizes&quot;:[]},&quot;text_content_stroke_rotation&quot;:{&quot;unit&quot;:&quot;deg&quot;,&quot;size&quot;:-5,&quot;sizes&quot;:[]}}\" data-widget_type=\"asli-widget-text-content.default\">\n\t\t\t\t<div class=\"elementor-widget-container\">\n\t\t\t\t\t\t\t<div class=\"text-center mx-auto content js-content\" data-arts-split-text-preset=\"animatedChars\" data-arts-component-name=\"Content\" data-arts-os-animation=\"true\">\n\t\t\t<h2 class=\"content__text typography-text-content\">Top-Aktivit\u00e4ten und Sehensw\u00fcrdigkeiten in Perros-Guirec<\/h2>\n\t\t<\/div>\n\t\t\t\t\t\t<\/div>\n\t\t\t\t<\/div>\n\t\t\t\t<\/div>\n\t\t\t\t\t<\/div>\n\t\t\t\t<\/section>\n\t\t<section class=\"elementor-element elementor-element-212b681 e-flex e-con-boxed pt-small pb-medium px-gutters-horizontal e-con e-parent\" data-id=\"212b681\" data-element_type=\"container\" data-e-type=\"container\" data-settings=\"{&quot;background_background&quot;:&quot;classic&quot;}\">\n\t\t\t\t\t<div class=\"e-con-inner\">\n\t\t<div class=\"elementor-element elementor-element-c7f17f5 e-con-full e-flex e-con e-child\" data-id=\"c7f17f5\" data-element_type=\"container\" data-e-type=\"container\">\n\t\t\t\t<div class=\"elementor-element elementor-element-fa2cc03 elementor-widget elementor-widget-image-carousel\" data-id=\"fa2cc03\" data-element_type=\"widget\" data-e-type=\"widget\" data-settings=\"{&quot;slides_to_show&quot;:&quot;1&quot;,&quot;navigation&quot;:&quot;none&quot;,&quot;autoplay_speed&quot;:2500,&quot;effect&quot;:&quot;fade&quot;,&quot;speed&quot;:900,&quot;autoplay&quot;:&quot;yes&quot;,&quot;pause_on_hover&quot;:&quot;yes&quot;,&quot;pause_on_interaction&quot;:&quot;yes&quot;,&quot;infinite&quot;:&quot;yes&quot;}\" data-widget_type=\"image-carousel.default\">\n\t\t\t\t<div class=\"elementor-widget-container\">\n\t\t\t\t\t\t\t<div class=\"elementor-image-carousel-wrapper swiper\" role=\"region\" aria-roledescription=\"carousel\" aria-label=\"Bilderkarussell\" dir=\"ltr\">\n\t\t\t<div class=\"elementor-image-carousel swiper-wrapper\" aria-live=\"off\">\n\t\t\t\t\t\t\t\t<div class=\"swiper-slide\" role=\"group\" aria-roledescription=\"slide\" aria-label=\"1 von 4\"><figure class=\"swiper-slide-inner\"><img decoding=\"async\" class=\"swiper-slide-image\" src=\"https:\/\/les-bassans.com\/wp-content\/uploads\/2025\/05\/perros-guirec-les-bassans-hotel-fontenille-fou-de-bassan-oiseau-envol-bretagne-768x768.jpg\" alt=\"perros-guirec-les-bassans-hotel-fontenille-fou-de-bassan-oiseau-envol-bretagne\" \/><\/figure><\/div><div class=\"swiper-slide\" role=\"group\" aria-roledescription=\"slide\" aria-label=\"2 von 4\"><figure class=\"swiper-slide-inner\"><img decoding=\"async\" class=\"swiper-slide-image\" src=\"https:\/\/les-bassans.com\/wp-content\/uploads\/2025\/05\/perros-guirec-bateau-archipel-sept-iles-les-bassans-hotel-fontenille-collection-768x768.jpg\" alt=\"perros-guirec-bateau-archipel-sept-iles-les-bassans-hotel-fontenille-collection\" \/><\/figure><\/div><div class=\"swiper-slide\" role=\"group\" aria-roledescription=\"slide\" aria-label=\"3 von 4\"><figure class=\"swiper-slide-inner\"><img decoding=\"async\" class=\"swiper-slide-image\" src=\"https:\/\/les-bassans.com\/wp-content\/uploads\/2025\/03\/perros-guirec-bretagne-animal-mer-simon-warren-768x768.jpg\" alt=\"perros-guirec-bretagne-meerestiere-simon-warren\" \/><\/figure><\/div><div class=\"swiper-slide\" role=\"group\" aria-roledescription=\"slide\" aria-label=\"4 von 4\"><figure class=\"swiper-slide-inner\"><img decoding=\"async\" class=\"swiper-slide-image\" src=\"https:\/\/les-bassans.com\/wp-content\/uploads\/2025\/05\/perros-guirec-ile-rouzic-fou-de-bassan-hotel-fontenille-bretagne-768x768.jpg\" alt=\"perros-guirec-ile-rouzic-fou-de-bassan-hotel-fontenille-bretagne\" \/><\/figure><\/div>\t\t\t<\/div>\n\t\t\t\t\t\t\t\n\t\t\t\t\t\t\t\t\t<\/div>\n\t\t\t\t\t\t<\/div>\n\t\t\t\t<\/div>\n\t\t\t\t<\/div>\n\t\t<div class=\"elementor-element elementor-element-d333e9d e-flex e-con-boxed e-con e-child\" data-id=\"d333e9d\" data-element_type=\"container\" data-e-type=\"container\">\n\t\t\t\t\t<div class=\"e-con-inner\">\n\t\t\t\t<div class=\"elementor-element elementor-element-d0183bf elementor-widget elementor-widget-asli-widget-text-content\" data-id=\"d0183bf\" data-element_type=\"widget\" data-e-type=\"widget\" data-settings=\"{&quot;max_width&quot;:{&quot;unit&quot;:&quot;px&quot;,&quot;size&quot;:1100,&quot;sizes&quot;:[]},&quot;max_width_tablet&quot;:{&quot;unit&quot;:&quot;%&quot;,&quot;size&quot;:100,&quot;sizes&quot;:[]},&quot;max_width_mobile&quot;:{&quot;unit&quot;:&quot;%&quot;,&quot;size&quot;:100,&quot;sizes&quot;:[]},&quot;text_content_stroke_width&quot;:{&quot;unit&quot;:&quot;%&quot;,&quot;size&quot;:110,&quot;sizes&quot;:[]},&quot;text_content_stroke_height&quot;:{&quot;unit&quot;:&quot;%&quot;,&quot;size&quot;:80,&quot;sizes&quot;:[]},&quot;text_content_stroke_rotation&quot;:{&quot;unit&quot;:&quot;deg&quot;,&quot;size&quot;:-5,&quot;sizes&quot;:[]}}\" data-widget_type=\"asli-widget-text-content.default\">\n\t\t\t\t<div class=\"elementor-widget-container\">\n\t\t\t\t\t\t\t<div class=\"text-start me-auto content js-content\" data-arts-split-text-preset=\"animatedChars\" data-arts-component-name=\"Content\" data-arts-os-animation=\"true\">\n\t\t\t<h3 class=\"content__text typography-text-content\">Bootsfahrten und Ausfl\u00fcge zum Archipel der Sept-\u00celes<\/h3>\n\t\t<\/div>\n\t\t\t\t\t\t<\/div>\n\t\t\t\t<\/div>\n\t\t\t\t<div class=\"elementor-element elementor-element-ddf5b9b elementor-widget elementor-widget-text-editor\" data-id=\"ddf5b9b\" data-element_type=\"widget\" data-e-type=\"widget\" data-widget_type=\"text-editor.default\">\n\t\t\t\t<div class=\"elementor-widget-container\">\n\t\t\t\t\t\t\t\t\t<p>Entdecken Sie das Naturschutzgebiet Sept-\u00celes, eines der gr\u00f6\u00dften Vogelschutzgebiete Frankreichs, das Sie vom Seebahnhof Perros-Guirec aus erreichen k\u00f6nnen.<br \/>Auf Ihrer Kreuzfahrt k\u00f6nnen Sie eine Vielzahl von Meerestieren beobachten, wie Papageientaucher, Kr\u00e4henscharben und Graurobben, die die Inseln bev\u00f6lkern. Wer Gl\u00fcck hat, dem kreuzen vielleicht sogar Delfine den Weg. Die Insel Rouzic beherbergt die einzige franz\u00f6sische Kolonie von Basst\u00f6lpeln mit mehr als 24.500 Paaren - ein beeindruckendes Schauspiel, das Sie sich nicht entgehen lassen sollten.<br \/>Die Kreuzfahrten, die zwischen 2 und 3 Stunden dauern, werden von Armor Navigation angeboten. Ein unumg\u00e4ngliches Erlebnis f\u00fcr jeden Naturliebhaber w\u00e4hrend Ihres Aufenthalts in der Bretagne.<\/p>\t\t\t\t\t\t\t\t<\/div>\n\t\t\t\t<\/div>\n\t\t\t\t\t<\/div>\n\t\t\t\t<\/div>\n\t\t\t\t\t<\/div>\n\t\t\t\t<\/section>\n\t\t<section class=\"elementor-element elementor-element-40fb358 e-flex e-con-boxed pb-medium px-gutters-horizontal e-con e-parent\" data-id=\"40fb358\" data-element_type=\"container\" data-e-type=\"container\" data-settings=\"{&quot;background_background&quot;:&quot;classic&quot;}\">\n\t\t\t\t\t<div class=\"e-con-inner\">\n\t\t<div class=\"elementor-element elementor-element-e2f8153 e-con-full e-flex e-con e-child\" data-id=\"e2f8153\" data-element_type=\"container\" data-e-type=\"container\">\n\t\t\t\t<div class=\"elementor-element elementor-element-5d8b57f elementor-widget elementor-widget-image-carousel\" data-id=\"5d8b57f\" data-element_type=\"widget\" data-e-type=\"widget\" data-settings=\"{&quot;slides_to_show&quot;:&quot;1&quot;,&quot;navigation&quot;:&quot;none&quot;,&quot;autoplay_speed&quot;:2500,&quot;effect&quot;:&quot;fade&quot;,&quot;speed&quot;:900,&quot;autoplay&quot;:&quot;yes&quot;,&quot;pause_on_hover&quot;:&quot;yes&quot;,&quot;pause_on_interaction&quot;:&quot;yes&quot;,&quot;infinite&quot;:&quot;yes&quot;}\" data-widget_type=\"image-carousel.default\">\n\t\t\t\t<div class=\"elementor-widget-container\">\n\t\t\t\t\t\t\t<div class=\"elementor-image-carousel-wrapper swiper\" role=\"region\" aria-roledescription=\"carousel\" aria-label=\"Bilderkarussell\" dir=\"ltr\">\n\t\t\t<div class=\"elementor-image-carousel swiper-wrapper\" aria-live=\"off\">\n\t\t\t\t\t\t\t\t<div class=\"swiper-slide\" role=\"group\" aria-roledescription=\"slide\" aria-label=\"1 von 2\"><figure class=\"swiper-slide-inner\"><img decoding=\"async\" class=\"swiper-slide-image\" src=\"https:\/\/les-bassans.com\/wp-content\/uploads\/2025\/05\/perros-guirec-cote-granit-rose-les-bassans-hotel-fontenille-bretagne-768x768.jpg\" alt=\"perros-guirec-cote-granit-rose-les-bassans-hotel-fontenille-bretagne\" \/><\/figure><\/div><div class=\"swiper-slide\" role=\"group\" aria-roledescription=\"slide\" aria-label=\"2 von 2\"><figure class=\"swiper-slide-inner\"><img decoding=\"async\" class=\"swiper-slide-image\" src=\"https:\/\/les-bassans.com\/wp-content\/uploads\/2025\/05\/perros-guirec-cote-granit-rose-hotel-les-bassans-fontenille-coucher-soleil-bretagne-768x768.jpg\" alt=\"perros-guirec-cote-granit-rose-hotel-les-bassans-fontenille-coucher-soleil-bretagne\" \/><\/figure><\/div>\t\t\t<\/div>\n\t\t\t\t\t\t\t\n\t\t\t\t\t\t\t\t\t<\/div>\n\t\t\t\t\t\t<\/div>\n\t\t\t\t<\/div>\n\t\t\t\t<\/div>\n\t\t<div class=\"elementor-element elementor-element-b379961 e-flex e-con-boxed e-con e-child\" data-id=\"b379961\" data-element_type=\"container\" data-e-type=\"container\">\n\t\t\t\t\t<div class=\"e-con-inner\">\n\t\t\t\t<div class=\"elementor-element elementor-element-03d905d elementor-widget elementor-widget-asli-widget-text-content\" data-id=\"03d905d\" data-element_type=\"widget\" data-e-type=\"widget\" data-settings=\"{&quot;max_width&quot;:{&quot;unit&quot;:&quot;px&quot;,&quot;size&quot;:1100,&quot;sizes&quot;:[]},&quot;max_width_tablet&quot;:{&quot;unit&quot;:&quot;%&quot;,&quot;size&quot;:100,&quot;sizes&quot;:[]},&quot;max_width_mobile&quot;:{&quot;unit&quot;:&quot;%&quot;,&quot;size&quot;:100,&quot;sizes&quot;:[]},&quot;text_content_stroke_width&quot;:{&quot;unit&quot;:&quot;%&quot;,&quot;size&quot;:110,&quot;sizes&quot;:[]},&quot;text_content_stroke_height&quot;:{&quot;unit&quot;:&quot;%&quot;,&quot;size&quot;:80,&quot;sizes&quot;:[]},&quot;text_content_stroke_rotation&quot;:{&quot;unit&quot;:&quot;deg&quot;,&quot;size&quot;:-5,&quot;sizes&quot;:[]}}\" data-widget_type=\"asli-widget-text-content.default\">\n\t\t\t\t<div class=\"elementor-widget-container\">\n\t\t\t\t\t\t\t<div class=\"text-start me-auto content js-content\" data-arts-split-text-preset=\"animatedChars\" data-arts-component-name=\"Content\" data-arts-os-animation=\"true\">\n\t\t\t<h3 class=\"content__text typography-text-content\">Besuchen Sie Perros-Guirec und sein Kulturerbe<\/h3>\n\t\t<\/div>\n\t\t\t\t\t\t<\/div>\n\t\t\t\t<\/div>\n\t\t\t\t<div class=\"elementor-element elementor-element-72f8b78 elementor-widget elementor-widget-text-editor\" data-id=\"72f8b78\" data-element_type=\"widget\" data-e-type=\"widget\" data-widget_type=\"text-editor.default\">\n\t\t\t\t<div class=\"elementor-widget-container\">\n\t\t\t\t\t\t\t\t\t<p>Verpassen Sie nicht einen Bummel durch die Innenstadt von Perros-Guirec, die mit ihren kleinen L\u00e4den, Kunstgalerien, typischen Kirchen und bl\u00fchenden G\u00e4rten einen ganz besonderen Charme verspr\u00fcht. F\u00fcr Kulturinteressierte :<br \/>Die Kirche Saint-Jacques, ein sch\u00f6nes Beispiel f\u00fcr romanische Architektur aus dem 12. Die Kapelle Notre-Dame de La Clart\u00e9 ist ein Juwel der bretonischen Architektur, das Gotik und Renaissance miteinander verbindet. Das Innere beherbergt einen bemerkenswerten Kreuzweg aus dem Jahr 1931 sowie h\u00e4ngende Schiffsmodelle, die von der Dankbarkeit der Seeleute zeugen.<\/p>\t\t\t\t\t\t\t\t<\/div>\n\t\t\t\t<\/div>\n\t\t\t\t\t<\/div>\n\t\t\t\t<\/div>\n\t\t\t\t\t<\/div>\n\t\t\t\t<\/section>\n\t\t<section class=\"elementor-element elementor-element-50b4f68 e-flex e-con-boxed pb-medium px-gutters-horizontal e-con e-parent\" data-id=\"50b4f68\" data-element_type=\"container\" data-e-type=\"container\" data-settings=\"{&quot;background_background&quot;:&quot;classic&quot;}\">\n\t\t\t\t\t<div class=\"e-con-inner\">\n\t\t<div class=\"elementor-element elementor-element-c6a247f e-con-full e-flex e-con e-child\" data-id=\"c6a247f\" data-element_type=\"container\" data-e-type=\"container\">\n\t\t\t\t<div class=\"elementor-element elementor-element-421c69a elementor-widget elementor-widget-image-carousel\" data-id=\"421c69a\" data-element_type=\"widget\" data-e-type=\"widget\" data-settings=\"{&quot;slides_to_show&quot;:&quot;1&quot;,&quot;navigation&quot;:&quot;none&quot;,&quot;autoplay_speed&quot;:2500,&quot;effect&quot;:&quot;fade&quot;,&quot;speed&quot;:900,&quot;autoplay&quot;:&quot;yes&quot;,&quot;pause_on_hover&quot;:&quot;yes&quot;,&quot;pause_on_interaction&quot;:&quot;yes&quot;,&quot;infinite&quot;:&quot;yes&quot;}\" data-widget_type=\"image-carousel.default\">\n\t\t\t\t<div class=\"elementor-widget-container\">\n\t\t\t\t\t\t\t<div class=\"elementor-image-carousel-wrapper swiper\" role=\"region\" aria-roledescription=\"carousel\" aria-label=\"Bilderkarussell\" dir=\"ltr\">\n\t\t\t<div class=\"elementor-image-carousel swiper-wrapper\" aria-live=\"off\">\n\t\t\t\t\t\t\t\t<div class=\"swiper-slide\" role=\"group\" aria-roledescription=\"slide\" aria-label=\"1 von 2\"><figure class=\"swiper-slide-inner\"><img decoding=\"async\" class=\"swiper-slide-image\" src=\"https:\/\/les-bassans.com\/wp-content\/uploads\/2025\/03\/perros-guirec-les-bassans-trestraou-bretagne-experience-voile-fontenille-collection-768x768.jpg\" alt=\"perros-guirec-les-bassans-trestraou-bretagne-experience-segeln-fontenille-collection\" \/><\/figure><\/div><div class=\"swiper-slide\" role=\"group\" aria-roledescription=\"slide\" aria-label=\"2 von 2\"><figure class=\"swiper-slide-inner\"><img decoding=\"async\" class=\"swiper-slide-image\" src=\"https:\/\/les-bassans.com\/wp-content\/uploads\/2025\/05\/perros-guirec-activite-nautique-voile-planche-voile-les-bassans-plage-trestraou-768x768.jpg\" alt=\"perros-guirec-wassersport-segeln-plansch-segeln-les-bassans-plage-trestraou\" \/><\/figure><\/div>\t\t\t<\/div>\n\t\t\t\t\t\t\t\n\t\t\t\t\t\t\t\t\t<\/div>\n\t\t\t\t\t\t<\/div>\n\t\t\t\t<\/div>\n\t\t\t\t<\/div>\n\t\t<div class=\"elementor-element elementor-element-e1a33ac e-flex e-con-boxed e-con e-child\" data-id=\"e1a33ac\" data-element_type=\"container\" data-e-type=\"container\">\n\t\t\t\t\t<div class=\"e-con-inner\">\n\t\t\t\t<div class=\"elementor-element elementor-element-69d0c19 elementor-widget elementor-widget-asli-widget-text-content\" data-id=\"69d0c19\" data-element_type=\"widget\" data-e-type=\"widget\" data-settings=\"{&quot;max_width&quot;:{&quot;unit&quot;:&quot;px&quot;,&quot;size&quot;:1100,&quot;sizes&quot;:[]},&quot;max_width_tablet&quot;:{&quot;unit&quot;:&quot;%&quot;,&quot;size&quot;:100,&quot;sizes&quot;:[]},&quot;max_width_mobile&quot;:{&quot;unit&quot;:&quot;%&quot;,&quot;size&quot;:100,&quot;sizes&quot;:[]},&quot;text_content_stroke_width&quot;:{&quot;unit&quot;:&quot;%&quot;,&quot;size&quot;:110,&quot;sizes&quot;:[]},&quot;text_content_stroke_height&quot;:{&quot;unit&quot;:&quot;%&quot;,&quot;size&quot;:80,&quot;sizes&quot;:[]},&quot;text_content_stroke_rotation&quot;:{&quot;unit&quot;:&quot;deg&quot;,&quot;size&quot;:-5,&quot;sizes&quot;:[]}}\" data-widget_type=\"asli-widget-text-content.default\">\n\t\t\t\t<div class=\"elementor-widget-container\">\n\t\t\t\t\t\t\t<div class=\"text-start me-auto content js-content\" data-arts-split-text-preset=\"animatedChars\" data-arts-component-name=\"Content\" data-arts-os-animation=\"true\">\n\t\t\t<h3 class=\"content__text typography-text-content\"> Wassersportliche Aktivit\u00e4ten<\/h3>\n\t\t<\/div>\n\t\t\t\t\t\t<\/div>\n\t\t\t\t<\/div>\n\t\t\t\t<div class=\"elementor-element elementor-element-66c8edd elementor-widget elementor-widget-text-editor\" data-id=\"66c8edd\" data-element_type=\"widget\" data-e-type=\"widget\" data-widget_type=\"text-editor.default\">\n\t\t\t\t<div class=\"elementor-widget-container\">\n\t\t\t\t\t\t\t\t\t<p>Wassersportbegeisterte werden in Perros-Guirec ihr Gl\u00fcck finden. Ob Anf\u00e4nger oder erfahrener Wassersportler, der Strand von Trestraou ist ein idealer Ort, um eine breite Palette an Wassersportarten auszu\u00fcben: Paddeln, Surfen, Kajakfahren, Segeln, Longieren ... Das Wassersportzentrum von Perros-Guirec bietet Einf\u00fchrungen und betreute Ausfl\u00fcge, die f\u00fcr alle Niveaus geeignet sind.<\/p>\t\t\t\t\t\t\t\t<\/div>\n\t\t\t\t<\/div>\n\t\t\t\t\t<\/div>\n\t\t\t\t<\/div>\n\t\t\t\t\t<\/div>\n\t\t\t\t<\/section>\n\t\t<section class=\"elementor-element elementor-element-37a86da e-flex e-con-boxed pt-medium px-gutters-horizontal e-con e-parent\" data-id=\"37a86da\" data-element_type=\"container\" data-e-type=\"container\" data-settings=\"{&quot;background_background&quot;:&quot;classic&quot;}\">\n\t\t\t\t\t<div class=\"e-con-inner\">\n\t\t<div class=\"elementor-element elementor-element-1560ef9 e-con-full e-flex e-con e-child\" data-id=\"1560ef9\" data-element_type=\"container\" data-e-type=\"container\">\n\t\t\t\t<div class=\"elementor-element elementor-element-248c480 elementor-widget elementor-widget-asli-widget-text-content\" data-id=\"248c480\" data-element_type=\"widget\" data-e-type=\"widget\" data-settings=\"{&quot;max_width&quot;:{&quot;unit&quot;:&quot;px&quot;,&quot;size&quot;:1100,&quot;sizes&quot;:[]},&quot;max_width_tablet&quot;:{&quot;unit&quot;:&quot;%&quot;,&quot;size&quot;:100,&quot;sizes&quot;:[]},&quot;max_width_mobile&quot;:{&quot;unit&quot;:&quot;%&quot;,&quot;size&quot;:100,&quot;sizes&quot;:[]},&quot;text_content_stroke_width&quot;:{&quot;unit&quot;:&quot;%&quot;,&quot;size&quot;:110,&quot;sizes&quot;:[]},&quot;text_content_stroke_height&quot;:{&quot;unit&quot;:&quot;%&quot;,&quot;size&quot;:80,&quot;sizes&quot;:[]},&quot;text_content_stroke_rotation&quot;:{&quot;unit&quot;:&quot;deg&quot;,&quot;size&quot;:-5,&quot;sizes&quot;:[]}}\" data-widget_type=\"asli-widget-text-content.default\">\n\t\t\t\t<div class=\"elementor-widget-container\">\n\t\t\t\t\t\t\t<div class=\"text-center mx-auto content js-content\" data-arts-split-text-preset=\"animatedChars\" data-arts-component-name=\"Content\" data-arts-os-animation=\"true\">\n\t\t\t<h2 class=\"content__text typography-text-content\">D\u00f6rfer und Sehensw\u00fcrdigkeiten in der Umgebung von Perros-Guirec<\/h2>\n\t\t<\/div>\n\t\t\t\t\t\t<\/div>\n\t\t\t\t<\/div>\n\t\t\t\t<\/div>\n\t\t\t\t\t<\/div>\n\t\t\t\t<\/section>\n\t\t<section class=\"elementor-element elementor-element-555f73e e-flex e-con-boxed pt-small px-gutters-horizontal e-con e-parent\" data-id=\"555f73e\" data-element_type=\"container\" data-e-type=\"container\" data-settings=\"{&quot;background_background&quot;:&quot;classic&quot;}\">\n\t\t\t\t\t<div class=\"e-con-inner\">\n\t\t<div class=\"elementor-element elementor-element-ca17043 e-con-full e-flex e-con e-child\" data-id=\"ca17043\" data-element_type=\"container\" data-e-type=\"container\">\n\t\t\t\t<div class=\"elementor-element elementor-element-f8513ec elementor-widget elementor-widget-image-carousel\" data-id=\"f8513ec\" data-element_type=\"widget\" data-e-type=\"widget\" data-settings=\"{&quot;slides_to_show&quot;:&quot;1&quot;,&quot;navigation&quot;:&quot;none&quot;,&quot;autoplay_speed&quot;:2500,&quot;effect&quot;:&quot;fade&quot;,&quot;speed&quot;:900,&quot;autoplay&quot;:&quot;yes&quot;,&quot;pause_on_hover&quot;:&quot;yes&quot;,&quot;pause_on_interaction&quot;:&quot;yes&quot;,&quot;infinite&quot;:&quot;yes&quot;}\" data-widget_type=\"image-carousel.default\">\n\t\t\t\t<div class=\"elementor-widget-container\">\n\t\t\t\t\t\t\t<div class=\"elementor-image-carousel-wrapper swiper\" role=\"region\" aria-roledescription=\"carousel\" aria-label=\"Bilderkarussell\" dir=\"ltr\">\n\t\t\t<div class=\"elementor-image-carousel swiper-wrapper\" aria-live=\"off\">\n\t\t\t\t\t\t\t\t<div class=\"swiper-slide\" role=\"group\" aria-roledescription=\"slide\" aria-label=\"1 von 1\"><figure class=\"swiper-slide-inner\"><img decoding=\"async\" class=\"swiper-slide-image\" src=\"https:\/\/les-bassans.com\/wp-content\/uploads\/2025\/05\/tregastel-les-bassans-perros-guirec-bretagne-hotel-fontenille-vue-mer-plage-768x768.jpg\" alt=\"tregastel-les-bassans-perros-guirec-bretagne-hotel-fontenille-vue-mer-plage\" \/><\/figure><\/div>\t\t\t<\/div>\n\t\t\t\t\t<\/div>\n\t\t\t\t\t\t<\/div>\n\t\t\t\t<\/div>\n\t\t\t\t<\/div>\n\t\t<div class=\"elementor-element elementor-element-dc53bbd e-flex e-con-boxed e-con e-child\" data-id=\"dc53bbd\" data-element_type=\"container\" data-e-type=\"container\">\n\t\t\t\t\t<div class=\"e-con-inner\">\n\t\t\t\t<div class=\"elementor-element elementor-element-da8237f elementor-widget elementor-widget-asli-widget-text-content\" data-id=\"da8237f\" data-element_type=\"widget\" data-e-type=\"widget\" data-settings=\"{&quot;max_width&quot;:{&quot;unit&quot;:&quot;px&quot;,&quot;size&quot;:1100,&quot;sizes&quot;:[]},&quot;max_width_tablet&quot;:{&quot;unit&quot;:&quot;%&quot;,&quot;size&quot;:100,&quot;sizes&quot;:[]},&quot;max_width_mobile&quot;:{&quot;unit&quot;:&quot;%&quot;,&quot;size&quot;:100,&quot;sizes&quot;:[]},&quot;text_content_stroke_width&quot;:{&quot;unit&quot;:&quot;%&quot;,&quot;size&quot;:110,&quot;sizes&quot;:[]},&quot;text_content_stroke_height&quot;:{&quot;unit&quot;:&quot;%&quot;,&quot;size&quot;:80,&quot;sizes&quot;:[]},&quot;text_content_stroke_rotation&quot;:{&quot;unit&quot;:&quot;deg&quot;,&quot;size&quot;:-5,&quot;sizes&quot;:[]}}\" data-widget_type=\"asli-widget-text-content.default\">\n\t\t\t\t<div class=\"elementor-widget-container\">\n\t\t\t\t\t\t\t<div class=\"text-start me-auto content js-content\" data-arts-split-text-preset=\"animatedChars\" data-arts-component-name=\"Content\" data-arts-os-animation=\"true\">\n\t\t\t<h3 class=\"content__text typography-text-content\">Tr\u00e9gastel, Tr\u00e9beurden, Pleumeur-Bodou: Eskapaden mit Charme<\/h3>\n\t\t<\/div>\n\t\t\t\t\t\t<\/div>\n\t\t\t\t<\/div>\n\t\t\t\t<div class=\"elementor-element elementor-element-0f853dc elementor-widget elementor-widget-text-editor\" data-id=\"0f853dc\" data-element_type=\"widget\" data-e-type=\"widget\" data-widget_type=\"text-editor.default\">\n\t\t\t\t<div class=\"elementor-widget-container\">\n\t\t\t\t\t\t\t\t\t<p><strong>Tr\u00e9gastel<\/strong> : 15 Autominuten von Perros-Guirec entfernt, besticht dieser charmante Badeort durch seine feinen Sandstr\u00e4nde, sein reiches Kulturerbe und seine nat\u00fcrlichen Sehensw\u00fcrdigkeiten. Verbinden Sie Ihren Besuch des Ortes mit der Entdeckung der Halbinsel Renote.<\/p><p><strong>Tr\u00e9beurden<\/strong> Dieses kleine K\u00fcstendorf, das 20 Minuten von Perros-Guirec entfernt liegt, ist f\u00fcr seinen Jachthafen und seine au\u00dfergew\u00f6hnlichen Meereslandschaften bekannt. Verpassen Sie nicht die Pointe de Bihit, einen spektakul\u00e4ren Aussichtspunkt, oder das Ch\u00e2teau de Kerroc'h, einen symboltr\u00e4chtigen Ort des lokalen Kulturerbes. Geschichtsinteressierte werden auch die All\u00e9e couverte et menhir de Prajou-Menhir zu sch\u00e4tzen wissen, eine Megalithanlage mit einer au\u00dfergew\u00f6hnlichen Wandmalerei im Inneren.<\/p><p><strong>Pleumeur-Bodou<\/strong>, weniger als 15 Autominuten von Perros-Guirec entfernt, ist eine kleine Gemeinde voller Charme und Entdeckungsm\u00f6glichkeiten. Sie ist besonders f\u00fcr den Rad\u00f4me-Park bekannt, der drei fesselnde Welten bietet: das Planetarium der Bretagne, die Cit\u00e9 des T\u00e9l\u00e9coms und das gallische Dorf. Eine Alternative, um nach Ihren Spazierg\u00e4ngen entlang der K\u00fcste f\u00fcr Abwechslung zu sorgen, ideal f\u00fcr die ganze Familie.<\/p>\t\t\t\t\t\t\t\t<\/div>\n\t\t\t\t<\/div>\n\t\t\t\t\t<\/div>\n\t\t\t\t<\/div>\n\t\t\t\t\t<\/div>\n\t\t\t\t<\/section>\n\t\t<section class=\"elementor-element elementor-element-0d0957c e-flex e-con-boxed pt-medium px-gutters-horizontal e-con e-parent\" data-id=\"0d0957c\" data-element_type=\"container\" data-e-type=\"container\" data-settings=\"{&quot;background_background&quot;:&quot;classic&quot;}\">\n\t\t\t\t\t<div class=\"e-con-inner\">\n\t\t<div class=\"elementor-element elementor-element-33f7dda e-con-full e-flex e-con e-child\" data-id=\"33f7dda\" data-element_type=\"container\" data-e-type=\"container\">\n\t\t\t\t<div class=\"elementor-element elementor-element-f221939 elementor-widget elementor-widget-asli-widget-text-content\" data-id=\"f221939\" data-element_type=\"widget\" data-e-type=\"widget\" data-settings=\"{&quot;max_width&quot;:{&quot;unit&quot;:&quot;px&quot;,&quot;size&quot;:1100,&quot;sizes&quot;:[]},&quot;max_width_tablet&quot;:{&quot;unit&quot;:&quot;%&quot;,&quot;size&quot;:100,&quot;sizes&quot;:[]},&quot;max_width_mobile&quot;:{&quot;unit&quot;:&quot;%&quot;,&quot;size&quot;:100,&quot;sizes&quot;:[]},&quot;text_content_stroke_width&quot;:{&quot;unit&quot;:&quot;%&quot;,&quot;size&quot;:110,&quot;sizes&quot;:[]},&quot;text_content_stroke_height&quot;:{&quot;unit&quot;:&quot;%&quot;,&quot;size&quot;:80,&quot;sizes&quot;:[]},&quot;text_content_stroke_rotation&quot;:{&quot;unit&quot;:&quot;deg&quot;,&quot;size&quot;:-5,&quot;sizes&quot;:[]}}\" data-widget_type=\"asli-widget-text-content.default\">\n\t\t\t\t<div class=\"elementor-widget-container\">\n\t\t\t\t\t\t\t<div class=\"text-center mx-auto content js-content\" data-arts-split-text-preset=\"animatedChars\" data-arts-component-name=\"Content\" data-arts-os-animation=\"true\">\n\t\t\t<h2 class=\"content__text typography-text-content\">Entdecken Sie die lokale Gastronomie<\/h2>\n\t\t<\/div>\n\t\t\t\t\t\t<\/div>\n\t\t\t\t<\/div>\n\t\t\t\t<\/div>\n\t\t\t\t\t<\/div>\n\t\t\t\t<\/section>\n\t\t<section class=\"elementor-element elementor-element-0c690fa e-flex e-con-boxed pt-small pb-medium px-gutters-horizontal e-con e-parent\" data-id=\"0c690fa\" data-element_type=\"container\" data-e-type=\"container\" data-settings=\"{&quot;background_background&quot;:&quot;classic&quot;}\">\n\t\t\t\t\t<div class=\"e-con-inner\">\n\t\t<div class=\"elementor-element elementor-element-84fc057 e-con-full e-flex e-con e-child\" data-id=\"84fc057\" data-element_type=\"container\" data-e-type=\"container\">\n\t\t\t\t<div class=\"elementor-element elementor-element-a4be6c5 elementor-widget elementor-widget-image-carousel\" data-id=\"a4be6c5\" data-element_type=\"widget\" data-e-type=\"widget\" data-settings=\"{&quot;slides_to_show&quot;:&quot;1&quot;,&quot;navigation&quot;:&quot;none&quot;,&quot;autoplay_speed&quot;:2500,&quot;effect&quot;:&quot;fade&quot;,&quot;speed&quot;:900,&quot;autoplay&quot;:&quot;yes&quot;,&quot;pause_on_hover&quot;:&quot;yes&quot;,&quot;pause_on_interaction&quot;:&quot;yes&quot;,&quot;infinite&quot;:&quot;yes&quot;}\" data-widget_type=\"image-carousel.default\">\n\t\t\t\t<div class=\"elementor-widget-container\">\n\t\t\t\t\t\t\t<div class=\"elementor-image-carousel-wrapper swiper\" role=\"region\" aria-roledescription=\"carousel\" aria-label=\"Bilderkarussell\" dir=\"ltr\">\n\t\t\t<div class=\"elementor-image-carousel swiper-wrapper\" aria-live=\"off\">\n\t\t\t\t\t\t\t\t<div class=\"swiper-slide\" role=\"group\" aria-roledescription=\"slide\" aria-label=\"1 von 1\"><figure class=\"swiper-slide-inner\"><img decoding=\"async\" class=\"swiper-slide-image\" src=\"https:\/\/les-bassans.com\/wp-content\/uploads\/2025\/05\/les-bassans-perros-guirec-huitres-tregor-coquillages-bretagne-fruits-de-mer-768x768.jpg\" alt=\"les-bassans-perros-guirec-austern-tregor-coquillages-bretagne-fruits-de-mer\" \/><\/figure><\/div>\t\t\t<\/div>\n\t\t\t\t\t<\/div>\n\t\t\t\t\t\t<\/div>\n\t\t\t\t<\/div>\n\t\t\t\t<\/div>\n\t\t<div class=\"elementor-element elementor-element-e4d4df8 e-flex e-con-boxed e-con e-child\" data-id=\"e4d4df8\" data-element_type=\"container\" data-e-type=\"container\">\n\t\t\t\t\t<div class=\"e-con-inner\">\n\t\t\t\t<div class=\"elementor-element elementor-element-d454bb2 elementor-widget elementor-widget-asli-widget-text-content\" data-id=\"d454bb2\" data-element_type=\"widget\" data-e-type=\"widget\" data-settings=\"{&quot;max_width&quot;:{&quot;unit&quot;:&quot;px&quot;,&quot;size&quot;:1100,&quot;sizes&quot;:[]},&quot;max_width_tablet&quot;:{&quot;unit&quot;:&quot;%&quot;,&quot;size&quot;:100,&quot;sizes&quot;:[]},&quot;max_width_mobile&quot;:{&quot;unit&quot;:&quot;%&quot;,&quot;size&quot;:100,&quot;sizes&quot;:[]},&quot;text_content_stroke_width&quot;:{&quot;unit&quot;:&quot;%&quot;,&quot;size&quot;:110,&quot;sizes&quot;:[]},&quot;text_content_stroke_height&quot;:{&quot;unit&quot;:&quot;%&quot;,&quot;size&quot;:80,&quot;sizes&quot;:[]},&quot;text_content_stroke_rotation&quot;:{&quot;unit&quot;:&quot;deg&quot;,&quot;size&quot;:-5,&quot;sizes&quot;:[]}}\" data-widget_type=\"asli-widget-text-content.default\">\n\t\t\t\t<div class=\"elementor-widget-container\">\n\t\t\t\t\t\t\t<div class=\"text-start me-auto content js-content\" data-arts-split-text-preset=\"animatedChars\" data-arts-component-name=\"Content\" data-arts-os-animation=\"true\">\n\t\t\t<h3 class=\"content__text typography-text-content\">Produzenten, bretonische Geschm\u00e4cker und Spezialit\u00e4ten aus der Region<\/h3>\n\t\t<\/div>\n\t\t\t\t\t\t<\/div>\n\t\t\t\t<\/div>\n\t\t\t\t<div class=\"elementor-element elementor-element-4a4390f elementor-widget elementor-widget-text-editor\" data-id=\"4a4390f\" data-element_type=\"widget\" data-e-type=\"widget\" data-widget_type=\"text-editor.default\">\n\t\t\t\t<div class=\"elementor-widget-container\">\n\t\t\t\t\t\t\t\t\t<p>Die Bretagne ist ein Land der authentischen Geschm\u00e4cker. In Perros-Guirec und Umgebung sind lokale Produkte K\u00f6nig. Hier sind einige Feinschmeckerideen, um die Region zu erkunden :<br \/><strong>Handwerkliche Keksfabriken<\/strong> : bretonische Sabl\u00e9s, Galettes aus reiner Butter... ein Genuss. Besondere Erw\u00e4hnung verdient die Biscuiterie de Tr\u00e9gastel.<br \/><strong>Lokale Mostereien<\/strong> : Besuchen Sie den Verger de Kernivinen in Perros-Guirec oder die Cidrerie Fermi\u00e8re Bio Tudker in Saint-Quay-Perros, um die nach traditionellen Methoden hergestellten Cidres vom Bauernhof zu entdecken.<br \/><strong>Bretonische Austern<\/strong> In der Umgebung von Perros-Guirec gibt es mehrere Austernz\u00fcchter wie Tr\u00e9gor Coquillages et Crustac\u00e9s oder L'Atelier de l'Hu\u00eetre, die Ihnen die M\u00f6glichkeit bieten, ihre frischen Austern direkt an der Quelle zu probieren. Eine gro\u00dfe Auswahl an Meeresfr\u00fcchten finden Sie auch in der P\u00eacherie Perrosienne.<br \/><strong>Lokale M\u00e4rkte<\/strong> : In Perros-Guirec finden das ganze Jahr \u00fcber drei M\u00e4rkte statt. Der Markt im Stadtzentrum findet jeden Freitagmorgen auf dem Place des Halles statt. Der Markt in La Clart\u00e9 findet jeden Sonntagmorgen in der N\u00e4he der Kapelle statt. Der Markt in La Rade schlie\u00dflich findet jeden Mittwochmorgen am Quai de la douane statt.<\/p>\t\t\t\t\t\t\t\t<\/div>\n\t\t\t\t<\/div>\n\t\t\t\t\t<\/div>\n\t\t\t\t<\/div>\n\t\t\t\t\t<\/div>\n\t\t\t\t<\/section>\n\t\t<section class=\"elementor-element elementor-element-36ed542 e-flex e-con-boxed pb-medium px-gutters-horizontal e-con e-parent\" data-id=\"36ed542\" data-element_type=\"container\" data-e-type=\"container\" data-settings=\"{&quot;background_background&quot;:&quot;classic&quot;}\">\n\t\t\t\t\t<div class=\"e-con-inner\">\n\t\t<div class=\"elementor-element elementor-element-2c4edfe e-con-full e-flex e-con e-child\" data-id=\"2c4edfe\" data-element_type=\"container\" data-e-type=\"container\">\n\t\t\t\t<div class=\"elementor-element elementor-element-df80d58 elementor-widget elementor-widget-image-carousel\" data-id=\"df80d58\" data-element_type=\"widget\" data-e-type=\"widget\" data-settings=\"{&quot;slides_to_show&quot;:&quot;1&quot;,&quot;navigation&quot;:&quot;none&quot;,&quot;autoplay_speed&quot;:2500,&quot;effect&quot;:&quot;fade&quot;,&quot;speed&quot;:900,&quot;autoplay&quot;:&quot;yes&quot;,&quot;pause_on_hover&quot;:&quot;yes&quot;,&quot;pause_on_interaction&quot;:&quot;yes&quot;,&quot;infinite&quot;:&quot;yes&quot;}\" data-widget_type=\"image-carousel.default\">\n\t\t\t\t<div class=\"elementor-widget-container\">\n\t\t\t\t\t\t\t<div class=\"elementor-image-carousel-wrapper swiper\" role=\"region\" aria-roledescription=\"carousel\" aria-label=\"Bilderkarussell\" dir=\"ltr\">\n\t\t\t<div class=\"elementor-image-carousel swiper-wrapper\" aria-live=\"off\">\n\t\t\t\t\t\t\t\t<div class=\"swiper-slide\" role=\"group\" aria-roledescription=\"slide\" aria-label=\"1 von 2\"><figure class=\"swiper-slide-inner\"><img decoding=\"async\" class=\"swiper-slide-image\" src=\"https:\/\/les-bassans.com\/wp-content\/uploads\/2026\/04\/hotel-les-bassans-bretagne-restaurant-768x768.webp\" alt=\"Hotel Les Bassans Bretagne Restaurant\" \/><\/figure><\/div><div class=\"swiper-slide\" role=\"group\" aria-roledescription=\"slide\" aria-label=\"2 von 2\"><figure class=\"swiper-slide-inner\"><img decoding=\"async\" class=\"swiper-slide-image\" src=\"https:\/\/les-bassans.com\/wp-content\/uploads\/2026\/04\/hotel-les-bassans-bretagne-bar-768x768.webp\" alt=\"Hotel Les Bassans Bretagne Bar\" \/><\/figure><\/div>\t\t\t<\/div>\n\t\t\t\t\t\t\t\n\t\t\t\t\t\t\t\t\t<\/div>\n\t\t\t\t\t\t<\/div>\n\t\t\t\t<\/div>\n\t\t\t\t<\/div>\n\t\t<div class=\"elementor-element elementor-element-d1da364 e-flex e-con-boxed e-con e-child\" data-id=\"d1da364\" data-element_type=\"container\" data-e-type=\"container\">\n\t\t\t\t\t<div class=\"e-con-inner\">\n\t\t\t\t<div class=\"elementor-element elementor-element-9a85412 elementor-widget elementor-widget-asli-widget-text-content\" data-id=\"9a85412\" data-element_type=\"widget\" data-e-type=\"widget\" data-settings=\"{&quot;max_width&quot;:{&quot;unit&quot;:&quot;px&quot;,&quot;size&quot;:1100,&quot;sizes&quot;:[]},&quot;max_width_tablet&quot;:{&quot;unit&quot;:&quot;%&quot;,&quot;size&quot;:100,&quot;sizes&quot;:[]},&quot;max_width_mobile&quot;:{&quot;unit&quot;:&quot;%&quot;,&quot;size&quot;:100,&quot;sizes&quot;:[]},&quot;text_content_stroke_width&quot;:{&quot;unit&quot;:&quot;%&quot;,&quot;size&quot;:110,&quot;sizes&quot;:[]},&quot;text_content_stroke_height&quot;:{&quot;unit&quot;:&quot;%&quot;,&quot;size&quot;:80,&quot;sizes&quot;:[]},&quot;text_content_stroke_rotation&quot;:{&quot;unit&quot;:&quot;deg&quot;,&quot;size&quot;:-5,&quot;sizes&quot;:[]}}\" data-widget_type=\"asli-widget-text-content.default\">\n\t\t\t\t<div class=\"elementor-widget-container\">\n\t\t\t\t\t\t\t<div class=\"text-start me-auto content js-content\" data-arts-split-text-preset=\"animatedChars\" data-arts-component-name=\"Content\" data-arts-os-animation=\"true\">\n\t\t\t<h3 class=\"content__text typography-text-content\">Das Restaurant Les Bassans: ein einzigartiges kulinarisches Erlebnis<\/h3>\n\t\t<\/div>\n\t\t\t\t\t\t<\/div>\n\t\t\t\t<\/div>\n\t\t\t\t<div class=\"elementor-element elementor-element-be21a3e elementor-widget elementor-widget-text-editor\" data-id=\"be21a3e\" data-element_type=\"widget\" data-e-type=\"widget\" data-widget_type=\"text-editor.default\">\n\t\t\t\t<div class=\"elementor-widget-container\">\n\t\t\t\t\t\t\t\t\t<p>Das Restaurant Les Bassans liegt gegen\u00fcber dem Archipel der Sept-\u00celes und bietet einen atemberaubenden Panoramablick auf das Meer. In einer holzigen und gem\u00fctlichen Atmosph\u00e4re stellt die K\u00fcche die Meeresprodukte und die bretonische Region in den Vordergrund.<br \/>Die Muschelbar bietet eine Auswahl an Austern, Venusmuscheln und Krustentieren, die auf kreative Weise sublimiert werden. Entdecken Sie auch unsere neu interpretierten bretonischen Galettes und die lokalen Spezialit\u00e4ten, die sich mit den Gezeiten \u00e4ndern. Eine authentische und raffinierte gastronomische Reise mit lokalen Qualit\u00e4tsprodukten, die Frische und Umweltfreundlichkeit garantieren.<\/p>\t\t\t\t\t\t\t\t<\/div>\n\t\t\t\t<\/div>\n\t\t\t\t\t<\/div>\n\t\t\t\t<\/div>\n\t\t\t\t\t<\/div>\n\t\t\t\t<\/section>\n\t\t<section class=\"elementor-element elementor-element-7dce4e2 e-flex e-con-boxed pb-medium px-gutters-horizontal e-con e-parent\" data-id=\"7dce4e2\" data-element_type=\"container\" data-e-type=\"container\" data-settings=\"{&quot;background_background&quot;:&quot;classic&quot;}\">\n\t\t\t\t\t<div class=\"e-con-inner\">\n\t\t<div class=\"elementor-element elementor-element-432cdb7 e-con-full e-flex e-con e-child\" data-id=\"432cdb7\" data-element_type=\"container\" data-e-type=\"container\">\n\t\t\t\t<div class=\"elementor-element elementor-element-71ed329 elementor-widget elementor-widget-image-carousel\" data-id=\"71ed329\" data-element_type=\"widget\" data-e-type=\"widget\" data-settings=\"{&quot;slides_to_show&quot;:&quot;1&quot;,&quot;navigation&quot;:&quot;none&quot;,&quot;autoplay_speed&quot;:2500,&quot;effect&quot;:&quot;fade&quot;,&quot;speed&quot;:900,&quot;autoplay&quot;:&quot;yes&quot;,&quot;pause_on_hover&quot;:&quot;yes&quot;,&quot;pause_on_interaction&quot;:&quot;yes&quot;,&quot;infinite&quot;:&quot;yes&quot;}\" data-widget_type=\"image-carousel.default\">\n\t\t\t\t<div class=\"elementor-widget-container\">\n\t\t\t\t\t\t\t<div class=\"elementor-image-carousel-wrapper swiper\" role=\"region\" aria-roledescription=\"carousel\" aria-label=\"Bilderkarussell\" dir=\"ltr\">\n\t\t\t<div class=\"elementor-image-carousel swiper-wrapper\" aria-live=\"off\">\n\t\t\t\t\t\t\t\t<div class=\"swiper-slide\" role=\"group\" aria-roledescription=\"slide\" aria-label=\"1 von 3\"><figure class=\"swiper-slide-inner\"><img decoding=\"async\" class=\"swiper-slide-image\" src=\"https:\/\/les-bassans.com\/wp-content\/uploads\/2025\/03\/les-bassans-manoir-du-sphinx-hotel-fontenille-collection-perros-guirec-bretagne-vue-mer-sept-iles-sentier-douaniers-hotel-de-charme-1-1-768x768.jpg\" alt=\"les-bassans-manoir-du-sphinx-hotel-fontenille-collection-perros-guirec-bretagne-vue-mer-sept-iles-sentier-douaniers-hotel-de-charme (1) (1)\" \/><\/figure><\/div><div class=\"swiper-slide\" role=\"group\" aria-roledescription=\"slide\" aria-label=\"2 von 3\"><figure class=\"swiper-slide-inner\"><img decoding=\"async\" class=\"swiper-slide-image\" src=\"https:\/\/les-bassans.com\/wp-content\/uploads\/2025\/11\/chambre-grande-deluxe-vue-mer-confort-hotel-les-bassans-perros-guirec-bretagne-fontenille-min-768x768.webp\" alt=\"Gro\u00dfes Deluxe Zimmer mit Meerblick im Hotel Les Bassans, Perros-Guirec, Bretagne Fontenille Min\" \/><\/figure><\/div><div class=\"swiper-slide\" role=\"group\" aria-roledescription=\"slide\" aria-label=\"3 von 3\"><figure class=\"swiper-slide-inner\"><img decoding=\"async\" class=\"swiper-slide-image\" src=\"https:\/\/les-bassans.com\/wp-content\/uploads\/2026\/04\/hotel-les-bassans-bretagne-spa-768x768.webp\" alt=\"Hotel Les Bassans Bretagne Spa\" \/><\/figure><\/div>\t\t\t<\/div>\n\t\t\t\t\t\t\t\n\t\t\t\t\t\t\t\t\t<\/div>\n\t\t\t\t\t\t<\/div>\n\t\t\t\t<\/div>\n\t\t\t\t<\/div>\n\t\t<div class=\"elementor-element elementor-element-e93e19b e-flex e-con-boxed e-con e-child\" data-id=\"e93e19b\" data-element_type=\"container\" data-e-type=\"container\">\n\t\t\t\t\t<div class=\"e-con-inner\">\n\t\t\t\t<div class=\"elementor-element elementor-element-397bab4 elementor-widget elementor-widget-asli-widget-text-content\" data-id=\"397bab4\" data-element_type=\"widget\" data-e-type=\"widget\" data-settings=\"{&quot;max_width&quot;:{&quot;unit&quot;:&quot;px&quot;,&quot;size&quot;:1100,&quot;sizes&quot;:[]},&quot;max_width_tablet&quot;:{&quot;unit&quot;:&quot;%&quot;,&quot;size&quot;:100,&quot;sizes&quot;:[]},&quot;max_width_mobile&quot;:{&quot;unit&quot;:&quot;%&quot;,&quot;size&quot;:100,&quot;sizes&quot;:[]},&quot;text_content_stroke_width&quot;:{&quot;unit&quot;:&quot;%&quot;,&quot;size&quot;:110,&quot;sizes&quot;:[]},&quot;text_content_stroke_height&quot;:{&quot;unit&quot;:&quot;%&quot;,&quot;size&quot;:80,&quot;sizes&quot;:[]},&quot;text_content_stroke_rotation&quot;:{&quot;unit&quot;:&quot;deg&quot;,&quot;size&quot;:-5,&quot;sizes&quot;:[]}}\" data-widget_type=\"asli-widget-text-content.default\">\n\t\t\t\t<div class=\"elementor-widget-container\">\n\t\t\t\t\t\t\t<div class=\"text-start me-auto content js-content\" data-arts-split-text-preset=\"animatedChars\" data-arts-component-name=\"Content\" data-arts-os-animation=\"true\">\n\t\t\t<h2 class=\"content__text typography-text-content\"> Das Hotel Les Bassans, ein idealer Ausgangspunkt f\u00fcr die Erkundung von Perros-Guirec<\/h2>\n\t\t<\/div>\n\t\t\t\t\t\t<\/div>\n\t\t\t\t<\/div>\n\t\t\t\t<div class=\"elementor-element elementor-element-84953ca elementor-widget elementor-widget-text-editor\" data-id=\"84953ca\" data-element_type=\"widget\" data-e-type=\"widget\" data-widget_type=\"text-editor.default\">\n\t\t\t\t<div class=\"elementor-widget-container\">\n\t\t\t\t\t\t\t\t\t<p>Ob Sie nun Spazierg\u00e4nge am Meer, charmante D\u00f6rfer, kulturelle Entdeckungen oder gastronomische Gen\u00fcsse lieben, Perros-Guirec und seine Umgebung sind voll von Aktivit\u00e4ten f\u00fcr jeden Geschmack. Das ideal gelegene Hotel Les Bassans bietet Ihnen einen luxuri\u00f6sen und beruhigenden Rahmen, um diese bretonische Perle zwischen Land und Meer zu erkunden.<\/p>\t\t\t\t\t\t\t\t<\/div>\n\t\t\t\t<\/div>\n\t\t\t\t\t<\/div>\n\t\t\t\t<\/div>\n\t\t\t\t\t<\/div>\n\t\t\t\t<\/section>\n\t\t\t\t<\/div>","protected":false},"excerpt":{"rendered":"<p>Que faire \u00e0 Perros-Guirec et ses alentours ? Activit\u00e9s, visites et d\u00e9couvertes autour de l\u2019h\u00f4tel Les Bassans. Nich\u00e9e au nord de la Bretagne, dans les C\u00f4tes-d\u2019Armor, Perros-Guirec est une destination pris\u00e9e pour la beaut\u00e9 singuli\u00e8re de son littoral. Cette station baln\u00e9aire embl\u00e9matique de la C\u00f4te de Granit Rose s\u00e9duit par ses paysages fa\u00e7onn\u00e9s par les [&hellip;]<\/p>\n","protected":false},"author":1,"featured_media":0,"parent":0,"menu_order":0,"comment_status":"closed","ping_status":"closed","template":"","meta":{"_acf_changed":false,"iawp_total_views":19712,"footnotes":""},"class_list":["post-28572","page","type-page","status-publish","hentry"],"acf":[],"yoast_head":"<!-- This site is optimized with the Yoast SEO plugin v27.5 - https:\/\/yoast.com\/product\/yoast-seo-wordpress\/ -->\n<title>Que faire \u00e0 Perros-Guirec et alentours : visites et activit\u00e9s &#8226; Les Bassans<\/title>\n<meta name=\"description\" content=\"Envie de d\u00e9couvrir que faire \u00e0 Perros-Guirec et ses alentours ? Balades, visites, march\u00e9s et bonnes adresses pour d\u00e9couvrir la C\u00f4te de Granit Rose.\" \/>\n<meta name=\"robots\" content=\"index, follow, max-snippet:-1, max-image-preview:large, max-video-preview:-1\" \/>\n<link rel=\"canonical\" href=\"https:\/\/les-bassans.com\/de\/was-tun-in-perros-guirec-und-umgebung-besichtigungen-und-aktivitaten\/\" \/>\n<meta property=\"og:locale\" content=\"de_DE\" \/>\n<meta property=\"og:type\" content=\"article\" \/>\n<meta property=\"og:title\" content=\"Que faire \u00e0 Perros-Guirec et alentours : visites et activit\u00e9s &#8226; Les Bassans\" \/>\n<meta property=\"og:description\" content=\"Envie de d\u00e9couvrir que faire \u00e0 Perros-Guirec et ses alentours ? Balades, visites, march\u00e9s et bonnes adresses pour d\u00e9couvrir la C\u00f4te de Granit Rose.\" \/>\n<meta property=\"og:url\" content=\"https:\/\/les-bassans.com\/de\/was-tun-in-perros-guirec-und-umgebung-besichtigungen-und-aktivitaten\/\" \/>\n<meta property=\"og:site_name\" content=\"Les Bassans\" \/>\n<meta property=\"article:modified_time\" content=\"2026-04-28T16:25:02+00:00\" \/>\n<meta property=\"og:image\" content=\"https:\/\/les-bassans.com\/wp-content\/uploads\/2025\/05\/perros-guirec-que-faire-vacances-bretagne-les-bassans-visiter.jpg\" \/>\n<meta name=\"twitter:card\" content=\"summary_large_image\" \/>\n<script type=\"application\/ld+json\" class=\"yoast-schema-graph\">{\"@context\":\"https:\\\/\\\/schema.org\",\"@graph\":[{\"@type\":\"WebPage\",\"@id\":\"https:\\\/\\\/les-bassans.com\\\/que-faire-a-perros-guirec-et-alentours-visites-et-activites\\\/\",\"url\":\"https:\\\/\\\/les-bassans.com\\\/que-faire-a-perros-guirec-et-alentours-visites-et-activites\\\/\",\"name\":\"Que faire \u00e0 Perros-Guirec et alentours : visites et activit\u00e9s &#8226; Les Bassans\",\"isPartOf\":{\"@id\":\"https:\\\/\\\/les-bassans.com\\\/#website\"},\"primaryImageOfPage\":{\"@id\":\"https:\\\/\\\/les-bassans.com\\\/que-faire-a-perros-guirec-et-alentours-visites-et-activites\\\/#primaryimage\"},\"image\":{\"@id\":\"https:\\\/\\\/les-bassans.com\\\/que-faire-a-perros-guirec-et-alentours-visites-et-activites\\\/#primaryimage\"},\"thumbnailUrl\":\"https:\\\/\\\/les-bassans.com\\\/wp-content\\\/uploads\\\/2025\\\/05\\\/perros-guirec-que-faire-vacances-bretagne-les-bassans-visiter.jpg\",\"datePublished\":\"2025-05-05T16:41:55+00:00\",\"dateModified\":\"2026-04-28T16:25:02+00:00\",\"description\":\"Envie de d\u00e9couvrir que faire \u00e0 Perros-Guirec et ses alentours ? Balades, visites, march\u00e9s et bonnes adresses pour d\u00e9couvrir la C\u00f4te de Granit Rose.\",\"breadcrumb\":{\"@id\":\"https:\\\/\\\/les-bassans.com\\\/que-faire-a-perros-guirec-et-alentours-visites-et-activites\\\/#breadcrumb\"},\"inLanguage\":\"de\",\"potentialAction\":[{\"@type\":\"ReadAction\",\"target\":[\"https:\\\/\\\/les-bassans.com\\\/que-faire-a-perros-guirec-et-alentours-visites-et-activites\\\/\"]}]},{\"@type\":\"ImageObject\",\"inLanguage\":\"de\",\"@id\":\"https:\\\/\\\/les-bassans.com\\\/que-faire-a-perros-guirec-et-alentours-visites-et-activites\\\/#primaryimage\",\"url\":\"https:\\\/\\\/les-bassans.com\\\/wp-content\\\/uploads\\\/2025\\\/05\\\/perros-guirec-que-faire-vacances-bretagne-les-bassans-visiter.jpg\",\"contentUrl\":\"https:\\\/\\\/les-bassans.com\\\/wp-content\\\/uploads\\\/2025\\\/05\\\/perros-guirec-que-faire-vacances-bretagne-les-bassans-visiter.jpg\"},{\"@type\":\"BreadcrumbList\",\"@id\":\"https:\\\/\\\/les-bassans.com\\\/que-faire-a-perros-guirec-et-alentours-visites-et-activites\\\/#breadcrumb\",\"itemListElement\":[{\"@type\":\"ListItem\",\"position\":1,\"name\":\"Accueil\",\"item\":\"https:\\\/\\\/les-bassans.com\\\/\"},{\"@type\":\"ListItem\",\"position\":2,\"name\":\"Que faire \u00e0 Perros-Guirec et alentours : visites et activit\u00e9s\"}]},{\"@type\":\"WebSite\",\"@id\":\"https:\\\/\\\/les-bassans.com\\\/#website\",\"url\":\"https:\\\/\\\/les-bassans.com\\\/\",\"name\":\"Les Bassans\",\"description\":\"H\u00f4tel Spa \u00e0 Perros-Guirec et Restaurant vue mer\",\"publisher\":{\"@id\":\"https:\\\/\\\/les-bassans.com\\\/#organization\"},\"potentialAction\":[{\"@type\":\"SearchAction\",\"target\":{\"@type\":\"EntryPoint\",\"urlTemplate\":\"https:\\\/\\\/les-bassans.com\\\/?s={search_term_string}\"},\"query-input\":{\"@type\":\"PropertyValueSpecification\",\"valueRequired\":true,\"valueName\":\"search_term_string\"}}],\"inLanguage\":\"de\"},{\"@type\":\"Organization\",\"@id\":\"https:\\\/\\\/les-bassans.com\\\/#organization\",\"name\":\"Les Bassans\",\"alternateName\":\"Bassans\",\"url\":\"https:\\\/\\\/les-bassans.com\\\/\",\"logo\":{\"@type\":\"ImageObject\",\"inLanguage\":\"de\",\"@id\":\"https:\\\/\\\/les-bassans.com\\\/#\\\/schema\\\/logo\\\/image\\\/\",\"url\":\"https:\\\/\\\/les-bassans.com\\\/wp-content\\\/uploads\\\/2023\\\/05\\\/LesBassans-Logo-Simple.png\",\"contentUrl\":\"https:\\\/\\\/les-bassans.com\\\/wp-content\\\/uploads\\\/2023\\\/05\\\/LesBassans-Logo-Simple.png\",\"width\":850,\"height\":253,\"caption\":\"Les Bassans\"},\"image\":{\"@id\":\"https:\\\/\\\/les-bassans.com\\\/#\\\/schema\\\/logo\\\/image\\\/\"}}]}<\/script>\n<!-- \/ Yoast SEO plugin. -->","yoast_head_json":{"title":"Was kann man in Perros-Guirec und Umgebung unternehmen: Besichtigungen und Aktivit\u00e4ten - Les Bassans","description":"Lust zu entdecken, was man in Perros-Guirec und Umgebung unternehmen kann? Spazierg\u00e4nge, Besichtigungen, M\u00e4rkte und gute Adressen, um die C\u00f4te de Granit Rose zu entdecken.","robots":{"index":"index","follow":"follow","max-snippet":"max-snippet:-1","max-image-preview":"max-image-preview:large","max-video-preview":"max-video-preview:-1"},"canonical":"https:\/\/les-bassans.com\/de\/was-tun-in-perros-guirec-und-umgebung-besichtigungen-und-aktivitaten\/","og_locale":"de_DE","og_type":"article","og_title":"Que faire \u00e0 Perros-Guirec et alentours : visites et activit\u00e9s &#8226; Les Bassans","og_description":"Envie de d\u00e9couvrir que faire \u00e0 Perros-Guirec et ses alentours ? Balades, visites, march\u00e9s et bonnes adresses pour d\u00e9couvrir la C\u00f4te de Granit Rose.","og_url":"https:\/\/les-bassans.com\/de\/was-tun-in-perros-guirec-und-umgebung-besichtigungen-und-aktivitaten\/","og_site_name":"Les Bassans","article_modified_time":"2026-04-28T16:25:02+00:00","og_image":[{"url":"https:\/\/les-bassans.com\/wp-content\/uploads\/2025\/05\/perros-guirec-que-faire-vacances-bretagne-les-bassans-visiter.jpg","type":"","width":"","height":""}],"twitter_card":"summary_large_image","schema":{"@context":"https:\/\/schema.org","@graph":[{"@type":"WebPage","@id":"https:\/\/les-bassans.com\/que-faire-a-perros-guirec-et-alentours-visites-et-activites\/","url":"https:\/\/les-bassans.com\/que-faire-a-perros-guirec-et-alentours-visites-et-activites\/","name":"Was kann man in Perros-Guirec und Umgebung unternehmen: Besichtigungen und Aktivit\u00e4ten - Les Bassans","isPartOf":{"@id":"https:\/\/les-bassans.com\/#website"},"primaryImageOfPage":{"@id":"https:\/\/les-bassans.com\/que-faire-a-perros-guirec-et-alentours-visites-et-activites\/#primaryimage"},"image":{"@id":"https:\/\/les-bassans.com\/que-faire-a-perros-guirec-et-alentours-visites-et-activites\/#primaryimage"},"thumbnailUrl":"https:\/\/les-bassans.com\/wp-content\/uploads\/2025\/05\/perros-guirec-que-faire-vacances-bretagne-les-bassans-visiter.jpg","datePublished":"2025-05-05T16:41:55+00:00","dateModified":"2026-04-28T16:25:02+00:00","description":"Lust zu entdecken, was man in Perros-Guirec und Umgebung unternehmen kann? Spazierg\u00e4nge, Besichtigungen, M\u00e4rkte und gute Adressen, um die C\u00f4te de Granit Rose zu entdecken.","breadcrumb":{"@id":"https:\/\/les-bassans.com\/que-faire-a-perros-guirec-et-alentours-visites-et-activites\/#breadcrumb"},"inLanguage":"de","potentialAction":[{"@type":"ReadAction","target":["https:\/\/les-bassans.com\/que-faire-a-perros-guirec-et-alentours-visites-et-activites\/"]}]},{"@type":"ImageObject","inLanguage":"de","@id":"https:\/\/les-bassans.com\/que-faire-a-perros-guirec-et-alentours-visites-et-activites\/#primaryimage","url":"https:\/\/les-bassans.com\/wp-content\/uploads\/2025\/05\/perros-guirec-que-faire-vacances-bretagne-les-bassans-visiter.jpg","contentUrl":"https:\/\/les-bassans.com\/wp-content\/uploads\/2025\/05\/perros-guirec-que-faire-vacances-bretagne-les-bassans-visiter.jpg"},{"@type":"BreadcrumbList","@id":"https:\/\/les-bassans.com\/que-faire-a-perros-guirec-et-alentours-visites-et-activites\/#breadcrumb","itemListElement":[{"@type":"ListItem","position":1,"name":"Accueil","item":"https:\/\/les-bassans.com\/"},{"@type":"ListItem","position":2,"name":"Que faire \u00e0 Perros-Guirec et alentours : visites et activit\u00e9s"}]},{"@type":"WebSite","@id":"https:\/\/les-bassans.com\/#website","url":"https:\/\/les-bassans.com\/","name":"Die Bassans","description":"Spa-Hotel in Perros-Guirec und Restaurant mit Meerblick","publisher":{"@id":"https:\/\/les-bassans.com\/#organization"},"potentialAction":[{"@type":"SearchAction","target":{"@type":"EntryPoint","urlTemplate":"https:\/\/les-bassans.com\/?s={search_term_string}"},"query-input":{"@type":"PropertyValueSpecification","valueRequired":true,"valueName":"search_term_string"}}],"inLanguage":"de"},{"@type":"Organization","@id":"https:\/\/les-bassans.com\/#organization","name":"Die Bassans","alternateName":"Bassans","url":"https:\/\/les-bassans.com\/","logo":{"@type":"ImageObject","inLanguage":"de","@id":"https:\/\/les-bassans.com\/#\/schema\/logo\/image\/","url":"https:\/\/les-bassans.com\/wp-content\/uploads\/2023\/05\/LesBassans-Logo-Simple.png","contentUrl":"https:\/\/les-bassans.com\/wp-content\/uploads\/2023\/05\/LesBassans-Logo-Simple.png","width":850,"height":253,"caption":"Les Bassans"},"image":{"@id":"https:\/\/les-bassans.com\/#\/schema\/logo\/image\/"}}]}},"_links":{"self":[{"href":"https:\/\/les-bassans.com\/de\/wp-json\/wp\/v2\/pages\/28572","targetHints":{"allow":["GET"]}}],"collection":[{"href":"https:\/\/les-bassans.com\/de\/wp-json\/wp\/v2\/pages"}],"about":[{"href":"https:\/\/les-bassans.com\/de\/wp-json\/wp\/v2\/types\/page"}],"author":[{"embeddable":true,"href":"https:\/\/les-bassans.com\/de\/wp-json\/wp\/v2\/users\/1"}],"replies":[{"embeddable":true,"href":"https:\/\/les-bassans.com\/de\/wp-json\/wp\/v2\/comments?post=28572"}],"version-history":[{"count":53,"href":"https:\/\/les-bassans.com\/de\/wp-json\/wp\/v2\/pages\/28572\/revisions"}],"predecessor-version":[{"id":30060,"href":"https:\/\/les-bassans.com\/de\/wp-json\/wp\/v2\/pages\/28572\/revisions\/30060"}],"wp:attachment":[{"href":"https:\/\/les-bassans.com\/de\/wp-json\/wp\/v2\/media?parent=28572"}],"curies":[{"name":"wp","href":"https:\/\/api.w.org\/{rel}","templated":true}]}}